
{"id":51883,"date":"2020-08-19T08:24:05","date_gmt":"2020-08-19T06:24:05","guid":{"rendered":"https:\/\/tierpark-bern.ch\/about-us\/geschichte\/"},"modified":"2024-04-12T14:32:32","modified_gmt":"2024-04-12T12:32:32","slug":"history","status":"publish","type":"page","link":"https:\/\/tierpark-bern.ch\/en\/about-us\/history\/","title":{"rendered":"History"},"content":{"rendered":"<div class=\"wpb-content-wrapper\"><p>[vc_row][vc_column][vc_column_text]<\/p>\n<h1 style=\"text-align: center;\">History of the Bern Animal Park<\/h1>\n<p style=\"text-align: center;\">What would the Federal City be without its Bern Animal Park? With several million visitors a year, D\u00e4hlh\u00f6lzli and the B\u00e4renPark are among the most important attractions in the city of Bern! (Only available in German)<\/p>\n<p>[\/vc_column_text][\/vc_column][\/vc_row][vc_row el_class=&#8221;timeline-container&#8221;][vc_column][vc_column_text]\t\t\t<!-- Cool Timeline PRO V6.0.1 -->\n\t\t\t<div class=\"ctl-wrapper\" role=\"region\" aria-label=\"Timeline\">\n\t\t\t\t<div data-timeline-type=\"story-tm\" data-action=\"story_timeline_cat_filters\" class=\"ctl-category-container ctl-category-design-3\" data-id=\"cool_timeline_1\"><button aria-haspopup=\"true\" role=\"button\" data-value=\"\" class=\"ctl-category-dropdown-button\"><span>SELECT CATEGORY<\/span> <svg xmlns=\"http:\/\/www.w3.org\/2000\/svg\" height=\"1em\" viewBox=\"0 0 448 512\">\n\t\t\t\t<path d=\"M240.971 130.524l194.343 194.343c9.373 9.373 9.373 24.569 0 33.941l-22.667 22.667c-9.357 9.357-24.522 9.375-33.901.04L224 227.495 69.255 381.516c-9.379 9.335-24.544 9.317-33.901-.04l-22.667-22.667c-9.373-9.373-9.373-24.569 0-33.941L207.03 130.525c9.372-9.373 24.568-9.373 33.941-.001z\"\/>\n\t\t\t\t<\/svg><\/button><ul class=\"ctl-category\" role=\"menu\"><li class=\"ctl-category-item\" role=\"menuitem\"><a data-post-count=\"104\" href=\"#\" data-tm-type=\"story-tm\" data-action=\"story_timeline_cat_filters\" data-term-slug=\"all\" aria-label=\"All - 104 posts\">All<\/a><\/li><li class=\"ctl-category-item\" role=\"menuitem\"><a data-post-count=\"10\" href=\"#\"  data-term-slug=\"barenpark\" aria-label=\"B\u00e4renPark - 10 posts\">B\u00e4renPark<\/a><\/li><li class=\"ctl-category-item\" role=\"menuitem\"><a data-post-count=\"35\" href=\"#\"  data-term-slug=\"dahlholzli\" aria-label=\"D\u00e4hlh\u00f6lzli - 35 posts\">D\u00e4hlh\u00f6lzli<\/a><\/li><\/ul><\/div>\t\t\t\t<div id=\"cool_timeline_1\" class=\"cool-timeline-wrapper ctl-both-sided ctl-vertical-wrapper ctl-design-3\" data-nav=\"show\" data-line-filling=\"false\" data-nav-pos=\"right\" data-nav-style=\"style-1\">\n\t\t\t\t\t<div class=\"ctl-start\"><\/div>\n\t\t\t\t\t<!-- Timeline Container -->\n\t\t\t\t\t<div class=\"ctl-timeline ctl-timeline-container\" data-animation=\"none\" aria-live=\"polite\">\n\t\t\t\t\t\t<!-- Center Line -->\n\t\t\t\t\t\t<div class=\"ctl-inner-line\" role=\"presentation\"><\/div>\n\t\t\t\t\t\t<!-- Story Year Section --><div data-cls=\"sc-nv-light vertical\" class=\"timeline-year scrollable-section ctl-year ctl-year-container light-year\" data-section-title=\"2024\" id=\"year-2024\"><div class=\"ctl-year-label ctl-year-text\"><span>2024<\/span><\/div><\/div><!-- Timeline Content --><div id=\"ctl-story-73960\" class=\"ctl-story ctl-story-dot-icon odd ctl-story-right\" data-story-index=\"1\" role=\"article\"><!-- Story Date --><div class=\"ctl-labels\"><div class=\"ctl-label-big story-date\">Jun 10<\/div><\/div><!-- Story IconDot --><div class=\"ctl-icondot\"><\/div> <!-- Story Arrow --><div class=\"ctl-arrow\"><\/div>\n\t\t\t<!-- Story Content --><div class=\"ctl-content\"><!-- Story Title --> <div class=\"ctl-title story-73960\" role=\"heading\" aria-level=\"2\"><a target=\"_self\" title=\"Juni 2024 &#8211; Die Bienenfresser-Anlage ist er\u00f6ffnet\" href=\"https:\/\/tierpark-bern.ch\/en\/timeline\/juni-2024-die-bienenfresser-anlage-ist-eroeffnet\/\" class=\"story-link\">Juni 2024 &#8211; Die Bienenfresser-Anlage ist er\u00f6ffnet<\/a><\/div><!-- Story Media --><div class=\"ctl-media full\"><img loading=\"lazy\" decoding=\"async\" width=\"1024\" height=\"683\" src=\"https:\/\/tierpark-bern.ch\/web\/app\/uploads\/2024\/06\/Bienenfresser_Juni_2024_foto_Slezak-7942-1024x683.jpg\" class=\"story-img wp-post-image\" alt=\"Vier Bienenfresser, die in einer Reihe auf einem Ast sitzen und in dieselbe Richtung blicken.\" srcset=\"https:\/\/tierpark-bern.ch\/web\/app\/uploads\/2024\/06\/Bienenfresser_Juni_2024_foto_Slezak-7942-1024x683.jpg 1024w, https:\/\/tierpark-bern.ch\/web\/app\/uploads\/2024\/06\/Bienenfresser_Juni_2024_foto_Slezak-7942-300x200.jpg 300w, https:\/\/tierpark-bern.ch\/web\/app\/uploads\/2024\/06\/Bienenfresser_Juni_2024_foto_Slezak-7942-768x513.jpg 768w, https:\/\/tierpark-bern.ch\/web\/app\/uploads\/2024\/06\/Bienenfresser_Juni_2024_foto_Slezak-7942-510x340.jpg 510w, https:\/\/tierpark-bern.ch\/web\/app\/uploads\/2024\/06\/Bienenfresser_Juni_2024_foto_Slezak-7942-630x419.jpg 630w, https:\/\/tierpark-bern.ch\/web\/app\/uploads\/2024\/06\/Bienenfresser_Juni_2024_foto_Slezak-7942-1170x780.jpg 1170w, https:\/\/tierpark-bern.ch\/web\/app\/uploads\/2024\/06\/Bienenfresser_Juni_2024_foto_Slezak-7942-1280x854.jpg 1280w, https:\/\/tierpark-bern.ch\/web\/app\/uploads\/2024\/06\/Bienenfresser_Juni_2024_foto_Slezak-7942.jpg 1500w\" sizes=\"auto, (max-width: 1024px) 100vw, 1024px\" \/><\/a><\/div><!-- Story Description --><div class=\"ctl-description\"><p>Ende Mai 2024 sind 12 farbenfrohe Bienenfresser (Merops apiaster) in ihre neue Anlage im Tierpark Bern eingezogen. Eine Aussenanlage f\u00fcr die warme Jahreszeit \/ Brutzeit und eine Innenanlage f\u00fcr die kalte Jahreszeit erlauben Besucher*innen aussen einen Einblick in das Biotop der Schweizer Steppe, welche kaum jemand kennt, sowie innen in die afrikanische Savanne. <\/p>\n<\/div><\/div><\/div><!-- Story Year Section --><div data-cls=\"sc-nv-light vertical\" class=\"timeline-year scrollable-section ctl-year ctl-year-container light-year\" data-section-title=\"2023\" id=\"year-2023\"><div class=\"ctl-year-label ctl-year-text\"><span>2023<\/span><\/div><\/div><!-- Timeline Content --><div id=\"ctl-story-67178\" class=\"ctl-story ctl-story-dot-icon even ctl-story-left\" data-story-index=\"2\" role=\"article\"><!-- Story IconDot --><div class=\"ctl-icondot\"><\/div> <!-- Story Arrow --><div class=\"ctl-arrow\"><\/div>\n\t\t\t<!-- Story Content --><div class=\"ctl-content\"><!-- Story Title --> <div class=\"ctl-title story-67178\" role=\"heading\" aria-level=\"2\"><a target=\"_self\" title=\"Juni 2023 &#8211; Exuma-Wirtelschwanzleguan Anlage\" href=\"https:\/\/tierpark-bern.ch\/en\/timeline\/2023-exuma-wirtelschwanzleguan-anlage\/\" class=\"story-link\">Juni 2023 &#8211; Exuma-Wirtelschwanzleguan Anlage<\/a><\/div><!-- Story Media --><div class=\"ctl-media full\"><img loading=\"lazy\" decoding=\"async\" width=\"1024\" height=\"683\" src=\"https:\/\/tierpark-bern.ch\/web\/app\/uploads\/2023\/08\/Exuma_Wirtelschwanzleguna_T4A4895-min-1024x683.jpg\" class=\"story-img wp-post-image\" alt=\"Nahaufnahme von einem Exuma Wirtelschwanzleguan\" srcset=\"https:\/\/tierpark-bern.ch\/web\/app\/uploads\/2023\/08\/Exuma_Wirtelschwanzleguna_T4A4895-min-1024x683.jpg 1024w, https:\/\/tierpark-bern.ch\/web\/app\/uploads\/2023\/08\/Exuma_Wirtelschwanzleguna_T4A4895-min-300x200.jpg 300w, https:\/\/tierpark-bern.ch\/web\/app\/uploads\/2023\/08\/Exuma_Wirtelschwanzleguna_T4A4895-min-768x512.jpg 768w, https:\/\/tierpark-bern.ch\/web\/app\/uploads\/2023\/08\/Exuma_Wirtelschwanzleguna_T4A4895-min-510x340.jpg 510w, https:\/\/tierpark-bern.ch\/web\/app\/uploads\/2023\/08\/Exuma_Wirtelschwanzleguna_T4A4895-min-630x419.jpg 630w, https:\/\/tierpark-bern.ch\/web\/app\/uploads\/2023\/08\/Exuma_Wirtelschwanzleguna_T4A4895-min-1170x780.jpg 1170w, https:\/\/tierpark-bern.ch\/web\/app\/uploads\/2023\/08\/Exuma_Wirtelschwanzleguna_T4A4895-min-1280x853.jpg 1280w, https:\/\/tierpark-bern.ch\/web\/app\/uploads\/2023\/08\/Exuma_Wirtelschwanzleguna_T4A4895-min.jpg 1500w\" sizes=\"auto, (max-width: 1024px) 100vw, 1024px\" \/><\/a><\/div><!-- Story Description --><div class=\"ctl-description\"><p>Eine drachen\u00e4hnliche Echse, deren Heimat strahlend weisse Str\u00e4nde der Bahamas sind, hat im Vivarium Einzug erhalten. Nachdem uns die beiden betagten Nashornleguane altersbedingt verlassen haben, wurde ihre ehemalige Anlage f\u00fcr eine andere, stark bedrohte Leguanart aus der Karibik umgebaut: f\u00fcr den Exuma-Wirtelschwanzleguan (Cyclura cychlura figginsi). Exuma-Wirtelschwanzleguane sind vom Aussterben bedroht und die wilde Population ist r\u00fcckl\u00e4ufig. Ihr Verbreitungsgebiet in der Natur beschr\u00e4nkt sich auf acht Inseln der Exuma-Inselkette (Bahamas). Als erst dritter wissenschaftlich gef\u00fchrter Zoo fokussiert sich der Tierpark neu auf diese stattlichen Reptilien.<\/p>\n<\/div><\/div><\/div><!-- Timeline Content --><div id=\"ctl-story-55307\" class=\"ctl-story ctl-story-dot-icon odd ctl-story-right\" data-story-index=\"3\" role=\"article\"><!-- Story IconDot --><div class=\"ctl-icondot\"><\/div> <!-- Story Arrow --><div class=\"ctl-arrow\"><\/div>\n\t\t\t<!-- Story Content --><div class=\"ctl-content\"><!-- Story Title --> <div class=\"ctl-title story-55307\" role=\"heading\" aria-level=\"2\"><a target=\"_self\" title=\"April 2023 \u2013 Einf\u00fchrung des freiwilligen Naturschutzfranken\" href=\"https:\/\/tierpark-bern.ch\/en\/timeline\/april-2023-einfuehrung-des-freiwilligen-naturschutzfranken\/\" class=\"story-link\">April 2023 \u2013 Einf\u00fchrung des freiwilligen Naturschutzfranken<\/a><\/div><!-- Story Media --><div class=\"ctl-media full\"><img loading=\"lazy\" decoding=\"async\" width=\"1024\" height=\"681\" src=\"https:\/\/tierpark-bern.ch\/web\/app\/uploads\/2023\/03\/feuersalamander-zoo-schweiz-bern-2-1024x681.jpg\" class=\"story-img wp-post-image\" alt=\"Nahaufnahme von einem Feuersalamander\" srcset=\"https:\/\/tierpark-bern.ch\/web\/app\/uploads\/2023\/03\/feuersalamander-zoo-schweiz-bern-2-1024x681.jpg 1024w, https:\/\/tierpark-bern.ch\/web\/app\/uploads\/2023\/03\/feuersalamander-zoo-schweiz-bern-2-300x200.jpg 300w, https:\/\/tierpark-bern.ch\/web\/app\/uploads\/2023\/03\/feuersalamander-zoo-schweiz-bern-2-768x511.jpg 768w, https:\/\/tierpark-bern.ch\/web\/app\/uploads\/2023\/03\/feuersalamander-zoo-schweiz-bern-2-510x340.jpg 510w, https:\/\/tierpark-bern.ch\/web\/app\/uploads\/2023\/03\/feuersalamander-zoo-schweiz-bern-2-630x419.jpg 630w, https:\/\/tierpark-bern.ch\/web\/app\/uploads\/2023\/03\/feuersalamander-zoo-schweiz-bern-2-1280x852.jpg 1280w, https:\/\/tierpark-bern.ch\/web\/app\/uploads\/2023\/03\/feuersalamander-zoo-schweiz-bern-2.jpg 1500w\" sizes=\"auto, (max-width: 1024px) 100vw, 1024px\" \/><\/a><\/div><!-- Story Description --><div class=\"ctl-description\"><p>Auf Worte folgen Taten. Getreu unserem neuen Motto \u00abMehr Raum f\u00fcr Vielfalt\u00bb wird sich der Tierpark Bern k\u00fcnftig noch st\u00e4rker f\u00fcr den Natur- und Artenschutz einsetzen. Dank des Engagements jedes einzelnen Gastes, in Form vom freiwilligen Naturschutzfranken.<\/p>\n<\/div><\/div><\/div><!-- Story Year Section --><div data-cls=\"sc-nv-light vertical\" class=\"timeline-year scrollable-section ctl-year ctl-year-container light-year\" data-section-title=\"2022\" id=\"year-2022\"><div class=\"ctl-year-label ctl-year-text\"><span>2022<\/span><\/div><\/div><!-- Timeline Content --><div id=\"ctl-story-14025\" class=\"ctl-story ctl-story-dot-icon even ctl-story-left\" data-story-index=\"4\" role=\"article\"><!-- Story Date --><div class=\"ctl-labels\"><div class=\"ctl-label-big story-date\">Dec 31<\/div><\/div><!-- Story IconDot --><div class=\"ctl-icondot\"><\/div> <!-- Story Arrow --><div class=\"ctl-arrow\"><\/div>\n\t\t\t<!-- Story Content --><div class=\"ctl-content\"><!-- Story Title --> <div class=\"ctl-title story-14025\" role=\"heading\" aria-level=\"2\"><a target=\"_self\" title=\"31. Dezember 2021 &#8211; Prof. Dr. med. vet. Bernd Schildger geht in den Ruhestand\" href=\"https:\/\/tierpark-bern.ch\/en\/timeline\/31-dezember-2021-prof-dr-med-vet-bernd-schildger\/\" class=\"story-link\">31. Dezember 2021 &#8211; Prof. Dr. med. vet. Bernd Schildger geht in den Ruhestand<\/a><\/div><!-- Story Media --><div class=\"ctl-media full\"><img loading=\"lazy\" decoding=\"async\" width=\"1024\" height=\"681\" src=\"https:\/\/tierpark-bern.ch\/web\/app\/uploads\/2020\/07\/bernd-schildger-direktor-tierpark-bern-1024x681.jpg\" class=\"story-img wp-post-image\" alt=\"Prof. Dr. Bernd Schildger mit Friederike von Houwald\" srcset=\"https:\/\/tierpark-bern.ch\/web\/app\/uploads\/2020\/07\/bernd-schildger-direktor-tierpark-bern-1024x681.jpg 1024w, https:\/\/tierpark-bern.ch\/web\/app\/uploads\/2020\/07\/bernd-schildger-direktor-tierpark-bern-300x200.jpg 300w, https:\/\/tierpark-bern.ch\/web\/app\/uploads\/2020\/07\/bernd-schildger-direktor-tierpark-bern-768x511.jpg 768w, https:\/\/tierpark-bern.ch\/web\/app\/uploads\/2020\/07\/bernd-schildger-direktor-tierpark-bern-1280x852.jpg 1280w, https:\/\/tierpark-bern.ch\/web\/app\/uploads\/2020\/07\/bernd-schildger-direktor-tierpark-bern.jpg 1500w\" sizes=\"auto, (max-width: 1024px) 100vw, 1024px\" \/><\/a><\/div><!-- Story Description --><div class=\"ctl-description\"><p>Mit dem heutigen Tag geht der langj\u00e4hrige Tierparkdirektor Bernd Schildger in den Ruhestand. Fast ein Viertel Jahrhundert hat er den Tierpark Bern geleitet und gepr\u00e4gt. Unter seiner F\u00fchrung hat sich der Tierpark in ein Aush\u00e4ngeschild f\u00fcr Tierp\u00e4rke und Zoos auf nationaler und internationaler Ebene entwickelt. Unter dem zukunftsweisenden Motto \u00abMehr Platz f\u00fcr weniger Tiere\u00bb wurde fast 90 Prozent der Tierparkfl\u00e4che neu gestaltet. Menschen k\u00f6nnen neu die Tiere nun in m\u00f6glichst artgem\u00e4ssen Lebensr\u00e4umen im D\u00e4hlh\u00f6lzli und B\u00e4renPark erleben und beim Beobachten Interessantes \u00fcber sie erfahren. Das Tierpark-Team dankt Bernd Schildger f\u00fcr die spannende und bereichernde gemeinsame Zeit und w\u00fcnscht ihm alles Gute f\u00fcr den neuen Lebensabschnitt! Merci und Adieu!<br \/>\n<a href=\"https:\/\/www.tierparkverein.ch\/web\/app\/uploads\/2021\/12\/uhu-tierparkverein-2021-4-tierpark-bern.pdf\" target=\"_blank\" rel=\"noopener\">Mehr zum Ruhestand von Prof. Dr. med. vet. Bernd Schildger im UHU Tierpark Magazin 04\/2021<\/a><\/p>\n<\/div><\/div><\/div><!-- Timeline Content --><div id=\"ctl-story-8188\" class=\"ctl-story ctl-story-dot-icon odd ctl-story-right\" data-story-index=\"5\" role=\"article\"><!-- Story Date --><div class=\"ctl-labels\"><div class=\"ctl-label-big story-date\">Jan 01<\/div><\/div><!-- Story IconDot --><div class=\"ctl-icondot\"><\/div> <!-- Story Arrow --><div class=\"ctl-arrow\"><\/div>\n\t\t\t<!-- Story Content --><div class=\"ctl-content\"><!-- Story Title --> <div class=\"ctl-title story-8188\" role=\"heading\" aria-level=\"2\"><a target=\"_self\" title=\"1. September 2021 &#8211; Friederike von Houwald wird neue Tierparkdirektorin\" href=\"https:\/\/tierpark-bern.ch\/en\/timeline\/friederike-von-houwald-wird-neue-tierparkdirektorin\/\" class=\"story-link\">1. September 2021 &#8211; Friederike von Houwald wird neue Tierparkdirektorin<\/a><\/div><!-- Story Media --><div class=\"ctl-media full\"><img loading=\"lazy\" decoding=\"async\" width=\"1024\" height=\"683\" src=\"https:\/\/tierpark-bern.ch\/web\/app\/uploads\/2020\/08\/Bild-Friederike-von-Houwald-1024x683.jpg\" class=\"story-img wp-post-image\" alt=\"1. September 2021 &#8211; Friederike von Houwald wird neue Tierparkdirektorin\" srcset=\"https:\/\/tierpark-bern.ch\/web\/app\/uploads\/2020\/08\/Bild-Friederike-von-Houwald-1024x683.jpg 1024w, https:\/\/tierpark-bern.ch\/web\/app\/uploads\/2020\/08\/Bild-Friederike-von-Houwald-300x200.jpg 300w, https:\/\/tierpark-bern.ch\/web\/app\/uploads\/2020\/08\/Bild-Friederike-von-Houwald-768x512.jpg 768w, https:\/\/tierpark-bern.ch\/web\/app\/uploads\/2020\/08\/Bild-Friederike-von-Houwald-1536x1024.jpg 1536w, https:\/\/tierpark-bern.ch\/web\/app\/uploads\/2020\/08\/Bild-Friederike-von-Houwald-2048x1366.jpg 2048w, https:\/\/tierpark-bern.ch\/web\/app\/uploads\/2020\/08\/Bild-Friederike-von-Houwald-1170x780.jpg 1170w, https:\/\/tierpark-bern.ch\/web\/app\/uploads\/2020\/08\/Bild-Friederike-von-Houwald-930x620.jpg 930w, https:\/\/tierpark-bern.ch\/web\/app\/uploads\/2020\/08\/Bild-Friederike-von-Houwald-538x360.jpg 538w, https:\/\/tierpark-bern.ch\/web\/app\/uploads\/2020\/08\/Bild-Friederike-von-Houwald-345x230.jpg 345w, https:\/\/tierpark-bern.ch\/web\/app\/uploads\/2020\/08\/Bild-Friederike-von-Houwald-1280x854.jpg 1280w, https:\/\/tierpark-bern.ch\/web\/app\/uploads\/2020\/08\/Bild-Friederike-von-Houwald-1920x1280.jpg 1920w\" sizes=\"auto, (max-width: 1024px) 100vw, 1024px\" \/><\/a><\/div><!-- Story Description --><div class=\"ctl-description\"><p>Der Gemeinderat ist dem Antrag der Tierparkkommission gefolgt und hat Friederike von Houwald zur neuen Tierparkdirektorin gew\u00e4hlt. Sie tritt per 1. September 2021 die Nachfolge von Bernd Schildger an, der nach \u00fcber 24 Jahren im Dienste des Tierparks Bern in den Ruhestand geht. Friederike von Houwald ist Tiermedizinerin und seit \u00fcber 20 Jahren in verschiedenen Funktionen im Bereich der Nachhaltigkeit und Tierhaltung im Zoo Basel t\u00e4tig. Als Kuratorin ist sie eine in der Zoowelt anerkannte und bestens vernetzte Pers\u00f6nlichkeit.<\/p>\n<\/div><\/div><\/div><!-- Story Year Section --><div data-cls=\"sc-nv-light vertical\" class=\"timeline-year scrollable-section ctl-year ctl-year-container light-year\" data-section-title=\"2020\" id=\"year-2020\"><div class=\"ctl-year-label ctl-year-text\"><span>2020<\/span><\/div><\/div><!-- Timeline Content --><div id=\"ctl-story-3155\" class=\"ctl-story ctl-story-dot-icon even ctl-story-left\" data-story-index=\"6\" role=\"article\"><!-- Story IconDot --><div class=\"ctl-icondot\"><\/div> <!-- Story Arrow --><div class=\"ctl-arrow\"><\/div>\n\t\t\t<!-- Story Content --><div class=\"ctl-content\"><!-- Story Title --> <div class=\"ctl-title story-3155\" role=\"heading\" aria-level=\"2\"><a target=\"_self\" title=\"2020 &#8211; Projekt AareAlpen\" href=\"https:\/\/tierpark-bern.ch\/en\/timeline\/2019-projekt-aarealpen\/\" class=\"story-link\">2020 &#8211; Projekt AareAlpen<\/a><\/div><!-- Story Media --><div class=\"ctl-media full\"><img loading=\"lazy\" decoding=\"async\" width=\"1024\" height=\"576\" src=\"https:\/\/tierpark-bern.ch\/web\/app\/uploads\/2020\/08\/Tierpark_Bern_Steinbock-1024x576.jpeg\" class=\"story-img wp-post-image\" alt=\"2020 &#8211; Projekt AareAlpen\" srcset=\"https:\/\/tierpark-bern.ch\/web\/app\/uploads\/2020\/08\/Tierpark_Bern_Steinbock-1024x576.jpeg 1024w, https:\/\/tierpark-bern.ch\/web\/app\/uploads\/2020\/08\/Tierpark_Bern_Steinbock-300x169.jpeg 300w, https:\/\/tierpark-bern.ch\/web\/app\/uploads\/2020\/08\/Tierpark_Bern_Steinbock-768x432.jpeg 768w, https:\/\/tierpark-bern.ch\/web\/app\/uploads\/2020\/08\/Tierpark_Bern_Steinbock.jpeg 1200w\" sizes=\"auto, (max-width: 1024px) 100vw, 1024px\" \/><\/a><\/div><!-- Story Description --><div class=\"ctl-description\"><p>Die Steinbock Anlage am Aarehang geh\u00f6rte zu den \u00e4ltesten im D\u00e4hlh\u00f6lzli und wurden seit ihrem Bau 1937 mit Ausnahme von kleinen Sanierungsarbeiten nie ver\u00e4ndert. Sie war somit so alt wie der Park selbst. Am 11. Mai 2020 wurden unsere Steinb\u00f6ck das erste mal in ihre neue Heimat gelassen. Die AareAlpen mit den hohen Zinnen scheinen ihrem Geschmack zu entsprechen. Herzlichen Dank an den Tierparkverein Bern, Die Mobiliar, die Burgergemeinde Bern, Swisslos Kanton Bern, die Ernst G\u00f6hner Stiftung und viele anderen hier namentlich nicht Genannten f\u00fcr ihre Unterst\u00fctzung zum Bau der AareAlpen Anlage.<\/p>\n<\/div><\/div><\/div><!-- Story Year Section --><div data-cls=\"sc-nv-light vertical\" class=\"timeline-year scrollable-section ctl-year ctl-year-container light-year\" data-section-title=\"2019\" id=\"year-2019\"><div class=\"ctl-year-label ctl-year-text\"><span>2019<\/span><\/div><\/div><!-- Timeline Content --><div id=\"ctl-story-3157\" class=\"ctl-story ctl-story-dot-icon odd ctl-story-right\" data-story-index=\"7\" role=\"article\"><!-- Story IconDot --><div class=\"ctl-icondot\"><\/div> <!-- Story Arrow --><div class=\"ctl-arrow\"><\/div>\n\t\t\t<!-- Story Content --><div class=\"ctl-content\"><!-- Story Title --> <div class=\"ctl-title story-3157\" role=\"heading\" aria-level=\"2\"><a target=\"_self\" title=\"2019 &#8211; Zwergseiden\u00e4ffchen\" href=\"https:\/\/tierpark-bern.ch\/en\/timeline\/2019-zwergseidenaffchen\/\" class=\"story-link\">2019 &#8211; Zwergseiden\u00e4ffchen<\/a><\/div><!-- Story Media --><div class=\"ctl-media full\"><img loading=\"lazy\" decoding=\"async\" width=\"1000\" height=\"667\" src=\"https:\/\/tierpark-bern.ch\/web\/app\/uploads\/2020\/08\/tierpark_bern_zwergseidenaffe.jpg\" class=\"story-img wp-post-image\" alt=\"2019 &#8211; Zwergseiden\u00e4ffchen\" srcset=\"https:\/\/tierpark-bern.ch\/web\/app\/uploads\/2020\/08\/tierpark_bern_zwergseidenaffe.jpg 1000w, https:\/\/tierpark-bern.ch\/web\/app\/uploads\/2020\/08\/tierpark_bern_zwergseidenaffe-300x200.jpg 300w, https:\/\/tierpark-bern.ch\/web\/app\/uploads\/2020\/08\/tierpark_bern_zwergseidenaffe-768x512.jpg 768w\" sizes=\"auto, (max-width: 1000px) 100vw, 1000px\" \/><\/a><\/div><!-- Story Description --><div class=\"ctl-description\"><p>Im Vivarium im Tierpark Bern, vis-\u00e0-vis der neuen Krokodilanlage, entstand auf einer Fl\u00e4che von 46 m2 ein neuer, m\u00f6glichst nat\u00fcrlicher Lebensraum f\u00fcr Zwergseiden\u00e4ffchen.<\/p>\n<\/div><\/div><\/div><!-- Story Year Section --><div data-cls=\"sc-nv-light vertical\" class=\"timeline-year scrollable-section ctl-year ctl-year-container light-year\" data-section-title=\"2016\" id=\"year-2016\"><div class=\"ctl-year-label ctl-year-text\"><span>2016<\/span><\/div><\/div><!-- Timeline Content --><div id=\"ctl-story-3153\" class=\"ctl-story ctl-story-dot-icon even ctl-story-left\" data-story-index=\"8\" role=\"article\"><!-- Story Date --><div class=\"ctl-labels\"><div class=\"ctl-label-big story-date\">Feb 25<\/div><\/div><!-- Story IconDot --><div class=\"ctl-icondot\"><\/div> <!-- Story Arrow --><div class=\"ctl-arrow\"><\/div>\n\t\t\t<!-- Story Content --><div class=\"ctl-content\"><!-- Story Title --> <div class=\"ctl-title story-3153\" role=\"heading\" aria-level=\"2\"><a target=\"_self\" title=\"2016 &#8211; Eulenvoliere\" href=\"https:\/\/tierpark-bern.ch\/en\/timeline\/2016-uhu-anlage\/\" class=\"story-link\">2016 &#8211; Eulenvoliere<\/a><\/div><!-- Story Media --><div class=\"ctl-media full\"><img loading=\"lazy\" decoding=\"async\" width=\"800\" height=\"532\" src=\"https:\/\/tierpark-bern.ch\/web\/app\/uploads\/2020\/08\/uhu_tierparkverein2.jpg\" class=\"story-img wp-post-image\" alt=\"2016 &#8211; Eulenvoliere\" srcset=\"https:\/\/tierpark-bern.ch\/web\/app\/uploads\/2020\/08\/uhu_tierparkverein2.jpg 800w, https:\/\/tierpark-bern.ch\/web\/app\/uploads\/2020\/08\/uhu_tierparkverein2-300x200.jpg 300w, https:\/\/tierpark-bern.ch\/web\/app\/uploads\/2020\/08\/uhu_tierparkverein2-768x511.jpg 768w\" sizes=\"auto, (max-width: 800px) 100vw, 800px\" \/><\/a><\/div><!-- Story Description --><div class=\"ctl-description\"><p>Ein weiteres Pioniervorhaben im Tierpark Bern ist fertiggestellt: Nach knapp siebenmonatiger Bauzeit wurden die neuen Uhu- und Schneeeulenvoliere im Berner Tierpark er\u00f6ffnet. Gebaut und Finanziert von der Seelhofer-Stiftung und dem Tierparkverein.<\/p>\n<\/div><\/div><\/div><!-- Story Year Section --><div data-cls=\"sc-nv-light vertical\" class=\"timeline-year scrollable-section ctl-year ctl-year-container light-year\" data-section-title=\"2014\" id=\"year-2014\"><div class=\"ctl-year-label ctl-year-text\"><span>2014<\/span><\/div><\/div><!-- Timeline Content --><div id=\"ctl-story-3151\" class=\"ctl-story ctl-story-dot-icon odd ctl-story-right\" data-story-index=\"9\" role=\"article\"><!-- Story Date --><div class=\"ctl-labels\"><div class=\"ctl-label-big story-date\">Sep 10<\/div><\/div><!-- Story IconDot --><div class=\"ctl-icondot\"><\/div> <!-- Story Arrow --><div class=\"ctl-arrow\"><\/div>\n\t\t\t<!-- Story Content --><div class=\"ctl-content\"><!-- Story Title --> <div class=\"ctl-title story-3151\" role=\"heading\" aria-level=\"2\"><a target=\"_self\" title=\"2014 &#8211; Gemeindeabstimmung\" href=\"https:\/\/tierpark-bern.ch\/en\/timeline\/2014-gemeindeabstimmung\/\" class=\"story-link\">2014 &#8211; Gemeindeabstimmung<\/a><\/div><!-- Story Media --><div class=\"ctl-media full\"><img loading=\"lazy\" decoding=\"async\" width=\"560\" height=\"370\" src=\"https:\/\/tierpark-bern.ch\/web\/app\/uploads\/2020\/08\/D\u00e4hlh\u00f6lzli.jpg\" class=\"story-img wp-post-image\" alt=\"2014 &#8211; Gemeindeabstimmung\" srcset=\"https:\/\/tierpark-bern.ch\/web\/app\/uploads\/2020\/08\/D\u00e4hlh\u00f6lzli.jpg 560w, https:\/\/tierpark-bern.ch\/web\/app\/uploads\/2020\/08\/D\u00e4hlh\u00f6lzli-300x198.jpg 300w\" sizes=\"auto, (max-width: 560px) 100vw, 560px\" \/><\/a><\/div><!-- Story Description --><div class=\"ctl-description\"><p>2014 genehmigte die Bev\u00f6lkerung in der Gemeindeabstimmung das Tierparkreglement (90,1% daf\u00fcr). Der Tierpark Bern mit seinen beiden Teilen D\u00e4hlh\u00f6lzli und B\u00e4renPark werden in eine Sonderrechnung \u00fcberf\u00fchrt. Diese neue Organisationseinheit in der Stadtverwaltung soll die dissoziierten Zust\u00e4ndigkeiten in einer Einheit zusammenfassen. Als strategisches F\u00fchrungsorgan wird eine Tierparkkommission eingesetzt.<\/p>\n<\/div><\/div><\/div><!-- Story Year Section --><div data-cls=\"sc-nv-light vertical\" class=\"timeline-year scrollable-section ctl-year ctl-year-container light-year\" data-section-title=\"2013\" id=\"year-2013\"><div class=\"ctl-year-label ctl-year-text\"><span>2013<\/span><\/div><\/div><!-- Timeline Content --><div id=\"ctl-story-3147\" class=\"ctl-story ctl-story-dot-icon even ctl-story-left\" data-story-index=\"10\" role=\"article\"><!-- Story Date --><div class=\"ctl-labels\"><div class=\"ctl-label-big story-date\">Nov 06<\/div><\/div><!-- Story IconDot --><div class=\"ctl-icondot\"><\/div> <!-- Story Arrow --><div class=\"ctl-arrow\"><\/div>\n\t\t\t<!-- Story Content --><div class=\"ctl-content\"><!-- Story Title --> <div class=\"ctl-title story-3147\" role=\"heading\" aria-level=\"2\"><a target=\"_self\" title=\"2013 &#8211; Vivarium\" href=\"https:\/\/tierpark-bern.ch\/en\/timeline\/2013-vivarium\/\" class=\"story-link\">2013 &#8211; Vivarium<\/a><\/div><!-- Story Media --><div class=\"ctl-media full\"><img loading=\"lazy\" decoding=\"async\" width=\"800\" height=\"536\" src=\"https:\/\/tierpark-bern.ch\/web\/app\/uploads\/2020\/08\/Tierpark-100.jpg\" class=\"story-img wp-post-image\" alt=\"2013 &#8211; Vivarium\" srcset=\"https:\/\/tierpark-bern.ch\/web\/app\/uploads\/2020\/08\/Tierpark-100.jpg 800w, https:\/\/tierpark-bern.ch\/web\/app\/uploads\/2020\/08\/Tierpark-100-300x201.jpg 300w, https:\/\/tierpark-bern.ch\/web\/app\/uploads\/2020\/08\/Tierpark-100-768x515.jpg 768w\" sizes=\"auto, (max-width: 800px) 100vw, 800px\" \/><\/a><\/div><!-- Story Description --><div class=\"ctl-description\"><p>Nach neunmonatigen Bauarbeiten wird das Vivarium des Berner Tierparks mit einem grossen Fest wiederer\u00f6ffnet. Mit der grossen Aquarienlandschaft hat das D\u00e4hlh\u00f6lzli eine neue Attraktion. Anteilig finanziert vom Tierparkverein<\/p>\n<\/div><\/div><\/div><!-- Timeline Content --><div id=\"ctl-story-3149\" class=\"ctl-story ctl-story-dot-icon odd ctl-story-right\" data-story-index=\"11\" role=\"article\"><!-- Story Date --><div class=\"ctl-labels\"><div class=\"ctl-label-big story-date\">Jan 31<\/div><\/div><!-- Story IconDot --><div class=\"ctl-icondot\"><\/div> <!-- Story Arrow --><div class=\"ctl-arrow\"><\/div>\n\t\t\t<!-- Story Content --><div class=\"ctl-content\"><!-- Story Title --> <div class=\"ctl-title story-3149\" role=\"heading\" aria-level=\"2\"><a target=\"_self\" title=\"2013 &#8211; Wolfsanlage\" href=\"https:\/\/tierpark-bern.ch\/en\/timeline\/2013-wolfsanlage\/\" class=\"story-link\">2013 &#8211; Wolfsanlage<\/a><\/div><!-- Story Media --><div class=\"ctl-media full\"><img loading=\"lazy\" decoding=\"async\" width=\"560\" height=\"374\" src=\"https:\/\/tierpark-bern.ch\/web\/app\/uploads\/2020\/08\/wolfsanlage_bern.jpg\" class=\"story-img wp-post-image\" alt=\"2013 &#8211; Wolfsanlage\" srcset=\"https:\/\/tierpark-bern.ch\/web\/app\/uploads\/2020\/08\/wolfsanlage_bern.jpg 560w, https:\/\/tierpark-bern.ch\/web\/app\/uploads\/2020\/08\/wolfsanlage_bern-300x200.jpg 300w\" sizes=\"auto, (max-width: 560px) 100vw, 560px\" \/><\/a><\/div><!-- Story Description --><div class=\"ctl-description\"><p>Die neue Wolfs-Anlage bietet auf insgesamt 2600 m2 Fl\u00e4che 6 H\u00f6hlen. In der S\u00fcdostecke befindet sich ein Abtrenngehege von ca. 400 m2. Gebaut und Finanziert vom Tierparkverein<\/p>\n<\/div><\/div><\/div><!-- Story Year Section --><div data-cls=\"sc-nv-light vertical\" class=\"timeline-year scrollable-section ctl-year ctl-year-container light-year\" data-section-title=\"2012\" id=\"year-2012\"><div class=\"ctl-year-label ctl-year-text\"><span>2012<\/span><\/div><\/div><!-- Timeline Content --><div id=\"ctl-story-67177\" class=\"ctl-story ctl-story-dot-icon even ctl-story-left\" data-story-index=\"12\" role=\"article\"><!-- Story IconDot --><div class=\"ctl-icondot\"><\/div> <!-- Story Arrow --><div class=\"ctl-arrow\"><\/div>\n\t\t\t<!-- Story Content --><div class=\"ctl-content\"><!-- Story Title --> <div class=\"ctl-title story-67177\" role=\"heading\" aria-level=\"2\"><a target=\"_self\" title=\"2012 &#8211; B\u00e4renWald\" href=\"https:\/\/tierpark-bern.ch\/en\/timeline\/2012-wolf-baerenwald\/\" class=\"story-link\">2012 &#8211; B\u00e4renWald<\/a><\/div><!-- Story Media --><div class=\"ctl-media full\"><img loading=\"lazy\" decoding=\"async\" width=\"1024\" height=\"681\" src=\"https:\/\/tierpark-bern.ch\/web\/app\/uploads\/2022\/02\/baerenwald-tierpark-bern-90-1024x681.jpg\" class=\"story-img wp-post-image\" alt=\"2012 &#8211; B\u00e4renWald\" srcset=\"https:\/\/tierpark-bern.ch\/web\/app\/uploads\/2022\/02\/baerenwald-tierpark-bern-90-1024x681.jpg 1024w, https:\/\/tierpark-bern.ch\/web\/app\/uploads\/2022\/02\/baerenwald-tierpark-bern-90-300x200.jpg 300w, https:\/\/tierpark-bern.ch\/web\/app\/uploads\/2022\/02\/baerenwald-tierpark-bern-90-768x511.jpg 768w, https:\/\/tierpark-bern.ch\/web\/app\/uploads\/2022\/02\/baerenwald-tierpark-bern-90-1280x852.jpg 1280w, https:\/\/tierpark-bern.ch\/web\/app\/uploads\/2022\/02\/baerenwald-tierpark-bern-90.jpg 1500w\" sizes=\"auto, (max-width: 1024px) 100vw, 1024px\" \/><\/a><\/div><!-- Story Description --><div class=\"ctl-description\"><p>F\u00fcr die beiden Ussurischen Braunb\u00e4ren wurde der B\u00e4renWald im M\u00e4rz 2012 zur neuen Heimat. Der B\u00e4renWald liegt am Rand des D\u00e4hlh\u00f6lzliwaldes, wo der urbane Teil des Tierparks seinen Abschluss findet. Die Anlage \u00fcberzeugt durch ihre Gr\u00f6sse und reiche Strukturierung.<\/p>\n<\/div><\/div><\/div><!-- Story Year Section --><div data-cls=\"sc-nv-light vertical\" class=\"timeline-year scrollable-section ctl-year ctl-year-container light-year\" data-section-title=\"2011\" id=\"year-2011\"><div class=\"ctl-year-label ctl-year-text\"><span>2011<\/span><\/div><\/div><!-- Timeline Content --><div id=\"ctl-story-3145\" class=\"ctl-story ctl-story-dot-icon odd ctl-story-right\" data-story-index=\"13\" role=\"article\"><!-- Story Date --><div class=\"ctl-labels\"><div class=\"ctl-label-big story-date\">Sep 10<\/div><\/div><!-- Story IconDot --><div class=\"ctl-icondot\"><\/div> <!-- Story Arrow --><div class=\"ctl-arrow\"><\/div>\n\t\t\t<!-- Story Content --><div class=\"ctl-content\"><!-- Story Title --> <div class=\"ctl-title story-3145\" role=\"heading\" aria-level=\"2\"><a target=\"_self\" title=\"2011 &#8211; Taubenmanagement von Bern\" href=\"https:\/\/tierpark-bern.ch\/en\/timeline\/2011-taubenmutter-von-bern\/\" class=\"story-link\">2011 &#8211; Taubenmanagement von Bern<\/a><\/div><!-- Story Media --><div class=\"ctl-media full\"><img loading=\"lazy\" decoding=\"async\" width=\"887\" height=\"586\" src=\"https:\/\/tierpark-bern.ch\/web\/app\/uploads\/2020\/08\/2011-Taubenmutter-.png\" class=\"story-img wp-post-image\" alt=\"2011 &#8211; Taubenmanagement von Bern\" srcset=\"https:\/\/tierpark-bern.ch\/web\/app\/uploads\/2020\/08\/2011-Taubenmutter-.png 887w, https:\/\/tierpark-bern.ch\/web\/app\/uploads\/2020\/08\/2011-Taubenmutter--300x198.png 300w, https:\/\/tierpark-bern.ch\/web\/app\/uploads\/2020\/08\/2011-Taubenmutter--768x507.png 768w\" sizes=\"auto, (max-width: 887px) 100vw, 887px\" \/><\/a><\/div><!-- Story Description --><div class=\"ctl-description\"><p>2011 \u00fcbernahm der Tierpark im Auftrag des Gemeinderats die Betreuung der Stadttauben von Bern. Das Berner Stadttaubenkonzept erwirkte schnell Vorzeigecharakter f\u00fcr andere St\u00e4dte.<\/p>\n<\/div><\/div><\/div><!-- Story Year Section --><div data-cls=\"sc-nv-light vertical\" class=\"timeline-year scrollable-section ctl-year ctl-year-container light-year\" data-section-title=\"2010\" id=\"year-2010\"><div class=\"ctl-year-label ctl-year-text\"><span>2010<\/span><\/div><\/div><!-- Timeline Content --><div id=\"ctl-story-3143\" class=\"ctl-story ctl-story-dot-icon even ctl-story-left\" data-story-index=\"14\" role=\"article\"><!-- Story Date --><div class=\"ctl-labels\"><div class=\"ctl-label-big story-date\">Sep 10<\/div><\/div><!-- Story IconDot --><div class=\"ctl-icondot\"><\/div> <!-- Story Arrow --><div class=\"ctl-arrow\"><\/div>\n\t\t\t<!-- Story Content --><div class=\"ctl-content\"><!-- Story Title --> <div class=\"ctl-title story-3143\" role=\"heading\" aria-level=\"2\"><a target=\"_self\" title=\"2010 &#8211; Quarant\u00e4ne im D\u00e4hlh\u00f6lzliwald\" href=\"https:\/\/tierpark-bern.ch\/en\/timeline\/2010-quarantane-im-dahlholzliwald\/\" class=\"story-link\">2010 &#8211; Quarant\u00e4ne im D\u00e4hlh\u00f6lzliwald<\/a><\/div><!-- Story Media --><div class=\"ctl-media full\"><img loading=\"lazy\" decoding=\"async\" width=\"611\" height=\"404\" src=\"https:\/\/tierpark-bern.ch\/web\/app\/uploads\/2020\/08\/2010-Quarant\u00e4ne.png\" class=\"story-img wp-post-image\" alt=\"2010 &#8211; Quarant\u00e4ne im D\u00e4hlh\u00f6lzliwald\" srcset=\"https:\/\/tierpark-bern.ch\/web\/app\/uploads\/2020\/08\/2010-Quarant\u00e4ne.png 611w, https:\/\/tierpark-bern.ch\/web\/app\/uploads\/2020\/08\/2010-Quarant\u00e4ne-300x198.png 300w\" sizes=\"auto, (max-width: 611px) 100vw, 611px\" \/><\/a><\/div><!-- Story Description --><div class=\"ctl-description\"><p>2010 erh\u00e4lt der Tierpark Bern vom aufsichtf\u00fchrenden kantonalen Veterin\u00e4ramt die EU Zulassung als wissenschaftliche Einrichtung. Sie erm\u00f6glicht den sicheren Betrieb des Tierparks Bern, insbesondere im Hinblick auf den internationalen Tierverkehr. Im selben Jahr genehmigte der Gemeinderat die Anpassung der Gesamtplanung 2010-2016. Diese war aufgrund der vielen bereits realisierten, teils modifizierten und teils aufgegebenen Projekte der ersten Gesamtplanung n\u00f6tig geworden.<\/p>\n<\/div><\/div><\/div><!-- Story Year Section --><div data-cls=\"sc-nv-light vertical\" class=\"timeline-year scrollable-section ctl-year ctl-year-container light-year\" data-section-title=\"2009\" id=\"year-2009\"><div class=\"ctl-year-label ctl-year-text\"><span>2009<\/span><\/div><\/div><!-- Timeline Content --><div id=\"ctl-story-3141\" class=\"ctl-story ctl-story-dot-icon odd ctl-story-right\" data-story-index=\"15\" role=\"article\"><!-- Story Date --><div class=\"ctl-labels\"><div class=\"ctl-label-big story-date\">Oct 10<\/div><\/div><!-- Story IconDot --><div class=\"ctl-icondot\"><\/div> <!-- Story Arrow --><div class=\"ctl-arrow\"><\/div>\n\t\t\t<!-- Story Content --><div class=\"ctl-content\"><!-- Story Title --> <div class=\"ctl-title story-3141\" role=\"heading\" aria-level=\"2\"><a target=\"_self\" title=\"2009 &#8211; B\u00e4renPark Bern\" href=\"https:\/\/tierpark-bern.ch\/en\/timeline\/2009-barenpark-bern\/\" class=\"story-link\">2009 &#8211; B\u00e4renPark Bern<\/a><\/div><!-- Story Media --><div class=\"ctl-media full\"><img loading=\"lazy\" decoding=\"async\" width=\"611\" height=\"404\" src=\"https:\/\/tierpark-bern.ch\/web\/app\/uploads\/2020\/08\/2009-B\u00e4renPark.png\" class=\"story-img wp-post-image\" alt=\"2009 &#8211; B\u00e4renPark Bern\" srcset=\"https:\/\/tierpark-bern.ch\/web\/app\/uploads\/2020\/08\/2009-B\u00e4renPark.png 611w, https:\/\/tierpark-bern.ch\/web\/app\/uploads\/2020\/08\/2009-B\u00e4renPark-300x198.png 300w\" sizes=\"auto, (max-width: 611px) 100vw, 611px\" \/><\/a><\/div><!-- Story Description --><div class=\"ctl-description\"><p>Am 22. Oktober 2009, wurde der B\u00e4renPark er\u00f6ffnet. Er erm\u00f6glicht mit der tiergerechten Haltung das Erleben des Braunb\u00e4ren, des Wahrzeichens der Stadt, in einer den gewandelten Anspr\u00fcchen der Gesellschaft an die Haltung von Mitgesch\u00f6pfen angemessenen Art und Weise. Wir danken unseren Partnern und Sponsoren f\u00fcr die Unterst\u00fctzung im B\u00e4renPark. <a href=\"https:\/\/tierpark-bern.ch\/unterstuetzen\/partner-im-baerenpark\/\">Zu den Unterst\u00fctzern &#038; Partnern im B\u00e4renPark<\/a><\/p>\n<\/div><\/div><\/div><!-- Story Year Section --><div data-cls=\"sc-nv-light vertical\" class=\"timeline-year scrollable-section ctl-year ctl-year-container light-year\" data-section-title=\"2008\" id=\"year-2008\"><div class=\"ctl-year-label ctl-year-text\"><span>2008<\/span><\/div><\/div><!-- Timeline Content --><div id=\"ctl-story-3139\" class=\"ctl-story ctl-story-dot-icon even ctl-story-left\" data-story-index=\"16\" role=\"article\"><!-- Story Date --><div class=\"ctl-labels\"><div class=\"ctl-label-big story-date\">Sep 10<\/div><\/div><!-- Story IconDot --><div class=\"ctl-icondot\"><\/div> <!-- Story Arrow --><div class=\"ctl-arrow\"><\/div>\n\t\t\t<!-- Story Content --><div class=\"ctl-content\"><!-- Story Title --> <div class=\"ctl-title story-3139\" role=\"heading\" aria-level=\"2\"><a target=\"_self\" title=\"2008 &#8211; Wisentwald\" href=\"https:\/\/tierpark-bern.ch\/en\/timeline\/2008-wisentwald\/\" class=\"story-link\">2008 &#8211; Wisentwald<\/a><\/div><!-- Story Media --><div class=\"ctl-media full\"><img loading=\"lazy\" decoding=\"async\" width=\"611\" height=\"404\" src=\"https:\/\/tierpark-bern.ch\/web\/app\/uploads\/2020\/08\/2008-Wisentwald.png\" class=\"story-img wp-post-image\" alt=\"2008 &#8211; Wisentwald\" srcset=\"https:\/\/tierpark-bern.ch\/web\/app\/uploads\/2020\/08\/2008-Wisentwald.png 611w, https:\/\/tierpark-bern.ch\/web\/app\/uploads\/2020\/08\/2008-Wisentwald-300x198.png 300w\" sizes=\"auto, (max-width: 611px) 100vw, 611px\" \/><\/a><\/div><!-- Story Description --><div class=\"ctl-description\"><p>2008 wurde die Fl\u00e4che des Tierparks D\u00e4hlh\u00f6lzli erstmals seit 1937 erweitert, zugunsten des WisentWalds von Bern und der Quarant\u00e4nestation. Daneben konnten die baulichen Massnahmen zum Hochwasserschutz im Kinderzoo durch die Stadtbauten Bern beendet werden.<\/p>\n<\/div><\/div><\/div><!-- Timeline Content --><div id=\"ctl-story-3137\" class=\"ctl-story ctl-story-dot-icon odd ctl-story-right\" data-story-index=\"17\" role=\"article\"><!-- Story Date --><div class=\"ctl-labels\"><div class=\"ctl-label-big story-date\">Jun 05<\/div><\/div><!-- Story IconDot --><div class=\"ctl-icondot\"><\/div> <!-- Story Arrow --><div class=\"ctl-arrow\"><\/div>\n\t\t\t<!-- Story Content --><div class=\"ctl-content\"><!-- Story Title --> <div class=\"ctl-title story-3137\" role=\"heading\" aria-level=\"2\"><a target=\"_self\" title=\"2008 &#8211; Wisentanlage\" href=\"https:\/\/tierpark-bern.ch\/en\/timeline\/2008-wisentanlage\/\" class=\"story-link\">2008 &#8211; Wisentanlage<\/a><\/div><!-- Story Media --><div class=\"ctl-media full\"><img loading=\"lazy\" decoding=\"async\" width=\"800\" height=\"532\" src=\"https:\/\/tierpark-bern.ch\/web\/app\/uploads\/2020\/08\/Tierparkverein-Bern-Wisent.jpg\" class=\"story-img wp-post-image\" alt=\"2008 &#8211; Wisentanlage\" srcset=\"https:\/\/tierpark-bern.ch\/web\/app\/uploads\/2020\/08\/Tierparkverein-Bern-Wisent.jpg 800w, https:\/\/tierpark-bern.ch\/web\/app\/uploads\/2020\/08\/Tierparkverein-Bern-Wisent-300x200.jpg 300w, https:\/\/tierpark-bern.ch\/web\/app\/uploads\/2020\/08\/Tierparkverein-Bern-Wisent-768x511.jpg 768w\" sizes=\"auto, (max-width: 800px) 100vw, 800px\" \/><\/a><\/div><!-- Story Description --><div class=\"ctl-description\"><p>Die neue Wisent-Anlage im Wisent-Wald wurde vom Tierparkverein gebaut und finanziert. Ein 250 Meter langer Steg, der 3-4 Meter \u00fcber dem Waldboden ins Zentrum der Anlage f\u00fchrt erm\u00f6glicht einmalige Einblicke in die Anlage.<\/p>\n<\/div><\/div><\/div><!-- Story Year Section --><div data-cls=\"sc-nv-light vertical\" class=\"timeline-year scrollable-section ctl-year ctl-year-container light-year\" data-section-title=\"2006\" id=\"year-2006\"><div class=\"ctl-year-label ctl-year-text\"><span>2006<\/span><\/div><\/div><!-- Timeline Content --><div id=\"ctl-story-3135\" class=\"ctl-story ctl-story-dot-icon even ctl-story-left\" data-story-index=\"18\" role=\"article\"><!-- Story Date --><div class=\"ctl-labels\"><div class=\"ctl-label-big story-date\">Sep 08<\/div><\/div><!-- Story IconDot --><div class=\"ctl-icondot\"><\/div> <!-- Story Arrow --><div class=\"ctl-arrow\"><\/div>\n\t\t\t<!-- Story Content --><div class=\"ctl-content\"><!-- Story Title --> <div class=\"ctl-title story-3135\" role=\"heading\" aria-level=\"2\"><a target=\"_self\" title=\"2006 &#8211; Leopardenanlage\" href=\"https:\/\/tierpark-bern.ch\/en\/timeline\/2006-leopardenanlage\/\" class=\"story-link\">2006 &#8211; Leopardenanlage<\/a><\/div><!-- Story Media --><div class=\"ctl-media full\"><img loading=\"lazy\" decoding=\"async\" width=\"578\" height=\"442\" src=\"https:\/\/tierpark-bern.ch\/web\/app\/uploads\/2020\/08\/leopardenanlage-tierpark-bern.png\" class=\"story-img wp-post-image\" alt=\"2006 &#8211; Leopardenanlage\" srcset=\"https:\/\/tierpark-bern.ch\/web\/app\/uploads\/2020\/08\/leopardenanlage-tierpark-bern.png 578w, https:\/\/tierpark-bern.ch\/web\/app\/uploads\/2020\/08\/leopardenanlage-tierpark-bern-300x229.png 300w\" sizes=\"auto, (max-width: 578px) 100vw, 578px\" \/><\/a><\/div><!-- Story Description --><div class=\"ctl-description\"><p>F\u00fcr die Persischen Leoparden im D\u00e4hlh\u00f6lzli entsteht mit der Beteiligung des Tierparkvereins die gr\u00f6sste Anlage in der Schweiz, getreu dem Motto des Tierparks: &#8220;Mehr Platz f\u00fcr weniger Tiere&#8221;.\u00a0Anteilig finanziert vom Tierparkverein<\/p>\n<\/div><\/div><\/div><!-- Story Year Section --><div data-cls=\"sc-nv-light vertical\" class=\"timeline-year scrollable-section ctl-year ctl-year-container light-year\" data-section-title=\"2005\" id=\"year-2005\"><div class=\"ctl-year-label ctl-year-text\"><span>2005<\/span><\/div><\/div><!-- Timeline Content --><div id=\"ctl-story-3133\" class=\"ctl-story ctl-story-dot-icon odd ctl-story-right\" data-story-index=\"19\" role=\"article\"><!-- Story Date --><div class=\"ctl-labels\"><div class=\"ctl-label-big story-date\">Apr 12<\/div><\/div><!-- Story IconDot --><div class=\"ctl-icondot\"><\/div> <!-- Story Arrow --><div class=\"ctl-arrow\"><\/div>\n\t\t\t<!-- Story Content --><div class=\"ctl-content\"><!-- Story Title --> <div class=\"ctl-title story-3133\" role=\"heading\" aria-level=\"2\"><a target=\"_self\" title=\"2005 &#8211; Kinderspielplatz\" href=\"https:\/\/tierpark-bern.ch\/en\/timeline\/2005-kinderspielplatz\/\" class=\"story-link\">2005 &#8211; Kinderspielplatz<\/a><\/div><!-- Story Media --><div class=\"ctl-media full\"><img loading=\"lazy\" decoding=\"async\" width=\"560\" height=\"383\" src=\"https:\/\/tierpark-bern.ch\/web\/app\/uploads\/2020\/08\/spielplatz.jpg\" class=\"story-img wp-post-image\" alt=\"2005 &#8211; Kinderspielplatz\" srcset=\"https:\/\/tierpark-bern.ch\/web\/app\/uploads\/2020\/08\/spielplatz.jpg 560w, https:\/\/tierpark-bern.ch\/web\/app\/uploads\/2020\/08\/spielplatz-300x205.jpg 300w\" sizes=\"auto, (max-width: 560px) 100vw, 560px\" \/><\/a><\/div><!-- Story Description --><div class=\"ctl-description\"><p>Wo sonst k\u00f6nnen Kinder einen 4 Meter hohen &#8216;Septipus&#8217; erklettern und aus seinem &#8216;Bauch&#8217; in einem seiner Arme wieder runterrutschen? Finanziert vom Tierparkverein Bern.<\/p>\n<\/div><\/div><\/div><!-- Story Year Section --><div data-cls=\"sc-nv-light vertical\" class=\"timeline-year scrollable-section ctl-year ctl-year-container light-year\" data-section-title=\"2003\" id=\"year-2003\"><div class=\"ctl-year-label ctl-year-text\"><span>2003<\/span><\/div><\/div><!-- Timeline Content --><div id=\"ctl-story-3131\" class=\"ctl-story ctl-story-dot-icon even ctl-story-left\" data-story-index=\"20\" role=\"article\"><!-- Story Date --><div class=\"ctl-labels\"><div class=\"ctl-label-big story-date\">Aug 22<\/div><\/div><!-- Story IconDot --><div class=\"ctl-icondot\"><\/div> <!-- Story Arrow --><div class=\"ctl-arrow\"><\/div>\n\t\t\t<!-- Story Content --><div class=\"ctl-content\"><!-- Story Title --> <div class=\"ctl-title story-3131\" role=\"heading\" aria-level=\"2\"><a target=\"_self\" title=\"2003 &#8211; Seehundanlage\" href=\"https:\/\/tierpark-bern.ch\/en\/timeline\/2003-seehundanlage\/\" class=\"story-link\">2003 &#8211; Seehundanlage<\/a><\/div><!-- Story Media --><div class=\"ctl-media full\"><img loading=\"lazy\" decoding=\"async\" width=\"800\" height=\"532\" src=\"https:\/\/tierpark-bern.ch\/web\/app\/uploads\/2020\/08\/Tierpark_Kalender_BS-013.jpg\" class=\"story-img wp-post-image\" alt=\"2003 &#8211; Seehundanlage\" srcset=\"https:\/\/tierpark-bern.ch\/web\/app\/uploads\/2020\/08\/Tierpark_Kalender_BS-013.jpg 800w, https:\/\/tierpark-bern.ch\/web\/app\/uploads\/2020\/08\/Tierpark_Kalender_BS-013-300x200.jpg 300w, https:\/\/tierpark-bern.ch\/web\/app\/uploads\/2020\/08\/Tierpark_Kalender_BS-013-768x511.jpg 768w\" sizes=\"auto, (max-width: 800px) 100vw, 800px\" \/><\/a><\/div><!-- Story Description --><div class=\"ctl-description\"><p>Er\u00f6ffnung der Seehundanlage, unter Bauherrschaft und Finanzierung des Tierparkvereins. Inzwischen gab es nach 11-monatiger Tragezeit sogar schon Nachwuchs: Mutter Yuma brachte ein Seehund-Weibchen zur Welt. Es wiegt 9 kg und wird liebevoll umsorgt.<\/p>\n<\/div><\/div><\/div><!-- Story Year Section --><div data-cls=\"sc-nv-light vertical\" class=\"timeline-year scrollable-section ctl-year ctl-year-container light-year\" data-section-title=\"2000\" id=\"year-2000\"><div class=\"ctl-year-label ctl-year-text\"><span>2000<\/span><\/div><\/div><!-- Timeline Content --><div id=\"ctl-story-3128\" class=\"ctl-story ctl-story-dot-icon odd ctl-story-right\" data-story-index=\"21\" role=\"article\"><!-- Story Date --><div class=\"ctl-labels\"><div class=\"ctl-label-big story-date\">Sep 10<\/div><\/div><!-- Story IconDot --><div class=\"ctl-icondot\"><\/div> <!-- Story Arrow --><div class=\"ctl-arrow\"><\/div>\n\t\t\t<!-- Story Content --><div class=\"ctl-content\"><!-- Story Title --> <div class=\"ctl-title story-3128\" role=\"heading\" aria-level=\"2\"><a target=\"_self\" title=\"2000 &#8211; Gesamtplanung Tierpark Bern\" href=\"https:\/\/tierpark-bern.ch\/en\/timeline\/2000-gesamtplanung-tierpark-dahlholzli\/\" class=\"story-link\">2000 &#8211; Gesamtplanung Tierpark Bern<\/a><\/div><!-- Story Media --><div class=\"ctl-media full\"><img loading=\"lazy\" decoding=\"async\" width=\"1024\" height=\"681\" src=\"https:\/\/tierpark-bern.ch\/web\/app\/uploads\/2020\/07\/tierpark-bern-daehlhoelzli-zoo-112-1024x681.jpg\" class=\"story-img wp-post-image\" alt=\"Papageitaucher schwingt die Fl\u00fcgel\" srcset=\"https:\/\/tierpark-bern.ch\/web\/app\/uploads\/2020\/07\/tierpark-bern-daehlhoelzli-zoo-112-1024x681.jpg 1024w, https:\/\/tierpark-bern.ch\/web\/app\/uploads\/2020\/07\/tierpark-bern-daehlhoelzli-zoo-112-300x200.jpg 300w, https:\/\/tierpark-bern.ch\/web\/app\/uploads\/2020\/07\/tierpark-bern-daehlhoelzli-zoo-112-768x511.jpg 768w, https:\/\/tierpark-bern.ch\/web\/app\/uploads\/2020\/07\/tierpark-bern-daehlhoelzli-zoo-112-1536x1022.jpg 1536w, https:\/\/tierpark-bern.ch\/web\/app\/uploads\/2020\/07\/tierpark-bern-daehlhoelzli-zoo-112-2048x1363.jpg 2048w, https:\/\/tierpark-bern.ch\/web\/app\/uploads\/2020\/07\/tierpark-bern-daehlhoelzli-zoo-112-345x230.jpg 345w, https:\/\/tierpark-bern.ch\/web\/app\/uploads\/2020\/07\/tierpark-bern-daehlhoelzli-zoo-112-1280x852.jpg 1280w, https:\/\/tierpark-bern.ch\/web\/app\/uploads\/2020\/07\/tierpark-bern-daehlhoelzli-zoo-112-1923x1280.jpg 1923w\" sizes=\"auto, (max-width: 1024px) 100vw, 1024px\" \/><\/a><\/div><!-- Story Description --><div class=\"ctl-description\"><p>Der Gemeinderat der Stadt Bern genehmigte die erste Gesamtplanung Tierpark Bern 2000-2015 und erkl\u00e4rte diese f\u00fcr richtungsweisend f\u00fcr die weitere Entwicklung des Tierparks. Im selben Jahr wurde die Aareuferanlage nicht nur als Tieranlage, sondern auch als Teil des Hochwasserschutzkonzepts und der Renaturierung der Aare er\u00f6ffnet. 2005 sollte sie beim n\u00e4chsten &#8220;Jahrhunderthochwasser&#8221; ihre Leistungsf\u00e4higkeit beweisen d\u00fcrfen.<\/p>\n<\/div><\/div><\/div><!-- Timeline Content --><div id=\"ctl-story-3130\" class=\"ctl-story ctl-story-dot-icon even ctl-story-left\" data-story-index=\"22\" role=\"article\"><!-- Story Date --><div class=\"ctl-labels\"><div class=\"ctl-label-big story-date\">Mar 01<\/div><\/div><!-- Story IconDot --><div class=\"ctl-icondot\"><\/div> <!-- Story Arrow --><div class=\"ctl-arrow\"><\/div>\n\t\t\t<!-- Story Content --><div class=\"ctl-content\"><!-- Story Title --> <div class=\"ctl-title story-3130\" role=\"heading\" aria-level=\"2\"><a target=\"_self\" title=\"2000 &#8211; Zooshop\" href=\"https:\/\/tierpark-bern.ch\/en\/timeline\/2000-zooshop\/\" class=\"story-link\">2000 &#8211; Zooshop<\/a><\/div><!-- Story Media --><div class=\"ctl-media full\"><img loading=\"lazy\" decoding=\"async\" width=\"560\" height=\"370\" src=\"https:\/\/tierpark-bern.ch\/web\/app\/uploads\/2020\/08\/ZooShop-Tierpark-Bern.jpg\" class=\"story-img wp-post-image\" alt=\"ZooShop im Tierpark Bern\" srcset=\"https:\/\/tierpark-bern.ch\/web\/app\/uploads\/2020\/08\/ZooShop-Tierpark-Bern.jpg 560w, https:\/\/tierpark-bern.ch\/web\/app\/uploads\/2020\/08\/ZooShop-Tierpark-Bern-300x198.jpg 300w\" sizes=\"auto, (max-width: 560px) 100vw, 560px\" \/><\/a><\/div><!-- Story Description --><div class=\"ctl-description\"><p>Inbetriebnahme Zooshop, im Besitz des Tierparkvereins. Mitten im Kinderzoo gelegen, werden W\u00fcnsche noch wahr. Eine Reise durch die Vielfalt des Zoos, welche ein Funkeln in jedes Kinderauge zaubert.<\/p>\n<\/div><\/div><\/div><!-- Story Year Section --><div data-cls=\"sc-nv-light vertical\" class=\"timeline-year scrollable-section ctl-year ctl-year-container light-year\" data-section-title=\"1999\" id=\"year-1999\"><div class=\"ctl-year-label ctl-year-text\"><span>1999<\/span><\/div><\/div><!-- Timeline Content --><div id=\"ctl-story-3124\" class=\"ctl-story ctl-story-dot-icon odd ctl-story-right\" data-story-index=\"23\" role=\"article\"><!-- Story Date --><div class=\"ctl-labels\"><div class=\"ctl-label-big story-date\">Sep 08<\/div><\/div><!-- Story IconDot --><div class=\"ctl-icondot\"><\/div> <!-- Story Arrow --><div class=\"ctl-arrow\"><\/div>\n\t\t\t<!-- Story Content --><div class=\"ctl-content\"><!-- Story Title --> <div class=\"ctl-title story-3124\" role=\"heading\" aria-level=\"2\"><a target=\"_self\" title=\"1999 &#8211; Flamingoanlage\" href=\"https:\/\/tierpark-bern.ch\/en\/timeline\/1999-flamingoanlage\/\" class=\"story-link\">1999 &#8211; Flamingoanlage<\/a><\/div><!-- Story Media --><div class=\"ctl-media full\"><img loading=\"lazy\" decoding=\"async\" width=\"800\" height=\"536\" src=\"https:\/\/tierpark-bern.ch\/web\/app\/uploads\/2020\/08\/Tierpark_5_2_2007-003.jpg\" class=\"story-img wp-post-image\" alt=\"1999 &#8211; Flamingoanlage\" srcset=\"https:\/\/tierpark-bern.ch\/web\/app\/uploads\/2020\/08\/Tierpark_5_2_2007-003.jpg 800w, https:\/\/tierpark-bern.ch\/web\/app\/uploads\/2020\/08\/Tierpark_5_2_2007-003-300x201.jpg 300w, https:\/\/tierpark-bern.ch\/web\/app\/uploads\/2020\/08\/Tierpark_5_2_2007-003-768x515.jpg 768w\" sizes=\"auto, (max-width: 800px) 100vw, 800px\" \/><\/a><\/div><!-- Story Description --><div class=\"ctl-description\"><p>Mit der Er\u00f6ffnung der Flamingoanlage hat der Tierpark Bern eine neue Attraktion gewonnen. Der Tierparkverein Bern \u00fcbernimmt die h\u00e4lftige Finanzierung der Flamingoanlage. F\u00fcr die rosaroten V\u00f6gel ist ein artgerechtes Domizil entstanden. <\/p>\n<\/div><\/div><\/div><!-- Timeline Content --><div id=\"ctl-story-3126\" class=\"ctl-story ctl-story-dot-icon even ctl-story-left\" data-story-index=\"24\" role=\"article\"><!-- Story Date --><div class=\"ctl-labels\"><div class=\"ctl-label-big story-date\">May 10<\/div><\/div><!-- Story IconDot --><div class=\"ctl-icondot\"><\/div> <!-- Story Arrow --><div class=\"ctl-arrow\"><\/div>\n\t\t\t<!-- Story Content --><div class=\"ctl-content\"><!-- Story Title --> <div class=\"ctl-title story-3126\" role=\"heading\" aria-level=\"2\"><a target=\"_self\" title=\"1999 &#8211; Jahrhunderthochwasser\" href=\"https:\/\/tierpark-bern.ch\/en\/timeline\/1999-jahrhunderthochwasser\/\" class=\"story-link\">1999 &#8211; Jahrhunderthochwasser<\/a><\/div><!-- Story Media --><div class=\"ctl-media full\"><img loading=\"lazy\" decoding=\"async\" width=\"335\" height=\"221\" src=\"https:\/\/tierpark-bern.ch\/web\/app\/uploads\/2020\/08\/1999-Hochwasser-.png\" class=\"story-img wp-post-image\" alt=\"1999 &#8211; Jahrhunderthochwasser\" srcset=\"https:\/\/tierpark-bern.ch\/web\/app\/uploads\/2020\/08\/1999-Hochwasser-.png 335w, https:\/\/tierpark-bern.ch\/web\/app\/uploads\/2020\/08\/1999-Hochwasser--300x198.png 300w\" sizes=\"auto, (max-width: 335px) 100vw, 335px\" \/><\/a><\/div><!-- Story Description --><div class=\"ctl-description\"><p>Es \u00fcberraschte ein \u201eJahrhunderthochwasser\u201c der Aare die ganze Stadt Bern, so auch den Tierpark. Die Teichanlagen an der Aare und der Kinderzoo wurden vollst\u00e4ndig zerst\u00f6rt. Das Restaurant musste komplett saniert werden.<\/p>\n<\/div><\/div><\/div><!-- Story Year Section --><div data-cls=\"sc-nv-light vertical\" class=\"timeline-year scrollable-section ctl-year ctl-year-container light-year\" data-section-title=\"1997\" id=\"year-1997\"><div class=\"ctl-year-label ctl-year-text\"><span>1997<\/span><\/div><\/div><!-- Timeline Content --><div id=\"ctl-story-14024\" class=\"ctl-story ctl-story-dot-icon odd ctl-story-right\" data-story-index=\"25\" role=\"article\"><!-- Story IconDot --><div class=\"ctl-icondot\"><\/div> <!-- Story Arrow --><div class=\"ctl-arrow\"><\/div>\n\t\t\t<!-- Story Content --><div class=\"ctl-content\"><!-- Story Title --> <div class=\"ctl-title story-14024\" role=\"heading\" aria-level=\"2\"><a target=\"_self\" title=\"1. April 1997 &#8211; Prof. Dr. med. vet. Bernd Schildger wird neuer Tierparkdirektor\" href=\"https:\/\/tierpark-bern.ch\/en\/timeline\/1-april-1997-prof-dr-med-vet-bernd-schildger-wird-neuer-tierparkdirektor\/\" class=\"story-link\">1. April 1997 &#8211; Prof. Dr. med. vet. Bernd Schildger wird neuer Tierparkdirektor<\/a><\/div><!-- Story Media --><div class=\"ctl-media full\"><img loading=\"lazy\" decoding=\"async\" width=\"1000\" height=\"667\" src=\"https:\/\/tierpark-bern.ch\/web\/app\/uploads\/2022\/03\/1997-04-01-Empfang-Bernd-Schildger-Tierpark-Bern-Sabine-Minder.jpg\" class=\"story-img wp-post-image\" alt=\"1. April 1997 &#8211; Prof. Dr. med. vet. Bernd Schildger wird neuer Tierparkdirektor\" srcset=\"https:\/\/tierpark-bern.ch\/web\/app\/uploads\/2022\/03\/1997-04-01-Empfang-Bernd-Schildger-Tierpark-Bern-Sabine-Minder.jpg 1000w, https:\/\/tierpark-bern.ch\/web\/app\/uploads\/2022\/03\/1997-04-01-Empfang-Bernd-Schildger-Tierpark-Bern-Sabine-Minder-300x200.jpg 300w, https:\/\/tierpark-bern.ch\/web\/app\/uploads\/2022\/03\/1997-04-01-Empfang-Bernd-Schildger-Tierpark-Bern-Sabine-Minder-768x512.jpg 768w\" sizes=\"auto, (max-width: 1000px) 100vw, 1000px\" \/><\/a><\/div><!-- Story Description --><div class=\"ctl-description\"><p>Er leitet den Tierpark nach dem Motto: &#8220;Mehr Platz fur weniger Tiere&#8221; &#8211; zum Wohle der Tiere und zur Freude der Menschen!<\/p>\n<\/div><\/div><\/div><!-- Story Year Section --><div data-cls=\"sc-nv-light vertical\" class=\"timeline-year scrollable-section ctl-year ctl-year-container light-year\" data-section-title=\"1996\" id=\"year-1996\"><div class=\"ctl-year-label ctl-year-text\"><span>1996<\/span><\/div><\/div><!-- Timeline Content --><div id=\"ctl-story-3122\" class=\"ctl-story ctl-story-dot-icon even ctl-story-left\" data-story-index=\"26\" role=\"article\"><!-- Story Date --><div class=\"ctl-labels\"><div class=\"ctl-label-big story-date\">Sep 10<\/div><\/div><!-- Story IconDot --><div class=\"ctl-icondot\"><\/div> <!-- Story Arrow --><div class=\"ctl-arrow\"><\/div>\n\t\t\t<!-- Story Content --><div class=\"ctl-content\"><!-- Story Title --> <div class=\"ctl-title story-3122\" role=\"heading\" aria-level=\"2\"><a target=\"_self\" title=\"1996 &#8211; B\u00e4rengrabens Sanierung\" href=\"https:\/\/tierpark-bern.ch\/en\/timeline\/1996-barengrabens-sanierung\/\" class=\"story-link\">1996 &#8211; B\u00e4rengrabens Sanierung<\/a><\/div><!-- Story Media --><div class=\"ctl-media full\"><img loading=\"lazy\" decoding=\"async\" width=\"572\" height=\"440\" src=\"https:\/\/tierpark-bern.ch\/web\/app\/uploads\/2020\/08\/B\u00e4rengraben_Bern.png\" class=\"story-img wp-post-image\" alt=\"1996 &#8211; B\u00e4rengrabens Sanierung\" srcset=\"https:\/\/tierpark-bern.ch\/web\/app\/uploads\/2020\/08\/B\u00e4rengraben_Bern.png 572w, https:\/\/tierpark-bern.ch\/web\/app\/uploads\/2020\/08\/B\u00e4rengraben_Bern-300x231.png 300w\" sizes=\"auto, (max-width: 572px) 100vw, 572px\" \/><\/a><\/div><!-- Story Description --><div class=\"ctl-description\"><p>Bern feierte die Sanierung des Grossen und des Kleinen B\u00e4rengrabens, dessen Kosten sich auf 2,15 Mio. Franken belief. Beide Anlagen erhielten Badebecken f\u00fcr die B\u00e4ren, der Steinboden wurdedurch ein sickerf\u00e4higes Kiesgemisch ersetzt und inmitten beider Anlagen wurden grosse Keile aus Sandsteinbl\u00f6cken eingebracht. Im Grossen Graben wurde die mittige Trennmauer entfernt und die Anzahl der B\u00e4ren erfuhr eine Limitierung. Nach einer kurzen Interimsleitung durch Dr. Ruth Baumgartner von September 1996 bis M\u00e4rz 1997 wurde Prof. Dr. Bernd Schildger Direktor des Tierparks D\u00e4hlh\u00f6lzli. Neben der f\u00fcr die Realisierung von tiergerechten Lebensr\u00e4umen erforderlichen Reduktion der gehaltenen Tierarten wurde eine erste Gesamtplanung entwickelt.<\/p>\n<\/div><\/div><\/div><!-- Story Year Section --><div data-cls=\"sc-nv-light vertical\" class=\"timeline-year scrollable-section ctl-year ctl-year-container light-year\" data-section-title=\"1991\" id=\"year-1991\"><div class=\"ctl-year-label ctl-year-text\"><span>1991<\/span><\/div><\/div><!-- Timeline Content --><div id=\"ctl-story-3120\" class=\"ctl-story ctl-story-dot-icon odd ctl-story-right\" data-story-index=\"27\" role=\"article\"><!-- Story Date --><div class=\"ctl-labels\"><div class=\"ctl-label-big story-date\">Sep 10<\/div><\/div><!-- Story IconDot --><div class=\"ctl-icondot\"><\/div> <!-- Story Arrow --><div class=\"ctl-arrow\"><\/div>\n\t\t\t<!-- Story Content --><div class=\"ctl-content\"><!-- Story Title --> <div class=\"ctl-title story-3120\" role=\"heading\" aria-level=\"2\"><a target=\"_self\" title=\"1991 &#8211; Erweiterungen des Kinderzoo\" href=\"https:\/\/tierpark-bern.ch\/en\/timeline\/1991-erweiterungen-des-kinderzoo\/\" class=\"story-link\">1991 &#8211; Erweiterungen des Kinderzoo<\/a><\/div><!-- Story Media --><div class=\"ctl-media full\"><img loading=\"lazy\" decoding=\"async\" width=\"560\" height=\"370\" src=\"https:\/\/tierpark-bern.ch\/web\/app\/uploads\/2020\/08\/kinderzoo_bern.jpg\" class=\"story-img wp-post-image\" alt=\"1991 &#8211; Erweiterungen des Kinderzoo\" srcset=\"https:\/\/tierpark-bern.ch\/web\/app\/uploads\/2020\/08\/kinderzoo_bern.jpg 560w, https:\/\/tierpark-bern.ch\/web\/app\/uploads\/2020\/08\/kinderzoo_bern-300x198.jpg 300w\" sizes=\"auto, (max-width: 560px) 100vw, 560px\" \/><\/a><\/div><!-- Story Description --><div class=\"ctl-description\"><p>Es begann die Zeit des f\u00fcnften Verwalters, Dr. Max M\u00fcller (Mai 1991 bis August 1996). Hier erfolgten die Erweiterungen des Kinderzoos an der Aare sowie des B\u00e4rengeheges im Tierpark. Bei den gehaltenen Tieren fand eine Trendwende in Richtung exotische Tiere statt (Wallaby, Capybara). Im Jahre 1995 wurde die Leitung des Tierparks Analysen durch externe Experten unterzogen. Gest\u00fctzt auf die entsprechenden Berichte wurde die F\u00fchrung des Tierparks neu strukturiert und eine Betriebsleitung eingesetzt.<\/p>\n<\/div><\/div><\/div><!-- Story Year Section --><div data-cls=\"sc-nv-light vertical\" class=\"timeline-year scrollable-section ctl-year ctl-year-container light-year\" data-section-title=\"1985\" id=\"year-1985\"><div class=\"ctl-year-label ctl-year-text\"><span>1985<\/span><\/div><\/div><!-- Timeline Content --><div id=\"ctl-story-3118\" class=\"ctl-story ctl-story-dot-icon even ctl-story-left\" data-story-index=\"28\" role=\"article\"><!-- Story Date --><div class=\"ctl-labels\"><div class=\"ctl-label-big story-date\">Sep 10<\/div><\/div><!-- Story IconDot --><div class=\"ctl-icondot\"><\/div> <!-- Story Arrow --><div class=\"ctl-arrow\"><\/div>\n\t\t\t<!-- Story Content --><div class=\"ctl-content\"><!-- Story Title --> <div class=\"ctl-title story-3118\" role=\"heading\" aria-level=\"2\"><a target=\"_self\" title=\"1985 &#8211; Erste Zoop\u00e4dagoginnen\" href=\"https:\/\/tierpark-bern.ch\/en\/timeline\/1985-erste-zoopadagoginnen\/\" class=\"story-link\">1985 &#8211; Erste Zoop\u00e4dagoginnen<\/a><\/div><!-- Story Media --><div class=\"ctl-media full\"><img loading=\"lazy\" decoding=\"async\" width=\"611\" height=\"404\" src=\"https:\/\/tierpark-bern.ch\/web\/app\/uploads\/2020\/08\/1985-Annemarie.png\" class=\"story-img wp-post-image\" alt=\"1985 &#8211; Erste Zoop\u00e4dagoginnen\" srcset=\"https:\/\/tierpark-bern.ch\/web\/app\/uploads\/2020\/08\/1985-Annemarie.png 611w, https:\/\/tierpark-bern.ch\/web\/app\/uploads\/2020\/08\/1985-Annemarie-300x198.png 300w\" sizes=\"auto, (max-width: 611px) 100vw, 611px\" \/><\/a><\/div><!-- Story Description --><div class=\"ctl-description\"><p>Es fand die Gemeindeabstimmung f\u00fcr das neue Vivarium statt und 1988 konnte der Bau er\u00f6ffnet werden. Ausserhalb des Vivariums wurden fast alle exotischen Tierarten durch europ\u00e4ische Spezies ersetzt. Im B\u00e4rengraben wurden 1975 die Stallungen restauriert und die gemauerten Katakomben durch Betonstallungen ersetzt. Im Personalbereich wurde eine wissenschaftliche Adjunktenstelle sowie erstmals in der Schweiz eine Zoop\u00e4dagogikstelle geschaffen.<\/p>\n<\/div><\/div><\/div><!-- Story Year Section --><div data-cls=\"sc-nv-light vertical\" class=\"timeline-year scrollable-section ctl-year ctl-year-container light-year\" data-section-title=\"1970\" id=\"year-1970\"><div class=\"ctl-year-label ctl-year-text\"><span>1970<\/span><\/div><\/div><!-- Timeline Content --><div id=\"ctl-story-3116\" class=\"ctl-story ctl-story-dot-icon odd ctl-story-right\" data-story-index=\"29\" role=\"article\"><!-- Story Date --><div class=\"ctl-labels\"><div class=\"ctl-label-big story-date\">Jan 10<\/div><\/div><!-- Story IconDot --><div class=\"ctl-icondot\"><\/div> <!-- Story Arrow --><div class=\"ctl-arrow\"><\/div>\n\t\t\t<!-- Story Content --><div class=\"ctl-content\"><!-- Story Title --> <div class=\"ctl-title story-3116\" role=\"heading\" aria-level=\"2\"><a target=\"_self\" title=\"1970 &#8211; Leitspruch &#8220;Des Berners Zoo&#8221;\" href=\"https:\/\/tierpark-bern.ch\/en\/timeline\/1970-leitspruch-des-berners-zoo\/\" class=\"story-link\">1970 &#8211; Leitspruch &#8220;Des Berners Zoo&#8221;<\/a><\/div><!-- Story Media --><div class=\"ctl-media full\"><img loading=\"lazy\" decoding=\"async\" width=\"1024\" height=\"712\" src=\"https:\/\/tierpark-bern.ch\/web\/app\/uploads\/2020\/08\/Tierpark_Bern_Geschichte5-1024x712.jpeg\" class=\"story-img wp-post-image\" alt=\"1970 &#8211; Leitspruch &#8220;Des Berners Zoo&#8221;\" srcset=\"https:\/\/tierpark-bern.ch\/web\/app\/uploads\/2020\/08\/Tierpark_Bern_Geschichte5-1024x712.jpeg 1024w, https:\/\/tierpark-bern.ch\/web\/app\/uploads\/2020\/08\/Tierpark_Bern_Geschichte5-300x209.jpeg 300w, https:\/\/tierpark-bern.ch\/web\/app\/uploads\/2020\/08\/Tierpark_Bern_Geschichte5-768x534.jpeg 768w, https:\/\/tierpark-bern.ch\/web\/app\/uploads\/2020\/08\/Tierpark_Bern_Geschichte5-1536x1068.jpeg 1536w, https:\/\/tierpark-bern.ch\/web\/app\/uploads\/2020\/08\/Tierpark_Bern_Geschichte5.jpeg 1615w\" sizes=\"auto, (max-width: 1024px) 100vw, 1024px\" \/><\/a><\/div><!-- Story Description --><div class=\"ctl-description\"><p>&#8220;Des Berners Zoo&#8221; war der Leitspruch von Prof. Hannes S\u00e4gesser, der die Geschicke des D\u00e4hlh\u00f6lzli vom Januar 1970 bis zu seinem pl\u00f6tzlichen Tod am 18. Januar 1991 leitete. Przewalski Pferde, Seehunde, Moschusochsen und syrische Braunb\u00e4ren sind Tierarten, die in seiner Zeiteingef\u00fchrt wurden. Die Anzahl der gehaltenen S\u00e4ugetierarten wuchs von ehemals 23 auf 60. Der Ausbau des Freigel\u00e4ndes (mit Kleinraubtierhaus, Przewalski-, Fischotter, Wisent, Elch- und Tiger\/B\u00e4renanlage) und der Umbau des Vivariums repr\u00e4sentieren sein Wirken.<\/p>\n<\/div><\/div><\/div><!-- Story Year Section --><div data-cls=\"sc-nv-light vertical\" class=\"timeline-year scrollable-section ctl-year ctl-year-container light-year\" data-section-title=\"1943\" id=\"year-1943\"><div class=\"ctl-year-label ctl-year-text\"><span>1943<\/span><\/div><\/div><!-- Timeline Content --><div id=\"ctl-story-3114\" class=\"ctl-story ctl-story-dot-icon even ctl-story-left\" data-story-index=\"30\" role=\"article\"><!-- Story Date --><div class=\"ctl-labels\"><div class=\"ctl-label-big story-date\">May 10<\/div><\/div><!-- Story IconDot --><div class=\"ctl-icondot\"><\/div> <!-- Story Arrow --><div class=\"ctl-arrow\"><\/div>\n\t\t\t<!-- Story Content --><div class=\"ctl-content\"><!-- Story Title --> <div class=\"ctl-title story-3114\" role=\"heading\" aria-level=\"2\"><a target=\"_self\" title=\"1943 &#8211; Der Tierbestand steigt auf 1675 Tiere\" href=\"https:\/\/tierpark-bern.ch\/en\/timeline\/1943-tierbestand-steigt-auf-1675-tiere\/\" class=\"story-link\">1943 &#8211; Der Tierbestand steigt auf 1675 Tiere<\/a><\/div><!-- Story Media --><div class=\"ctl-media full\"><img loading=\"lazy\" decoding=\"async\" width=\"1024\" height=\"681\" src=\"https:\/\/tierpark-bern.ch\/web\/app\/uploads\/2020\/07\/historische-bilder-tierpark-bern-waschbaer-1024x681.jpg\" class=\"story-img wp-post-image\" alt=\"1943 &#8211; Der Tierbestand steigt auf 1675 Tiere\" srcset=\"https:\/\/tierpark-bern.ch\/web\/app\/uploads\/2020\/07\/historische-bilder-tierpark-bern-waschbaer-1024x681.jpg 1024w, https:\/\/tierpark-bern.ch\/web\/app\/uploads\/2020\/07\/historische-bilder-tierpark-bern-waschbaer-300x200.jpg 300w, https:\/\/tierpark-bern.ch\/web\/app\/uploads\/2020\/07\/historische-bilder-tierpark-bern-waschbaer-768x511.jpg 768w, https:\/\/tierpark-bern.ch\/web\/app\/uploads\/2020\/07\/historische-bilder-tierpark-bern-waschbaer-1280x852.jpg 1280w, https:\/\/tierpark-bern.ch\/web\/app\/uploads\/2020\/07\/historische-bilder-tierpark-bern-waschbaer.jpg 1500w\" sizes=\"auto, (max-width: 1024px) 100vw, 1024px\" \/><\/a><\/div><!-- Story Description --><div class=\"ctl-description\"><p>W\u00e4hrend der Leitung des Tierparks durch Prof. Monika Meyer-Holzapfel, vom Mai 1943 bis Dezember 1969, wuchs der Tierbestand des Tierparks auf 1675 Tiere in 335 Arten. Neue Anlagen f\u00fcr Fischotter, Biber, Wildkatze, Luchs, Wisent und Wolf entstanden in dieser Zeit.<\/p>\n<\/div><\/div><\/div><!-- Story Year Section --><div data-cls=\"sc-nv-light vertical\" class=\"timeline-year scrollable-section ctl-year ctl-year-container light-year\" data-section-title=\"1938\" id=\"year-1938\"><div class=\"ctl-year-label ctl-year-text\"><span>1938<\/span><\/div><\/div><!-- Timeline Content --><div id=\"ctl-story-3111\" class=\"ctl-story ctl-story-dot-icon odd ctl-story-right\" data-story-index=\"31\" role=\"article\"><!-- Story Date --><div class=\"ctl-labels\"><div class=\"ctl-label-big story-date\">Sep 10<\/div><\/div><!-- Story IconDot --><div class=\"ctl-icondot\"><\/div> <!-- Story Arrow --><div class=\"ctl-arrow\"><\/div>\n\t\t\t<!-- Story Content --><div class=\"ctl-content\"><!-- Story Title --> <div class=\"ctl-title story-3111\" role=\"heading\" aria-level=\"2\"><a target=\"_self\" title=\"1938  &#8211; Heini Hediger wird Verwalter\" href=\"https:\/\/tierpark-bern.ch\/en\/timeline\/1938-heini-hediger-wird-verwalter\/\" class=\"story-link\">1938  &#8211; Heini Hediger wird Verwalter<\/a><\/div><!-- Story Media --><div class=\"ctl-media full\"><img loading=\"lazy\" decoding=\"async\" width=\"611\" height=\"404\" src=\"https:\/\/tierpark-bern.ch\/web\/app\/uploads\/2020\/08\/1938-Heini-Hediger.png\" class=\"story-img wp-post-image\" alt=\"1938  &#8211; Heini Hediger wird Verwalter\" srcset=\"https:\/\/tierpark-bern.ch\/web\/app\/uploads\/2020\/08\/1938-Heini-Hediger.png 611w, https:\/\/tierpark-bern.ch\/web\/app\/uploads\/2020\/08\/1938-Heini-Hediger-300x198.png 300w\" sizes=\"auto, (max-width: 611px) 100vw, 611px\" \/><\/a><\/div><!-- Story Description --><div class=\"ctl-description\"><p>Der Zoologe und sp\u00e4tere Professor Heini Hediger wird zum Verwalter gew\u00e4hlt. Diesem gelang es, wohl nicht zuletzt gest\u00fctzt auf seine Erfahrungen im D\u00e4hlh\u00f6lzli, als Begr\u00fcnder der wissenschaftlichen Tierg\u00e4rtnerei in die Zoogeschichte einzugehen.<\/p>\n<\/div><\/div><\/div><!-- Story Year Section --><div data-cls=\"sc-nv-light vertical\" class=\"timeline-year scrollable-section ctl-year ctl-year-container light-year\" data-section-title=\"1937\" id=\"year-1937\"><div class=\"ctl-year-label ctl-year-text\"><span>1937<\/span><\/div><\/div><!-- Timeline Content --><div id=\"ctl-story-3108\" class=\"ctl-story ctl-story-dot-icon even ctl-story-left\" data-story-index=\"32\" role=\"article\"><!-- Story Date --><div class=\"ctl-labels\"><div class=\"ctl-label-big story-date\">May 06<\/div><\/div><!-- Story IconDot --><div class=\"ctl-icondot\"><\/div> <!-- Story Arrow --><div class=\"ctl-arrow\"><\/div>\n\t\t\t<!-- Story Content --><div class=\"ctl-content\"><!-- Story Title --> <div class=\"ctl-title story-3108\" role=\"heading\" aria-level=\"2\"><a target=\"_self\" title=\"5. Juni 1937 &#8211; Er\u00f6ffnung des Tierparks\" href=\"https:\/\/tierpark-bern.ch\/en\/timeline\/1937-eroffnung-des-tierparks\/\" class=\"story-link\">5. Juni 1937 &#8211; Er\u00f6ffnung des Tierparks<\/a><\/div><!-- Story Media --><div class=\"ctl-media full\"><img loading=\"lazy\" decoding=\"async\" width=\"1024\" height=\"681\" src=\"https:\/\/tierpark-bern.ch\/web\/app\/uploads\/2020\/07\/historische-bilder-tierpark-bern-5-1024x681.jpg\" class=\"story-img wp-post-image\" alt=\"5. Juni 1937 &#8211; Er\u00f6ffnung des Tierparks\" srcset=\"https:\/\/tierpark-bern.ch\/web\/app\/uploads\/2020\/07\/historische-bilder-tierpark-bern-5-1024x681.jpg 1024w, https:\/\/tierpark-bern.ch\/web\/app\/uploads\/2020\/07\/historische-bilder-tierpark-bern-5-300x200.jpg 300w, https:\/\/tierpark-bern.ch\/web\/app\/uploads\/2020\/07\/historische-bilder-tierpark-bern-5-768x511.jpg 768w, https:\/\/tierpark-bern.ch\/web\/app\/uploads\/2020\/07\/historische-bilder-tierpark-bern-5-1280x852.jpg 1280w, https:\/\/tierpark-bern.ch\/web\/app\/uploads\/2020\/07\/historische-bilder-tierpark-bern-5.jpg 1500w\" sizes=\"auto, (max-width: 1024px) 100vw, 1024px\" \/><\/a><\/div><!-- Story Description --><div class=\"ctl-description\"><p>Am 5. Juni 1937 fand die feierliche Er\u00f6ffnung des Tierparks, in Anwesenheit von Bundesrat Minger, statt. Mit der Einweihung wurde der B\u00e4rengraben dem Tierparkbetrieb zugeordnet. Entsprechend dem Projekt des Architekten Emil Hostettler zeigte man zu Beginn nur wenige Grosstiere, wie Bison, Lama, M\u00e4hnenschaf und Steinwild. Im Vivarium konnten V\u00f6gel, Reptilien und Amphibien bestaunt werden.<br \/>\n<br \/>\n<img loading=\"lazy\" decoding=\"async\" src=\"https:\/\/tierpark-bern.ch\/web\/app\/uploads\/2021\/07\/Tierpark-Dahlholzli-1937.png\" alt=\"\" width=\"527\" height=\"372\" class=\"alignleft size-full wp-image-8078\" \/><\/p>\n<\/div><\/div><\/div><!-- Story Year Section --><div data-cls=\"sc-nv-light vertical\" class=\"timeline-year scrollable-section ctl-year ctl-year-container light-year\" data-section-title=\"1935\" id=\"year-1935\"><div class=\"ctl-year-label ctl-year-text\"><span>1935<\/span><\/div><\/div><!-- Timeline Content --><div id=\"ctl-story-3106\" class=\"ctl-story ctl-story-dot-icon odd ctl-story-right\" data-story-index=\"33\" role=\"article\"><!-- Story Date --><div class=\"ctl-labels\"><div class=\"ctl-label-big story-date\">Sep 10<\/div><\/div><!-- Story IconDot --><div class=\"ctl-icondot\"><\/div> <!-- Story Arrow --><div class=\"ctl-arrow\"><\/div>\n\t\t\t<!-- Story Content --><div class=\"ctl-content\"><!-- Story Title --> <div class=\"ctl-title story-3106\" role=\"heading\" aria-level=\"2\"><a target=\"_self\" title=\"1935 &#8211; Bau des Tierparks im D\u00e4hlh\u00f6lzliwald\" href=\"https:\/\/tierpark-bern.ch\/en\/timeline\/1935-bau-des-tierparks-im-dahlholzliwald\/\" class=\"story-link\">1935 &#8211; Bau des Tierparks im D\u00e4hlh\u00f6lzliwald<\/a><\/div><!-- Story Media --><div class=\"ctl-media full\"><img loading=\"lazy\" decoding=\"async\" width=\"712\" height=\"1024\" src=\"https:\/\/tierpark-bern.ch\/web\/app\/uploads\/2020\/08\/Tierpark_Bern_Geschichte4-712x1024.jpeg\" class=\"story-img wp-post-image\" alt=\"1935 &#8211; Bau des Tierparks im D\u00e4hlh\u00f6lzliwald\" srcset=\"https:\/\/tierpark-bern.ch\/web\/app\/uploads\/2020\/08\/Tierpark_Bern_Geschichte4-712x1024.jpeg 712w, https:\/\/tierpark-bern.ch\/web\/app\/uploads\/2020\/08\/Tierpark_Bern_Geschichte4-209x300.jpeg 209w, https:\/\/tierpark-bern.ch\/web\/app\/uploads\/2020\/08\/Tierpark_Bern_Geschichte4-768x1105.jpeg 768w, https:\/\/tierpark-bern.ch\/web\/app\/uploads\/2020\/08\/Tierpark_Bern_Geschichte4-1068x1536.jpeg 1068w, https:\/\/tierpark-bern.ch\/web\/app\/uploads\/2020\/08\/Tierpark_Bern_Geschichte4.jpeg 1266w\" sizes=\"auto, (max-width: 712px) 100vw, 712px\" \/><\/a><\/div><!-- Story Description --><div class=\"ctl-description\"><p>Die Gemeindeabstimmung zum Bau des Tierparks im D\u00e4hlh\u00f6lzliwald fand 1935 statt. Das Projekt wurde mit 6532:780 Stimmen wuchtig angenommen. Der Bau wurde zu \u00fcber 50% aus den Mitteln des Gabus-Fonds finanziert.<\/p>\n<\/div><\/div><\/div><!-- Story Year Section --><div data-cls=\"sc-nv-light vertical\" class=\"timeline-year scrollable-section ctl-year ctl-year-container light-year\" data-section-title=\"1933\" id=\"year-1933\"><div class=\"ctl-year-label ctl-year-text\"><span>1933<\/span><\/div><\/div><!-- Timeline Content --><div id=\"ctl-story-3104\" class=\"ctl-story ctl-story-dot-icon even ctl-story-left\" data-story-index=\"34\" role=\"article\"><!-- Story Date --><div class=\"ctl-labels\"><div class=\"ctl-label-big story-date\">Sep 10<\/div><\/div><!-- Story IconDot --><div class=\"ctl-icondot\"><\/div> <!-- Story Arrow --><div class=\"ctl-arrow\"><\/div>\n\t\t\t<!-- Story Content --><div class=\"ctl-content\"><!-- Story Title --> <div class=\"ctl-title story-3104\" role=\"heading\" aria-level=\"2\"><a target=\"_self\" title=\"1933  &#8211; Alternativer Standort\" href=\"https:\/\/tierpark-bern.ch\/en\/timeline\/1933-alternativer-standort\/\" class=\"story-link\">1933  &#8211; Alternativer Standort<\/a><\/div><!-- Story Media --><div class=\"ctl-media full\"><img loading=\"lazy\" decoding=\"async\" width=\"1024\" height=\"792\" src=\"https:\/\/tierpark-bern.ch\/web\/app\/uploads\/2020\/08\/Tierpark_Bern_Geschichte3-1024x792.jpeg\" class=\"story-img wp-post-image\" alt=\"1933  &#8211; Alternativer Standort\" srcset=\"https:\/\/tierpark-bern.ch\/web\/app\/uploads\/2020\/08\/Tierpark_Bern_Geschichte3-1024x792.jpeg 1024w, https:\/\/tierpark-bern.ch\/web\/app\/uploads\/2020\/08\/Tierpark_Bern_Geschichte3-300x232.jpeg 300w, https:\/\/tierpark-bern.ch\/web\/app\/uploads\/2020\/08\/Tierpark_Bern_Geschichte3-768x594.jpeg 768w, https:\/\/tierpark-bern.ch\/web\/app\/uploads\/2020\/08\/Tierpark_Bern_Geschichte3-1536x1188.jpeg 1536w, https:\/\/tierpark-bern.ch\/web\/app\/uploads\/2020\/08\/Tierpark_Bern_Geschichte3.jpeg 1556w\" sizes=\"auto, (max-width: 1024px) 100vw, 1024px\" \/><\/a><\/div><!-- Story Description --><div class=\"ctl-description\"><p>1933 trat erneut der D\u00e4hlh\u00f6lzliwald als alternativer Standort in den Vordergrund. Die Burgergemeinde Bern brachte dem Projekt Verst\u00e4ndnis entgegen und fand sich bereit, einen Teil ihres Waldes zur Verf\u00fcgung zu stellen.<\/p>\n<\/div><\/div><\/div><!-- Story Year Section --><div data-cls=\"sc-nv-light vertical\" class=\"timeline-year scrollable-section ctl-year ctl-year-container light-year\" data-section-title=\"1930\" id=\"year-1930\"><div class=\"ctl-year-label ctl-year-text\"><span>1930<\/span><\/div><\/div><!-- Timeline Content --><div id=\"ctl-story-3102\" class=\"ctl-story ctl-story-dot-icon odd ctl-story-right\" data-story-index=\"35\" role=\"article\"><!-- Story Date --><div class=\"ctl-labels\"><div class=\"ctl-label-big story-date\">Sep 10<\/div><\/div><!-- Story IconDot --><div class=\"ctl-icondot\"><\/div> <!-- Story Arrow --><div class=\"ctl-arrow\"><\/div>\n\t\t\t<!-- Story Content --><div class=\"ctl-content\"><!-- Story Title --> <div class=\"ctl-title story-3102\" role=\"heading\" aria-level=\"2\"><a target=\"_self\" title=\"1930  &#8211; Tierparkverein Gr\u00fcndung\" href=\"https:\/\/tierpark-bern.ch\/en\/timeline\/1930-tierparkverein-grundung\/\" class=\"story-link\">1930  &#8211; Tierparkverein Gr\u00fcndung<\/a><\/div><!-- Story Media --><div class=\"ctl-media full\"><img loading=\"lazy\" decoding=\"async\" width=\"452\" height=\"300\" src=\"https:\/\/tierpark-bern.ch\/web\/app\/uploads\/2020\/08\/1930-Projektidee.png\" class=\"story-img wp-post-image\" alt=\"1930  &#8211; Tierparkverein Gr\u00fcndung\" srcset=\"https:\/\/tierpark-bern.ch\/web\/app\/uploads\/2020\/08\/1930-Projektidee.png 452w, https:\/\/tierpark-bern.ch\/web\/app\/uploads\/2020\/08\/1930-Projektidee-300x199.png 300w\" sizes=\"auto, (max-width: 452px) 100vw, 452px\" \/><\/a><\/div><!-- Story Description --><div class=\"ctl-description\"><p>1930 wurde der \u201eBerner Natur-und Tierparkverein\u201c gegr\u00fcndet und es ging mit der Errichtung eines eigenen zologischen Gartens voran. Eine Projektidee in der Elfenau wurde 1933 abgelehnt, weil die Vertreter des bernischen Natur- und Heimatschutzes f\u00fcr die Erhaltung der Elfenauals Naturpark einstanden.<\/p>\n<\/div><\/div><\/div><!-- Story Year Section --><div data-cls=\"sc-nv-light vertical\" class=\"timeline-year scrollable-section ctl-year ctl-year-container light-year\" data-section-title=\"1873\" id=\"year-1873\"><div class=\"ctl-year-label ctl-year-text\"><span>1873<\/span><\/div><\/div><!-- Timeline Content --><div id=\"ctl-story-3100\" class=\"ctl-story ctl-story-dot-icon even ctl-story-left\" data-story-index=\"36\" role=\"article\"><!-- Story Date --><div class=\"ctl-labels\"><div class=\"ctl-label-big story-date\">Sep 10<\/div><\/div><!-- Story IconDot --><div class=\"ctl-icondot\"><\/div> <!-- Story Arrow --><div class=\"ctl-arrow\"><\/div>\n\t\t\t<!-- Story Content --><div class=\"ctl-content\"><!-- Story Title --> <div class=\"ctl-title story-3100\" role=\"heading\" aria-level=\"2\"><a target=\"_self\" title=\"1873 &#8211; Tierpark an der Engehalde\" href=\"https:\/\/tierpark-bern.ch\/en\/timeline\/1873-tierpark-an-der-engehalde\/\" class=\"story-link\">1873 &#8211; Tierpark an der Engehalde<\/a><\/div><!-- Story Media --><div class=\"ctl-media full\"><img loading=\"lazy\" decoding=\"async\" width=\"1024\" height=\"681\" src=\"https:\/\/tierpark-bern.ch\/web\/app\/uploads\/2020\/07\/historische-bilder-tierpark-bern-Hirschpark-Engehalde-1024x681.jpg\" class=\"story-img wp-post-image\" alt=\"1873 &#8211; Tierpark an der Engehalde\" srcset=\"https:\/\/tierpark-bern.ch\/web\/app\/uploads\/2020\/07\/historische-bilder-tierpark-bern-Hirschpark-Engehalde-1024x681.jpg 1024w, https:\/\/tierpark-bern.ch\/web\/app\/uploads\/2020\/07\/historische-bilder-tierpark-bern-Hirschpark-Engehalde-300x200.jpg 300w, https:\/\/tierpark-bern.ch\/web\/app\/uploads\/2020\/07\/historische-bilder-tierpark-bern-Hirschpark-Engehalde-768x511.jpg 768w, https:\/\/tierpark-bern.ch\/web\/app\/uploads\/2020\/07\/historische-bilder-tierpark-bern-Hirschpark-Engehalde-1280x852.jpg 1280w, https:\/\/tierpark-bern.ch\/web\/app\/uploads\/2020\/07\/historische-bilder-tierpark-bern-Hirschpark-Engehalde.jpg 1500w\" sizes=\"auto, (max-width: 1024px) 100vw, 1024px\" \/><\/a><\/div><!-- Story Description --><div class=\"ctl-description\"><p>1873 wird der Tierpark an der Engehalde, am Hang unterhalb des Bierh\u00fcbelis, er\u00f6ffnet. Hirsche und Bisons lebten hier bis zum Bau des D\u00e4hlh\u00f6lzlis.<\/p>\n<p>Der am 14.3.1901 verstorbene Uhrmacher Louis William Gabus aus Le Locle, Schlossbesitzer in Worb und grosser Tierfreund, setzte der Stadt Bern in seinem Testament ein Legat mit folgendem Wortlaut aus: &#8220;Der Stadt Bern: Fr.150\u2019000.- als Fonds f\u00fcr die Errichtung eines zoologischen Gartens; wenn m\u00f6glich w\u00e4re daf\u00fcr das D\u00e4hlh\u00f6lzli zu erwerben, so w\u00e4re das sein ganz besonderer Wunsch.&#8221; Das Legat wurde erst 1903, nach langwierigen Prozessen, die in Russland gef\u00fchrt werden mussten, ausgerichtet.<\/p>\n<\/div><\/div><\/div><!-- Story Year Section --><div data-cls=\"sc-nv-light vertical\" class=\"timeline-year scrollable-section ctl-year ctl-year-container light-year\" data-section-title=\"1871\" id=\"year-1871\"><div class=\"ctl-year-label ctl-year-text\"><span>1871<\/span><\/div><\/div><!-- Timeline Content --><div id=\"ctl-story-3098\" class=\"ctl-story ctl-story-dot-icon odd ctl-story-right\" data-story-index=\"37\" role=\"article\"><!-- Story Date --><div class=\"ctl-labels\"><div class=\"ctl-label-big story-date\">Sep 10<\/div><\/div><!-- Story IconDot --><div class=\"ctl-icondot\"><\/div> <!-- Story Arrow --><div class=\"ctl-arrow\"><\/div>\n\t\t\t<!-- Story Content --><div class=\"ctl-content\"><!-- Story Title --> <div class=\"ctl-title story-3098\" role=\"heading\" aria-level=\"2\"><a target=\"_self\" title=\"1871  &#8211; Idee f\u00fcr einen Zoo\" href=\"https:\/\/tierpark-bern.ch\/en\/timeline\/1871-idee-fur-einen-zoo\/\" class=\"story-link\">1871  &#8211; Idee f\u00fcr einen Zoo<\/a><\/div><!-- Story Media --><div class=\"ctl-media full\"><img loading=\"lazy\" decoding=\"async\" width=\"684\" height=\"1024\" src=\"https:\/\/tierpark-bern.ch\/web\/app\/uploads\/2020\/08\/Tierpark_Bern_Geschichte2-684x1024.jpeg\" class=\"story-img wp-post-image\" alt=\"1871  &#8211; Idee f\u00fcr einen Zoo\" srcset=\"https:\/\/tierpark-bern.ch\/web\/app\/uploads\/2020\/08\/Tierpark_Bern_Geschichte2-684x1024.jpeg 684w, https:\/\/tierpark-bern.ch\/web\/app\/uploads\/2020\/08\/Tierpark_Bern_Geschichte2-200x300.jpeg 200w, https:\/\/tierpark-bern.ch\/web\/app\/uploads\/2020\/08\/Tierpark_Bern_Geschichte2-768x1150.jpeg 768w, https:\/\/tierpark-bern.ch\/web\/app\/uploads\/2020\/08\/Tierpark_Bern_Geschichte2-1026x1536.jpeg 1026w, https:\/\/tierpark-bern.ch\/web\/app\/uploads\/2020\/08\/Tierpark_Bern_Geschichte2.jpeg 1227w\" sizes=\"auto, (max-width: 684px) 100vw, 684px\" \/><\/a><\/div><!-- Story Description --><div class=\"ctl-description\"><p>1871 warb der \u201eAkklimatisationsverein\u201c f\u00fcr einen Zoo im Schwellenm\u00e4tteli. Zwei Jahre sp\u00e4ter wurde diese Idee aus finanziellen Gr\u00fcnden fallen gelassen.<\/p>\n<\/div><\/div><\/div><!-- Story Year Section --><div data-cls=\"sc-nv-light vertical\" class=\"timeline-year scrollable-section ctl-year ctl-year-container light-year\" data-section-title=\"1857\" id=\"year-1857\"><div class=\"ctl-year-label ctl-year-text\"><span>1857<\/span><\/div><\/div><!-- Timeline Content --><div id=\"ctl-story-3093\" class=\"ctl-story ctl-story-dot-icon even ctl-story-left ctl-no-media\" data-story-index=\"38\" role=\"article\"><!-- Story Date --><div class=\"ctl-labels\"><div class=\"ctl-label-big story-date\">Sep 10<\/div><\/div><!-- Story IconDot --><div class=\"ctl-icondot\"><\/div> <!-- Story Arrow --><div class=\"ctl-arrow\"><\/div>\n\t\t\t<!-- Story Content --><div class=\"ctl-content\"><!-- Story Title --> <div class=\"ctl-title story-3093\" role=\"heading\" aria-level=\"2\"><a target=\"_self\" title=\"1857  &#8211; B\u00e4rengraben an der Nydeggbr\u00fccke\" href=\"https:\/\/tierpark-bern.ch\/en\/timeline\/1857-barengraben-an-der-nydeggbrucke\/\" class=\"story-link\">1857  &#8211; B\u00e4rengraben an der Nydeggbr\u00fccke<\/a><\/div><!-- Story Description --><div class=\"ctl-description\"><p>1857 zogen die B\u00e4ren von Bern in den vierter B\u00e4rengraben am Kopf der 1844 feierlich er\u00f6ffneten Nydegg-Br\u00fccke. Erbaut wurde der B\u00e4rengraben als Turm aus Sandsteinbl\u00f6cken auf dem Niveau des Br\u00fcckenfusses. Nach Fertigstellung wurde das Areal um den B\u00e4rengraben bis auf das heutige Niveau der Br\u00fccke verf\u00fcllt. Der kleine B\u00e4rengraben wurde erst 1925 erstellt. Er ist eine Betonkonstruktion und sollte nur der Aufzucht von Jungb\u00e4ren dienen.<\/p>\n<\/div><\/div><\/div><!-- Timeline Content --><div id=\"ctl-story-42201\" class=\"ctl-story ctl-story-dot-icon odd ctl-story-right\" data-story-index=\"39\" role=\"article\"><!-- Story Date --><div class=\"ctl-labels\"><div class=\"ctl-label-big story-date\">Jan 01<\/div><\/div><!-- Story IconDot --><div class=\"ctl-icondot\"><\/div> <!-- Story Arrow --><div class=\"ctl-arrow\"><\/div>\n\t\t\t<!-- Story Content --><div class=\"ctl-content\"><!-- Story Title --> <div class=\"ctl-title story-42201\" role=\"heading\" aria-level=\"2\"><a target=\"_self\" title=\"1857 &#8211; 2009: 4. B\u00e4rengraben\" href=\"https:\/\/tierpark-bern.ch\/en\/timeline\/1857-2009-4-baerengraben\/\" class=\"story-link\">1857 &#8211; 2009: 4. B\u00e4rengraben<\/a><\/div><!-- Story Media --><div class=\"ctl-media full\"><img loading=\"lazy\" decoding=\"async\" width=\"856\" height=\"662\" src=\"https:\/\/tierpark-bern.ch\/web\/app\/uploads\/2022\/04\/1888-4-baerengraben-2.jpg\" class=\"story-img wp-post-image\" alt=\"1857 &#8211; 2009: 4. B\u00e4rengraben\" srcset=\"https:\/\/tierpark-bern.ch\/web\/app\/uploads\/2022\/04\/1888-4-baerengraben-2.jpg 856w, https:\/\/tierpark-bern.ch\/web\/app\/uploads\/2022\/04\/1888-4-baerengraben-2-300x232.jpg 300w, https:\/\/tierpark-bern.ch\/web\/app\/uploads\/2022\/04\/1888-4-baerengraben-2-768x594.jpg 768w\" sizes=\"auto, (max-width: 856px) 100vw, 856px\" \/><\/a><\/div><\/div><\/div><!-- Timeline Content --><div id=\"ctl-story-42197\" class=\"ctl-story ctl-story-dot-icon even ctl-story-left\" data-story-index=\"40\" role=\"article\"><!-- Story Date --><div class=\"ctl-labels\"><div class=\"ctl-label-big story-date\">Jan 01<\/div><\/div><!-- Story IconDot --><div class=\"ctl-icondot\"><\/div> <!-- Story Arrow --><div class=\"ctl-arrow\"><\/div>\n\t\t\t<!-- Story Content --><div class=\"ctl-content\"><!-- Story Title --> <div class=\"ctl-title story-42197\" role=\"heading\" aria-level=\"2\"><a target=\"_self\" title=\"1825 &#8211; 1857: 3. B\u00e4rengraben\" href=\"https:\/\/tierpark-bern.ch\/en\/timeline\/1825-1857-3-baerengraben\/\" class=\"story-link\">1825 &#8211; 1857: 3. B\u00e4rengraben<\/a><\/div><!-- Story Media --><div class=\"ctl-media full\"><img loading=\"lazy\" decoding=\"async\" width=\"800\" height=\"946\" src=\"https:\/\/tierpark-bern.ch\/web\/app\/uploads\/2022\/04\/1830-baerengraben.jpg\" class=\"story-img wp-post-image\" alt=\"1825 &#8211; 1857: 3. B\u00e4rengraben\" srcset=\"https:\/\/tierpark-bern.ch\/web\/app\/uploads\/2022\/04\/1830-baerengraben.jpg 800w, https:\/\/tierpark-bern.ch\/web\/app\/uploads\/2022\/04\/1830-baerengraben-254x300.jpg 254w, https:\/\/tierpark-bern.ch\/web\/app\/uploads\/2022\/04\/1830-baerengraben-768x908.jpg 768w\" sizes=\"auto, (max-width: 800px) 100vw, 800px\" \/><\/a><\/div><\/div><\/div><!-- Story Year Section --><div data-cls=\"sc-nv-light vertical\" class=\"timeline-year scrollable-section ctl-year ctl-year-container light-year\" data-section-title=\"1746\" id=\"year-1746\"><div class=\"ctl-year-label ctl-year-text\"><span>1746<\/span><\/div><\/div><!-- Timeline Content --><div id=\"ctl-story-42193\" class=\"ctl-story ctl-story-dot-icon odd ctl-story-right\" data-story-index=\"41\" role=\"article\"><!-- Story Date --><div class=\"ctl-labels\"><div class=\"ctl-label-big story-date\">Jan 01<\/div><\/div><!-- Story IconDot --><div class=\"ctl-icondot\"><\/div> <!-- Story Arrow --><div class=\"ctl-arrow\"><\/div>\n\t\t\t<!-- Story Content --><div class=\"ctl-content\"><!-- Story Title --> <div class=\"ctl-title story-42193\" role=\"heading\" aria-level=\"2\"><a target=\"_self\" title=\"1764 &#8211; 1825: 2. B\u00e4rengraben\" href=\"https:\/\/tierpark-bern.ch\/en\/timeline\/1764-1825-2-baerengraben\/\" class=\"story-link\">1764 &#8211; 1825: 2. B\u00e4rengraben<\/a><\/div><!-- Story Media --><div class=\"ctl-media full\"><img loading=\"lazy\" decoding=\"async\" width=\"1000\" height=\"667\" src=\"https:\/\/tierpark-bern.ch\/web\/app\/uploads\/2022\/04\/1820-baerengraben-1820.jpg\" class=\"story-img wp-post-image\" alt=\"1764 &#8211; 1825: 2. B\u00e4rengraben\" srcset=\"https:\/\/tierpark-bern.ch\/web\/app\/uploads\/2022\/04\/1820-baerengraben-1820.jpg 1000w, https:\/\/tierpark-bern.ch\/web\/app\/uploads\/2022\/04\/1820-baerengraben-1820-300x200.jpg 300w, https:\/\/tierpark-bern.ch\/web\/app\/uploads\/2022\/04\/1820-baerengraben-1820-768x512.jpg 768w\" sizes=\"auto, (max-width: 1000px) 100vw, 1000px\" \/><\/a><\/div><\/div><\/div><!-- Story Year Section --><div data-cls=\"sc-nv-light vertical\" class=\"timeline-year scrollable-section ctl-year ctl-year-container light-year\" data-section-title=\"1515\" id=\"year-1515\"><div class=\"ctl-year-label ctl-year-text\"><span>1515<\/span><\/div><\/div><!-- Timeline Content --><div id=\"ctl-story-3087\" class=\"ctl-story ctl-story-dot-icon even ctl-story-left\" data-story-index=\"42\" role=\"article\"><!-- Story Date --><div class=\"ctl-labels\"><div class=\"ctl-label-big story-date\">Sep 10<\/div><\/div><!-- Story IconDot --><div class=\"ctl-icondot\"><\/div> <!-- Story Arrow --><div class=\"ctl-arrow\"><\/div>\n\t\t\t<!-- Story Content --><div class=\"ctl-content\"><!-- Story Title --> <div class=\"ctl-title story-3087\" role=\"heading\" aria-level=\"2\"><a target=\"_self\" title=\"1515  &#8211; Erster B\u00e4rengraben am B\u00e4renplatz\" href=\"https:\/\/tierpark-bern.ch\/en\/timeline\/1515-erster-barengraben-am-barenplatz\/\" class=\"story-link\">1515  &#8211; Erster B\u00e4rengraben am B\u00e4renplatz<\/a><\/div><!-- Story Media --><div class=\"ctl-media full\"><img loading=\"lazy\" decoding=\"async\" width=\"1000\" height=\"667\" src=\"https:\/\/tierpark-bern.ch\/web\/app\/uploads\/2022\/04\/1607-baerengraben-1607.jpg\" class=\"story-img wp-post-image\" alt=\"1515  &#8211; Erster B\u00e4rengraben am B\u00e4renplatz\" srcset=\"https:\/\/tierpark-bern.ch\/web\/app\/uploads\/2022\/04\/1607-baerengraben-1607.jpg 1000w, https:\/\/tierpark-bern.ch\/web\/app\/uploads\/2022\/04\/1607-baerengraben-1607-300x200.jpg 300w, https:\/\/tierpark-bern.ch\/web\/app\/uploads\/2022\/04\/1607-baerengraben-1607-768x512.jpg 768w\" sizes=\"auto, (max-width: 1000px) 100vw, 1000px\" \/><\/a><\/div><!-- Story Description --><div class=\"ctl-description\"><p>1515 wird der erste B\u00e4rengraben auf dem heutigen B\u00e4renplatz in Bern er\u00f6ffnet. In ihm Einzug h\u00e4lt der 1513 in der Schlacht von Novara (Norditalien), von den in der heiligen Allianz des Papstes Julius II k\u00e4mpfenden eidgen\u00f6ssische S\u00f6ldner gegen den franz\u00f6sischen K\u00f6nig, erbeutete B\u00e4r. Bartholom\u00e4us May, der damals ber\u00fchmteste Berner, f\u00fchrte den erbeuteten B\u00e4ren mit grossem Pomp in die Stadt. Ab 1764 musste der B\u00e4rengraben am B\u00e4renplatz wie auch sp\u00e4ter seine beiden Nachfolgebauwerke am Golattenmattgass-Tor und im Bereich der Grossen Schanze (ab 1820) der zunehmenden Stadterweiterung weichen.<\/p>\n<\/div><\/div><\/div>\t\t\t\t\t<\/div>\n\t\t\t\t\t<div class=\"ctl-end\"><\/div>\n\t\t\t\t\t\t\t\t\t\t<!-- Each Timeline Style -->\n\t\t\t\t\t<style id=\"cool_timeline_1-styles\" type=\"text\/css\">\n\t\t\t\t\t\t\t\t\t\t\t\t\/* Specific Story Style Start *\/.ctl-wrapper #ctl-story-3141.ctl-story{--ctw-second-story-color :#41572b;--ctw-first-story-color:#41572b;}.ctl-wrapper #ctl-story-3122.ctl-story{--ctw-second-story-color :#41572b;--ctw-first-story-color:#41572b;}.ctl-wrapper #ctl-story-3098.ctl-story{--ctw-second-story-color :#6c93ac;--ctw-first-story-color:#6c93ac;}.ctl-wrapper #ctl-story-3093.ctl-story{--ctw-second-story-color :#41572b;--ctw-first-story-color:#41572b;}.ctl-wrapper #ctl-story-3087.ctl-story{--ctw-second-story-color :#41572b;--ctw-first-story-color:#41572b;}\/* Specific Story Style End *\/\t\t\t\t\t<\/style>\n\t\t\t\t\t\t\t\t\t\t<\/div>\n\t\t\t<\/div>\n\t\t\t[\/vc_column_text][\/vc_column][\/vc_row][vc_row][vc_column][vc_column_text]<\/p>\n<div class=\"zoo-link-info\">\n<div class=\"container\">\n<div class=\"row\">\n<div class=\"col-md-8 col-sm-12\">\n<div class=\"zoo-link-text-container\"><span class=\"zoo-link-text\">Would you like to learn more about the D\u00e4hlh\u00f6lzli story?<\/span><\/div>\n<\/div>\n<div class=\"col-md-4 col-sm-12 zoo-link-btn-container\"><span class=\"zoo-link-btn\"><a class=\"button button-zoo-info\" href=\"https:\/\/tierpark-bern.ch\/en\/about-us\/history\/die-daehlhoelzli-geschichte\/\">Zur D\u00e4hlh\u00f6lzli-Geschichte\u00a0<i class=\"fa fa-long-arrow-right\"><\/i><\/a><\/span><\/div>\n<\/div>\n<\/div>\n<\/div>\n<p>[\/vc_column_text][\/vc_column][\/vc_row]<\/p>\n<\/div>","protected":false},"excerpt":{"rendered":"<p>With several million visitors a year, D\u00e4hlh\u00f6lzli and BearPark are among the most important attractions in the city of Bern!<\/p>\n","protected":false},"author":1,"featured_media":25219,"parent":51786,"menu_order":0,"comment_status":"closed","ping_status":"closed","template":"","meta":{"_acf_changed":false,"footnotes":""},"class_list":["post-51883","page","type-page","status-publish","has-post-thumbnail","hentry"],"acf":[],"yoast_head":"<title>History | Tierpark Bern<\/title>\n<meta name=\"description\" content=\"With several million visitors a year, D\u00e4hlh\u00f6lzli and BearPark are among the most important attractions in the city of Bern!\" \/>\n<meta name=\"robots\" content=\"index, follow, max-snippet:-1, max-image-preview:large, max-video-preview:-1\" \/>\n<link rel=\"canonical\" href=\"https:\/\/tierpark-bern.ch\/en\/about-us\/history\/\" \/>\n<meta property=\"og:locale\" content=\"en_US\" \/>\n<meta property=\"og:type\" content=\"article\" \/>\n<meta property=\"og:title\" content=\"History | Tierpark Bern\" \/>\n<meta property=\"og:description\" content=\"With several million visitors a year, D\u00e4hlh\u00f6lzli and BearPark are among the most important attractions in the city of Bern!\" \/>\n<meta property=\"og:url\" content=\"https:\/\/tierpark-bern.ch\/en\/about-us\/history\/\" \/>\n<meta property=\"og:site_name\" content=\"Tierpark Bern\" \/>\n<meta property=\"article:publisher\" content=\"https:\/\/www.facebook.com\/tierparkbern\/\" \/>\n<meta property=\"article:modified_time\" content=\"2024-04-12T12:32:32+00:00\" \/>\n<meta property=\"og:image\" content=\"https:\/\/tierpark-bern.ch\/web\/app\/uploads\/2020\/07\/historische-bilder-tierpark-bern-waschbaer.jpg\" \/>\n\t<meta property=\"og:image:width\" content=\"1500\" \/>\n\t<meta property=\"og:image:height\" content=\"998\" \/>\n\t<meta property=\"og:image:type\" content=\"image\/jpeg\" \/>\n<script type=\"application\/ld+json\" class=\"yoast-schema-graph\">{\"@context\":\"https:\/\/schema.org\",\"@graph\":[{\"@type\":\"WebPage\",\"@id\":\"https:\/\/tierpark-bern.ch\/en\/about-us\/history\/\",\"url\":\"https:\/\/tierpark-bern.ch\/en\/about-us\/history\/\",\"name\":\"History | Tierpark Bern\",\"isPartOf\":{\"@id\":\"https:\/\/tierpark-bern.ch\/en\/#website\"},\"primaryImageOfPage\":{\"@id\":\"https:\/\/tierpark-bern.ch\/en\/about-us\/history\/#primaryimage\"},\"image\":{\"@id\":\"https:\/\/tierpark-bern.ch\/en\/about-us\/history\/#primaryimage\"},\"thumbnailUrl\":\"https:\/\/tierpark-bern.ch\/web\/app\/uploads\/2020\/07\/historische-bilder-tierpark-bern-waschbaer.jpg\",\"datePublished\":\"2020-08-19T06:24:05+00:00\",\"dateModified\":\"2024-04-12T12:32:32+00:00\",\"description\":\"With several million visitors a year, D\u00e4hlh\u00f6lzli and BearPark are among the most important attractions in the city of Bern!\",\"breadcrumb\":{\"@id\":\"https:\/\/tierpark-bern.ch\/en\/about-us\/history\/#breadcrumb\"},\"inLanguage\":\"en-US\",\"potentialAction\":[{\"@type\":\"ReadAction\",\"target\":[\"https:\/\/tierpark-bern.ch\/en\/about-us\/history\/\"]}]},{\"@type\":\"ImageObject\",\"inLanguage\":\"en-US\",\"@id\":\"https:\/\/tierpark-bern.ch\/en\/about-us\/history\/#primaryimage\",\"url\":\"https:\/\/tierpark-bern.ch\/web\/app\/uploads\/2020\/07\/historische-bilder-tierpark-bern-waschbaer.jpg\",\"contentUrl\":\"https:\/\/tierpark-bern.ch\/web\/app\/uploads\/2020\/07\/historische-bilder-tierpark-bern-waschbaer.jpg\",\"width\":1500,\"height\":998},{\"@type\":\"BreadcrumbList\",\"@id\":\"https:\/\/tierpark-bern.ch\/en\/about-us\/history\/#breadcrumb\",\"itemListElement\":[{\"@type\":\"ListItem\",\"position\":1,\"name\":\"Home\",\"item\":\"https:\/\/tierpark-bern.ch\/en\/\"},{\"@type\":\"ListItem\",\"position\":2,\"name\":\"About us\",\"item\":\"https:\/\/tierpark-bern.ch\/en\/about-us\/\"},{\"@type\":\"ListItem\",\"position\":3,\"name\":\"History\"}]},{\"@type\":\"WebSite\",\"@id\":\"https:\/\/tierpark-bern.ch\/en\/#website\",\"url\":\"https:\/\/tierpark-bern.ch\/en\/\",\"name\":\"Tierpark Bern\",\"description\":\"\",\"publisher\":{\"@id\":\"https:\/\/tierpark-bern.ch\/en\/#organization\"},\"potentialAction\":[{\"@type\":\"SearchAction\",\"target\":{\"@type\":\"EntryPoint\",\"urlTemplate\":\"https:\/\/tierpark-bern.ch\/en\/?s={search_term_string}\"},\"query-input\":{\"@type\":\"PropertyValueSpecification\",\"valueRequired\":true,\"valueName\":\"search_term_string\"}}],\"inLanguage\":\"en-US\"},{\"@type\":\"Organization\",\"@id\":\"https:\/\/tierpark-bern.ch\/en\/#organization\",\"name\":\"Tierpark Bern | D\u00e4hlh\u00f6lzli + B\u00e4renPark\",\"alternateName\":\"Tierpark Bern\",\"url\":\"https:\/\/tierpark-bern.ch\/en\/\",\"logo\":{\"@type\":\"ImageObject\",\"inLanguage\":\"en-US\",\"@id\":\"https:\/\/tierpark-bern.ch\/en\/#\/schema\/logo\/image\/\",\"url\":\"https:\/\/tierpark-bern.ch\/web\/app\/uploads\/2024\/04\/tierpark-bern-696x696-1.jpg\",\"contentUrl\":\"https:\/\/tierpark-bern.ch\/web\/app\/uploads\/2024\/04\/tierpark-bern-696x696-1.jpg\",\"width\":696,\"height\":696,\"caption\":\"Tierpark Bern | D\u00e4hlh\u00f6lzli + B\u00e4renPark\"},\"image\":{\"@id\":\"https:\/\/tierpark-bern.ch\/en\/#\/schema\/logo\/image\/\"},\"sameAs\":[\"https:\/\/www.facebook.com\/tierparkbern\/\",\"https:\/\/x.com\/tierparkbern\",\"https:\/\/www.instagram.com\/tierparkbern\/\"]}]}<\/script>","yoast_head_json":{"title":"History | Tierpark Bern","description":"With several million visitors a year, D\u00e4hlh\u00f6lzli and BearPark are among the most important attractions in the city of Bern!","robots":{"index":"index","follow":"follow","max-snippet":"max-snippet:-1","max-image-preview":"max-image-preview:large","max-video-preview":"max-video-preview:-1"},"canonical":"https:\/\/tierpark-bern.ch\/en\/about-us\/history\/","og_locale":"en_US","og_type":"article","og_title":"History | Tierpark Bern","og_description":"With several million visitors a year, D\u00e4hlh\u00f6lzli and BearPark are among the most important attractions in the city of Bern!","og_url":"https:\/\/tierpark-bern.ch\/en\/about-us\/history\/","og_site_name":"Tierpark Bern","article_publisher":"https:\/\/www.facebook.com\/tierparkbern\/","article_modified_time":"2024-04-12T12:32:32+00:00","og_image":[{"width":1500,"height":998,"url":"https:\/\/tierpark-bern.ch\/web\/app\/uploads\/2020\/07\/historische-bilder-tierpark-bern-waschbaer.jpg","type":"image\/jpeg"}],"schema":{"@context":"https:\/\/schema.org","@graph":[{"@type":"WebPage","@id":"https:\/\/tierpark-bern.ch\/en\/about-us\/history\/","url":"https:\/\/tierpark-bern.ch\/en\/about-us\/history\/","name":"History | Tierpark Bern","isPartOf":{"@id":"https:\/\/tierpark-bern.ch\/en\/#website"},"primaryImageOfPage":{"@id":"https:\/\/tierpark-bern.ch\/en\/about-us\/history\/#primaryimage"},"image":{"@id":"https:\/\/tierpark-bern.ch\/en\/about-us\/history\/#primaryimage"},"thumbnailUrl":"https:\/\/tierpark-bern.ch\/web\/app\/uploads\/2020\/07\/historische-bilder-tierpark-bern-waschbaer.jpg","datePublished":"2020-08-19T06:24:05+00:00","dateModified":"2024-04-12T12:32:32+00:00","description":"With several million visitors a year, D\u00e4hlh\u00f6lzli and BearPark are among the most important attractions in the city of Bern!","breadcrumb":{"@id":"https:\/\/tierpark-bern.ch\/en\/about-us\/history\/#breadcrumb"},"inLanguage":"en-US","potentialAction":[{"@type":"ReadAction","target":["https:\/\/tierpark-bern.ch\/en\/about-us\/history\/"]}]},{"@type":"ImageObject","inLanguage":"en-US","@id":"https:\/\/tierpark-bern.ch\/en\/about-us\/history\/#primaryimage","url":"https:\/\/tierpark-bern.ch\/web\/app\/uploads\/2020\/07\/historische-bilder-tierpark-bern-waschbaer.jpg","contentUrl":"https:\/\/tierpark-bern.ch\/web\/app\/uploads\/2020\/07\/historische-bilder-tierpark-bern-waschbaer.jpg","width":1500,"height":998},{"@type":"BreadcrumbList","@id":"https:\/\/tierpark-bern.ch\/en\/about-us\/history\/#breadcrumb","itemListElement":[{"@type":"ListItem","position":1,"name":"Home","item":"https:\/\/tierpark-bern.ch\/en\/"},{"@type":"ListItem","position":2,"name":"About us","item":"https:\/\/tierpark-bern.ch\/en\/about-us\/"},{"@type":"ListItem","position":3,"name":"History"}]},{"@type":"WebSite","@id":"https:\/\/tierpark-bern.ch\/en\/#website","url":"https:\/\/tierpark-bern.ch\/en\/","name":"Tierpark Bern","description":"","publisher":{"@id":"https:\/\/tierpark-bern.ch\/en\/#organization"},"potentialAction":[{"@type":"SearchAction","target":{"@type":"EntryPoint","urlTemplate":"https:\/\/tierpark-bern.ch\/en\/?s={search_term_string}"},"query-input":{"@type":"PropertyValueSpecification","valueRequired":true,"valueName":"search_term_string"}}],"inLanguage":"en-US"},{"@type":"Organization","@id":"https:\/\/tierpark-bern.ch\/en\/#organization","name":"Tierpark Bern | D\u00e4hlh\u00f6lzli + B\u00e4renPark","alternateName":"Tierpark Bern","url":"https:\/\/tierpark-bern.ch\/en\/","logo":{"@type":"ImageObject","inLanguage":"en-US","@id":"https:\/\/tierpark-bern.ch\/en\/#\/schema\/logo\/image\/","url":"https:\/\/tierpark-bern.ch\/web\/app\/uploads\/2024\/04\/tierpark-bern-696x696-1.jpg","contentUrl":"https:\/\/tierpark-bern.ch\/web\/app\/uploads\/2024\/04\/tierpark-bern-696x696-1.jpg","width":696,"height":696,"caption":"Tierpark Bern | D\u00e4hlh\u00f6lzli + B\u00e4renPark"},"image":{"@id":"https:\/\/tierpark-bern.ch\/en\/#\/schema\/logo\/image\/"},"sameAs":["https:\/\/www.facebook.com\/tierparkbern\/","https:\/\/x.com\/tierparkbern","https:\/\/www.instagram.com\/tierparkbern\/"]}]}},"_links":{"self":[{"href":"https:\/\/tierpark-bern.ch\/en\/wp-json\/wp\/v2\/pages\/51883","targetHints":{"allow":["GET"]}}],"collection":[{"href":"https:\/\/tierpark-bern.ch\/en\/wp-json\/wp\/v2\/pages"}],"about":[{"href":"https:\/\/tierpark-bern.ch\/en\/wp-json\/wp\/v2\/types\/page"}],"author":[{"embeddable":true,"href":"https:\/\/tierpark-bern.ch\/en\/wp-json\/wp\/v2\/users\/1"}],"replies":[{"embeddable":true,"href":"https:\/\/tierpark-bern.ch\/en\/wp-json\/wp\/v2\/comments?post=51883"}],"version-history":[{"count":0,"href":"https:\/\/tierpark-bern.ch\/en\/wp-json\/wp\/v2\/pages\/51883\/revisions"}],"up":[{"embeddable":true,"href":"https:\/\/tierpark-bern.ch\/en\/wp-json\/wp\/v2\/pages\/51786"}],"wp:featuredmedia":[{"embeddable":true,"href":"https:\/\/tierpark-bern.ch\/en\/wp-json\/wp\/v2\/media\/25219"}],"wp:attachment":[{"href":"https:\/\/tierpark-bern.ch\/en\/wp-json\/wp\/v2\/media?parent=51883"}],"curies":[{"name":"wp","href":"https:\/\/api.w.org\/{rel}","templated":true}]}}