
{"id":52006,"date":"2021-03-01T13:52:36","date_gmt":"2021-03-01T12:52:36","guid":{"rendered":"https:\/\/tierpark-bern.ch\/claude-kuhn\/"},"modified":"2023-12-31T14:09:06","modified_gmt":"2023-12-31T13:09:06","slug":"claude-kuhn","status":"publish","type":"page","link":"https:\/\/tierpark-bern.ch\/en\/online-shop\/claude-kuhn\/","title":{"rendered":"Claude Kuhn"},"content":{"rendered":"<div class=\"wpb-content-wrapper\"><p>[vc_row][vc_column][vc_column_text]<\/p>\n<h1>Zoo Posters by Claude Kuhn<\/h1>\n<p>Claude Kuhn has designed numerous posters for the zoo. The Bernese graphic artist has even won international prizes for some of them. Would you like to buy one or even several for your home?<\/p>\n<h2>Size of the posters<\/h2>\n<p>90.5 * 128 cm<\/p>\n<h2>Peice Per Poster<\/h2>\n<p>The posters cost CHF 40 each, irrespective of the subject.(Depending on the type of delivery, additional costs will be charged.) Dispatch is on account.<\/p>\n<h2>Shipping<\/h2>\n<p>Shipment by post within Switzerland (surcharge for packaging Fr. 15.50 and postage Fr. 8.50). No self-collection possible.<\/p>\n<h2>Order your desired poster(s) here:<\/h2>\n<p>[\/vc_column_text][\/vc_column][\/vc_row][vc_row][vc_column][vc_column_text]\n<div class=\"wpcf7 no-js\" id=\"wpcf7-f52611-o1\" lang=\"en-US\" dir=\"ltr\" data-wpcf7-id=\"52611\">\n<div class=\"screen-reader-response\"><p role=\"status\" aria-live=\"polite\" aria-atomic=\"true\"><\/p> <ul><\/ul><\/div>\n<form action=\"\/en\/wp-json\/wp\/v2\/pages\/52006#wpcf7-f52611-o1\" method=\"post\" class=\"wpcf7-form init\" aria-label=\"Contact form\" novalidate=\"novalidate\" data-status=\"init\">\n<fieldset class=\"hidden-fields-container\"><input type=\"hidden\" name=\"_wpcf7\" value=\"52611\" \/><input type=\"hidden\" name=\"_wpcf7_version\" value=\"6.1.5\" \/><input type=\"hidden\" name=\"_wpcf7_locale\" value=\"en_US\" \/><input type=\"hidden\" name=\"_wpcf7_unit_tag\" value=\"wpcf7-f52611-o1\" \/><input type=\"hidden\" name=\"_wpcf7_container_post\" value=\"0\" \/><input type=\"hidden\" name=\"_wpcf7_posted_data_hash\" value=\"\" \/><input type=\"hidden\" name=\"_wpcf7cf_hidden_group_fields\" value=\"[]\" \/><input type=\"hidden\" name=\"_wpcf7cf_hidden_groups\" value=\"[]\" \/><input type=\"hidden\" name=\"_wpcf7cf_visible_groups\" value=\"[]\" \/><input type=\"hidden\" name=\"_wpcf7cf_repeaters\" value=\"[]\" \/><input type=\"hidden\" name=\"_wpcf7cf_steps\" value=\"{}\" \/><input type=\"hidden\" name=\"_wpcf7cf_options\" value=\"{&quot;form_id&quot;:52611,&quot;conditions&quot;:[],&quot;settings&quot;:{&quot;animation&quot;:&quot;yes&quot;,&quot;animation_intime&quot;:200,&quot;animation_outtime&quot;:200,&quot;conditions_ui&quot;:&quot;normal&quot;,&quot;notice_dismissed&quot;:false,&quot;notice_dismissed_update-cf7-6.0.4&quot;:true}}\" \/>\n<\/fieldset>\n<div class=\"wpcf7-turnstile cf-turnstile\" data-sitekey=\"0x4AAAAAAALIW4ni69mt6aLp\" data-response-field-name=\"_wpcf7_turnstile_response\"><\/div>\n\n<div class=\"claude-kuhn-container\">\n\t<div class=\"claude-kuhn-poster-container\">\n\t\t<div class=\"row\">\n\t\t\t<div class=\"col-lg-3 col-md-6 col-sm-6\">\n                        <div class=\"claude-container-img\">\n                        <img decoding=\"async\" class=\"thumbnail\" src=\"https:\/\/tierpark-bern.ch\/web\/app\/uploads\/2020\/08\/plakate-1.jpg\" alt=\"Plakat von Claude Kuhn\">\n                        <\/div>\n                        <div class=\"claude-container-txt\">\n                           <p><span class=\"item-desc\">Brombeeren-Brummb\u00e4r in rot_2012<\/span><\/p><label for=\"poster-no-1\">Number:<span class=\"wpcf7-form-control-wrap Brombeeren-brummbaer-in-rot\">\n                                    <input type=\"number\" name=\"Brombeeren-brummbaer-in-rot\" value=\"\" class=\"wpcf7-form-control wpcf7-number wpcf7-validates-as-number poster-input\" min=\"1\" max=\"100\" aria-invalid=\"false\" id=\"poster-no1\">\n                                    <\/span><\/label><\/div>\n                      <\/div><div class=\"col-lg-3 col-md-6 col-sm-6\">\n                        <div class=\"claude-container-img\">\n                        <img decoding=\"async\" class=\"thumbnail\" src=\"https:\/\/tierpark-bern.ch\/web\/app\/uploads\/2021\/03\/Brombeeren-Brummbaeren-Tierpark-Bern-Plakat-Claude-Kuhn.jpg\" alt=\"Gr\u00fcnes Plakat mit B\u00e4ren Silhouette\">\n                        <\/div>\n                        <div class=\"claude-container-txt\">\n                           <p><span class=\"item-desc\">Brombeeren Brummb\u00e4r in gr\u00fcn_2009<\/span><\/p><label for=\"poster-no-2\">Number:<span class=\"wpcf7-form-control-wrap Brombeeren-Brummbaer-in-gruen\">\n                                    <input type=\"number\" name=\"Brombeeren-Brummbaer-in-gruen\" value=\"\" class=\"wpcf7-form-control wpcf7-number wpcf7-validates-as-number poster-input\" min=\"1\" max=\"100\" aria-invalid=\"false\" id=\"poster-no2\">\n                                    <\/span><\/label><\/div>\n                      <\/div><div class=\"col-lg-3 col-md-6 col-sm-6\">\n                        <div class=\"claude-container-img\">\n                        <img decoding=\"async\" class=\"thumbnail\" src=\"https:\/\/tierpark-bern.ch\/web\/app\/uploads\/2020\/08\/plakate-2.jpg\" alt=\"Plakat von Claude Kuhn\">\n                        <\/div>\n                        <div class=\"claude-container-txt\">\n                           <p><span class=\"item-desc\">10 Jahre B\u00e4renPark Bern_2019<\/span><\/p><label for=\"poster-no-3\">Number:<span class=\"wpcf7-form-control-wrap Jahre-BaerenPark-Bern\">\n                                    <input type=\"number\" name=\"Jahre-BaerenPark-Bern\" value=\"\" class=\"wpcf7-form-control wpcf7-number wpcf7-validates-as-number poster-input\" min=\"1\" max=\"100\" aria-invalid=\"false\" id=\"poster-no3\">\n                                    <\/span><\/label><\/div>\n                      <\/div><div class=\"col-lg-3 col-md-6 col-sm-6\">\n                        <div class=\"claude-container-img\">\n                        <img decoding=\"async\" class=\"thumbnail\" src=\"https:\/\/tierpark-bern.ch\/web\/app\/uploads\/2020\/08\/plakate-3.jpg\" alt=\"Plakat von Claude Kuhn\">\n                        <\/div>\n                        <div class=\"claude-container-txt\">\n                           <p><span class=\"item-desc\">Waldrapp_2018<\/span><\/p><label for=\"poster-no-4\">Number:<span class=\"wpcf7-form-control-wrap Waldrapp\">\n                                    <input type=\"number\" name=\"Waldrapp\" value=\"\" class=\"wpcf7-form-control wpcf7-number wpcf7-validates-as-number poster-input\" min=\"1\" max=\"100\" aria-invalid=\"false\" id=\"poster-no4\">\n                                    <\/span><\/label><\/div>\n                      <\/div><div class=\"col-lg-3 col-md-6 col-sm-6\">\n                        <div class=\"claude-container-img\">\n                        <img decoding=\"async\" class=\"thumbnail\" src=\"https:\/\/tierpark-bern.ch\/web\/app\/uploads\/2020\/08\/plakate-7.jpg\" alt=\"Plakat von Claude Kuhn\">\n                        <\/div>\n                        <div class=\"claude-container-txt\">\n                           <p><span class=\"item-desc\">60 Jahre TPD Calla_1997<\/span><\/p><label for=\"poster-no-5\">Number:<span class=\"wpcf7-form-control-wrap Jahre-TPD-Calla\">\n                                    <input type=\"number\" name=\"Jahre-TPD-Calla\" value=\"\" class=\"wpcf7-form-control wpcf7-number wpcf7-validates-as-number poster-input\" min=\"1\" max=\"100\" aria-invalid=\"false\" id=\"poster-no5\">\n                                    <\/span><\/label><\/div>\n                      <\/div><div class=\"col-lg-3 col-md-6 col-sm-6\">\n                        <div class=\"claude-container-img\">\n                        <img decoding=\"async\" class=\"thumbnail\" src=\"https:\/\/tierpark-bern.ch\/web\/app\/uploads\/2020\/08\/plakate-8.jpg\" alt=\"Plakat von Claude Kuhn\">\n                        <\/div>\n                        <div class=\"claude-container-txt\">\n                           <p><span class=\"item-desc\">Seehund_2003<\/span><\/p><label for=\"poster-no-6\">Number:<span class=\"wpcf7-form-control-wrap Seehundeanlage\">\n                                    <input type=\"number\" name=\"Seehundeanlage\" value=\"\" class=\"wpcf7-form-control wpcf7-number wpcf7-validates-as-number poster-input\" min=\"1\" max=\"100\" aria-invalid=\"false\" id=\"poster-no6\">\n                                    <\/span><\/label><\/div>\n                      <\/div><div class=\"col-lg-3 col-md-6 col-sm-6\">\n                        <div class=\"claude-container-img\">\n                        <img decoding=\"async\" class=\"thumbnail\" src=\"https:\/\/tierpark-bern.ch\/web\/app\/uploads\/2020\/08\/plakate-13.jpg\" alt=\"Plakat von Claude Kuhn\">\n                        <\/div>\n                        <div class=\"claude-container-txt\">\n                           <p><span class=\"item-desc\">B\u00e4renwald_2012<\/span><\/p><label for=\"poster-no-7\">Number:<span class=\"wpcf7-form-control-wrap Baerenwald\">\n                                    <input type=\"number\" name=\"Baerenwald\" value=\"\" class=\"wpcf7-form-control wpcf7-number wpcf7-validates-as-number poster-input\" min=\"1\" max=\"100\" aria-invalid=\"false\" id=\"poster-no7\">\n                                    <\/span><\/label><\/div>\n                      <\/div><div class=\"col-lg-3 col-md-6 col-sm-6\">\n                        <div class=\"claude-container-img\">\n                        <img decoding=\"async\" class=\"thumbnail\" src=\"https:\/\/tierpark-bern.ch\/web\/app\/uploads\/2020\/08\/plakate-18.jpg\" alt=\"Plakat von Claude Kuhn\">\n                        <\/div>\n                        <div class=\"claude-container-txt\">\n                           <p><span class=\"item-desc\">Flamingo_1999<\/span><\/p><label for=\"poster-no-8\">Number:<span class=\"wpcf7-form-control-wrap Flamingoanlage\">\n                                    <input type=\"number\" name=\"Flamingoanlage\" value=\"\" class=\"wpcf7-form-control wpcf7-number wpcf7-validates-as-number poster-input\" min=\"1\" max=\"100\" aria-invalid=\"false\" id=\"poster-no8\">\n                                    <\/span><\/label><\/div>\n                      <\/div><div class=\"col-lg-3 col-md-6 col-sm-6\">\n                        <div class=\"claude-container-img\">\n                        <img decoding=\"async\" class=\"thumbnail\" src=\"https:\/\/tierpark-bern.ch\/web\/app\/uploads\/2020\/08\/plakate-19.jpg\" alt=\"Plakat von Claude Kuhn\">\n                        <\/div>\n                        <div class=\"claude-container-txt\">\n                           <p><span class=\"item-desc\">75 Jahre TPD_2012<\/span><\/p><label for=\"poster-no-9\">Number:<span class=\"wpcf7-form-control-wrap Jahre-TPD\">\n                                    <input type=\"number\" name=\"Jahre-TPD\" value=\"\" class=\"wpcf7-form-control wpcf7-number wpcf7-validates-as-number poster-input\" min=\"1\" max=\"100\" aria-invalid=\"false\" id=\"poster-no9\">\n                                    <\/span><\/label><\/div>\n                      <\/div>\n\t\t<\/div>\n\t<\/div>\n\t<div class=\"claude-kuhn-form-container top-30\">\n\t\t<p class=\"heading__sub-title-1 title15\"><strong>Your details<\/strong>\n\t\t<\/p>\n\t\t<p>To order posters, please complete this form in full.\n\t\t<\/p>\n\t\t<p>Please fill in all fields marked with an asterisk * as mandatory fields.\n\t\t<\/p>\n\t\t<div class=\"formblock\">\n\t\t\t<div class=\"row\">\n\t\t\t\t<div class=\"col-sm-12 col-md-6\">\n\t\t\t\t\t<p><label for=\"nachname\">Last name<span class=\"required\">*<\/span><\/label><br \/>\n<span class=\"wpcf7-form-control-wrap\" data-name=\"nachname\"><input size=\"40\" maxlength=\"400\" class=\"wpcf7-form-control wpcf7-text wpcf7-validates-as-required\" id=\"nachname\" aria-required=\"true\" aria-invalid=\"false\" value=\"\" type=\"text\" name=\"nachname\" \/><\/span>\n\t\t\t\t\t<\/p>\n\t\t\t\t<\/div>\n\t\t\t\t<div class=\"col-sm-12 col-md-6\">\n\t\t\t\t\t<p><label for=\"vorname\">First name<span class=\"required\">*<\/span><\/label><br \/>\n<span class=\"wpcf7-form-control-wrap\" data-name=\"vorname\"><input size=\"40\" maxlength=\"400\" class=\"wpcf7-form-control wpcf7-text wpcf7-validates-as-required\" id=\"vorname\" aria-required=\"true\" aria-invalid=\"false\" value=\"\" type=\"text\" name=\"vorname\" \/><\/span>\n\t\t\t\t\t<\/p>\n\t\t\t\t<\/div>\n\t\t\t\t<div class=\"col-sm-12 col-md-6\">\n\t\t\t\t\t<p><label for=\"adresse\">Address<span class=\"required\">*<\/span><\/label><br \/>\n<span class=\"wpcf7-form-control-wrap\" data-name=\"adresse\"><input size=\"40\" maxlength=\"400\" class=\"wpcf7-form-control wpcf7-text wpcf7-validates-as-required\" id=\"adresse\" aria-required=\"true\" aria-invalid=\"false\" value=\"\" type=\"text\" name=\"adresse\" \/><\/span>\n\t\t\t\t\t<\/p>\n\t\t\t\t<\/div>\n\t\t\t\t<div class=\"col-sm-12 col-md-6\">\n\t\t\t\t\t<p><label for=\"ort\">Postcode\/City<span class=\"required\">*<\/span><\/label><br \/>\n<span class=\"wpcf7-form-control-wrap\" data-name=\"ort\"><input size=\"40\" maxlength=\"400\" class=\"wpcf7-form-control wpcf7-text wpcf7-validates-as-required\" id=\"ort\" aria-required=\"true\" aria-invalid=\"false\" value=\"\" type=\"text\" name=\"ort\" \/><\/span>\n\t\t\t\t\t<\/p>\n\t\t\t\t<\/div>\n\t\t\t\t<div class=\"col-sm-12 col-md-6\">\n\t\t\t\t\t<p><label for=\"email\">E-Mail<span class=\"required\">*<\/span><\/label><br \/>\n<span class=\"wpcf7-form-control-wrap\" data-name=\"email\"><input size=\"40\" maxlength=\"400\" class=\"wpcf7-form-control wpcf7-email wpcf7-validates-as-required wpcf7-text wpcf7-validates-as-email\" id=\"email\" aria-required=\"true\" aria-invalid=\"false\" value=\"\" type=\"email\" name=\"email\" \/><\/span>\n\t\t\t\t\t<\/p>\n\t\t\t\t<\/div>\n\t\t\t<\/div>\n\t\t<\/div>\n\t\t<div class=\"formblock\">\n\t\t\t<fieldset>\n\t\t\t\t<legend><strong>Newsletter<\/strong>\n\t\t\t\t<\/legend>\n\t\t\t\t<p>I would like to be regularly informed about the latest news at Tierpark Bern. I hereby consent to the collection and processing of my e-mail address for the purpose of sending the newsletter. I can cancel my subscription at any time.\n\t\t\t\t<\/p>\n\t\t\t\t<p><label for=\"newsletter\">Subscribe to our newsletter?<span class=\"required\">*<\/span><\/label><br \/>\n<span class=\"wpcf7-form-control-wrap\" data-name=\"newsletter\"><span class=\"wpcf7-form-control wpcf7-radio newsletter\" id=\"newsletter\"><span class=\"wpcf7-list-item first\"><label><input type=\"radio\" name=\"newsletter\" value=\"Yes\" \/><span class=\"wpcf7-list-item-label\">Yes<\/span><\/label><\/span><span class=\"wpcf7-list-item\"><label><input type=\"radio\" name=\"newsletter\" value=\"I already have\" \/><span class=\"wpcf7-list-item-label\">I already have<\/span><\/label><\/span><span class=\"wpcf7-list-item last\"><label><input type=\"radio\" name=\"newsletter\" value=\"No\" checked=\"checked\" \/><span class=\"wpcf7-list-item-label\">No<\/span><\/label><\/span><\/span><\/span>\n\t\t\t\t<\/p>\n\t\t\t<\/fieldset>\n\t\t<\/div>\n\t<\/div>\n<\/div>\n<p><input class=\"wpcf7-form-control wpcf7-submit has-spinner button\" id=\"claude-kuhn-btn\" type=\"submit\" value=\"Submit\" \/>\n<\/p><div class=\"wpcf7-response-output\" aria-hidden=\"true\"><\/div>\n<\/form>\n<\/div>\n[\/vc_column_text][\/vc_column][\/vc_row]<\/p>\n<\/div>","protected":false},"excerpt":{"rendered":"<p>Claude Kuhn has designed numerous posters for the zoo. The Bernese graphic designer has even won international prizes for some of them. <\/p>\n","protected":false},"author":1,"featured_media":25231,"parent":52309,"menu_order":0,"comment_status":"closed","ping_status":"closed","template":"","meta":{"_acf_changed":false,"footnotes":""},"class_list":["post-52006","page","type-page","status-publish","has-post-thumbnail","hentry"],"acf":[],"yoast_head":"<title>Claude Kuhn | Tierpark Bern<\/title>\n<meta name=\"description\" content=\"Claude Kuhn hat f\u00fcr den Tierpark zahlreiche Plakate gestaltet. F\u00fcr einige davon hat der Berner Grafiker sogar internationale Preise gewonnen.\" \/>\n<meta name=\"robots\" content=\"index, follow, max-snippet:-1, max-image-preview:large, max-video-preview:-1\" \/>\n<link rel=\"canonical\" href=\"https:\/\/tierpark-bern.ch\/en\/online-shop\/claude-kuhn\/\" \/>\n<meta property=\"og:locale\" content=\"en_US\" \/>\n<meta property=\"og:type\" content=\"article\" \/>\n<meta property=\"og:title\" content=\"Claude Kuhn | Tierpark Bern\" \/>\n<meta property=\"og:description\" content=\"Claude Kuhn hat f\u00fcr den Tierpark zahlreiche Plakate gestaltet. F\u00fcr einige davon hat der Berner Grafiker sogar internationale Preise gewonnen.\" \/>\n<meta property=\"og:url\" content=\"https:\/\/tierpark-bern.ch\/en\/online-shop\/claude-kuhn\/\" \/>\n<meta property=\"og:site_name\" content=\"Tierpark Bern\" \/>\n<meta property=\"article:publisher\" content=\"https:\/\/www.facebook.com\/tierparkbern\/\" \/>\n<meta property=\"article:modified_time\" content=\"2023-12-31T13:09:06+00:00\" \/>\n<meta property=\"og:image\" content=\"https:\/\/tierpark-bern.ch\/web\/app\/uploads\/2022\/03\/Claude-Kuhn-2.jpg\" \/>\n\t<meta property=\"og:image:width\" content=\"1500\" \/>\n\t<meta property=\"og:image:height\" content=\"998\" \/>\n\t<meta property=\"og:image:type\" content=\"image\/jpeg\" \/>\n<script type=\"application\/ld+json\" class=\"yoast-schema-graph\">{\"@context\":\"https:\/\/schema.org\",\"@graph\":[{\"@type\":\"WebPage\",\"@id\":\"https:\/\/tierpark-bern.ch\/en\/online-shop\/claude-kuhn\/\",\"url\":\"https:\/\/tierpark-bern.ch\/en\/online-shop\/claude-kuhn\/\",\"name\":\"Claude Kuhn | Tierpark Bern\",\"isPartOf\":{\"@id\":\"https:\/\/tierpark-bern.ch\/en\/#website\"},\"primaryImageOfPage\":{\"@id\":\"https:\/\/tierpark-bern.ch\/en\/online-shop\/claude-kuhn\/#primaryimage\"},\"image\":{\"@id\":\"https:\/\/tierpark-bern.ch\/en\/online-shop\/claude-kuhn\/#primaryimage\"},\"thumbnailUrl\":\"https:\/\/tierpark-bern.ch\/web\/app\/uploads\/2022\/03\/Claude-Kuhn-2.jpg\",\"datePublished\":\"2021-03-01T12:52:36+00:00\",\"dateModified\":\"2023-12-31T13:09:06+00:00\",\"description\":\"Claude Kuhn hat f\u00fcr den Tierpark zahlreiche Plakate gestaltet. F\u00fcr einige davon hat der Berner Grafiker sogar internationale Preise gewonnen.\",\"breadcrumb\":{\"@id\":\"https:\/\/tierpark-bern.ch\/en\/online-shop\/claude-kuhn\/#breadcrumb\"},\"inLanguage\":\"en-US\",\"potentialAction\":[{\"@type\":\"ReadAction\",\"target\":[\"https:\/\/tierpark-bern.ch\/en\/online-shop\/claude-kuhn\/\"]}]},{\"@type\":\"ImageObject\",\"inLanguage\":\"en-US\",\"@id\":\"https:\/\/tierpark-bern.ch\/en\/online-shop\/claude-kuhn\/#primaryimage\",\"url\":\"https:\/\/tierpark-bern.ch\/web\/app\/uploads\/2022\/03\/Claude-Kuhn-2.jpg\",\"contentUrl\":\"https:\/\/tierpark-bern.ch\/web\/app\/uploads\/2022\/03\/Claude-Kuhn-2.jpg\",\"width\":1500,\"height\":998},{\"@type\":\"BreadcrumbList\",\"@id\":\"https:\/\/tierpark-bern.ch\/en\/online-shop\/claude-kuhn\/#breadcrumb\",\"itemListElement\":[{\"@type\":\"ListItem\",\"position\":1,\"name\":\"Home\",\"item\":\"https:\/\/tierpark-bern.ch\/en\/\"},{\"@type\":\"ListItem\",\"position\":2,\"name\":\"Onlineshop\",\"item\":\"https:\/\/tierpark-bern.ch\/en\/online-shop\/\"},{\"@type\":\"ListItem\",\"position\":3,\"name\":\"Claude Kuhn\"}]},{\"@type\":\"WebSite\",\"@id\":\"https:\/\/tierpark-bern.ch\/en\/#website\",\"url\":\"https:\/\/tierpark-bern.ch\/en\/\",\"name\":\"Tierpark Bern\",\"description\":\"\",\"publisher\":{\"@id\":\"https:\/\/tierpark-bern.ch\/en\/#organization\"},\"potentialAction\":[{\"@type\":\"SearchAction\",\"target\":{\"@type\":\"EntryPoint\",\"urlTemplate\":\"https:\/\/tierpark-bern.ch\/en\/?s={search_term_string}\"},\"query-input\":{\"@type\":\"PropertyValueSpecification\",\"valueRequired\":true,\"valueName\":\"search_term_string\"}}],\"inLanguage\":\"en-US\"},{\"@type\":\"Organization\",\"@id\":\"https:\/\/tierpark-bern.ch\/en\/#organization\",\"name\":\"Tierpark Bern | D\u00e4hlh\u00f6lzli + B\u00e4renPark\",\"alternateName\":\"Tierpark Bern\",\"url\":\"https:\/\/tierpark-bern.ch\/en\/\",\"logo\":{\"@type\":\"ImageObject\",\"inLanguage\":\"en-US\",\"@id\":\"https:\/\/tierpark-bern.ch\/en\/#\/schema\/logo\/image\/\",\"url\":\"https:\/\/tierpark-bern.ch\/web\/app\/uploads\/2024\/04\/tierpark-bern-696x696-1.jpg\",\"contentUrl\":\"https:\/\/tierpark-bern.ch\/web\/app\/uploads\/2024\/04\/tierpark-bern-696x696-1.jpg\",\"width\":696,\"height\":696,\"caption\":\"Tierpark Bern | D\u00e4hlh\u00f6lzli + B\u00e4renPark\"},\"image\":{\"@id\":\"https:\/\/tierpark-bern.ch\/en\/#\/schema\/logo\/image\/\"},\"sameAs\":[\"https:\/\/www.facebook.com\/tierparkbern\/\",\"https:\/\/x.com\/tierparkbern\",\"https:\/\/www.instagram.com\/tierparkbern\/\"]}]}<\/script>","yoast_head_json":{"title":"Claude Kuhn | Tierpark Bern","description":"Claude Kuhn hat f\u00fcr den Tierpark zahlreiche Plakate gestaltet. F\u00fcr einige davon hat der Berner Grafiker sogar internationale Preise gewonnen.","robots":{"index":"index","follow":"follow","max-snippet":"max-snippet:-1","max-image-preview":"max-image-preview:large","max-video-preview":"max-video-preview:-1"},"canonical":"https:\/\/tierpark-bern.ch\/en\/online-shop\/claude-kuhn\/","og_locale":"en_US","og_type":"article","og_title":"Claude Kuhn | Tierpark Bern","og_description":"Claude Kuhn hat f\u00fcr den Tierpark zahlreiche Plakate gestaltet. F\u00fcr einige davon hat der Berner Grafiker sogar internationale Preise gewonnen.","og_url":"https:\/\/tierpark-bern.ch\/en\/online-shop\/claude-kuhn\/","og_site_name":"Tierpark Bern","article_publisher":"https:\/\/www.facebook.com\/tierparkbern\/","article_modified_time":"2023-12-31T13:09:06+00:00","og_image":[{"width":1500,"height":998,"url":"https:\/\/tierpark-bern.ch\/web\/app\/uploads\/2022\/03\/Claude-Kuhn-2.jpg","type":"image\/jpeg"}],"schema":{"@context":"https:\/\/schema.org","@graph":[{"@type":"WebPage","@id":"https:\/\/tierpark-bern.ch\/en\/online-shop\/claude-kuhn\/","url":"https:\/\/tierpark-bern.ch\/en\/online-shop\/claude-kuhn\/","name":"Claude Kuhn | Tierpark Bern","isPartOf":{"@id":"https:\/\/tierpark-bern.ch\/en\/#website"},"primaryImageOfPage":{"@id":"https:\/\/tierpark-bern.ch\/en\/online-shop\/claude-kuhn\/#primaryimage"},"image":{"@id":"https:\/\/tierpark-bern.ch\/en\/online-shop\/claude-kuhn\/#primaryimage"},"thumbnailUrl":"https:\/\/tierpark-bern.ch\/web\/app\/uploads\/2022\/03\/Claude-Kuhn-2.jpg","datePublished":"2021-03-01T12:52:36+00:00","dateModified":"2023-12-31T13:09:06+00:00","description":"Claude Kuhn hat f\u00fcr den Tierpark zahlreiche Plakate gestaltet. F\u00fcr einige davon hat der Berner Grafiker sogar internationale Preise gewonnen.","breadcrumb":{"@id":"https:\/\/tierpark-bern.ch\/en\/online-shop\/claude-kuhn\/#breadcrumb"},"inLanguage":"en-US","potentialAction":[{"@type":"ReadAction","target":["https:\/\/tierpark-bern.ch\/en\/online-shop\/claude-kuhn\/"]}]},{"@type":"ImageObject","inLanguage":"en-US","@id":"https:\/\/tierpark-bern.ch\/en\/online-shop\/claude-kuhn\/#primaryimage","url":"https:\/\/tierpark-bern.ch\/web\/app\/uploads\/2022\/03\/Claude-Kuhn-2.jpg","contentUrl":"https:\/\/tierpark-bern.ch\/web\/app\/uploads\/2022\/03\/Claude-Kuhn-2.jpg","width":1500,"height":998},{"@type":"BreadcrumbList","@id":"https:\/\/tierpark-bern.ch\/en\/online-shop\/claude-kuhn\/#breadcrumb","itemListElement":[{"@type":"ListItem","position":1,"name":"Home","item":"https:\/\/tierpark-bern.ch\/en\/"},{"@type":"ListItem","position":2,"name":"Onlineshop","item":"https:\/\/tierpark-bern.ch\/en\/online-shop\/"},{"@type":"ListItem","position":3,"name":"Claude Kuhn"}]},{"@type":"WebSite","@id":"https:\/\/tierpark-bern.ch\/en\/#website","url":"https:\/\/tierpark-bern.ch\/en\/","name":"Tierpark Bern","description":"","publisher":{"@id":"https:\/\/tierpark-bern.ch\/en\/#organization"},"potentialAction":[{"@type":"SearchAction","target":{"@type":"EntryPoint","urlTemplate":"https:\/\/tierpark-bern.ch\/en\/?s={search_term_string}"},"query-input":{"@type":"PropertyValueSpecification","valueRequired":true,"valueName":"search_term_string"}}],"inLanguage":"en-US"},{"@type":"Organization","@id":"https:\/\/tierpark-bern.ch\/en\/#organization","name":"Tierpark Bern | D\u00e4hlh\u00f6lzli + B\u00e4renPark","alternateName":"Tierpark Bern","url":"https:\/\/tierpark-bern.ch\/en\/","logo":{"@type":"ImageObject","inLanguage":"en-US","@id":"https:\/\/tierpark-bern.ch\/en\/#\/schema\/logo\/image\/","url":"https:\/\/tierpark-bern.ch\/web\/app\/uploads\/2024\/04\/tierpark-bern-696x696-1.jpg","contentUrl":"https:\/\/tierpark-bern.ch\/web\/app\/uploads\/2024\/04\/tierpark-bern-696x696-1.jpg","width":696,"height":696,"caption":"Tierpark Bern | D\u00e4hlh\u00f6lzli + B\u00e4renPark"},"image":{"@id":"https:\/\/tierpark-bern.ch\/en\/#\/schema\/logo\/image\/"},"sameAs":["https:\/\/www.facebook.com\/tierparkbern\/","https:\/\/x.com\/tierparkbern","https:\/\/www.instagram.com\/tierparkbern\/"]}]}},"_links":{"self":[{"href":"https:\/\/tierpark-bern.ch\/en\/wp-json\/wp\/v2\/pages\/52006","targetHints":{"allow":["GET"]}}],"collection":[{"href":"https:\/\/tierpark-bern.ch\/en\/wp-json\/wp\/v2\/pages"}],"about":[{"href":"https:\/\/tierpark-bern.ch\/en\/wp-json\/wp\/v2\/types\/page"}],"author":[{"embeddable":true,"href":"https:\/\/tierpark-bern.ch\/en\/wp-json\/wp\/v2\/users\/1"}],"replies":[{"embeddable":true,"href":"https:\/\/tierpark-bern.ch\/en\/wp-json\/wp\/v2\/comments?post=52006"}],"version-history":[{"count":0,"href":"https:\/\/tierpark-bern.ch\/en\/wp-json\/wp\/v2\/pages\/52006\/revisions"}],"up":[{"embeddable":true,"href":"https:\/\/tierpark-bern.ch\/en\/wp-json\/wp\/v2\/pages\/52309"}],"wp:featuredmedia":[{"embeddable":true,"href":"https:\/\/tierpark-bern.ch\/en\/wp-json\/wp\/v2\/media\/25231"}],"wp:attachment":[{"href":"https:\/\/tierpark-bern.ch\/en\/wp-json\/wp\/v2\/media?parent=52006"}],"curies":[{"name":"wp","href":"https:\/\/api.w.org\/{rel}","templated":true}]}}