
{"id":52253,"date":"2021-09-03T00:29:23","date_gmt":"2021-09-02T22:29:23","guid":{"rendered":"https:\/\/tierpark-bern.ch\/animals\/anlagen\/wolf-baerenwald\/"},"modified":"2024-02-08T11:55:35","modified_gmt":"2024-02-08T10:55:35","slug":"wolf-bear-forest","status":"publish","type":"page","link":"https:\/\/tierpark-bern.ch\/en\/animals\/facilities\/wolf-bear-forest\/","title":{"rendered":"Wolf-Bear Forest"},"content":{"rendered":"<div class=\"wpb-content-wrapper\"><p>[vc_row][vc_column][vc_column_text]<\/p>\n<h1>Wolf-Bear Forest<\/h1>\n<p>For the two Ussuri brown bears, the B\u00e4renWald became their new home in March 2012. The enclosure is convincing primarily because of its size and rich structure, but also because of the possibility for the neighbouring wolves to enter the B\u00e4renWald via a bear-proof passage.<\/p>\n<p>In this way, the two large carnivores also meet in the zoo on their forays, just as they do in the wild. Community enclosures are a behavioural enrichment for the animals. However, it is important that the needs of each species are met and that the supposedly weaker animal can withdraw. In 2019, the Zoo succeeded for the first time in reuniting bears with the then Bernese leader wolves &#8220;Amarouk&#8221; and &#8220;Juliette&#8221;, who also raised their cubs in communal housing in the months that followed. Since 2021, we have had a new pair of lead wolves, which were successfully reunited with the bears after their hibernation in April 2022. Now our guests enjoy the varied communal enclosure and bear and wolf daily encounters.<\/p>\n<p>The wolves&#8217; and bears&#8217; enclosures were extensively reforested, renovated and improved after the storm &#8220;Burglind&#8221;.<\/p>\n<p>In the B\u00e4renHaus visitor centre, our visitors enjoy a unique insight into the swimming pool and the bear enclosure. Inside the impressive building made of natural stone and solid wood, young and old will find all kinds of educational information about the bears &#8211; and about humans![\/vc_column_text][vc_message message_box_color=&#8221;chino&#8221; icon_fontawesome=&#8221;fas fa-trophy&#8221;]The building won the <a href=\"https:\/\/prixlignum.ch\/0\/279\/projektarchiv\/projektarchiv-prixlignum\/717\/baerenwaldhaus-tierpark-daehlhoelzli\/\" target=\"_blank\" rel=\"noopener\">Prix Lignum Gold in 2012.<\/a>[\/vc_message][\/vc_column][\/vc_row][vc_row][vc_column width=&#8221;1\/2&#8243;][vc_single_image image=&#8221;22467&#8243; img_size=&#8221;570&#215;379&#8243; add_custom_caption_class=&#8221;yes&#8221;][vc_column_text]The two Ussuri brown bears live in the B\u00e4renWald in the D\u00e4hlh\u00f6lzli Zoo.[\/vc_column_text][\/vc_column][vc_column width=&#8221;1\/2&#8243;][vc_single_image image=&#8221;22480&#8243; img_size=&#8221;570&#215;379&#8243; add_caption=&#8221;yes&#8221;][\/vc_column][\/vc_row][vc_row][vc_column width=&#8221;1\/2&#8243;][vc_single_image image=&#8221;23113&#8243; img_size=&#8221;570&#215;379&#8243; add_caption=&#8221;yes&#8221;][\/vc_column][vc_column width=&#8221;1\/2&#8243;][vc_single_image image=&#8221;23734&#8243; img_size=&#8221;570&#215;379&#8243; add_caption=&#8221;yes&#8221;][\/vc_column][\/vc_row][vc_row][vc_column width=&#8221;1\/2&#8243;][vc_column_text]<\/p>\n<div class=\"tbl-species-list-container\">\n<h2>Animals in the facility<\/h2>\n<table class=\"tbl-all-species-list\">\n<tbody>\n<tr>\n<td><a href=\"https:\/\/tierpark-bern.ch\/en\/tierlexikon\/europaeischer-wolf\/\"><strong>Wolf<\/strong><\/a><\/td>\n<\/tr>\n<tr>\n<td><a href=\"https:\/\/tierpark-bern.ch\/en\/tierlexikon\/ussurischer-braunbaer\/\"><strong>Ussurischer Braunb\u00e4r<\/strong><\/a><\/td>\n<\/tr>\n<tr>\n<td><a href=\"https:\/\/tierpark-bern.ch\/en\/tierlexikon\/bachforelle\/\"><strong>Bachforelle<\/strong><\/a><\/td>\n<\/tr>\n<\/tbody>\n<\/table>\n<\/div>\n<p>[\/vc_column_text][\/vc_column][\/vc_row]<\/p>\n<\/div>","protected":false},"excerpt":{"rendered":"<p>For the two Ussuri brown bears, the B\u00e4renWald became their new home in March 2012.<\/p>\n","protected":false},"author":1,"featured_media":23725,"parent":52250,"menu_order":0,"comment_status":"closed","ping_status":"closed","template":"","meta":{"_acf_changed":false,"footnotes":""},"class_list":["post-52253","page","type-page","status-publish","has-post-thumbnail","hentry"],"acf":[],"yoast_head":"<title>Wolf-Bear Forest | Tierpark Bern<\/title>\n<meta name=\"description\" content=\"F\u00fcr die beiden Ussurischen Braunb\u00e4ren wurde der B\u00e4renWald im M\u00e4rz 2012 zur neuen Heimat.\" \/>\n<meta name=\"robots\" content=\"index, follow, max-snippet:-1, max-image-preview:large, max-video-preview:-1\" \/>\n<link rel=\"canonical\" href=\"https:\/\/tierpark-bern.ch\/en\/animals\/facilities\/wolf-bear-forest\/\" \/>\n<meta property=\"og:locale\" content=\"en_US\" \/>\n<meta property=\"og:type\" content=\"article\" \/>\n<meta property=\"og:title\" content=\"Wolf-Bear Forest | Tierpark Bern\" \/>\n<meta property=\"og:description\" content=\"F\u00fcr die beiden Ussurischen Braunb\u00e4ren wurde der B\u00e4renWald im M\u00e4rz 2012 zur neuen Heimat.\" \/>\n<meta property=\"og:url\" content=\"https:\/\/tierpark-bern.ch\/en\/animals\/facilities\/wolf-bear-forest\/\" \/>\n<meta property=\"og:site_name\" content=\"Tierpark Bern\" \/>\n<meta property=\"article:publisher\" content=\"https:\/\/www.facebook.com\/tierparkbern\/\" \/>\n<meta property=\"article:modified_time\" content=\"2024-02-08T10:55:35+00:00\" \/>\n<meta property=\"og:image\" content=\"https:\/\/tierpark-bern.ch\/web\/app\/uploads\/2020\/07\/woelfin-tierpark-bern-2-2021.jpg\" \/>\n\t<meta property=\"og:image:width\" content=\"1500\" \/>\n\t<meta property=\"og:image:height\" content=\"998\" \/>\n\t<meta property=\"og:image:type\" content=\"image\/jpeg\" \/>\n<script type=\"application\/ld+json\" class=\"yoast-schema-graph\">{\"@context\":\"https:\/\/schema.org\",\"@graph\":[{\"@type\":\"WebPage\",\"@id\":\"https:\/\/tierpark-bern.ch\/en\/animals\/facilities\/wolf-bear-forest\/\",\"url\":\"https:\/\/tierpark-bern.ch\/en\/animals\/facilities\/wolf-bear-forest\/\",\"name\":\"Wolf-Bear Forest | Tierpark Bern\",\"isPartOf\":{\"@id\":\"https:\/\/tierpark-bern.ch\/en\/#website\"},\"primaryImageOfPage\":{\"@id\":\"https:\/\/tierpark-bern.ch\/en\/animals\/facilities\/wolf-bear-forest\/#primaryimage\"},\"image\":{\"@id\":\"https:\/\/tierpark-bern.ch\/en\/animals\/facilities\/wolf-bear-forest\/#primaryimage\"},\"thumbnailUrl\":\"https:\/\/tierpark-bern.ch\/web\/app\/uploads\/2020\/07\/woelfin-tierpark-bern-2-2021.jpg\",\"datePublished\":\"2021-09-02T22:29:23+00:00\",\"dateModified\":\"2024-02-08T10:55:35+00:00\",\"description\":\"F\u00fcr die beiden Ussurischen Braunb\u00e4ren wurde der B\u00e4renWald im M\u00e4rz 2012 zur neuen Heimat.\",\"breadcrumb\":{\"@id\":\"https:\/\/tierpark-bern.ch\/en\/animals\/facilities\/wolf-bear-forest\/#breadcrumb\"},\"inLanguage\":\"en-US\",\"potentialAction\":[{\"@type\":\"ReadAction\",\"target\":[\"https:\/\/tierpark-bern.ch\/en\/animals\/facilities\/wolf-bear-forest\/\"]}]},{\"@type\":\"ImageObject\",\"inLanguage\":\"en-US\",\"@id\":\"https:\/\/tierpark-bern.ch\/en\/animals\/facilities\/wolf-bear-forest\/#primaryimage\",\"url\":\"https:\/\/tierpark-bern.ch\/web\/app\/uploads\/2020\/07\/woelfin-tierpark-bern-2-2021.jpg\",\"contentUrl\":\"https:\/\/tierpark-bern.ch\/web\/app\/uploads\/2020\/07\/woelfin-tierpark-bern-2-2021.jpg\",\"width\":1500,\"height\":998,\"caption\":\"Jungen W\u00f6lfin aus dem franz\u00f6sischen St. Croix\"},{\"@type\":\"BreadcrumbList\",\"@id\":\"https:\/\/tierpark-bern.ch\/en\/animals\/facilities\/wolf-bear-forest\/#breadcrumb\",\"itemListElement\":[{\"@type\":\"ListItem\",\"position\":1,\"name\":\"Home\",\"item\":\"https:\/\/tierpark-bern.ch\/en\/\"},{\"@type\":\"ListItem\",\"position\":2,\"name\":\"Nature Conservation &#038; Animals\",\"item\":\"https:\/\/tierpark-bern.ch\/en\/animals\/\"},{\"@type\":\"ListItem\",\"position\":3,\"name\":\"Facilities\",\"item\":\"https:\/\/tierpark-bern.ch\/en\/animals\/facilities\/\"},{\"@type\":\"ListItem\",\"position\":4,\"name\":\"Wolf-Bear Forest\"}]},{\"@type\":\"WebSite\",\"@id\":\"https:\/\/tierpark-bern.ch\/en\/#website\",\"url\":\"https:\/\/tierpark-bern.ch\/en\/\",\"name\":\"Tierpark Bern\",\"description\":\"\",\"publisher\":{\"@id\":\"https:\/\/tierpark-bern.ch\/en\/#organization\"},\"potentialAction\":[{\"@type\":\"SearchAction\",\"target\":{\"@type\":\"EntryPoint\",\"urlTemplate\":\"https:\/\/tierpark-bern.ch\/en\/?s={search_term_string}\"},\"query-input\":{\"@type\":\"PropertyValueSpecification\",\"valueRequired\":true,\"valueName\":\"search_term_string\"}}],\"inLanguage\":\"en-US\"},{\"@type\":\"Organization\",\"@id\":\"https:\/\/tierpark-bern.ch\/en\/#organization\",\"name\":\"Tierpark Bern | D\u00e4hlh\u00f6lzli + B\u00e4renPark\",\"alternateName\":\"Tierpark Bern\",\"url\":\"https:\/\/tierpark-bern.ch\/en\/\",\"logo\":{\"@type\":\"ImageObject\",\"inLanguage\":\"en-US\",\"@id\":\"https:\/\/tierpark-bern.ch\/en\/#\/schema\/logo\/image\/\",\"url\":\"https:\/\/tierpark-bern.ch\/web\/app\/uploads\/2024\/04\/tierpark-bern-696x696-1.jpg\",\"contentUrl\":\"https:\/\/tierpark-bern.ch\/web\/app\/uploads\/2024\/04\/tierpark-bern-696x696-1.jpg\",\"width\":696,\"height\":696,\"caption\":\"Tierpark Bern | D\u00e4hlh\u00f6lzli + B\u00e4renPark\"},\"image\":{\"@id\":\"https:\/\/tierpark-bern.ch\/en\/#\/schema\/logo\/image\/\"},\"sameAs\":[\"https:\/\/www.facebook.com\/tierparkbern\/\",\"https:\/\/x.com\/tierparkbern\",\"https:\/\/www.instagram.com\/tierparkbern\/\"]}]}<\/script>","yoast_head_json":{"title":"Wolf-Bear Forest | Tierpark Bern","description":"F\u00fcr die beiden Ussurischen Braunb\u00e4ren wurde der B\u00e4renWald im M\u00e4rz 2012 zur neuen Heimat.","robots":{"index":"index","follow":"follow","max-snippet":"max-snippet:-1","max-image-preview":"max-image-preview:large","max-video-preview":"max-video-preview:-1"},"canonical":"https:\/\/tierpark-bern.ch\/en\/animals\/facilities\/wolf-bear-forest\/","og_locale":"en_US","og_type":"article","og_title":"Wolf-Bear Forest | Tierpark Bern","og_description":"F\u00fcr die beiden Ussurischen Braunb\u00e4ren wurde der B\u00e4renWald im M\u00e4rz 2012 zur neuen Heimat.","og_url":"https:\/\/tierpark-bern.ch\/en\/animals\/facilities\/wolf-bear-forest\/","og_site_name":"Tierpark Bern","article_publisher":"https:\/\/www.facebook.com\/tierparkbern\/","article_modified_time":"2024-02-08T10:55:35+00:00","og_image":[{"width":1500,"height":998,"url":"https:\/\/tierpark-bern.ch\/web\/app\/uploads\/2020\/07\/woelfin-tierpark-bern-2-2021.jpg","type":"image\/jpeg"}],"schema":{"@context":"https:\/\/schema.org","@graph":[{"@type":"WebPage","@id":"https:\/\/tierpark-bern.ch\/en\/animals\/facilities\/wolf-bear-forest\/","url":"https:\/\/tierpark-bern.ch\/en\/animals\/facilities\/wolf-bear-forest\/","name":"Wolf-Bear Forest | Tierpark Bern","isPartOf":{"@id":"https:\/\/tierpark-bern.ch\/en\/#website"},"primaryImageOfPage":{"@id":"https:\/\/tierpark-bern.ch\/en\/animals\/facilities\/wolf-bear-forest\/#primaryimage"},"image":{"@id":"https:\/\/tierpark-bern.ch\/en\/animals\/facilities\/wolf-bear-forest\/#primaryimage"},"thumbnailUrl":"https:\/\/tierpark-bern.ch\/web\/app\/uploads\/2020\/07\/woelfin-tierpark-bern-2-2021.jpg","datePublished":"2021-09-02T22:29:23+00:00","dateModified":"2024-02-08T10:55:35+00:00","description":"F\u00fcr die beiden Ussurischen Braunb\u00e4ren wurde der B\u00e4renWald im M\u00e4rz 2012 zur neuen Heimat.","breadcrumb":{"@id":"https:\/\/tierpark-bern.ch\/en\/animals\/facilities\/wolf-bear-forest\/#breadcrumb"},"inLanguage":"en-US","potentialAction":[{"@type":"ReadAction","target":["https:\/\/tierpark-bern.ch\/en\/animals\/facilities\/wolf-bear-forest\/"]}]},{"@type":"ImageObject","inLanguage":"en-US","@id":"https:\/\/tierpark-bern.ch\/en\/animals\/facilities\/wolf-bear-forest\/#primaryimage","url":"https:\/\/tierpark-bern.ch\/web\/app\/uploads\/2020\/07\/woelfin-tierpark-bern-2-2021.jpg","contentUrl":"https:\/\/tierpark-bern.ch\/web\/app\/uploads\/2020\/07\/woelfin-tierpark-bern-2-2021.jpg","width":1500,"height":998,"caption":"Jungen W\u00f6lfin aus dem franz\u00f6sischen St. Croix"},{"@type":"BreadcrumbList","@id":"https:\/\/tierpark-bern.ch\/en\/animals\/facilities\/wolf-bear-forest\/#breadcrumb","itemListElement":[{"@type":"ListItem","position":1,"name":"Home","item":"https:\/\/tierpark-bern.ch\/en\/"},{"@type":"ListItem","position":2,"name":"Nature Conservation &#038; Animals","item":"https:\/\/tierpark-bern.ch\/en\/animals\/"},{"@type":"ListItem","position":3,"name":"Facilities","item":"https:\/\/tierpark-bern.ch\/en\/animals\/facilities\/"},{"@type":"ListItem","position":4,"name":"Wolf-Bear Forest"}]},{"@type":"WebSite","@id":"https:\/\/tierpark-bern.ch\/en\/#website","url":"https:\/\/tierpark-bern.ch\/en\/","name":"Tierpark Bern","description":"","publisher":{"@id":"https:\/\/tierpark-bern.ch\/en\/#organization"},"potentialAction":[{"@type":"SearchAction","target":{"@type":"EntryPoint","urlTemplate":"https:\/\/tierpark-bern.ch\/en\/?s={search_term_string}"},"query-input":{"@type":"PropertyValueSpecification","valueRequired":true,"valueName":"search_term_string"}}],"inLanguage":"en-US"},{"@type":"Organization","@id":"https:\/\/tierpark-bern.ch\/en\/#organization","name":"Tierpark Bern | D\u00e4hlh\u00f6lzli + B\u00e4renPark","alternateName":"Tierpark Bern","url":"https:\/\/tierpark-bern.ch\/en\/","logo":{"@type":"ImageObject","inLanguage":"en-US","@id":"https:\/\/tierpark-bern.ch\/en\/#\/schema\/logo\/image\/","url":"https:\/\/tierpark-bern.ch\/web\/app\/uploads\/2024\/04\/tierpark-bern-696x696-1.jpg","contentUrl":"https:\/\/tierpark-bern.ch\/web\/app\/uploads\/2024\/04\/tierpark-bern-696x696-1.jpg","width":696,"height":696,"caption":"Tierpark Bern | D\u00e4hlh\u00f6lzli + B\u00e4renPark"},"image":{"@id":"https:\/\/tierpark-bern.ch\/en\/#\/schema\/logo\/image\/"},"sameAs":["https:\/\/www.facebook.com\/tierparkbern\/","https:\/\/x.com\/tierparkbern","https:\/\/www.instagram.com\/tierparkbern\/"]}]}},"_links":{"self":[{"href":"https:\/\/tierpark-bern.ch\/en\/wp-json\/wp\/v2\/pages\/52253","targetHints":{"allow":["GET"]}}],"collection":[{"href":"https:\/\/tierpark-bern.ch\/en\/wp-json\/wp\/v2\/pages"}],"about":[{"href":"https:\/\/tierpark-bern.ch\/en\/wp-json\/wp\/v2\/types\/page"}],"author":[{"embeddable":true,"href":"https:\/\/tierpark-bern.ch\/en\/wp-json\/wp\/v2\/users\/1"}],"replies":[{"embeddable":true,"href":"https:\/\/tierpark-bern.ch\/en\/wp-json\/wp\/v2\/comments?post=52253"}],"version-history":[{"count":0,"href":"https:\/\/tierpark-bern.ch\/en\/wp-json\/wp\/v2\/pages\/52253\/revisions"}],"up":[{"embeddable":true,"href":"https:\/\/tierpark-bern.ch\/en\/wp-json\/wp\/v2\/pages\/52250"}],"wp:featuredmedia":[{"embeddable":true,"href":"https:\/\/tierpark-bern.ch\/en\/wp-json\/wp\/v2\/media\/23725"}],"wp:attachment":[{"href":"https:\/\/tierpark-bern.ch\/en\/wp-json\/wp\/v2\/media?parent=52253"}],"curies":[{"name":"wp","href":"https:\/\/api.w.org\/{rel}","templated":true}]}}