{"id":39119,"date":"2020-08-08T12:32:42","date_gmt":"2020-08-08T10:32:42","guid":{"rendered":"https:\/\/tierpark-bern.ch\/baerenpark\/oeffnungszeiten\/"},"modified":"2023-02-07T09:26:42","modified_gmt":"2023-02-07T08:26:42","slug":"heures-douverture","status":"publish","type":"page","link":"https:\/\/tierpark-bern.ch\/fr\/parc-aux-ours\/heures-douverture\/","title":{"rendered":"Heures d&#8217;ouverture"},"content":{"rendered":"<div class=\"wpb-content-wrapper\"><p>[vc_row][vc_column][vc_column_text]<\/p>\n<div class=\"barenpark-container\">\n<div class=\"row\">\n<div class=\"col-xl-9\">\n<h1>Heures d\u2019ouverture du Parc aux ours<\/h1>\n<\/div>\n<div class=\"col-xl-3 d-flex align-items-center justify-content-end\">\n<p class=\"border--barenpark d-lg-inline-block\">L\u2019entr\u00e9e est gratuite<\/p>\n<\/div>\n<\/div>\n<div class=\"tbl-open-barenpark-container top-50\">\n<table class=\"tbl-open-barenpark\">\n<tbody>\n<tr>\n<td>LE PARC AUX OURS EST OUVERT 365 JOURS PAR AN, 24 HEURES SUR 24.<\/td>\n<\/tr>\n<\/tbody>\n<\/table>\n<\/div>\n<\/div>\n<p>[\/vc_column_text][\/vc_column][\/vc_row][vc_row][vc_column width=&#8221;1\/2&#8243;][vc_column_text]<\/p>\n<div class=\"barenpark_info_text top-50\">\n<p>Les chiens doivent toujours \u00eatre tenus en laisse! Heures de pr\u00e9sence des gardiens d\u2019animaux: tous les jours de 08.00 \u00e0 17.00 heures.<\/p>\n<p><a class=\"button button--barenpark d-lg-inline-block\" href=\"https:\/\/tierpark-bern.ch\/fr\/parc-aux-ours\/acces\/\">Acc\u00e8s au B\u00e4renpark<\/a><\/p>\n<\/div>\n<p>[\/vc_column_text][\/vc_column][vc_column width=&#8221;1\/2&#8243;][vc_column_text]<\/p>\n<div class=\"barenpark_info_text top-50\">\n<p>Connaissez-vous les heures d\u2019ouverture du zoo du D\u00e4hlh\u00f6lzli?<\/p>\n<p><a class=\"button button--barenpark d-lg-inline-block\" href=\"https:\/\/tierpark-bern.ch\/fr\/visite-au-zoo\/heures-douverture\/\"><img decoding=\"async\" class=\"filter-animal-icon zoo-icon\" src=\"https:\/\/tierpark-bern.ch\/web\/app\/themes\/tierpark-bern\/assets\/images\/monkey.svg\" alt=\"\" \/><img decoding=\"async\" class=\"filter-animal-icon zoo-hover-icon\" src=\"https:\/\/tierpark-bern.ch\/web\/app\/themes\/tierpark-bern\/assets\/images\/monkey-light.svg\" alt=\"\" \/> Heures d\u2019ouverture du zoo du D\u00e4hlh\u00f6lzli<\/a><\/p>\n<\/div>\n<p>[\/vc_column_text][\/vc_column][\/vc_row][vc_row][vc_column][vc_empty_space][vc_column_text]<\/p>\n<h2>Questions fr\u00e9quemment pos\u00e9es B\u00e4renPark<\/h2>\n<div class=\"faq-section top-20\">\n                <div class=\"row\">\n                    <div class=\"col-12\"><div class=\"accordion accordion--bordered\">\n                                  <div class=\"accordion__title-block\" role=\"button\">\n                                      <span class=\"accordion__title\">Puis-je nourrir les ours dans le parc aux ours?<\/span>\n                                      <span class=\"accordion__close\"><\/span>\n                                  <\/div>\n                                  <div class=\"accordion__text-block\">\n                                       <p><p>Le nourrissage de nos ours par les visiteurs est strictement interdit! De plus, nous ne voulons pas d&#8217;ours mendiants, mais des animaux sauvages aussi naturels que possible, qui doivent chercher eux-m\u00eames leur nourriture et la gagner.<\/p>\n<\/p>\n                                  <\/div>\n                              <\/div><div class=\"accordion accordion--bordered\">\n                                  <div class=\"accordion__title-block\" role=\"button\">\n                                      <span class=\"accordion__title\">Quand les ours sont-ils nourris dans le Parc aux ours?<\/span>\n                                      <span class=\"accordion__close\"><\/span>\n                                  <\/div>\n                                  <div class=\"accordion__text-block\">\n                                       <p><p>Les ours ne sont pas nourris \u00e0 des moments pr\u00e9cis de la journ\u00e9e. La nourriture est toujours distribu\u00e9e et cach\u00e9e dans l&#8217;installation, \u00e0 diff\u00e9rents endroits et \u00e0 diff\u00e9rents moments. Les animaux cherchent alors les friandises et sont ainsi souvent occup\u00e9s pendant des heures conform\u00e9ment \u00e0 leur esp\u00e8ce.<\/p>\n<\/p>\n                                  <\/div>\n                              <\/div><div class=\"accordion accordion--bordered\">\n                                  <div class=\"accordion__title-block\" role=\"button\">\n                                      <span class=\"accordion__title\">Les ours sont-ils en hibernation ?<\/span>\n                                      <span class=\"accordion__close\"><\/span>\n                                  <\/div>\n                                  <div class=\"accordion__text-block\">\n                                       <p><p>Comme leurs cong\u00e9n\u00e8res sauvages, nos ours du zoo du D\u00e4hlh\u00f6lzli et du B\u00e4renPark hibernent. Celle-ci dure en g\u00e9n\u00e9ral de novembre \u00e0 mi-mars. Durant cette p\u00e9riode, les ours se trouvent dans leurs tani\u00e8res d&#8217;hiver et ne sont pas ou tr\u00e8s rarement visibles.<\/p>\n<\/p>\n                                  <\/div>\n                              <\/div><div class=\"accordion accordion--bordered\">\n                                  <div class=\"accordion__title-block\" role=\"button\">\n                                      <span class=\"accordion__title\">Petite fosse aux ours<\/span>\n                                      <span class=\"accordion__close\"><\/span>\n                                  <\/div>\n                                  <div class=\"accordion__text-block\">\n                                       <div class=\"wpb-content-wrapper\"><p>[vc_row][vc_column][vc_column_text]<strong>Mettez-vous dans la peau d&#8217;un ours brun de jadis!<\/strong><\/p>\n<p>La petite fosse, o\u00f9 les ours \u00e9taient jadis enferm\u00e9s, est d\u00e9sormais accessible aux visiteurs. Les enfants peuvent y grimper sur l&#8217;ours en bois et sur la structure en blocs de calcaire. Les adultes d\u00e9couvriront des informations compl\u00e8tes sur l&#8217;histoire de la fosse aux ours, ainsi que sur le D\u00e4hlh\u00f6lzli actuel et sur le Parc aux ours.<\/p>\n<div><a class=\"button button--tierpark\" href=\"https:\/\/tierpark-bern.ch\/erlebnisse\/ihr-anlass-im-zoo\/baerenpark\/\">La petite fosse aux ours peut \u00eatre lou\u00e9e pour des manifestations<\/a><\/div>\n<p>[\/vc_column_text][\/vc_column][\/vc_row]<\/p>\n<\/div>\n                                  <\/div>\n                              <\/div><div class=\"accordion accordion--bordered\">\n                                  <div class=\"accordion__title-block\" role=\"button\">\n                                      <span class=\"accordion__title\">Pourquoi les ours se trouvent-ils parfois dans la grande fosse ?<\/span>\n                                      <span class=\"accordion__close\"><\/span>\n                                  <\/div>\n                                  <div class=\"accordion__text-block\">\n                                       <p><p>La grande fosse fait toujours partie de l&#8217;installation pour animaux, car les soigneurs et les ours ne peuvent pas se trouver en m\u00eame temps dans la m\u00eame installation : Les ours sont dans la grande fosse pendant environ une heure par jour, tandis que les soigneurs nettoient la grande installation au bord de l&#8217;Aar et distribuent de la nourriture. Le reste de la journ\u00e9e, les ours se d\u00e9placent dans l&#8217;installation au bord de l&#8217;Aar et sont occup\u00e9s \u00e0 chercher de la nourriture, \u00e0 grimper ou \u00e0 se baigner.<\/p>\n<\/p>\n                                  <\/div>\n                              <\/div><div class=\"accordion accordion--bordered\">\n                                  <div class=\"accordion__title-block\" role=\"button\">\n                                      <span class=\"accordion__title\">Rangers<\/span>\n                                      <span class=\"accordion__close\"><\/span>\n                                  <\/div>\n                                  <div class=\"accordion__text-block\">\n                                       <p><p>Les visiteurs du Parc aux ours trouveront tous les jours des volontaires \u00e0 disposition, les Rangers, pour r\u00e9pondre \u00e0 leurs questions concernant les ours de Berne. Ces guides b\u00e9n\u00e9voles sont reconnaissables au logo de leur uniforme<\/p>\n<\/p>\n                                  <\/div>\n                              <\/div><div class=\"accordion accordion--bordered\">\n                                  <div class=\"accordion__title-block\" role=\"button\">\n                                      <span class=\"accordion__title\">Toilettes<\/span>\n                                      <span class=\"accordion__close\"><\/span>\n                                  <\/div>\n                                  <div class=\"accordion__text-block\">\n                                       <p><p>Toilettes publiques dans le b\u00e2timent du restaurant Altes Tramdepot.<\/p>\n<\/p>\n                                  <\/div>\n                              <\/div><div class=\"accordion accordion--bordered\">\n                                  <div class=\"accordion__title-block\" role=\"button\">\n                                      <span class=\"accordion__title\">L&#8217;entr\u00e9e au parc aux ours est-elle payante ?<\/span>\n                                      <span class=\"accordion__close\"><\/span>\n                                  <\/div>\n                                  <div class=\"accordion__text-block\">\n                                       <p><p>Le B\u00e4renPark Bern est un espace de d\u00e9tente unique en son genre, situ\u00e9 au bas de la vieille ville de Berne et accessible gratuitement \u00e0 tous les visiteurs 24 heures sur 24.<\/p>\n<\/p>\n                                  <\/div>\n                              <\/div><div class=\"accordion accordion--bordered\">\n                                  <div class=\"accordion__title-block\" role=\"button\">\n                                      <span class=\"accordion__title\">Y a-t-il des possibilit\u00e9s de s&#8217;asseoir et de prendre des photos ?<\/span>\n                                      <span class=\"accordion__close\"><\/span>\n                                  <\/div>\n                                  <div class=\"accordion__text-block\">\n                                       <p><p>Autour du Parc aux Ours, il y a de nombreuses possibilit\u00e9s de s&#8217;asseoir et de prendre des photos.<\/p>\n<\/p>\n                                  <\/div>\n                              <\/div><div class=\"accordion accordion--bordered\">\n                                  <div class=\"accordion__title-block\" role=\"button\">\n                                      <span class=\"accordion__title\">Comment trouver la position de mon pav\u00e9 ?<\/span>\n                                      <span class=\"accordion__close\"><\/span>\n                                  <\/div>\n                                  <div class=\"accordion__text-block\">\n                                       <p><p>Au total, 12&#8217;000 pav\u00e9s grav\u00e9s avec des noms ont \u00e9t\u00e9 vendus et pos\u00e9s dans le Parc aux Ours pendant l&#8217;action &#8220;Avec c\u0153ur et pierre pour le Parc aux Ours&#8221;.  Vous pouvez consulter la position de votre pav\u00e9 sur le site <a href=\"https:\/\/www.steingravur.ch\/finde-deinen-stein\/baerenpark\" rel=\"noopener\" target=\"_blank\">www.steingravur.ch<\/a>. Le lien s&#8217;ouvrira dans une nouvelle fen\u00eatre<\/p>\n<p>Actuellement, il n&#8217;est pas possible d&#8217;acheter de nouveaux pav\u00e9s.<\/p>\n<\/p>\n                                  <\/div>\n                              <\/div><div class=\"accordion accordion--bordered\">\n                                  <div class=\"accordion__title-block\" role=\"button\">\n                                      <span class=\"accordion__title\">Peut-on visiter le Parc aux Ours avec une visite guid\u00e9e ?<\/span>\n                                      <span class=\"accordion__close\"><\/span>\n                                  <\/div>\n                                  <div class=\"accordion__text-block\">\n                                       <p><p>Oui, une visite guid\u00e9e int\u00e9ressante du Parc aux ours est propos\u00e9e. Sous la direction d&#8217;un sp\u00e9cialiste, vous visiterez l&#8217;installation et apprendrez des choses passionnantes sur l&#8217;histoire ainsi que sur l&#8217;importance de la fosse aux ours et du Parc aux ours pour Berne, sur la d\u00e9tention des ours, sur la biologie des ours et sur nos trois ours bernois.<\/p>\n<p>Vous aurez \u00e9galement l&#8217;occasion de jeter un coup d&#8217;\u0153il dans les coulisses, o\u00f9 les ours vivaient autrefois.<\/p>\n<p><a href=\"https:\/\/tierpark-bern.ch\/fr\/experiences\/visites-guidees-privees\/baerenpark\/\">R\u00e9server une visite priv\u00e9e du Parc aux ours<\/a><\/p>\n<\/p>\n                                  <\/div>\n                              <\/div><div class=\"accordion accordion--bordered\">\n                                  <div class=\"accordion__title-block\" role=\"button\">\n                                      <span class=\"accordion__title\">De quand \u00e0 quand les ours sont-ils dehors ?<\/span>\n                                      <span class=\"accordion__close\"><\/span>\n                                  <\/div>\n                                  <div class=\"accordion__text-block\">\n                                       <p><p>Les ours se d\u00e9placent toujours dans l&#8217;installation, mais de temps en temps, on ne les voit pas car ils se retirent dans un buisson. En hiver (novembre &#8211; mars), ils hibernent et sont \u00e0 peine visibles. Le Parc aux Ours est ouvert toute l&#8217;ann\u00e9e, 24 heures sur 24.<\/p>\n<\/p>\n                                  <\/div>\n                              <\/div><div class=\"accordion accordion--bordered\">\n                                  <div class=\"accordion__title-block\" role=\"button\">\n                                      <span class=\"accordion__title\">Combien d&#8217;ours vivent dans le Parc aux ours ?<\/span>\n                                      <span class=\"accordion__close\"><\/span>\n                                  <\/div>\n                                  <div class=\"accordion__text-block\">\n                                       <p><p>Actuellement, trois ours habitent le B\u00e4renPark. Il s&#8217;agit en fait d&#8217;une famille d&#8217;ours : la m\u00e8re &#8220;Bj\u00f6rk&#8221;, le p\u00e8re &#8220;Finn&#8221; et la fille &#8220;Ursina&#8221;. &#8220;Ursina&#8221; et sa s\u0153ur &#8220;Berna&#8221; sont n\u00e9es en d\u00e9cembre 2009 \u00e0 Berne. &#8220;Berna&#8221; vit depuis fin juillet 2013 au zoo de Dobric en Bulgarie.<\/p>\n<\/p>\n                                  <\/div>\n                              <\/div><div class=\"accordion accordion--bordered\">\n                                  <div class=\"accordion__title-block\" role=\"button\">\n                                      <span class=\"accordion__title\">B\u00e4reB\u00e4hnli (funiculaire)<\/span>\n                                      <span class=\"accordion__close\"><\/span>\n                                  <\/div>\n                                  <div class=\"accordion__text-block\">\n                                       <p><p>Le funiculaire relie la promenade du bord de l&#8217;Aar au chemin am\u00e9nag\u00e9 pr\u00e8s du restaurant. L&#8217;acc\u00e8s est gratuit pour les visiteurs.<\/p>\n<p>Heures d&#8217;exploitation: de 08h00 \u00e0 17h00<br \/>\nEuro-Key: valable 24h\/24.<\/p>\n<\/p>\n                                  <\/div>\n                              <\/div><\/div>\n                <\/div>\n            <\/div>[\/vc_column_text][\/vc_column][\/vc_row][vc_row][vc_column][vc_column_text]<section class=\"section no-padding-bottom page-suggestion-container\">\n            <div class=\"container\">\n                <div class=\"row bottom-50\">\n                    <div class=\"col-12\">\n                        <div class=\"heading heading--primary heading--center\">\n                            <h2 class=\"heading__title no-margin-bottom\"><span>Autres Th\u00e8mes<\/span><\/h2>\n                        <\/div>\n                    <\/div>\n                <\/div>\n                <div class=\"row\"><div class=\"col-md-6 col-xl-4 \">\n                        <div class=\"service-content\" tabindex=\"0\" role=\"link\" onclick=\"suggestionLinkfunction(this);\" data-href=\"https:\/\/tierpark-bern.ch\/fr\/parc-aux-ours\/acces\/\">\n                            <img decoding=\"async\" src=\"https:\/\/tierpark-bern.ch\/web\/app\/uploads\/2020\/07\/finn-baerenpark-53-bern-schweiz-386x230.jpg\" alt=\"\"\/>\n                                <div class=\"service-desc\">\n                                    <div class=\"vcenter\">\n                                        <div class=\"titel\">Acc\u00e8s au Parc aux ours<\/div>\n                                    <\/div>\n                                <\/div>\n                        <\/div>\n                    <\/div><div class=\"col-md-6 col-xl-4 \">\n                        <div class=\"service-content\" tabindex=\"0\" role=\"link\" onclick=\"suggestionLinkfunction(this);\" data-href=\"https:\/\/tierpark-bern.ch\/fr\/parc-aux-ours\/les-habitants-du-parc-aux-ours\/\">\n                            <img decoding=\"async\" src=\"https:\/\/tierpark-bern.ch\/web\/app\/uploads\/2020\/07\/ursina-baerenpark-50-bern-schweiz-386x230.jpg\" alt=\"\"\/>\n                                <div class=\"service-desc\">\n                                    <div class=\"vcenter\">\n                                        <div class=\"titel\">Les habitants du Parc aux ours<\/div>\n                                    <\/div>\n                                <\/div>\n                        <\/div>\n                    <\/div><div class=\"col-md-6 col-xl-4 \">\n                        <div class=\"service-content\" tabindex=\"0\" role=\"link\" onclick=\"suggestionLinkfunction(this);\" data-href=\"https:\/\/tierpark-bern.ch\/fr\/parc-aux-ours\/accessibilite-du-parc-aux-ours\/\">\n                            <img decoding=\"async\" src=\"https:\/\/tierpark-bern.ch\/web\/app\/uploads\/2020\/07\/ursina-baerenpark-51-bern-schweiz-386x230.jpg\" alt=\"\"\/>\n                                <div class=\"service-desc\">\n                                    <div class=\"vcenter\">\n                                        <div class=\"titel\">Accessibilit\u00e9 du parc aux ours<\/div>\n                                    <\/div>\n                                <\/div>\n                        <\/div>\n                    <\/div><\/div>\n            <\/div>\n        <\/section>[\/vc_column_text][\/vc_column][\/vc_row]<\/p>\n<\/div>","protected":false},"excerpt":{"rendered":"<p>Les chiens doivent toujours \u00eatre tenus en laisse! Heures de pr\u00e9sence des gardiens d\u2019animaux: tous les jours de 08.00 \u00e0 17.00 heures.<\/p>\n","protected":false},"author":10,"featured_media":22237,"parent":46577,"menu_order":0,"comment_status":"closed","ping_status":"closed","template":"","meta":{"_acf_changed":false,"footnotes":""},"class_list":["post-39119","page","type-page","status-publish","has-post-thumbnail","hentry"],"acf":[],"yoast_head":"<title>Heures d&#039;ouverture | Tierpark Bern<\/title>\n<meta name=\"description\" content=\"Les chiens doivent toujours \u00eatre tenus en laisse! Heures de pr\u00e9sence des gardiens d\u2019animaux: tous les jours de 08.00 \u00e0 17.00 heures.\" \/>\n<meta name=\"robots\" content=\"index, follow, max-snippet:-1, max-image-preview:large, max-video-preview:-1\" \/>\n<link rel=\"canonical\" href=\"https:\/\/tierpark-bern.ch\/fr\/parc-aux-ours\/heures-douverture\/\" \/>\n<meta property=\"og:locale\" content=\"fr_FR\" \/>\n<meta property=\"og:type\" content=\"article\" \/>\n<meta property=\"og:title\" content=\"Heures d&#039;ouverture | Tierpark Bern\" \/>\n<meta property=\"og:description\" content=\"Les chiens doivent toujours \u00eatre tenus en laisse! Heures de pr\u00e9sence des gardiens d\u2019animaux: tous les jours de 08.00 \u00e0 17.00 heures.\" \/>\n<meta property=\"og:url\" content=\"https:\/\/tierpark-bern.ch\/fr\/parc-aux-ours\/heures-douverture\/\" \/>\n<meta property=\"og:site_name\" content=\"Tierpark Bern\" \/>\n<meta property=\"article:publisher\" content=\"https:\/\/www.facebook.com\/tierparkbern\/\" \/>\n<meta property=\"article:modified_time\" content=\"2023-02-07T08:26:42+00:00\" \/>\n<meta property=\"og:image\" content=\"https:\/\/tierpark-bern.ch\/web\/app\/uploads\/2020\/07\/baeren-park-42-bern-schweiz.jpg\" \/>\n\t<meta property=\"og:image:width\" content=\"1500\" \/>\n\t<meta property=\"og:image:height\" content=\"998\" \/>\n\t<meta property=\"og:image:type\" content=\"image\/jpeg\" \/>\n<script type=\"application\/ld+json\" class=\"yoast-schema-graph\">{\"@context\":\"https:\/\/schema.org\",\"@graph\":[{\"@type\":\"WebPage\",\"@id\":\"https:\/\/tierpark-bern.ch\/fr\/parc-aux-ours\/heures-douverture\/\",\"url\":\"https:\/\/tierpark-bern.ch\/fr\/parc-aux-ours\/heures-douverture\/\",\"name\":\"Heures d'ouverture | Tierpark Bern\",\"isPartOf\":{\"@id\":\"https:\/\/tierpark-bern.ch\/fr\/#website\"},\"primaryImageOfPage\":{\"@id\":\"https:\/\/tierpark-bern.ch\/fr\/parc-aux-ours\/heures-douverture\/#primaryimage\"},\"image\":{\"@id\":\"https:\/\/tierpark-bern.ch\/fr\/parc-aux-ours\/heures-douverture\/#primaryimage\"},\"thumbnailUrl\":\"https:\/\/tierpark-bern.ch\/web\/app\/uploads\/2020\/07\/baeren-park-42-bern-schweiz.jpg\",\"datePublished\":\"2020-08-08T10:32:42+00:00\",\"dateModified\":\"2023-02-07T08:26:42+00:00\",\"description\":\"Les chiens doivent toujours \u00eatre tenus en laisse! Heures de pr\u00e9sence des gardiens d\u2019animaux: tous les jours de 08.00 \u00e0 17.00 heures.\",\"breadcrumb\":{\"@id\":\"https:\/\/tierpark-bern.ch\/fr\/parc-aux-ours\/heures-douverture\/#breadcrumb\"},\"inLanguage\":\"fr-FR\",\"potentialAction\":[{\"@type\":\"ReadAction\",\"target\":[\"https:\/\/tierpark-bern.ch\/fr\/parc-aux-ours\/heures-douverture\/\"]}]},{\"@type\":\"ImageObject\",\"inLanguage\":\"fr-FR\",\"@id\":\"https:\/\/tierpark-bern.ch\/fr\/parc-aux-ours\/heures-douverture\/#primaryimage\",\"url\":\"https:\/\/tierpark-bern.ch\/web\/app\/uploads\/2020\/07\/baeren-park-42-bern-schweiz.jpg\",\"contentUrl\":\"https:\/\/tierpark-bern.ch\/web\/app\/uploads\/2020\/07\/baeren-park-42-bern-schweiz.jpg\",\"width\":1500,\"height\":998},{\"@type\":\"BreadcrumbList\",\"@id\":\"https:\/\/tierpark-bern.ch\/fr\/parc-aux-ours\/heures-douverture\/#breadcrumb\",\"itemListElement\":[{\"@type\":\"ListItem\",\"position\":1,\"name\":\"Home\",\"item\":\"https:\/\/tierpark-bern.ch\/fr\/home\/\"},{\"@type\":\"ListItem\",\"position\":2,\"name\":\"Parc aux ours\",\"item\":\"https:\/\/tierpark-bern.ch\/fr\/parc-aux-ours\/\"},{\"@type\":\"ListItem\",\"position\":3,\"name\":\"Heures d&#8217;ouverture\"}]},{\"@type\":\"WebSite\",\"@id\":\"https:\/\/tierpark-bern.ch\/fr\/#website\",\"url\":\"https:\/\/tierpark-bern.ch\/fr\/\",\"name\":\"Tierpark Bern\",\"description\":\"\",\"publisher\":{\"@id\":\"https:\/\/tierpark-bern.ch\/fr\/#organization\"},\"potentialAction\":[{\"@type\":\"SearchAction\",\"target\":{\"@type\":\"EntryPoint\",\"urlTemplate\":\"https:\/\/tierpark-bern.ch\/fr\/?s={search_term_string}\"},\"query-input\":{\"@type\":\"PropertyValueSpecification\",\"valueRequired\":true,\"valueName\":\"search_term_string\"}}],\"inLanguage\":\"fr-FR\"},{\"@type\":\"Organization\",\"@id\":\"https:\/\/tierpark-bern.ch\/fr\/#organization\",\"name\":\"Tierpark Bern | D\u00e4hlh\u00f6lzli + B\u00e4renPark\",\"alternateName\":\"Tierpark Bern\",\"url\":\"https:\/\/tierpark-bern.ch\/fr\/\",\"logo\":{\"@type\":\"ImageObject\",\"inLanguage\":\"fr-FR\",\"@id\":\"https:\/\/tierpark-bern.ch\/fr\/#\/schema\/logo\/image\/\",\"url\":\"https:\/\/tierpark-bern.ch\/web\/app\/uploads\/2024\/04\/tierpark-bern-696x696-1.jpg\",\"contentUrl\":\"https:\/\/tierpark-bern.ch\/web\/app\/uploads\/2024\/04\/tierpark-bern-696x696-1.jpg\",\"width\":696,\"height\":696,\"caption\":\"Tierpark Bern | D\u00e4hlh\u00f6lzli + B\u00e4renPark\"},\"image\":{\"@id\":\"https:\/\/tierpark-bern.ch\/fr\/#\/schema\/logo\/image\/\"},\"sameAs\":[\"https:\/\/www.facebook.com\/tierparkbern\/\",\"https:\/\/x.com\/tierparkbern\",\"https:\/\/www.instagram.com\/tierparkbern\/\"]}]}<\/script>","yoast_head_json":{"title":"Heures d'ouverture | Tierpark Bern","description":"Les chiens doivent toujours \u00eatre tenus en laisse! Heures de pr\u00e9sence des gardiens d\u2019animaux: tous les jours de 08.00 \u00e0 17.00 heures.","robots":{"index":"index","follow":"follow","max-snippet":"max-snippet:-1","max-image-preview":"max-image-preview:large","max-video-preview":"max-video-preview:-1"},"canonical":"https:\/\/tierpark-bern.ch\/fr\/parc-aux-ours\/heures-douverture\/","og_locale":"fr_FR","og_type":"article","og_title":"Heures d'ouverture | Tierpark Bern","og_description":"Les chiens doivent toujours \u00eatre tenus en laisse! Heures de pr\u00e9sence des gardiens d\u2019animaux: tous les jours de 08.00 \u00e0 17.00 heures.","og_url":"https:\/\/tierpark-bern.ch\/fr\/parc-aux-ours\/heures-douverture\/","og_site_name":"Tierpark Bern","article_publisher":"https:\/\/www.facebook.com\/tierparkbern\/","article_modified_time":"2023-02-07T08:26:42+00:00","og_image":[{"width":1500,"height":998,"url":"https:\/\/tierpark-bern.ch\/web\/app\/uploads\/2020\/07\/baeren-park-42-bern-schweiz.jpg","type":"image\/jpeg"}],"schema":{"@context":"https:\/\/schema.org","@graph":[{"@type":"WebPage","@id":"https:\/\/tierpark-bern.ch\/fr\/parc-aux-ours\/heures-douverture\/","url":"https:\/\/tierpark-bern.ch\/fr\/parc-aux-ours\/heures-douverture\/","name":"Heures d'ouverture | Tierpark Bern","isPartOf":{"@id":"https:\/\/tierpark-bern.ch\/fr\/#website"},"primaryImageOfPage":{"@id":"https:\/\/tierpark-bern.ch\/fr\/parc-aux-ours\/heures-douverture\/#primaryimage"},"image":{"@id":"https:\/\/tierpark-bern.ch\/fr\/parc-aux-ours\/heures-douverture\/#primaryimage"},"thumbnailUrl":"https:\/\/tierpark-bern.ch\/web\/app\/uploads\/2020\/07\/baeren-park-42-bern-schweiz.jpg","datePublished":"2020-08-08T10:32:42+00:00","dateModified":"2023-02-07T08:26:42+00:00","description":"Les chiens doivent toujours \u00eatre tenus en laisse! Heures de pr\u00e9sence des gardiens d\u2019animaux: tous les jours de 08.00 \u00e0 17.00 heures.","breadcrumb":{"@id":"https:\/\/tierpark-bern.ch\/fr\/parc-aux-ours\/heures-douverture\/#breadcrumb"},"inLanguage":"fr-FR","potentialAction":[{"@type":"ReadAction","target":["https:\/\/tierpark-bern.ch\/fr\/parc-aux-ours\/heures-douverture\/"]}]},{"@type":"ImageObject","inLanguage":"fr-FR","@id":"https:\/\/tierpark-bern.ch\/fr\/parc-aux-ours\/heures-douverture\/#primaryimage","url":"https:\/\/tierpark-bern.ch\/web\/app\/uploads\/2020\/07\/baeren-park-42-bern-schweiz.jpg","contentUrl":"https:\/\/tierpark-bern.ch\/web\/app\/uploads\/2020\/07\/baeren-park-42-bern-schweiz.jpg","width":1500,"height":998},{"@type":"BreadcrumbList","@id":"https:\/\/tierpark-bern.ch\/fr\/parc-aux-ours\/heures-douverture\/#breadcrumb","itemListElement":[{"@type":"ListItem","position":1,"name":"Home","item":"https:\/\/tierpark-bern.ch\/fr\/home\/"},{"@type":"ListItem","position":2,"name":"Parc aux ours","item":"https:\/\/tierpark-bern.ch\/fr\/parc-aux-ours\/"},{"@type":"ListItem","position":3,"name":"Heures d&#8217;ouverture"}]},{"@type":"WebSite","@id":"https:\/\/tierpark-bern.ch\/fr\/#website","url":"https:\/\/tierpark-bern.ch\/fr\/","name":"Tierpark Bern","description":"","publisher":{"@id":"https:\/\/tierpark-bern.ch\/fr\/#organization"},"potentialAction":[{"@type":"SearchAction","target":{"@type":"EntryPoint","urlTemplate":"https:\/\/tierpark-bern.ch\/fr\/?s={search_term_string}"},"query-input":{"@type":"PropertyValueSpecification","valueRequired":true,"valueName":"search_term_string"}}],"inLanguage":"fr-FR"},{"@type":"Organization","@id":"https:\/\/tierpark-bern.ch\/fr\/#organization","name":"Tierpark Bern | D\u00e4hlh\u00f6lzli + B\u00e4renPark","alternateName":"Tierpark Bern","url":"https:\/\/tierpark-bern.ch\/fr\/","logo":{"@type":"ImageObject","inLanguage":"fr-FR","@id":"https:\/\/tierpark-bern.ch\/fr\/#\/schema\/logo\/image\/","url":"https:\/\/tierpark-bern.ch\/web\/app\/uploads\/2024\/04\/tierpark-bern-696x696-1.jpg","contentUrl":"https:\/\/tierpark-bern.ch\/web\/app\/uploads\/2024\/04\/tierpark-bern-696x696-1.jpg","width":696,"height":696,"caption":"Tierpark Bern | D\u00e4hlh\u00f6lzli + B\u00e4renPark"},"image":{"@id":"https:\/\/tierpark-bern.ch\/fr\/#\/schema\/logo\/image\/"},"sameAs":["https:\/\/www.facebook.com\/tierparkbern\/","https:\/\/x.com\/tierparkbern","https:\/\/www.instagram.com\/tierparkbern\/"]}]}},"_links":{"self":[{"href":"https:\/\/tierpark-bern.ch\/fr\/wp-json\/wp\/v2\/pages\/39119","targetHints":{"allow":["GET"]}}],"collection":[{"href":"https:\/\/tierpark-bern.ch\/fr\/wp-json\/wp\/v2\/pages"}],"about":[{"href":"https:\/\/tierpark-bern.ch\/fr\/wp-json\/wp\/v2\/types\/page"}],"author":[{"embeddable":true,"href":"https:\/\/tierpark-bern.ch\/fr\/wp-json\/wp\/v2\/users\/10"}],"replies":[{"embeddable":true,"href":"https:\/\/tierpark-bern.ch\/fr\/wp-json\/wp\/v2\/comments?post=39119"}],"version-history":[{"count":0,"href":"https:\/\/tierpark-bern.ch\/fr\/wp-json\/wp\/v2\/pages\/39119\/revisions"}],"up":[{"embeddable":true,"href":"https:\/\/tierpark-bern.ch\/fr\/wp-json\/wp\/v2\/pages\/46577"}],"wp:featuredmedia":[{"embeddable":true,"href":"https:\/\/tierpark-bern.ch\/fr\/wp-json\/wp\/v2\/media\/22237"}],"wp:attachment":[{"href":"https:\/\/tierpark-bern.ch\/fr\/wp-json\/wp\/v2\/media?parent=39119"}],"curies":[{"name":"wp","href":"https:\/\/api.w.org\/{rel}","templated":true}]}}