{"id":45658,"date":"2020-08-28T12:42:23","date_gmt":"2020-08-28T10:42:23","guid":{"rendered":"https:\/\/tierpark-bern.ch\/?page_id=45658"},"modified":"2022-08-01T17:19:46","modified_gmt":"2022-08-01T15:19:46","slug":"biologie-de-lours-brun","status":"publish","type":"page","link":"https:\/\/tierpark-bern.ch\/fr\/parc-aux-ours\/les-habitants-du-parc-aux-ours\/biologie-de-lours-brun\/","title":{"rendered":"Biologie de l\u2019ours brun"},"content":{"rendered":"<div class=\"wpb-content-wrapper\"><p>[vc_row][vc_column][vc_column_text]<\/p>\n<h1>Biologie de l\u2019ours brun<\/h1>\n<p>[\/vc_column_text][\/vc_column][\/vc_row][vc_row][vc_column][vc_column_text]<\/p>\n<h2>Description<\/h2>\n<p>Longueur du corps 170 \u00e0 220 cm, poids 100 \u00e0 340 kg, couleur du pelage allant du brun clair au brun presque noir. Les jeunes portent une collerette claire. Denture dot\u00e9e de canines puissantes; contrairement \u00e0 celles des autres pr\u00e9dateurs, les molaires pr\u00e9sentent des couronnes larges et plates en raison de leur adaptation \u00e0 un r\u00e9gime alimentaire essentiellement v\u00e9g\u00e9tarien. Pattes trapues, munies chacune de cinq griffes qui ne peuvent pas \u00eatre r\u00e9tract\u00e9es dans des fourreaux, au contraire des griffes des chats. L\u2019ours est un plantigrade; il grimpe et nage aussi tr\u00e8s bien.<\/p>\n<p>\u00c0 l\u2019origine, les ours bruns peuplaient presque toute l\u2019Europe, ainsi que l\u2019Am\u00e9rique du Nord et l\u2019Asie centrale et septentrionale. Aujourd\u2019hui, en Europe, nous trouvons des populations r\u00e9siduelles d\u2019ours bruns dans les Pyr\u00e9n\u00e9es et les Abruzzes, dans les Alpes austro-slov\u00e8nes et dans les Balkans. Des populations plus importantes vivent encore dans les Carpates, en Scandinavie et en Russie occidentale.<\/p>\n<h2>Habitat<\/h2>\n<p>Sous nos latitudes, l\u2019ours vit principalement dans les for\u00eats et \u00e0 la lisi\u00e8re de celles-ci. Sans l\u2019influence de l\u2019homme, le Plateau suisse serait domin\u00e9 depuis plus de 3000 ans par des for\u00eats essentiellement compos\u00e9es de h\u00eatres. Dans les clairi\u00e8res et les lisi\u00e8res, o\u00f9 se d\u00e9veloppe une riche strate herbac\u00e9e compl\u00e9t\u00e9e par des arbustes \u00e0 baies et o\u00f9 le ch\u00eane se fait une place \u00e0 c\u00f4t\u00e9 du h\u00eatre dominant, l\u2019ours recherche les fa\u00eenes, les glands et les baies.<\/p>\n<h2>Rythme d\u2019activit\u00e9 journalier et saisonnier<\/h2>\n<p>DL\u2019ours brun est actif de jour comme de nuit, avec une pr\u00e9f\u00e9rence pour la nuit suivant les menaces ou les nuisances auxquelles il est expos\u00e9. Pour s\u2019adapter au manque de nourriture en hiver, l\u2019ours brun (qui est principalement herbivore) hiberne sous nos latitudes entre octobre et mars. L\u2019hibernation est d\u00e9clench\u00e9e par le manque de nourriture, le raccourcissement des journ\u00e9es et la baisse de la temp\u00e9rature moyenne. Lorsqu\u2019ils sont en captivit\u00e9, les ours bruns n\u2019entrent en hibernation que s\u2019ils peuvent accumuler les r\u00e9serves de graisse n\u00e9cessaires gr\u00e2ce \u00e0 un nourrissage intensif \u00e0 la fin de l\u2019\u00e9t\u00e9 et en automne et s\u2019ils disposent d\u2019un vaste enclos, comportant d\u2019assez grandes cavit\u00e9s.<\/p>\n<h2>R\u00e9gime alimentaire<\/h2>\n<p>L\u2019ours brun est un omnivore typique, mais surtout un v\u00e9g\u00e9tarien. Il se nourrit de baies, de racines, de fruits, de bourgeons, de graines et d\u2019herbe. En outre, il se r\u00e9gale d\u2019insectes ou des larves de ceux-ci et il adore le miel des abeilles sauvages. Parfois, il se comporte aussi en pr\u00e9dateur lorsqu\u2019il s\u2019attaque \u00e0 des animaux p\u00e2turant dans des espaces non prot\u00e9g\u00e9s comme les moutons et les bovins. Il ne d\u00e9daigne pas non plus les carcasses de gibier mort.<\/p>\n<h2>Reproduction et vie sociale<\/h2>\n<p>En dehors de la p\u00e9riode de reproduction (l\u2019accouplement a lieu en mai ou juin), les ours bruns vivent en solitaire dans des secteurs plus ou moins d\u00e9limit\u00e9s. Apr\u00e8s une p\u00e9riode de gestation de 7 \u00e0 8 mois, l\u2019ourse met au monde 2 ou 3 oursons d\u2019environ 300 grammes chacun dans une tani\u00e8re qu\u2019elle a creus\u00e9e elle-m\u00eame. Les petits sont aveugles \u00e0 la naissance. Ils n\u2019ouvrent les yeux qu\u2019apr\u00e8s environ 4 semaines et sont allait\u00e9s pendant 4 mois. L\u2019ourse garde ses petits aupr\u00e8s d\u2019elle pendant deux \u00e0 trois ans. Durant cette phase, elle \u00e9vite strictement les m\u00e2les. Les petits apprennent de leur m\u00e8re tous les comportements n\u00e9cessaires \u00e0 leur survie. Apr\u00e8s cette p\u00e9riode, les jeunes vagabondent jusqu\u2019\u00e0 leur maturit\u00e9 sexuelle, qu\u2019ils atteignent \u00e0 l\u2019\u00e2ge de trois \u00e0 quatre ans. Une femelle peut mettre bas jusqu\u2019\u00e0 dix fois. En captivit\u00e9, l\u2019ours brun peut vivre jusqu\u2019\u00e0 trente ans.[\/vc_column_text][\/vc_column][\/vc_row][vc_row][vc_column][vc_column_text]<section class=\"section no-padding-bottom page-suggestion-container\">\n            <div class=\"container\">\n                <div class=\"row bottom-50\">\n                    <div class=\"col-12\">\n                        <div class=\"heading heading--primary heading--center\">\n                            <h2 class=\"heading__title no-margin-bottom\"><span>Autres Th\u00e8mes<\/span><\/h2>\n                        <\/div>\n                    <\/div>\n                <\/div>\n                <div class=\"row\"><div class=\"col-md-6 col-xl-4 \">\n                        <div class=\"service-content\" tabindex=\"0\" role=\"link\" onclick=\"suggestionLinkfunction(this);\" data-href=\"https:\/\/tierpark-bern.ch\/fr\/parc-aux-ours\/les-habitants-du-parc-aux-ours\/\">\n                            <img decoding=\"async\" src=\"https:\/\/tierpark-bern.ch\/web\/app\/uploads\/2020\/07\/ursina-baerenpark-50-bern-schweiz-386x230.jpg\" alt=\"\"\/>\n                                <div class=\"service-desc\">\n                                    <div class=\"vcenter\">\n                                        <div class=\"titel\">Les habitants du Parc aux ours<\/div>\n                                    <\/div>\n                                <\/div>\n                        <\/div>\n                    <\/div><div class=\"col-md-6 col-xl-4 \">\n                        <div class=\"service-content\" tabindex=\"0\" role=\"link\" onclick=\"suggestionLinkfunction(this);\" data-href=\"https:\/\/tierpark-bern.ch\/fr\/parc-aux-ours\/berne-et-les-ours\/\">\n                            <img decoding=\"async\" src=\"https:\/\/tierpark-bern.ch\/web\/app\/uploads\/2020\/07\/ursina-baerenpark-51-bern-schweiz-386x230.jpg\" alt=\"\"\/>\n                                <div class=\"service-desc\">\n                                    <div class=\"vcenter\">\n                                        <div class=\"titel\">Berne et les ours<\/div>\n                                    <\/div>\n                                <\/div>\n                        <\/div>\n                    <\/div><div class=\"col-md-6 col-xl-4 \">\n                        <div class=\"service-content\" tabindex=\"0\" role=\"link\" onclick=\"suggestionLinkfunction(this);\" data-href=\"https:\/\/tierpark-bern.ch\/fr\/parc-aux-ours\/acces\/\">\n                            <img decoding=\"async\" src=\"https:\/\/tierpark-bern.ch\/web\/app\/uploads\/2020\/07\/finn-baerenpark-53-bern-schweiz-386x230.jpg\" alt=\"\"\/>\n                                <div class=\"service-desc\">\n                                    <div class=\"vcenter\">\n                                        <div class=\"titel\">Acc\u00e8s au Parc aux ours<\/div>\n                                    <\/div>\n                                <\/div>\n                        <\/div>\n                    <\/div><\/div>\n            <\/div>\n        <\/section>[\/vc_column_text][\/vc_column][\/vc_row]<\/p>\n<\/div>","protected":false},"excerpt":{"rendered":"<p>Longueur du corps 170 \u00e0 220 cm, poids 100 \u00e0 340 kg, couleur du pelage allant du brun clair au brun presque noir. <\/p>\n","protected":false},"author":1,"featured_media":22245,"parent":45683,"menu_order":0,"comment_status":"closed","ping_status":"closed","template":"","meta":{"_acf_changed":false,"footnotes":""},"class_list":["post-45658","page","type-page","status-publish","has-post-thumbnail","hentry"],"acf":[],"yoast_head":"<title>Biologie de l\u2019ours brun | Tierpark Bern<\/title>\n<meta name=\"description\" content=\"Longueur du corps 170 \u00e0 220 cm, poids 100 \u00e0 340 kg, couleur du pelage allant du brun clair au brun presque noir.\" \/>\n<meta name=\"robots\" content=\"index, follow, max-snippet:-1, max-image-preview:large, max-video-preview:-1\" \/>\n<link rel=\"canonical\" href=\"https:\/\/tierpark-bern.ch\/fr\/parc-aux-ours\/les-habitants-du-parc-aux-ours\/biologie-de-lours-brun\/\" \/>\n<meta property=\"og:locale\" content=\"fr_FR\" \/>\n<meta property=\"og:type\" content=\"article\" \/>\n<meta property=\"og:title\" content=\"Biologie de l\u2019ours brun | Tierpark Bern\" \/>\n<meta property=\"og:description\" content=\"Longueur du corps 170 \u00e0 220 cm, poids 100 \u00e0 340 kg, couleur du pelage allant du brun clair au brun presque noir.\" \/>\n<meta property=\"og:url\" content=\"https:\/\/tierpark-bern.ch\/fr\/parc-aux-ours\/les-habitants-du-parc-aux-ours\/biologie-de-lours-brun\/\" \/>\n<meta property=\"og:site_name\" content=\"Tierpark Bern\" \/>\n<meta property=\"article:publisher\" content=\"https:\/\/www.facebook.com\/tierparkbern\/\" \/>\n<meta property=\"article:modified_time\" content=\"2022-08-01T15:19:46+00:00\" \/>\n<meta property=\"og:image\" content=\"https:\/\/tierpark-bern.ch\/web\/app\/uploads\/2020\/07\/baeren-park-44-bern-schweiz.jpg\" \/>\n\t<meta property=\"og:image:width\" content=\"1500\" \/>\n\t<meta property=\"og:image:height\" content=\"998\" \/>\n\t<meta property=\"og:image:type\" content=\"image\/jpeg\" \/>\n<script type=\"application\/ld+json\" class=\"yoast-schema-graph\">{\"@context\":\"https:\/\/schema.org\",\"@graph\":[{\"@type\":\"WebPage\",\"@id\":\"https:\/\/tierpark-bern.ch\/fr\/parc-aux-ours\/les-habitants-du-parc-aux-ours\/biologie-de-lours-brun\/\",\"url\":\"https:\/\/tierpark-bern.ch\/fr\/parc-aux-ours\/les-habitants-du-parc-aux-ours\/biologie-de-lours-brun\/\",\"name\":\"Biologie de l\u2019ours brun | Tierpark Bern\",\"isPartOf\":{\"@id\":\"https:\/\/tierpark-bern.ch\/fr\/#website\"},\"primaryImageOfPage\":{\"@id\":\"https:\/\/tierpark-bern.ch\/fr\/parc-aux-ours\/les-habitants-du-parc-aux-ours\/biologie-de-lours-brun\/#primaryimage\"},\"image\":{\"@id\":\"https:\/\/tierpark-bern.ch\/fr\/parc-aux-ours\/les-habitants-du-parc-aux-ours\/biologie-de-lours-brun\/#primaryimage\"},\"thumbnailUrl\":\"https:\/\/tierpark-bern.ch\/web\/app\/uploads\/2020\/07\/baeren-park-44-bern-schweiz.jpg\",\"datePublished\":\"2020-08-28T10:42:23+00:00\",\"dateModified\":\"2022-08-01T15:19:46+00:00\",\"description\":\"Longueur du corps 170 \u00e0 220 cm, poids 100 \u00e0 340 kg, couleur du pelage allant du brun clair au brun presque noir.\",\"breadcrumb\":{\"@id\":\"https:\/\/tierpark-bern.ch\/fr\/parc-aux-ours\/les-habitants-du-parc-aux-ours\/biologie-de-lours-brun\/#breadcrumb\"},\"inLanguage\":\"fr-FR\",\"potentialAction\":[{\"@type\":\"ReadAction\",\"target\":[\"https:\/\/tierpark-bern.ch\/fr\/parc-aux-ours\/les-habitants-du-parc-aux-ours\/biologie-de-lours-brun\/\"]}]},{\"@type\":\"ImageObject\",\"inLanguage\":\"fr-FR\",\"@id\":\"https:\/\/tierpark-bern.ch\/fr\/parc-aux-ours\/les-habitants-du-parc-aux-ours\/biologie-de-lours-brun\/#primaryimage\",\"url\":\"https:\/\/tierpark-bern.ch\/web\/app\/uploads\/2020\/07\/baeren-park-44-bern-schweiz.jpg\",\"contentUrl\":\"https:\/\/tierpark-bern.ch\/web\/app\/uploads\/2020\/07\/baeren-park-44-bern-schweiz.jpg\",\"width\":1500,\"height\":998},{\"@type\":\"BreadcrumbList\",\"@id\":\"https:\/\/tierpark-bern.ch\/fr\/parc-aux-ours\/les-habitants-du-parc-aux-ours\/biologie-de-lours-brun\/#breadcrumb\",\"itemListElement\":[{\"@type\":\"ListItem\",\"position\":1,\"name\":\"Home\",\"item\":\"https:\/\/tierpark-bern.ch\/fr\/home\/\"},{\"@type\":\"ListItem\",\"position\":2,\"name\":\"Parc aux ours\",\"item\":\"https:\/\/tierpark-bern.ch\/fr\/parc-aux-ours\/\"},{\"@type\":\"ListItem\",\"position\":3,\"name\":\"Les habitants du Parc aux ours\",\"item\":\"https:\/\/tierpark-bern.ch\/fr\/parc-aux-ours\/les-habitants-du-parc-aux-ours\/\"},{\"@type\":\"ListItem\",\"position\":4,\"name\":\"Biologie de l\u2019ours brun\"}]},{\"@type\":\"WebSite\",\"@id\":\"https:\/\/tierpark-bern.ch\/fr\/#website\",\"url\":\"https:\/\/tierpark-bern.ch\/fr\/\",\"name\":\"Tierpark Bern\",\"description\":\"\",\"publisher\":{\"@id\":\"https:\/\/tierpark-bern.ch\/fr\/#organization\"},\"potentialAction\":[{\"@type\":\"SearchAction\",\"target\":{\"@type\":\"EntryPoint\",\"urlTemplate\":\"https:\/\/tierpark-bern.ch\/fr\/?s={search_term_string}\"},\"query-input\":{\"@type\":\"PropertyValueSpecification\",\"valueRequired\":true,\"valueName\":\"search_term_string\"}}],\"inLanguage\":\"fr-FR\"},{\"@type\":\"Organization\",\"@id\":\"https:\/\/tierpark-bern.ch\/fr\/#organization\",\"name\":\"Tierpark Bern | D\u00e4hlh\u00f6lzli + B\u00e4renPark\",\"alternateName\":\"Tierpark Bern\",\"url\":\"https:\/\/tierpark-bern.ch\/fr\/\",\"logo\":{\"@type\":\"ImageObject\",\"inLanguage\":\"fr-FR\",\"@id\":\"https:\/\/tierpark-bern.ch\/fr\/#\/schema\/logo\/image\/\",\"url\":\"https:\/\/tierpark-bern.ch\/web\/app\/uploads\/2024\/04\/tierpark-bern-696x696-1.jpg\",\"contentUrl\":\"https:\/\/tierpark-bern.ch\/web\/app\/uploads\/2024\/04\/tierpark-bern-696x696-1.jpg\",\"width\":696,\"height\":696,\"caption\":\"Tierpark Bern | D\u00e4hlh\u00f6lzli + B\u00e4renPark\"},\"image\":{\"@id\":\"https:\/\/tierpark-bern.ch\/fr\/#\/schema\/logo\/image\/\"},\"sameAs\":[\"https:\/\/www.facebook.com\/tierparkbern\/\",\"https:\/\/x.com\/tierparkbern\",\"https:\/\/www.instagram.com\/tierparkbern\/\"]}]}<\/script>","yoast_head_json":{"title":"Biologie de l\u2019ours brun | Tierpark Bern","description":"Longueur du corps 170 \u00e0 220 cm, poids 100 \u00e0 340 kg, couleur du pelage allant du brun clair au brun presque noir.","robots":{"index":"index","follow":"follow","max-snippet":"max-snippet:-1","max-image-preview":"max-image-preview:large","max-video-preview":"max-video-preview:-1"},"canonical":"https:\/\/tierpark-bern.ch\/fr\/parc-aux-ours\/les-habitants-du-parc-aux-ours\/biologie-de-lours-brun\/","og_locale":"fr_FR","og_type":"article","og_title":"Biologie de l\u2019ours brun | Tierpark Bern","og_description":"Longueur du corps 170 \u00e0 220 cm, poids 100 \u00e0 340 kg, couleur du pelage allant du brun clair au brun presque noir.","og_url":"https:\/\/tierpark-bern.ch\/fr\/parc-aux-ours\/les-habitants-du-parc-aux-ours\/biologie-de-lours-brun\/","og_site_name":"Tierpark Bern","article_publisher":"https:\/\/www.facebook.com\/tierparkbern\/","article_modified_time":"2022-08-01T15:19:46+00:00","og_image":[{"width":1500,"height":998,"url":"https:\/\/tierpark-bern.ch\/web\/app\/uploads\/2020\/07\/baeren-park-44-bern-schweiz.jpg","type":"image\/jpeg"}],"schema":{"@context":"https:\/\/schema.org","@graph":[{"@type":"WebPage","@id":"https:\/\/tierpark-bern.ch\/fr\/parc-aux-ours\/les-habitants-du-parc-aux-ours\/biologie-de-lours-brun\/","url":"https:\/\/tierpark-bern.ch\/fr\/parc-aux-ours\/les-habitants-du-parc-aux-ours\/biologie-de-lours-brun\/","name":"Biologie de l\u2019ours brun | Tierpark Bern","isPartOf":{"@id":"https:\/\/tierpark-bern.ch\/fr\/#website"},"primaryImageOfPage":{"@id":"https:\/\/tierpark-bern.ch\/fr\/parc-aux-ours\/les-habitants-du-parc-aux-ours\/biologie-de-lours-brun\/#primaryimage"},"image":{"@id":"https:\/\/tierpark-bern.ch\/fr\/parc-aux-ours\/les-habitants-du-parc-aux-ours\/biologie-de-lours-brun\/#primaryimage"},"thumbnailUrl":"https:\/\/tierpark-bern.ch\/web\/app\/uploads\/2020\/07\/baeren-park-44-bern-schweiz.jpg","datePublished":"2020-08-28T10:42:23+00:00","dateModified":"2022-08-01T15:19:46+00:00","description":"Longueur du corps 170 \u00e0 220 cm, poids 100 \u00e0 340 kg, couleur du pelage allant du brun clair au brun presque noir.","breadcrumb":{"@id":"https:\/\/tierpark-bern.ch\/fr\/parc-aux-ours\/les-habitants-du-parc-aux-ours\/biologie-de-lours-brun\/#breadcrumb"},"inLanguage":"fr-FR","potentialAction":[{"@type":"ReadAction","target":["https:\/\/tierpark-bern.ch\/fr\/parc-aux-ours\/les-habitants-du-parc-aux-ours\/biologie-de-lours-brun\/"]}]},{"@type":"ImageObject","inLanguage":"fr-FR","@id":"https:\/\/tierpark-bern.ch\/fr\/parc-aux-ours\/les-habitants-du-parc-aux-ours\/biologie-de-lours-brun\/#primaryimage","url":"https:\/\/tierpark-bern.ch\/web\/app\/uploads\/2020\/07\/baeren-park-44-bern-schweiz.jpg","contentUrl":"https:\/\/tierpark-bern.ch\/web\/app\/uploads\/2020\/07\/baeren-park-44-bern-schweiz.jpg","width":1500,"height":998},{"@type":"BreadcrumbList","@id":"https:\/\/tierpark-bern.ch\/fr\/parc-aux-ours\/les-habitants-du-parc-aux-ours\/biologie-de-lours-brun\/#breadcrumb","itemListElement":[{"@type":"ListItem","position":1,"name":"Home","item":"https:\/\/tierpark-bern.ch\/fr\/home\/"},{"@type":"ListItem","position":2,"name":"Parc aux ours","item":"https:\/\/tierpark-bern.ch\/fr\/parc-aux-ours\/"},{"@type":"ListItem","position":3,"name":"Les habitants du Parc aux ours","item":"https:\/\/tierpark-bern.ch\/fr\/parc-aux-ours\/les-habitants-du-parc-aux-ours\/"},{"@type":"ListItem","position":4,"name":"Biologie de l\u2019ours brun"}]},{"@type":"WebSite","@id":"https:\/\/tierpark-bern.ch\/fr\/#website","url":"https:\/\/tierpark-bern.ch\/fr\/","name":"Tierpark Bern","description":"","publisher":{"@id":"https:\/\/tierpark-bern.ch\/fr\/#organization"},"potentialAction":[{"@type":"SearchAction","target":{"@type":"EntryPoint","urlTemplate":"https:\/\/tierpark-bern.ch\/fr\/?s={search_term_string}"},"query-input":{"@type":"PropertyValueSpecification","valueRequired":true,"valueName":"search_term_string"}}],"inLanguage":"fr-FR"},{"@type":"Organization","@id":"https:\/\/tierpark-bern.ch\/fr\/#organization","name":"Tierpark Bern | D\u00e4hlh\u00f6lzli + B\u00e4renPark","alternateName":"Tierpark Bern","url":"https:\/\/tierpark-bern.ch\/fr\/","logo":{"@type":"ImageObject","inLanguage":"fr-FR","@id":"https:\/\/tierpark-bern.ch\/fr\/#\/schema\/logo\/image\/","url":"https:\/\/tierpark-bern.ch\/web\/app\/uploads\/2024\/04\/tierpark-bern-696x696-1.jpg","contentUrl":"https:\/\/tierpark-bern.ch\/web\/app\/uploads\/2024\/04\/tierpark-bern-696x696-1.jpg","width":696,"height":696,"caption":"Tierpark Bern | D\u00e4hlh\u00f6lzli + B\u00e4renPark"},"image":{"@id":"https:\/\/tierpark-bern.ch\/fr\/#\/schema\/logo\/image\/"},"sameAs":["https:\/\/www.facebook.com\/tierparkbern\/","https:\/\/x.com\/tierparkbern","https:\/\/www.instagram.com\/tierparkbern\/"]}]}},"_links":{"self":[{"href":"https:\/\/tierpark-bern.ch\/fr\/wp-json\/wp\/v2\/pages\/45658","targetHints":{"allow":["GET"]}}],"collection":[{"href":"https:\/\/tierpark-bern.ch\/fr\/wp-json\/wp\/v2\/pages"}],"about":[{"href":"https:\/\/tierpark-bern.ch\/fr\/wp-json\/wp\/v2\/types\/page"}],"author":[{"embeddable":true,"href":"https:\/\/tierpark-bern.ch\/fr\/wp-json\/wp\/v2\/users\/1"}],"replies":[{"embeddable":true,"href":"https:\/\/tierpark-bern.ch\/fr\/wp-json\/wp\/v2\/comments?post=45658"}],"version-history":[{"count":0,"href":"https:\/\/tierpark-bern.ch\/fr\/wp-json\/wp\/v2\/pages\/45658\/revisions"}],"up":[{"embeddable":true,"href":"https:\/\/tierpark-bern.ch\/fr\/wp-json\/wp\/v2\/pages\/45683"}],"wp:featuredmedia":[{"embeddable":true,"href":"https:\/\/tierpark-bern.ch\/fr\/wp-json\/wp\/v2\/media\/22245"}],"wp:attachment":[{"href":"https:\/\/tierpark-bern.ch\/fr\/wp-json\/wp\/v2\/media?parent=45658"}],"curies":[{"name":"wp","href":"https:\/\/api.w.org\/{rel}","templated":true}]}}