{"id":45674,"date":"2021-08-18T10:54:14","date_gmt":"2021-08-18T08:54:14","guid":{"rendered":"https:\/\/tierpark-bern.ch\/?page_id=45674"},"modified":"2023-11-21T11:34:37","modified_gmt":"2023-11-21T10:34:37","slug":"accessibilite-du-parc-aux-ours","status":"publish","type":"page","link":"https:\/\/tierpark-bern.ch\/fr\/parc-aux-ours\/accessibilite-du-parc-aux-ours\/","title":{"rendered":"Accessibilit\u00e9 du parc aux ours"},"content":{"rendered":"<div class=\"wpb-content-wrapper\"><p>[vc_row][vc_column][vc_column_text]<\/p>\n<h1>Promenade sans encombre \u00e0 travers le Parc aux ours<\/h1>\n<p>Que vous vous d\u00e9placiez \u00e0 pied, avec une poussette ou en fauteuil roulant, le Parc aux ours est accessible sans encombre et, gr\u00e2ce au \u00abB\u00e4reb\u00e4hnli\u00bb qui descend jusqu\u2019aux rives de l\u2019Aar, il peut \u00eatre parcouru en tous sens par les personnes en fauteuil roulant. Ce funiculaire panoramique gratuit se trouve \u00e0 l\u2019extr\u00e9mit\u00e9 sud du Parc aux ours et relie l\u2019all\u00e9e pav\u00e9e sup\u00e9rieure au chemin longeant les berges de l\u2019Aar.[\/vc_column_text][vc_column_text]<\/p>\n<h2>Manifestations, expositions et activit\u00e9s ouvertes \u00e0 tous<\/h2>\n<p>Sur notre site web, nous indiquons quelles activit\u00e9s sont accessibles aux personnes souffrant d\u2019un handicap. Ces activit\u00e9s sont signal\u00e9es par des pictogrammes, qui permettent de faire la distinction entre les diff\u00e9rentes cat\u00e9gories de personnes concern\u00e9es, suivant que celles-ci ont un probl\u00e8me de vue, d\u2019audition ou de mobilit\u00e9. De plus, un pictogramme permet de reconna\u00eetre les activit\u00e9s qui sont d\u00e9crites dans un langage facile \u00e0 comprendre ainsi que celles qui sont sp\u00e9cialement destin\u00e9es aux enfants.[\/vc_column_text][\/vc_column][\/vc_row][vc_row][vc_column][vc_column_text]<\/p>\n<h2>L\u2019accessibilit\u00e9 en d\u00e9tail<\/h2>\n<p>[\/vc_column_text][\/vc_column][\/vc_row][vc_row][vc_column width=&#8221;1\/2&#8243;][vc_row_inner el_class=&#8221;barrier_icon_desc&#8221;][vc_column_inner width=&#8221;1\/6&#8243;][vc_single_image image=&#8221;17007&#8243; img_size=&#8221;70X70&#8243; css=&#8221;.vc_custom_1638878441231{margin-bottom: 15px !important;}&#8221;][\/vc_column_inner][vc_column_inner width=&#8221;5\/6&#8243;][vc_column_text css=&#8221;.vc_custom_1648224292835{margin-bottom: 10px !important;}&#8221;]<\/p>\n<h3>Personnes \u00e0 mobilit\u00e9 r\u00e9duite<\/h3>\n<p>Activit\u00e9s accessibles aux personnes \u00e0 mobilit\u00e9 r\u00e9duite.[\/vc_column_text][\/vc_column_inner][\/vc_row_inner][\/vc_column][vc_column width=&#8221;1\/2&#8243;][vc_row_inner el_class=&#8221;barrier_icon_desc&#8221;][vc_column_inner width=&#8221;1\/6&#8243;][vc_single_image image=&#8221;16995&#8243; img_size=&#8221;70&#215;70&#8243; css=&#8221;.vc_custom_1638878458354{margin-bottom: 15px !important;}&#8221;][\/vc_column_inner][vc_column_inner width=&#8221;5\/6&#8243;][vc_column_text css=&#8221;.vc_custom_1643115315420{margin-bottom: 10px !important;}&#8221;]<\/p>\n<h3>Personnes souffrant d\u2019un handicap visuel<\/h3>\n<p>Activit\u00e9s accessibles aux personnes aveugles ou malvoyantes.[\/vc_column_text][\/vc_column_inner][\/vc_row_inner][\/vc_column][\/vc_row][vc_row][vc_column width=&#8221;1\/2&#8243;][vc_row_inner el_class=&#8221;barrier_icon_desc&#8221;][vc_column_inner width=&#8221;1\/6&#8243;][vc_single_image image=&#8221;17003&#8243; img_size=&#8221;70X70&#8243; css=&#8221;.vc_custom_1638878476487{margin-bottom: 15px !important;}&#8221;][\/vc_column_inner][vc_column_inner width=&#8221;5\/6&#8243;][vc_column_text css=&#8221;.vc_custom_1645709011875{margin-bottom: 10px !important;}&#8221;]<\/p>\n<h3>Personnes souffrant d\u2019un handicap auditif<\/h3>\n<p>Activit\u00e9s accessibles aux personnes malentendantes.[\/vc_column_text][\/vc_column_inner][\/vc_row_inner][\/vc_column][vc_column width=&#8221;1\/2&#8243;][vc_row_inner el_class=&#8221;barrier_icon_desc&#8221;][vc_column_inner width=&#8221;1\/6&#8243;][vc_single_image image=&#8221;17011&#8243; img_size=&#8221;70&#215;70&#8243; css=&#8221;.vc_custom_1638878491405{margin-bottom: 15px !important;}&#8221;][\/vc_column_inner][vc_column_inner width=&#8221;5\/6&#8243;][vc_column_text css=&#8221;.vc_custom_1643115349933{margin-bottom: 10px !important;}&#8221;]<\/p>\n<h3>Enfants<\/h3>\n<p>Activit\u00e9s sp\u00e9cialement destin\u00e9es aux enfants[\/vc_column_text][\/vc_column_inner][\/vc_row_inner][\/vc_column][\/vc_row][vc_row][vc_column width=&#8221;1\/2&#8243;][vc_row_inner el_class=&#8221;barrier_icon_desc&#8221;][vc_column_inner width=&#8221;1\/6&#8243;][vc_single_image image=&#8221;16999&#8243; img_size=&#8221;70X70&#8243; css=&#8221;.vc_custom_1638878508263{margin-bottom: 15px !important;}&#8221;][\/vc_column_inner][vc_column_inner width=&#8221;5\/6&#8243;][vc_column_text css=&#8221;.vc_custom_1643115367511{margin-bottom: 10px !important;}&#8221;]<\/p>\n<h3>Langage facile \u00e0 comprendre<\/h3>\n<p>Activit\u00e9s d\u00e9crites dans un langage facile \u00e0 comprendre.[\/vc_column_text][\/vc_column_inner][\/vc_row_inner][\/vc_column][vc_column width=&#8221;1\/2&#8243;][\/vc_column][\/vc_row][vc_row][vc_column][vc_column_text]<\/p>\n<h2>Contact, acc\u00e8s<\/h2>\n<p>T\u00e9l\u00e9phone: <a href=\"tel:+41 31 321 15 15\" aria-label=\"0 3 1. 3 2 1. 1 5 1 5.\">+41 31 321 15 15<\/a><br \/>\nE-mail: <a href=\"mailto: tierpark-bern@bern.ch\">tierpark-bern@bern.ch<\/a>[\/vc_column_text][vc_column_text]<a class=\"button button--tierpark\" href=\"https:\/\/tierpark-bern.ch\/fr\/parc-zoologique-de-berne\/contact\/\" rel=\"noopener\">Formulaire de contact<\/a>[\/vc_column_text][\/vc_column][\/vc_row][vc_row][vc_column][vc_column_text]<\/p>\n<h2>Commentaires sur l\u2019accessibilit\u00e9 du site web<\/h2>\n<p>Si vous avez constat\u00e9 des lacunes dans l\u2019accessibilit\u00e9 des contenus de notre site Internet, veuillez remplir le formulaire ad hoc. Gr\u00e2ce aux remarques qui nous sont adress\u00e9es, nous disposons d\u2019informations indispensables pour continuer \u00e0 supprimer les obstacles \u00e0 l\u2019accessibilit\u00e9.[\/vc_column_text][vc_column_text]<a class=\"button button--tierpark\" href=\"https:\/\/tierpark-bern.ch\/fr\/visite-au-zoo\/accessibilite-du-parc-zoologique\/retours-dinformation-sur-laccessibilite\/\" rel=\"noopener\">Donner son avis sur le site web<\/a>[\/vc_column_text][\/vc_column][\/vc_row][vc_row][vc_column][vc_column_text]<\/p>\n<h2>Questions les plus fr\u00e9quentes sur l\u2019accessibilit\u00e9 du Parc aux ours<\/h2>\n<div class=\"faq-section top-20\">\n                <div class=\"row\">\n                    <div class=\"col-12\"><div class=\"accordion accordion--bordered\">\n                                  <div class=\"accordion__title-block\" role=\"button\">\n                                      <span class=\"accordion__title\">O\u00f9 se trouvent les places de stationnement r\u00e9serv\u00e9es aux personnes \u00e0 mobilit\u00e9 r\u00e9duite?<\/span>\n                                      <span class=\"accordion__close\"><\/span>\n                                  <\/div>\n                                  <div class=\"accordion__text-block\">\n                                       <div class=\"wpb-content-wrapper\"><p>[vc_row][vc_column][vc_column_text]Place de stationnement du B\u00e4rengraben, Kl\u00f6sterlistutz 8, 3013 Berne. <a href=\"https:\/\/map.bern.ch\/stadtplan\/?grundplan=stadtplan_farbig&amp;koor=2601590,1199826&amp;zoom=6&amp;hl=0&amp;layer=Sehenswuerdigkeit|Behindertenparkplatz&amp;subtheme=CatVerkehr\" target=\"_blank\" rel=\"noopener\">Inscrire l\u2019adresse sur le site map.bern.ch<\/a>[\/vc_column_text][\/vc_column][\/vc_row]<\/p>\n<\/div>\n                                  <\/div>\n                              <\/div><div class=\"accordion accordion--bordered\">\n                                  <div class=\"accordion__title-block\" role=\"button\">\n                                      <span class=\"accordion__title\">O\u00f9 se trouvent les toilettes du Parc aux ours qui sont accessibles aux personnes \u00e0 mobilit\u00e9 r\u00e9duite?<\/span>\n                                      <span class=\"accordion__close\"><\/span>\n                                  <\/div>\n                                  <div class=\"accordion__text-block\">\n                                       <p><p>Des toilettes publiques se trouvent dans le b\u00e2timent du restaurant \u00abAltes Tramdepot\u00bb, Grosser Muristalden 6, 3006 Berne. Celles-ci sont surveill\u00e9es 24 heures sur 24 par du personnel. Les portes en verre d\u00e9poli s\u2019ouvrent gr\u00e2ce \u00e0 un d\u00e9tecteur de mouvement.<\/p>\n<\/p>\n                                  <\/div>\n                              <\/div><div class=\"accordion accordion--bordered\">\n                                  <div class=\"accordion__title-block\" role=\"button\">\n                                      <span class=\"accordion__title\">Le Parc aux ours est-il accessible aux personnes souffrant d\u2019un handicap?<\/span>\n                                      <span class=\"accordion__close\"><\/span>\n                                  <\/div>\n                                  <div class=\"accordion__text-block\">\n                                       <p><p>Oui, le Parc aux ours est accessible sans encombre. Depuis 2015, le Parc aux ours dispose du \u00abB\u00e4reb\u00e4hnli\u00bb, funiculaire panoramique accessible en fauteuil roulant. Ce funiculaire gratuit offre une liaison rapide entre les rives de l\u2019Aar et la partie sup\u00e9rieure du parc. Il procure la sensation unique de planer \u00e0 travers le Parc aux ours!<\/p>\n<\/p>\n                                  <\/div>\n                              <\/div><div class=\"accordion accordion--bordered\">\n                                  <div class=\"accordion__title-block\" role=\"button\">\n                                      <span class=\"accordion__title\">Puis-je visiter le Parc aux ours sans encombre si j\u2019ai une mobilit\u00e9 r\u00e9duite ou une poussette?<\/span>\n                                      <span class=\"accordion__close\"><\/span>\n                                  <\/div>\n                                  <div class=\"accordion__text-block\">\n                                       <p><p>Oui, le \u00abB\u00e4reb\u00e4hnli\u00bb permet d\u2019acc\u00e9der sans encombre \u00e0 l\u2019Aar en longeant le Parc aux ours. Le funiculaire se trouve \u00e0 l\u2019extr\u00e9mit\u00e9 sud du Parc aux ours et relie l\u2019all\u00e9e pav\u00e9e sup\u00e9rieure au chemin longeant les berges de l\u2019Aar. Le \u00abB\u00e4reb\u00e4hnli\u00bb permet aux personnes \u00e0 mobilit\u00e9 r\u00e9duite et aux familles avec poussette de visiter sans encombre le Parc aux ours.<\/p>\n<\/p>\n                                  <\/div>\n                              <\/div><div class=\"accordion accordion--bordered\">\n                                  <div class=\"accordion__title-block\" role=\"button\">\n                                      <span class=\"accordion__title\">Combien co\u00fbte un trajet avec le \u00abB\u00e4reb\u00e4hnli\u00bb (funiculaire)?<\/span>\n                                      <span class=\"accordion__close\"><\/span>\n                                  <\/div>\n                                  <div class=\"accordion__text-block\">\n                                       <p><p>Le funiculaire panoramique est gratuit. Il descend jusqu\u2019au bord de l\u2019Aar.<\/p>\n<\/p>\n                                  <\/div>\n                              <\/div><\/div>\n                <\/div>\n            <\/div>[\/vc_column_text][\/vc_column][\/vc_row][vc_row][vc_column][vc_empty_space][\/vc_column][\/vc_row][vc_row][vc_column][vc_column_text]<\/p>\n<div class=\"zoo-link-info\">\n<div class=\"container\">\n<div class=\"row\">\n<div class=\"col-md-8 col-sm-12\">\n<div class=\"zoo-link-text-container\"><span class=\"zoo-link-text\">Avez-vous besoin d\u2019informations sur l\u2019accessibilit\u00e9 du parc zoologique?<\/span><\/div>\n<\/div>\n<div class=\"col-md-4 col-sm-12 zoo-link-btn-container\"><span class=\"zoo-link-btn\"><a class=\"button button-zoo-info\" href=\"https:\/\/tierpark-bern.ch\/fr\/visite-au-zoo\/accessibilite-du-parc-zoologique\/\">Accessibilit\u00e9 du parc zoologique <i class=\"fa fa-long-arrow-right\"><\/i><\/a><\/span><\/div>\n<\/div>\n<\/div>\n<\/div>\n<p>[\/vc_column_text][\/vc_column][\/vc_row]<\/p>\n<\/div>","protected":false},"excerpt":{"rendered":"<p>Ce funiculaire panoramique gratuit se trouve \u00e0 l\u2019extr\u00e9mit\u00e9 sud du Parc aux ours et relie l\u2019all\u00e9e pav\u00e9e sup\u00e9rieure au chemin longeant les berges de l\u2019Aar.<\/p>\n","protected":false},"author":1,"featured_media":22295,"parent":46577,"menu_order":0,"comment_status":"closed","ping_status":"closed","template":"","meta":{"_acf_changed":false,"footnotes":""},"class_list":["post-45674","page","type-page","status-publish","has-post-thumbnail","hentry"],"acf":[],"yoast_head":"<title>Accessibilit\u00e9 du parc aux ours | Tierpark Bern<\/title>\n<meta name=\"description\" content=\"Ce funiculaire panoramique gratuit se trouve \u00e0 l\u2019extr\u00e9mit\u00e9 sud du Parc aux ours et relie l\u2019all\u00e9e pav\u00e9e sup\u00e9rieure au chemin longeant les berges de l\u2019Aar.\" \/>\n<meta name=\"robots\" content=\"index, follow, max-snippet:-1, max-image-preview:large, max-video-preview:-1\" \/>\n<link rel=\"canonical\" href=\"https:\/\/tierpark-bern.ch\/fr\/parc-aux-ours\/accessibilite-du-parc-aux-ours\/\" \/>\n<meta property=\"og:locale\" content=\"fr_FR\" \/>\n<meta property=\"og:type\" content=\"article\" \/>\n<meta property=\"og:title\" content=\"Accessibilit\u00e9 du parc aux ours | Tierpark Bern\" \/>\n<meta property=\"og:description\" content=\"Ce funiculaire panoramique gratuit se trouve \u00e0 l\u2019extr\u00e9mit\u00e9 sud du Parc aux ours et relie l\u2019all\u00e9e pav\u00e9e sup\u00e9rieure au chemin longeant les berges de l\u2019Aar.\" \/>\n<meta property=\"og:url\" content=\"https:\/\/tierpark-bern.ch\/fr\/parc-aux-ours\/accessibilite-du-parc-aux-ours\/\" \/>\n<meta property=\"og:site_name\" content=\"Tierpark Bern\" \/>\n<meta property=\"article:publisher\" content=\"https:\/\/www.facebook.com\/tierparkbern\/\" \/>\n<meta property=\"article:modified_time\" content=\"2023-11-21T10:34:37+00:00\" \/>\n<meta property=\"og:image\" content=\"https:\/\/tierpark-bern.ch\/web\/app\/uploads\/2020\/07\/ursina-baerenpark-51-bern-schweiz.jpg\" \/>\n\t<meta property=\"og:image:width\" content=\"1500\" \/>\n\t<meta property=\"og:image:height\" content=\"998\" \/>\n\t<meta property=\"og:image:type\" content=\"image\/jpeg\" \/>\n<script type=\"application\/ld+json\" class=\"yoast-schema-graph\">{\"@context\":\"https:\/\/schema.org\",\"@graph\":[{\"@type\":\"WebPage\",\"@id\":\"https:\/\/tierpark-bern.ch\/fr\/parc-aux-ours\/accessibilite-du-parc-aux-ours\/\",\"url\":\"https:\/\/tierpark-bern.ch\/fr\/parc-aux-ours\/accessibilite-du-parc-aux-ours\/\",\"name\":\"Accessibilit\u00e9 du parc aux ours | Tierpark Bern\",\"isPartOf\":{\"@id\":\"https:\/\/tierpark-bern.ch\/fr\/#website\"},\"primaryImageOfPage\":{\"@id\":\"https:\/\/tierpark-bern.ch\/fr\/parc-aux-ours\/accessibilite-du-parc-aux-ours\/#primaryimage\"},\"image\":{\"@id\":\"https:\/\/tierpark-bern.ch\/fr\/parc-aux-ours\/accessibilite-du-parc-aux-ours\/#primaryimage\"},\"thumbnailUrl\":\"https:\/\/tierpark-bern.ch\/web\/app\/uploads\/2020\/07\/ursina-baerenpark-51-bern-schweiz.jpg\",\"datePublished\":\"2021-08-18T08:54:14+00:00\",\"dateModified\":\"2023-11-21T10:34:37+00:00\",\"description\":\"Ce funiculaire panoramique gratuit se trouve \u00e0 l\u2019extr\u00e9mit\u00e9 sud du Parc aux ours et relie l\u2019all\u00e9e pav\u00e9e sup\u00e9rieure au chemin longeant les berges de l\u2019Aar.\",\"breadcrumb\":{\"@id\":\"https:\/\/tierpark-bern.ch\/fr\/parc-aux-ours\/accessibilite-du-parc-aux-ours\/#breadcrumb\"},\"inLanguage\":\"fr-FR\",\"potentialAction\":[{\"@type\":\"ReadAction\",\"target\":[\"https:\/\/tierpark-bern.ch\/fr\/parc-aux-ours\/accessibilite-du-parc-aux-ours\/\"]}]},{\"@type\":\"ImageObject\",\"inLanguage\":\"fr-FR\",\"@id\":\"https:\/\/tierpark-bern.ch\/fr\/parc-aux-ours\/accessibilite-du-parc-aux-ours\/#primaryimage\",\"url\":\"https:\/\/tierpark-bern.ch\/web\/app\/uploads\/2020\/07\/ursina-baerenpark-51-bern-schweiz.jpg\",\"contentUrl\":\"https:\/\/tierpark-bern.ch\/web\/app\/uploads\/2020\/07\/ursina-baerenpark-51-bern-schweiz.jpg\",\"width\":1500,\"height\":998,\"caption\":\"Ursina im Wasser (September 2015)\"},{\"@type\":\"BreadcrumbList\",\"@id\":\"https:\/\/tierpark-bern.ch\/fr\/parc-aux-ours\/accessibilite-du-parc-aux-ours\/#breadcrumb\",\"itemListElement\":[{\"@type\":\"ListItem\",\"position\":1,\"name\":\"Home\",\"item\":\"https:\/\/tierpark-bern.ch\/fr\/home\/\"},{\"@type\":\"ListItem\",\"position\":2,\"name\":\"Parc aux ours\",\"item\":\"https:\/\/tierpark-bern.ch\/fr\/parc-aux-ours\/\"},{\"@type\":\"ListItem\",\"position\":3,\"name\":\"Accessibilit\u00e9 du parc aux ours\"}]},{\"@type\":\"WebSite\",\"@id\":\"https:\/\/tierpark-bern.ch\/fr\/#website\",\"url\":\"https:\/\/tierpark-bern.ch\/fr\/\",\"name\":\"Tierpark Bern\",\"description\":\"\",\"publisher\":{\"@id\":\"https:\/\/tierpark-bern.ch\/fr\/#organization\"},\"potentialAction\":[{\"@type\":\"SearchAction\",\"target\":{\"@type\":\"EntryPoint\",\"urlTemplate\":\"https:\/\/tierpark-bern.ch\/fr\/?s={search_term_string}\"},\"query-input\":{\"@type\":\"PropertyValueSpecification\",\"valueRequired\":true,\"valueName\":\"search_term_string\"}}],\"inLanguage\":\"fr-FR\"},{\"@type\":\"Organization\",\"@id\":\"https:\/\/tierpark-bern.ch\/fr\/#organization\",\"name\":\"Tierpark Bern | D\u00e4hlh\u00f6lzli + B\u00e4renPark\",\"alternateName\":\"Tierpark Bern\",\"url\":\"https:\/\/tierpark-bern.ch\/fr\/\",\"logo\":{\"@type\":\"ImageObject\",\"inLanguage\":\"fr-FR\",\"@id\":\"https:\/\/tierpark-bern.ch\/fr\/#\/schema\/logo\/image\/\",\"url\":\"https:\/\/tierpark-bern.ch\/web\/app\/uploads\/2024\/04\/tierpark-bern-696x696-1.jpg\",\"contentUrl\":\"https:\/\/tierpark-bern.ch\/web\/app\/uploads\/2024\/04\/tierpark-bern-696x696-1.jpg\",\"width\":696,\"height\":696,\"caption\":\"Tierpark Bern | D\u00e4hlh\u00f6lzli + B\u00e4renPark\"},\"image\":{\"@id\":\"https:\/\/tierpark-bern.ch\/fr\/#\/schema\/logo\/image\/\"},\"sameAs\":[\"https:\/\/www.facebook.com\/tierparkbern\/\",\"https:\/\/x.com\/tierparkbern\",\"https:\/\/www.instagram.com\/tierparkbern\/\"]}]}<\/script>","yoast_head_json":{"title":"Accessibilit\u00e9 du parc aux ours | Tierpark Bern","description":"Ce funiculaire panoramique gratuit se trouve \u00e0 l\u2019extr\u00e9mit\u00e9 sud du Parc aux ours et relie l\u2019all\u00e9e pav\u00e9e sup\u00e9rieure au chemin longeant les berges de l\u2019Aar.","robots":{"index":"index","follow":"follow","max-snippet":"max-snippet:-1","max-image-preview":"max-image-preview:large","max-video-preview":"max-video-preview:-1"},"canonical":"https:\/\/tierpark-bern.ch\/fr\/parc-aux-ours\/accessibilite-du-parc-aux-ours\/","og_locale":"fr_FR","og_type":"article","og_title":"Accessibilit\u00e9 du parc aux ours | Tierpark Bern","og_description":"Ce funiculaire panoramique gratuit se trouve \u00e0 l\u2019extr\u00e9mit\u00e9 sud du Parc aux ours et relie l\u2019all\u00e9e pav\u00e9e sup\u00e9rieure au chemin longeant les berges de l\u2019Aar.","og_url":"https:\/\/tierpark-bern.ch\/fr\/parc-aux-ours\/accessibilite-du-parc-aux-ours\/","og_site_name":"Tierpark Bern","article_publisher":"https:\/\/www.facebook.com\/tierparkbern\/","article_modified_time":"2023-11-21T10:34:37+00:00","og_image":[{"width":1500,"height":998,"url":"https:\/\/tierpark-bern.ch\/web\/app\/uploads\/2020\/07\/ursina-baerenpark-51-bern-schweiz.jpg","type":"image\/jpeg"}],"schema":{"@context":"https:\/\/schema.org","@graph":[{"@type":"WebPage","@id":"https:\/\/tierpark-bern.ch\/fr\/parc-aux-ours\/accessibilite-du-parc-aux-ours\/","url":"https:\/\/tierpark-bern.ch\/fr\/parc-aux-ours\/accessibilite-du-parc-aux-ours\/","name":"Accessibilit\u00e9 du parc aux ours | Tierpark Bern","isPartOf":{"@id":"https:\/\/tierpark-bern.ch\/fr\/#website"},"primaryImageOfPage":{"@id":"https:\/\/tierpark-bern.ch\/fr\/parc-aux-ours\/accessibilite-du-parc-aux-ours\/#primaryimage"},"image":{"@id":"https:\/\/tierpark-bern.ch\/fr\/parc-aux-ours\/accessibilite-du-parc-aux-ours\/#primaryimage"},"thumbnailUrl":"https:\/\/tierpark-bern.ch\/web\/app\/uploads\/2020\/07\/ursina-baerenpark-51-bern-schweiz.jpg","datePublished":"2021-08-18T08:54:14+00:00","dateModified":"2023-11-21T10:34:37+00:00","description":"Ce funiculaire panoramique gratuit se trouve \u00e0 l\u2019extr\u00e9mit\u00e9 sud du Parc aux ours et relie l\u2019all\u00e9e pav\u00e9e sup\u00e9rieure au chemin longeant les berges de l\u2019Aar.","breadcrumb":{"@id":"https:\/\/tierpark-bern.ch\/fr\/parc-aux-ours\/accessibilite-du-parc-aux-ours\/#breadcrumb"},"inLanguage":"fr-FR","potentialAction":[{"@type":"ReadAction","target":["https:\/\/tierpark-bern.ch\/fr\/parc-aux-ours\/accessibilite-du-parc-aux-ours\/"]}]},{"@type":"ImageObject","inLanguage":"fr-FR","@id":"https:\/\/tierpark-bern.ch\/fr\/parc-aux-ours\/accessibilite-du-parc-aux-ours\/#primaryimage","url":"https:\/\/tierpark-bern.ch\/web\/app\/uploads\/2020\/07\/ursina-baerenpark-51-bern-schweiz.jpg","contentUrl":"https:\/\/tierpark-bern.ch\/web\/app\/uploads\/2020\/07\/ursina-baerenpark-51-bern-schweiz.jpg","width":1500,"height":998,"caption":"Ursina im Wasser (September 2015)"},{"@type":"BreadcrumbList","@id":"https:\/\/tierpark-bern.ch\/fr\/parc-aux-ours\/accessibilite-du-parc-aux-ours\/#breadcrumb","itemListElement":[{"@type":"ListItem","position":1,"name":"Home","item":"https:\/\/tierpark-bern.ch\/fr\/home\/"},{"@type":"ListItem","position":2,"name":"Parc aux ours","item":"https:\/\/tierpark-bern.ch\/fr\/parc-aux-ours\/"},{"@type":"ListItem","position":3,"name":"Accessibilit\u00e9 du parc aux ours"}]},{"@type":"WebSite","@id":"https:\/\/tierpark-bern.ch\/fr\/#website","url":"https:\/\/tierpark-bern.ch\/fr\/","name":"Tierpark Bern","description":"","publisher":{"@id":"https:\/\/tierpark-bern.ch\/fr\/#organization"},"potentialAction":[{"@type":"SearchAction","target":{"@type":"EntryPoint","urlTemplate":"https:\/\/tierpark-bern.ch\/fr\/?s={search_term_string}"},"query-input":{"@type":"PropertyValueSpecification","valueRequired":true,"valueName":"search_term_string"}}],"inLanguage":"fr-FR"},{"@type":"Organization","@id":"https:\/\/tierpark-bern.ch\/fr\/#organization","name":"Tierpark Bern | D\u00e4hlh\u00f6lzli + B\u00e4renPark","alternateName":"Tierpark Bern","url":"https:\/\/tierpark-bern.ch\/fr\/","logo":{"@type":"ImageObject","inLanguage":"fr-FR","@id":"https:\/\/tierpark-bern.ch\/fr\/#\/schema\/logo\/image\/","url":"https:\/\/tierpark-bern.ch\/web\/app\/uploads\/2024\/04\/tierpark-bern-696x696-1.jpg","contentUrl":"https:\/\/tierpark-bern.ch\/web\/app\/uploads\/2024\/04\/tierpark-bern-696x696-1.jpg","width":696,"height":696,"caption":"Tierpark Bern | D\u00e4hlh\u00f6lzli + B\u00e4renPark"},"image":{"@id":"https:\/\/tierpark-bern.ch\/fr\/#\/schema\/logo\/image\/"},"sameAs":["https:\/\/www.facebook.com\/tierparkbern\/","https:\/\/x.com\/tierparkbern","https:\/\/www.instagram.com\/tierparkbern\/"]}]}},"_links":{"self":[{"href":"https:\/\/tierpark-bern.ch\/fr\/wp-json\/wp\/v2\/pages\/45674","targetHints":{"allow":["GET"]}}],"collection":[{"href":"https:\/\/tierpark-bern.ch\/fr\/wp-json\/wp\/v2\/pages"}],"about":[{"href":"https:\/\/tierpark-bern.ch\/fr\/wp-json\/wp\/v2\/types\/page"}],"author":[{"embeddable":true,"href":"https:\/\/tierpark-bern.ch\/fr\/wp-json\/wp\/v2\/users\/1"}],"replies":[{"embeddable":true,"href":"https:\/\/tierpark-bern.ch\/fr\/wp-json\/wp\/v2\/comments?post=45674"}],"version-history":[{"count":0,"href":"https:\/\/tierpark-bern.ch\/fr\/wp-json\/wp\/v2\/pages\/45674\/revisions"}],"up":[{"embeddable":true,"href":"https:\/\/tierpark-bern.ch\/fr\/wp-json\/wp\/v2\/pages\/46577"}],"wp:featuredmedia":[{"embeddable":true,"href":"https:\/\/tierpark-bern.ch\/fr\/wp-json\/wp\/v2\/media\/22295"}],"wp:attachment":[{"href":"https:\/\/tierpark-bern.ch\/fr\/wp-json\/wp\/v2\/media?parent=45674"}],"curies":[{"name":"wp","href":"https:\/\/api.w.org\/{rel}","templated":true}]}}