{"id":45683,"date":"2020-08-28T12:10:11","date_gmt":"2020-08-28T10:10:11","guid":{"rendered":"https:\/\/tierpark-bern.ch\/?page_id=45683"},"modified":"2023-04-19T08:31:20","modified_gmt":"2023-04-19T06:31:20","slug":"les-habitants-du-parc-aux-ours","status":"publish","type":"page","link":"https:\/\/tierpark-bern.ch\/fr\/parc-aux-ours\/les-habitants-du-parc-aux-ours\/","title":{"rendered":"Les habitants du Parc aux ours"},"content":{"rendered":"<div class=\"wpb-content-wrapper\"><p>[vc_row][vc_column][vc_column_text]<\/p>\n<h1>Les habitants du Parc aux ours<\/h1>\n<p>Les ours bruns sont les plus grands pr\u00e9dateurs terrestres vivant actuellement en Europe. Apprenez ici des choses int\u00e9ressantes sur leur biologie et faites plus ample connaissance avec les habitants du Parc aux ours.[\/vc_column_text][\/vc_column][\/vc_row][vc_row][vc_column][vc_column_text]<\/p>\n<h2>Bj\u00f6rk<\/h2>\n<p>\u00abBj\u00f6rk\u00bb (bouleau en su\u00e9dois) est n\u00e9e le 19 d\u00e9cembre 2000 au \u00abSkandinavisk Dyrepark Kolind\u00bb au Danemark. Le 6 mai 2004, elle est arriv\u00e9e avec sa s\u0153ur \u00abBarba\u00bb au D\u00e4hlh\u00f6lzli, le parc zoologique de Berne. \u00abBarba\u00bb a rejoint le parc naturel (Wildnispark) de Zurich &#8211; Langenberg le 10 janvier 2008, et \u00abFinn\u00bb est venu d\u2019Helsinki pour la remplacer au parc zoologique de Berne. Avec \u00abFinn\u00bb, \u00abBj\u00f6rk\u00bb a emm\u00e9nag\u00e9 au Parc aux ours d\u00e9but octobre 2009. Elle est la m\u00e8re d\u2019\u00abUrsina\u00bb et de \u00abBerna\u00bb.[\/vc_column_text][\/vc_column][\/vc_row][vc_row][vc_column width=&#8221;1\/2&#8243;][vc_single_image image=&#8221;22324&#8243; img_size=&#8221;570&#215;379&#8243; add_custom_caption_class=&#8221;yes&#8221;][vc_column_text]\u00abBj\u00f6rk\u00bb au Parc aux ours (avril 2016)[\/vc_column_text][\/vc_column][vc_column width=&#8221;1\/2&#8243;][vc_single_image image=&#8221;45170&#8243; img_size=&#8221;570&#215;379&#8243; add_custom_caption_class=&#8221;yes&#8221;][vc_column_text]\u00abBj\u00f6rk\u00bb grimpant sur un orme (mai 2013)[\/vc_column_text][\/vc_column][\/vc_row][vc_row][vc_column][vc_column_text]<\/p>\n<h2>Finn<\/h2>\n<p>\u00abFinn\u00bb est n\u00e9 le 15 janvier 2006 au Zoo d\u2019Helsinki en Finlande. Le 17 mars 2008, il est arriv\u00e9 au parc zoologique de Berne, o\u00f9 il s\u2019est d\u2019embl\u00e9e parfaitement entendu avec \u00abBj\u00f6rk\u00bb. \u00abFinn\u00bb adore se baigner. Il est le p\u00e8re d\u2019\u00abUrsina\u00bb et de \u00abBerna\u00bb.[\/vc_column_text][\/vc_column][\/vc_row][vc_row][vc_column width=&#8221;1\/2&#8243;][vc_single_image image=&#8221;22315&#8243; img_size=&#8221;570&#215;379&#8243; add_custom_caption_class=&#8221;yes&#8221;][vc_column_text]\u00abFinn\u00bb en train de nager dans le bassin du Parc aux ours (septembre 2015)[\/vc_column_text][\/vc_column][vc_column width=&#8221;1\/2&#8243;][vc_single_image image=&#8221;22320&#8243; img_size=&#8221;570&#215;379&#8243; add_custom_caption_class=&#8221;yes&#8221;][vc_column_text]\u00abFinn\u00bb au Parc aux ours (avril 2018)[\/vc_column_text][\/vc_column][\/vc_row][vc_row][vc_column][vc_column_text]<\/p>\n<h2>Ursina<\/h2>\n<p>\u00abUrsina\u00bb est la s\u0153ur jumelle de \u00abBerna\u00bb. Toutes deux sont n\u00e9es en d\u00e9cembre 2009 dans un abri hivernal du Parc aux ours. Leur m\u00e8re est \u00abBj\u00f6rk\u00bb et leur p\u00e8re \u00abFinn\u00bb. \u00abUrsina\u00bb vit avec son p\u00e8re \u00abFinn\u00bb et sa m\u00e8re \u00abBj\u00f6rk\u00bb au Parc aux ours. Elle aime jouer avec \u00abFinn\u00bb et se baigner est aussi l\u2019une de ses activit\u00e9s pr\u00e9f\u00e9r\u00e9es.[\/vc_column_text][\/vc_column][\/vc_row][vc_row][vc_column width=&#8221;1\/2&#8243;][vc_single_image image=&#8221;22277&#8243; img_size=&#8221;570&#215;379&#8243; add_custom_caption_class=&#8221;yes&#8221;][vc_column_text]\u00abUrsina\u00bb grimpe \u00e0 un arbre du Parc aux ours (avril 2018)[\/vc_column_text][\/vc_column][vc_column width=&#8221;1\/2&#8243;][vc_single_image image=&#8221;22295&#8243; img_size=&#8221;570&#215;379&#8243; add_custom_caption_class=&#8221;yes&#8221;][vc_column_text]\u00abUrsina\u00bb en train de nager (septembre 2015)[\/vc_column_text][\/vc_column][\/vc_row][vc_row][vc_column][vc_column_text]<\/p>\n<h2>Berna<\/h2>\n<p>\u00abBerna\u00bb est la s\u0153ur jumelle d\u2019\u00abUrsina\u00bb. Con\u00e7ues par \u00abBj\u00f6rk\u00bb et \u00abFinn\u00bb, les deux jumelles sont n\u00e9es dans un abri hivernal du Parc aux ours en d\u00e9cembre 2009. \u00abBerna\u00bb a quitt\u00e9 le Parc aux ours le 22 juillet 2013. En effet, suite \u00e0 des conflits croissants avec sa m\u00e8re \u00abBj\u00f6rk\u00bb, les responsables du parc ont d\u00e9cid\u00e9 de retirer \u00abBerna\u00bb du groupe. Celle-ci vit d\u00e9sormais au zoo de Dobric (Bulgarie), dans une nouvelle installation adapt\u00e9e aux animaux. Le parc zoologique de Berne a accompagn\u00e9 la construction de l\u2019installation destin\u00e9e aux ours du zoo bulgare.[\/vc_column_text][\/vc_column][\/vc_row][vc_row][vc_column width=&#8221;1\/2&#8243;][vc_single_image image=&#8221;10751&#8243; img_size=&#8221;570&#215;379&#8243; add_custom_caption_class=&#8221;yes&#8221;][vc_column_text]\u00abBerna\u00bb dans le Parc aux ours (2011)[\/vc_column_text][\/vc_column][vc_column width=&#8221;1\/2&#8243;][vc_single_image image=&#8221;22343&#8243; img_size=&#8221;570&#215;379&#8243; add_custom_caption_class=&#8221;yes&#8221;][vc_column_text]\u00abUrsina\u00bb et \u00abBj\u00f6rk\u00bb grimpent dans un arbre du Parc aux ours (2011)[\/vc_column_text][\/vc_column][\/vc_row][vc_row][vc_column][vc_empty_space][\/vc_column][\/vc_row][vc_row][vc_column][vc_column_text]<\/p>\n<div class=\"zoo-link-info\">\n<div class=\"container\">\n<div class=\"row\">\n<div class=\"col-md-8 col-sm-12\">\n<div class=\"zoo-link-text-container\"><span class=\"zoo-link-text\">Souhaitez organiser une manifestation au Parc aux ours? (en allemand seulement) <\/span><\/div>\n<\/div>\n<div class=\"col-md-4 col-sm-12 zoo-link-btn-container\"><span class=\"zoo-link-btn\"><a class=\"button button-zoo-info\" href=\"https:\/\/tierpark-bern.ch\/erlebnisse\/ihr-anlass-im-zoo\/baerenpark\/\">En savoir plus <i class=\"fa fa-long-arrow-right\"><\/i><\/a><\/span><\/div>\n<\/div>\n<\/div>\n<\/div>\n<p>[\/vc_column_text][\/vc_column][\/vc_row][vc_row][vc_column][vc_empty_space][\/vc_column][\/vc_row][vc_row][vc_column][vc_column_text]<\/p>\n<h2 style=\"text-align: center;\"><strong>AUTRES SUJETS<\/strong><\/h2>\n<p>[\/vc_column_text][\/vc_column][\/vc_row][vc_row css=&#8221;.vc_custom_1643956279482{margin-right: 0px !important;margin-left: 0px !important;padding-top: 35px !important;padding-right: 30px !important;padding-bottom: 35px !important;padding-left: 30px !important;background-color: #e5efee !important;}&#8221; el_class=&#8221;baeren-main-section&#8221;][vc_column css=&#8221;.vc_custom_1633590045645{padding-top: 0px !important;}&#8221; el_class=&#8221;zoo-wrapper&#8221;][vc_row_inner equal_height=&#8221;yes&#8221; gap=&#8221;30&#8243;][vc_column_inner width=&#8221;1\/2&#8243; css=&#8221;.vc_custom_1629893838254{padding-top: 0px !important;padding-right: 0px !important;padding-bottom: 0px !important;padding-left: 0px !important;background-color: #41572b !important;}&#8221;][vc_single_image image=&#8221;10651&#8243; img_size=&#8221;540 x 320&#8243; alignment=&#8221;center&#8221; onclick=&#8221;custom_link&#8221; link=&#8221;https:\/\/tierpark-bern.ch\/fr\/parc-aux-ours\/les-habitants-du-parc-aux-ours\/biologie-de-lours-brun\/&#8221;][vc_column_text css=&#8221;.vc_custom_1666873978920{padding-right: 30px !important;padding-left: 30px !important;}&#8221;]<\/p>\n<div class=\"zoo-news-section\">\n<h2>Biologie de l&#8217;ours brun<\/h2>\n<p>Longueur du corps 170-220 cm, poids 100-340 kg, couleur du pelage allant du brun clair au presque noir. Les jeunes portent une collerette claire.<\/p>\n<\/div>\n<p>[\/vc_column_text][vc_btn title=&#8221;En savoir plus sur la biologie de l&#8217;ours brun&#8221; style=&#8221;flat&#8221; shape=&#8221;square&#8221; color=&#8221;white&#8221; size=&#8221;lg&#8221; i_align=&#8221;right&#8221; i_icon_fontawesome=&#8221;&#8221; add_icon=&#8221;true&#8221; link=&#8221;url:https%3A%2F%2Ftierpark-bern.ch%2Ffr%2Fparc-aux-ours%2Fles-habitants-du-parc-aux-ours%2Fbiologie-de-lours-brun%2F&#8221; el_class=&#8221;btn-zoo-barenpark&#8221; css=&#8221;.vc_custom_1667346828370{padding-right: 30px !important;padding-left: 30px !important;}&#8221;][\/vc_column_inner][vc_column_inner width=&#8221;1\/2&#8243; css=&#8221;.vc_custom_1629893850947{padding-top: 0px !important;padding-right: 0px !important;padding-bottom: 0px !important;padding-left: 0px !important;background-color: #41572b !important;}&#8221;][vc_single_image image=&#8221;20332&#8243; img_size=&#8221;540 x 320&#8243; alignment=&#8221;center&#8221; onclick=&#8221;custom_link&#8221; link=&#8221;https:\/\/tierpark-bern.ch\/fr\/protection-de-la-nature-et-animaux\/enclos\/foret-des-loups-et-des-ours\/&#8221;][vc_column_text css=&#8221;.vc_custom_1666874015998{padding-right: 30px !important;padding-left: 30px !important;}&#8221;]<\/p>\n<div class=\"zoo-news-section\">\n<h2>Nos ours au D\u00e4hlh\u00f6lzli<\/h2>\n<p>D&#8217;ailleurs, on garde aussi des ours au zoo du D\u00e4hlh\u00f6lzli. Les deux ours bruns d&#8217;Ussurie y vivent avec les loups dans la for\u00eat des ours de Berne.<\/p>\n<\/div>\n<p>[\/vc_column_text][vc_btn title=&#8221;En savoir plus sur les ours du D\u00e4hlh\u00f6lzli&#8221; style=&#8221;flat&#8221; shape=&#8221;square&#8221; color=&#8221;white&#8221; size=&#8221;lg&#8221; i_align=&#8221;right&#8221; i_icon_fontawesome=&#8221;&#8221; add_icon=&#8221;true&#8221; link=&#8221;url:https%3A%2F%2Ftierpark-bern.ch%2Ffr%2Fprotection-de-la-nature-et-animaux%2Fenclos%2Fforet-des-loups-et-des-ours%2F&#8221; el_class=&#8221;btn-zoo-barenpark&#8221; css=&#8221;.vc_custom_1667346870207{padding-right: 30px !important;padding-left: 30px !important;}&#8221;][\/vc_column_inner][\/vc_row_inner][\/vc_column][\/vc_row]<\/p>\n<\/div>","protected":false},"excerpt":{"rendered":"<p>Les ours bruns sont les plus grands pr\u00e9dateurs terrestres vivant actuellement en Europe.<\/p>\n","protected":false},"author":1,"featured_media":45685,"parent":46577,"menu_order":0,"comment_status":"closed","ping_status":"closed","template":"","meta":{"_acf_changed":false,"footnotes":""},"class_list":["post-45683","page","type-page","status-publish","has-post-thumbnail","hentry"],"acf":[],"yoast_head":"<title>Les habitants du Parc aux ours | Tierpark Bern<\/title>\n<meta name=\"description\" content=\"Les ours bruns sont les plus grands pr\u00e9dateurs terrestres vivant actuellement en Europe.\" \/>\n<meta name=\"robots\" content=\"index, follow, max-snippet:-1, max-image-preview:large, max-video-preview:-1\" \/>\n<link rel=\"canonical\" href=\"https:\/\/tierpark-bern.ch\/fr\/parc-aux-ours\/les-habitants-du-parc-aux-ours\/\" \/>\n<meta property=\"og:locale\" content=\"fr_FR\" \/>\n<meta property=\"og:type\" content=\"article\" \/>\n<meta property=\"og:title\" content=\"Les habitants du Parc aux ours | Tierpark Bern\" \/>\n<meta property=\"og:description\" content=\"Les ours bruns sont les plus grands pr\u00e9dateurs terrestres vivant actuellement en Europe.\" \/>\n<meta property=\"og:url\" content=\"https:\/\/tierpark-bern.ch\/fr\/parc-aux-ours\/les-habitants-du-parc-aux-ours\/\" \/>\n<meta property=\"og:site_name\" content=\"Tierpark Bern\" \/>\n<meta property=\"article:publisher\" content=\"https:\/\/www.facebook.com\/tierparkbern\/\" \/>\n<meta property=\"article:modified_time\" content=\"2023-04-19T06:31:20+00:00\" \/>\n<meta property=\"og:image\" content=\"https:\/\/tierpark-bern.ch\/web\/app\/uploads\/2020\/07\/ursina-baerenpark-50-bern-schweiz.jpg\" \/>\n\t<meta property=\"og:image:width\" content=\"1500\" \/>\n\t<meta property=\"og:image:height\" content=\"998\" \/>\n\t<meta property=\"og:image:type\" content=\"image\/jpeg\" \/>\n<script type=\"application\/ld+json\" class=\"yoast-schema-graph\">{\"@context\":\"https:\/\/schema.org\",\"@graph\":[{\"@type\":\"WebPage\",\"@id\":\"https:\/\/tierpark-bern.ch\/fr\/parc-aux-ours\/les-habitants-du-parc-aux-ours\/\",\"url\":\"https:\/\/tierpark-bern.ch\/fr\/parc-aux-ours\/les-habitants-du-parc-aux-ours\/\",\"name\":\"Les habitants du Parc aux ours | Tierpark Bern\",\"isPartOf\":{\"@id\":\"https:\/\/tierpark-bern.ch\/fr\/#website\"},\"primaryImageOfPage\":{\"@id\":\"https:\/\/tierpark-bern.ch\/fr\/parc-aux-ours\/les-habitants-du-parc-aux-ours\/#primaryimage\"},\"image\":{\"@id\":\"https:\/\/tierpark-bern.ch\/fr\/parc-aux-ours\/les-habitants-du-parc-aux-ours\/#primaryimage\"},\"thumbnailUrl\":\"https:\/\/tierpark-bern.ch\/web\/app\/uploads\/2020\/07\/ursina-baerenpark-50-bern-schweiz.jpg\",\"datePublished\":\"2020-08-28T10:10:11+00:00\",\"dateModified\":\"2023-04-19T06:31:20+00:00\",\"description\":\"Les ours bruns sont les plus grands pr\u00e9dateurs terrestres vivant actuellement en Europe.\",\"breadcrumb\":{\"@id\":\"https:\/\/tierpark-bern.ch\/fr\/parc-aux-ours\/les-habitants-du-parc-aux-ours\/#breadcrumb\"},\"inLanguage\":\"fr-FR\",\"potentialAction\":[{\"@type\":\"ReadAction\",\"target\":[\"https:\/\/tierpark-bern.ch\/fr\/parc-aux-ours\/les-habitants-du-parc-aux-ours\/\"]}]},{\"@type\":\"ImageObject\",\"inLanguage\":\"fr-FR\",\"@id\":\"https:\/\/tierpark-bern.ch\/fr\/parc-aux-ours\/les-habitants-du-parc-aux-ours\/#primaryimage\",\"url\":\"https:\/\/tierpark-bern.ch\/web\/app\/uploads\/2020\/07\/ursina-baerenpark-50-bern-schweiz.jpg\",\"contentUrl\":\"https:\/\/tierpark-bern.ch\/web\/app\/uploads\/2020\/07\/ursina-baerenpark-50-bern-schweiz.jpg\",\"width\":1500,\"height\":998},{\"@type\":\"BreadcrumbList\",\"@id\":\"https:\/\/tierpark-bern.ch\/fr\/parc-aux-ours\/les-habitants-du-parc-aux-ours\/#breadcrumb\",\"itemListElement\":[{\"@type\":\"ListItem\",\"position\":1,\"name\":\"Home\",\"item\":\"https:\/\/tierpark-bern.ch\/fr\/home\/\"},{\"@type\":\"ListItem\",\"position\":2,\"name\":\"Parc aux ours\",\"item\":\"https:\/\/tierpark-bern.ch\/fr\/parc-aux-ours\/\"},{\"@type\":\"ListItem\",\"position\":3,\"name\":\"Les habitants du Parc aux ours\"}]},{\"@type\":\"WebSite\",\"@id\":\"https:\/\/tierpark-bern.ch\/fr\/#website\",\"url\":\"https:\/\/tierpark-bern.ch\/fr\/\",\"name\":\"Tierpark Bern\",\"description\":\"\",\"publisher\":{\"@id\":\"https:\/\/tierpark-bern.ch\/fr\/#organization\"},\"potentialAction\":[{\"@type\":\"SearchAction\",\"target\":{\"@type\":\"EntryPoint\",\"urlTemplate\":\"https:\/\/tierpark-bern.ch\/fr\/?s={search_term_string}\"},\"query-input\":{\"@type\":\"PropertyValueSpecification\",\"valueRequired\":true,\"valueName\":\"search_term_string\"}}],\"inLanguage\":\"fr-FR\"},{\"@type\":\"Organization\",\"@id\":\"https:\/\/tierpark-bern.ch\/fr\/#organization\",\"name\":\"Tierpark Bern | D\u00e4hlh\u00f6lzli + B\u00e4renPark\",\"alternateName\":\"Tierpark Bern\",\"url\":\"https:\/\/tierpark-bern.ch\/fr\/\",\"logo\":{\"@type\":\"ImageObject\",\"inLanguage\":\"fr-FR\",\"@id\":\"https:\/\/tierpark-bern.ch\/fr\/#\/schema\/logo\/image\/\",\"url\":\"https:\/\/tierpark-bern.ch\/web\/app\/uploads\/2024\/04\/tierpark-bern-696x696-1.jpg\",\"contentUrl\":\"https:\/\/tierpark-bern.ch\/web\/app\/uploads\/2024\/04\/tierpark-bern-696x696-1.jpg\",\"width\":696,\"height\":696,\"caption\":\"Tierpark Bern | D\u00e4hlh\u00f6lzli + B\u00e4renPark\"},\"image\":{\"@id\":\"https:\/\/tierpark-bern.ch\/fr\/#\/schema\/logo\/image\/\"},\"sameAs\":[\"https:\/\/www.facebook.com\/tierparkbern\/\",\"https:\/\/x.com\/tierparkbern\",\"https:\/\/www.instagram.com\/tierparkbern\/\"]}]}<\/script>","yoast_head_json":{"title":"Les habitants du Parc aux ours | Tierpark Bern","description":"Les ours bruns sont les plus grands pr\u00e9dateurs terrestres vivant actuellement en Europe.","robots":{"index":"index","follow":"follow","max-snippet":"max-snippet:-1","max-image-preview":"max-image-preview:large","max-video-preview":"max-video-preview:-1"},"canonical":"https:\/\/tierpark-bern.ch\/fr\/parc-aux-ours\/les-habitants-du-parc-aux-ours\/","og_locale":"fr_FR","og_type":"article","og_title":"Les habitants du Parc aux ours | Tierpark Bern","og_description":"Les ours bruns sont les plus grands pr\u00e9dateurs terrestres vivant actuellement en Europe.","og_url":"https:\/\/tierpark-bern.ch\/fr\/parc-aux-ours\/les-habitants-du-parc-aux-ours\/","og_site_name":"Tierpark Bern","article_publisher":"https:\/\/www.facebook.com\/tierparkbern\/","article_modified_time":"2023-04-19T06:31:20+00:00","og_image":[{"width":1500,"height":998,"url":"https:\/\/tierpark-bern.ch\/web\/app\/uploads\/2020\/07\/ursina-baerenpark-50-bern-schweiz.jpg","type":"image\/jpeg"}],"schema":{"@context":"https:\/\/schema.org","@graph":[{"@type":"WebPage","@id":"https:\/\/tierpark-bern.ch\/fr\/parc-aux-ours\/les-habitants-du-parc-aux-ours\/","url":"https:\/\/tierpark-bern.ch\/fr\/parc-aux-ours\/les-habitants-du-parc-aux-ours\/","name":"Les habitants du Parc aux ours | Tierpark Bern","isPartOf":{"@id":"https:\/\/tierpark-bern.ch\/fr\/#website"},"primaryImageOfPage":{"@id":"https:\/\/tierpark-bern.ch\/fr\/parc-aux-ours\/les-habitants-du-parc-aux-ours\/#primaryimage"},"image":{"@id":"https:\/\/tierpark-bern.ch\/fr\/parc-aux-ours\/les-habitants-du-parc-aux-ours\/#primaryimage"},"thumbnailUrl":"https:\/\/tierpark-bern.ch\/web\/app\/uploads\/2020\/07\/ursina-baerenpark-50-bern-schweiz.jpg","datePublished":"2020-08-28T10:10:11+00:00","dateModified":"2023-04-19T06:31:20+00:00","description":"Les ours bruns sont les plus grands pr\u00e9dateurs terrestres vivant actuellement en Europe.","breadcrumb":{"@id":"https:\/\/tierpark-bern.ch\/fr\/parc-aux-ours\/les-habitants-du-parc-aux-ours\/#breadcrumb"},"inLanguage":"fr-FR","potentialAction":[{"@type":"ReadAction","target":["https:\/\/tierpark-bern.ch\/fr\/parc-aux-ours\/les-habitants-du-parc-aux-ours\/"]}]},{"@type":"ImageObject","inLanguage":"fr-FR","@id":"https:\/\/tierpark-bern.ch\/fr\/parc-aux-ours\/les-habitants-du-parc-aux-ours\/#primaryimage","url":"https:\/\/tierpark-bern.ch\/web\/app\/uploads\/2020\/07\/ursina-baerenpark-50-bern-schweiz.jpg","contentUrl":"https:\/\/tierpark-bern.ch\/web\/app\/uploads\/2020\/07\/ursina-baerenpark-50-bern-schweiz.jpg","width":1500,"height":998},{"@type":"BreadcrumbList","@id":"https:\/\/tierpark-bern.ch\/fr\/parc-aux-ours\/les-habitants-du-parc-aux-ours\/#breadcrumb","itemListElement":[{"@type":"ListItem","position":1,"name":"Home","item":"https:\/\/tierpark-bern.ch\/fr\/home\/"},{"@type":"ListItem","position":2,"name":"Parc aux ours","item":"https:\/\/tierpark-bern.ch\/fr\/parc-aux-ours\/"},{"@type":"ListItem","position":3,"name":"Les habitants du Parc aux ours"}]},{"@type":"WebSite","@id":"https:\/\/tierpark-bern.ch\/fr\/#website","url":"https:\/\/tierpark-bern.ch\/fr\/","name":"Tierpark Bern","description":"","publisher":{"@id":"https:\/\/tierpark-bern.ch\/fr\/#organization"},"potentialAction":[{"@type":"SearchAction","target":{"@type":"EntryPoint","urlTemplate":"https:\/\/tierpark-bern.ch\/fr\/?s={search_term_string}"},"query-input":{"@type":"PropertyValueSpecification","valueRequired":true,"valueName":"search_term_string"}}],"inLanguage":"fr-FR"},{"@type":"Organization","@id":"https:\/\/tierpark-bern.ch\/fr\/#organization","name":"Tierpark Bern | D\u00e4hlh\u00f6lzli + B\u00e4renPark","alternateName":"Tierpark Bern","url":"https:\/\/tierpark-bern.ch\/fr\/","logo":{"@type":"ImageObject","inLanguage":"fr-FR","@id":"https:\/\/tierpark-bern.ch\/fr\/#\/schema\/logo\/image\/","url":"https:\/\/tierpark-bern.ch\/web\/app\/uploads\/2024\/04\/tierpark-bern-696x696-1.jpg","contentUrl":"https:\/\/tierpark-bern.ch\/web\/app\/uploads\/2024\/04\/tierpark-bern-696x696-1.jpg","width":696,"height":696,"caption":"Tierpark Bern | D\u00e4hlh\u00f6lzli + B\u00e4renPark"},"image":{"@id":"https:\/\/tierpark-bern.ch\/fr\/#\/schema\/logo\/image\/"},"sameAs":["https:\/\/www.facebook.com\/tierparkbern\/","https:\/\/x.com\/tierparkbern","https:\/\/www.instagram.com\/tierparkbern\/"]}]}},"_links":{"self":[{"href":"https:\/\/tierpark-bern.ch\/fr\/wp-json\/wp\/v2\/pages\/45683","targetHints":{"allow":["GET"]}}],"collection":[{"href":"https:\/\/tierpark-bern.ch\/fr\/wp-json\/wp\/v2\/pages"}],"about":[{"href":"https:\/\/tierpark-bern.ch\/fr\/wp-json\/wp\/v2\/types\/page"}],"author":[{"embeddable":true,"href":"https:\/\/tierpark-bern.ch\/fr\/wp-json\/wp\/v2\/users\/1"}],"replies":[{"embeddable":true,"href":"https:\/\/tierpark-bern.ch\/fr\/wp-json\/wp\/v2\/comments?post=45683"}],"version-history":[{"count":0,"href":"https:\/\/tierpark-bern.ch\/fr\/wp-json\/wp\/v2\/pages\/45683\/revisions"}],"up":[{"embeddable":true,"href":"https:\/\/tierpark-bern.ch\/fr\/wp-json\/wp\/v2\/pages\/46577"}],"wp:featuredmedia":[{"embeddable":true,"href":"https:\/\/tierpark-bern.ch\/fr\/wp-json\/wp\/v2\/media\/45685"}],"wp:attachment":[{"href":"https:\/\/tierpark-bern.ch\/fr\/wp-json\/wp\/v2\/media?parent=45683"}],"curies":[{"name":"wp","href":"https:\/\/api.w.org\/{rel}","templated":true}]}}