{"id":46052,"date":"2020-09-09T06:54:02","date_gmt":"2020-09-09T04:54:02","guid":{"rendered":"https:\/\/tierpark-bern.ch\/?page_id=46052"},"modified":"2023-11-21T11:47:47","modified_gmt":"2023-11-21T10:47:47","slug":"accessibilite-du-parc-zoologique","status":"publish","type":"page","link":"https:\/\/tierpark-bern.ch\/fr\/visite-au-zoo\/accessibilite-du-parc-zoologique\/","title":{"rendered":"Accessibilit\u00e9 du parc zoologique"},"content":{"rendered":"<div class=\"wpb-content-wrapper\"><p>[vc_row][vc_column][vc_column_text]<\/p>\n<h1>Accessibilit\u00e9 du parc zoologique<\/h1>\n<p>Nous veillons \u00e0 offrir la plus grande libert\u00e9 de mouvement possible \u00e0 tous nos h\u00f4tes, donc aussi aux familles avec poussettes ou aux personnes en fauteuil roulant. Si vous rencontrez un probl\u00e8me ou avez des questions durant votre visite, nos collaboratrices et collaborateurs sont l\u00e0 pour vous aider. Nous nous r\u00e9jouissons de vous accueillir![\/vc_column_text][vc_column_text]<\/p>\n<h2>Manifestations, expositions ou activit\u00e9s accessibles<\/h2>\n<p>Sur notre site Web, des icones signalent les exp\u00e9riences accessibles sans encombre aux personnes \u00e0 mobilit\u00e9 r\u00e9duite.<br \/>\n[\/vc_column_text][\/vc_column][\/vc_row][vc_row][vc_column][vc_column_text]<\/p>\n<h2>L\u2019accessibilit\u00e9 en d\u00e9tail<\/h2>\n<p>[\/vc_column_text][\/vc_column][\/vc_row][vc_row][vc_column width=&#8221;1\/2&#8243;][vc_row_inner el_class=&#8221;barrier_icon_desc&#8221;][vc_column_inner width=&#8221;1\/6&#8243;][vc_single_image image=&#8221;17007&#8243; img_size=&#8221;70X70&#8243; css=&#8221;.vc_custom_1638878441231{margin-bottom: 15px !important;}&#8221;][\/vc_column_inner][vc_column_inner width=&#8221;5\/6&#8243;][vc_column_text css=&#8221;.vc_custom_1660775016121{margin-bottom: 10px !important;}&#8221;]<\/p>\n<h3>Personnes \u00e0 mobilit\u00e9 r\u00e9duite<\/h3>\n<p>Activit\u00e9s accessibles aux personnes \u00e0 mobilit\u00e9 r\u00e9duite.[\/vc_column_text][\/vc_column_inner][\/vc_row_inner][\/vc_column][vc_column width=&#8221;1\/2&#8243;][vc_row_inner el_class=&#8221;barrier_icon_desc&#8221;][vc_column_inner width=&#8221;1\/6&#8243;][vc_single_image image=&#8221;16995&#8243; img_size=&#8221;70&#215;70&#8243; css=&#8221;.vc_custom_1638878458354{margin-bottom: 15px !important;}&#8221;][\/vc_column_inner][vc_column_inner width=&#8221;5\/6&#8243;][vc_column_text css=&#8221;.vc_custom_1660775067804{margin-bottom: 10px !important;}&#8221;]<\/p>\n<h3>Personnes souffrant d\u2019un handicap visuel<\/h3>\n<p>Activit\u00e9s accessibles aux personnes aveugles ou malvoyantes.[\/vc_column_text][\/vc_column_inner][\/vc_row_inner][\/vc_column][\/vc_row][vc_row][vc_column width=&#8221;1\/2&#8243;][vc_row_inner el_class=&#8221;barrier_icon_desc&#8221;][vc_column_inner width=&#8221;1\/6&#8243;][vc_single_image image=&#8221;17003&#8243; img_size=&#8221;70X70&#8243; css=&#8221;.vc_custom_1638878476487{margin-bottom: 15px !important;}&#8221;][\/vc_column_inner][vc_column_inner width=&#8221;5\/6&#8243;][vc_column_text css=&#8221;.vc_custom_1660775030288{margin-bottom: 10px !important;}&#8221;]<\/p>\n<h3>Personnes souffrant d\u2019un handicap auditif<\/h3>\n<p>Activit\u00e9s accessibles aux personnes malentendantes.[\/vc_column_text][\/vc_column_inner][\/vc_row_inner][\/vc_column][vc_column width=&#8221;1\/2&#8243;][vc_row_inner el_class=&#8221;barrier_icon_desc&#8221;][vc_column_inner width=&#8221;1\/6&#8243;][vc_single_image image=&#8221;17011&#8243; img_size=&#8221;70&#215;70&#8243; css=&#8221;.vc_custom_1638878491405{margin-bottom: 15px !important;}&#8221;][\/vc_column_inner][vc_column_inner width=&#8221;5\/6&#8243;][vc_column_text css=&#8221;.vc_custom_1660775081013{margin-bottom: 10px !important;}&#8221;]<\/p>\n<h3>Enfants<\/h3>\n<p>Activit\u00e9s sp\u00e9cialement destin\u00e9es aux enfants<br \/>\n[\/vc_column_text][\/vc_column_inner][\/vc_row_inner][\/vc_column][\/vc_row][vc_row][vc_column width=&#8221;1\/2&#8243;][vc_row_inner el_class=&#8221;barrier_icon_desc&#8221;][vc_column_inner width=&#8221;1\/6&#8243;][vc_single_image image=&#8221;16999&#8243; img_size=&#8221;70X70&#8243; css=&#8221;.vc_custom_1638878508263{margin-bottom: 15px !important;}&#8221;][\/vc_column_inner][vc_column_inner width=&#8221;5\/6&#8243;][vc_column_text css=&#8221;.vc_custom_1660775048828{margin-bottom: 10px !important;}&#8221;]<\/p>\n<h3>Langage facile \u00e0 comprendre<\/h3>\n<p>Activit\u00e9s d\u00e9crites dans un langage facile \u00e0 comprendre.[\/vc_column_text][\/vc_column_inner][\/vc_row_inner][\/vc_column][vc_column width=&#8221;1\/2&#8243;][\/vc_column][\/vc_row][vc_row][vc_column][vc_column_text]<\/p>\n<h2>Contact, acc\u00e8s<\/h2>\n<p>T\u00e9l\u00e9phone: <a href=\"tel:+41 31 321 15 15\" aria-label=\"0 3 1. 3 2 1. 1 5 1 5.\">+41 31 321 15 15<\/a><br \/>\nE-mail: <a href=\"mailto: tierpark-bern@bern.ch\">tierpark-bern@bern.ch<\/a>[\/vc_column_text][vc_column_text]<a class=\"button button--tierpark\" href=\"https:\/\/tierpark-bern.ch\/fr\/parc-zoologique-de-berne\/contact\/\" rel=\"noopener\">Formulaire de contact<\/a>[\/vc_column_text][\/vc_column][\/vc_row][vc_row][vc_column][vc_column_text]<\/p>\n<h2>Commentaires sur l\u2019accessibilit\u00e9 du site web<\/h2>\n<p>Si vous avez constat\u00e9 des lacunes dans l\u2019accessibilit\u00e9 des contenus de notre site Internet, veuillez remplir le formulaire ad hoc. Gr\u00e2ce aux remarques qui nous sont adress\u00e9es, nous disposons d\u2019informations indispensables pour continuer \u00e0 supprimer les obstacles \u00e0 l\u2019accessibilit\u00e9.<br \/>\n[\/vc_column_text][vc_column_text]<a class=\"button button--tierpark\" href=\"https:\/\/tierpark-bern.ch\/fr\/visite-au-zoo\/accessibilite-du-parc-zoologique\/retours-dinformation-sur-laccessibilite\/\" rel=\"noopener\">Donner son avis sur le site web<\/a>[\/vc_column_text][\/vc_column][\/vc_row][vc_row][vc_column][vc_column_text]<\/p>\n<h2>Questions fr\u00e9quentes sur l\u2019accessibilit\u00e9 du zoo du D\u00e4hlh\u00f6lzli<\/h2>\n<div class=\"faq-section top-20\">\n                <div class=\"row\">\n                    <div class=\"col-12\"><div class=\"accordion accordion--bordered\">\n                                  <div class=\"accordion__title-block\" role=\"button\">\n                                      <span class=\"accordion__title\">Les chiens d\u2019aveugles sont-ils autoris\u00e9s au Parc zoologique?<\/span>\n                                      <span class=\"accordion__close\"><\/span>\n                                  <\/div>\n                                  <div class=\"accordion__text-block\">\n                                       <p><p>L\u2019acc\u00e8s au zoo du D\u00e4hlh\u00f6lzli est autoris\u00e9 aux chiens d\u2019aveugles. Veuillez vous annoncer \u00e0 la caisse du vivarium.<\/p>\n<\/p>\n                                  <\/div>\n                              <\/div><div class=\"accordion accordion--bordered\">\n                                  <div class=\"accordion__title-block\" role=\"button\">\n                                      <span class=\"accordion__title\">Est-il possible de s\u2019asseoir au zoo du D\u00e4hlh\u00f6lzli?<\/span>\n                                      <span class=\"accordion__close\"><\/span>\n                                  <\/div>\n                                  <div class=\"accordion__text-block\">\n                                       <p><p>Vous trouverez dans tout le p\u00e9rim\u00e8tre du zoo de nombreux bancs, dont plus de la moiti\u00e9 sont munis de dossiers.<\/p>\n<\/p>\n                                  <\/div>\n                              <\/div><div class=\"accordion accordion--bordered\">\n                                  <div class=\"accordion__title-block\" role=\"button\">\n                                      <span class=\"accordion__title\">Voit-on bien \u00e0 l\u2019int\u00e9rieur des enclos?<\/span>\n                                      <span class=\"accordion__close\"><\/span>\n                                  <\/div>\n                                  <div class=\"accordion__text-block\">\n                                       <p><p>M\u00eame les gens de petite taille, les enfants assis dans une poussette et les personnes en fauteuil roulant voient parfaitement dans nos enclos.<\/p>\n<\/p>\n                                  <\/div>\n                              <\/div><div class=\"accordion accordion--bordered\">\n                                  <div class=\"accordion__title-block\" role=\"button\">\n                                      <span class=\"accordion__title\">O\u00f9 se trouvent au D\u00e4hlh\u00f6lzli les places de parc pour handicap\u00e9s?<\/span>\n                                      <span class=\"accordion__close\"><\/span>\n                                  <\/div>\n                                  <div class=\"accordion__text-block\">\n                                       <div class=\"wpb-content-wrapper\"><p>[vc_row][vc_column][vc_column_text]Restaurant D\u00e4hlh\u00f6lzli, Tierparkweg 1, 3005 Berne &#8211; <a href=\"https:\/\/map.bern.ch\/stadtplan\/?grundplan=stadtplan_farbig&amp;koor=2600718,1198071&amp;zoom=5&amp;hl=0&amp;layer=Behindertenparkplatz&amp;subtheme=CatVerkehr\" target=\"_blank\" rel=\"noopener\">inscrire l\u2019adresse dans map.bern.ch<\/a><\/p>\n<p>Parkplatz D\u00e4hlh\u00f6lzli, Thormannstrasse 78, 3005 Berne &#8211; <a href=\"https:\/\/map.bern.ch\/stadtplan\/?grundplan=stadtplan_farbig&amp;koor=2600947,1198459&amp;zoom=6&amp;hl=0&amp;layer=Behindertenparkplatz&amp;subtheme=CatVerkehr\" target=\"_blank\" rel=\"noopener\">inscrire l\u2019adresse dans map.bern.ch<\/a>[\/vc_column_text][\/vc_column][\/vc_row]<\/p>\n<\/div>\n                                  <\/div>\n                              <\/div><div class=\"accordion accordion--bordered\">\n                                  <div class=\"accordion__title-block\" role=\"button\">\n                                      <span class=\"accordion__title\">Des rabais sont-ils accord\u00e9s aux personnes handicap\u00e9es?<\/span>\n                                      <span class=\"accordion__close\"><\/span>\n                                  <\/div>\n                                  <div class=\"accordion__text-block\">\n                                       <p><p>L\u2019entr\u00e9e au zoo du D\u00e4hlh\u00f6lzli est gratuite pour les personnes en fauteuil roulant ou malvoyantes et bien s\u00fbr pour leur accompagnant. Les r\u00e9sidents d\u2019institutions peuvent aussi visiter gratuitement le Parc zoologique.<\/p>\n<\/p>\n                                  <\/div>\n                              <\/div><div class=\"accordion accordion--bordered\">\n                                  <div class=\"accordion__title-block\" role=\"button\">\n                                      <span class=\"accordion__title\">Mon chien d\u2019assistance peut-il m\u2019accompagner?<\/span>\n                                      <span class=\"accordion__close\"><\/span>\n                                  <\/div>\n                                  <div class=\"accordion__text-block\">\n                                       <p><p>Les visiteuses et visiteurs ayant besoin d\u2019un chien d\u2019assistance peuvent s\u2019en faire accompagner. Veuillez vous annoncer \u00e0 la caisse \u00e0 l\u2019entr\u00e9e du vivarium.<\/p>\n<\/p>\n                                  <\/div>\n                              <\/div><div class=\"accordion accordion--bordered\">\n                                  <div class=\"accordion__title-block\" role=\"button\">\n                                      <span class=\"accordion__title\">O\u00f9 se trouvent les toilettes pour handicap\u00e9s du zoo du D\u00e4hlh\u00f6lzli?<\/span>\n                                      <span class=\"accordion__close\"><\/span>\n                                  <\/div>\n                                  <div class=\"accordion__text-block\">\n                                       <p><p>Vous trouverez des W.-C. pour handicap\u00e9s pr\u00e8s de l\u2019Eulen Bistro ainsi qu\u2019au Vivarium.<\/p>\n<p>Vous trouverez au restaurant D\u00e4hlh\u00f6lzli, Tierparkweg 2, 3005 Berne des toilettes sans obstacles (Eurokey).<\/p>\n<\/p>\n                                  <\/div>\n                              <\/div><div class=\"accordion accordion--bordered\">\n                                  <div class=\"accordion__title-block\" role=\"button\">\n                                      <span class=\"accordion__title\">Y a-t-il des fauteuils roulants de pr\u00eat pour la visite du zoo ?<\/span>\n                                      <span class=\"accordion__close\"><\/span>\n                                  <\/div>\n                                  <div class=\"accordion__text-block\">\n                                       <p><p>Un fauteuil roulant est mis gratuitement \u00e0 la disposition des visiteurs \u00e0 mobilit\u00e9 r\u00e9duite \u00e0 la caisse du Vivarium pour la visite du zoo, d\u00e9p\u00f4t de 50 CHF. Nous vous remercions de bien vouloir r\u00e9server au +41 31 321 15 15.<\/p>\n<\/p>\n                                  <\/div>\n                              <\/div><\/div>\n                <\/div>\n            <\/div>[\/vc_column_text][\/vc_column][\/vc_row][vc_row][vc_column][vc_empty_space][\/vc_column][\/vc_row][vc_row][vc_column][vc_column_text]<\/p>\n<div class=\"zoo-link-info\">\n<div class=\"container\">\n<div class=\"row\">\n<div class=\"col-md-8 col-sm-12\">\n<div class=\"zoo-link-text-container\"><span class=\"zoo-link-text\">Vous avez besoin d\u2019informations sur l\u2019accessibilit\u00e9 du Parc aux ours?<\/span><\/div>\n<\/div>\n<div class=\"col-md-4 col-sm-12 zoo-link-btn-container\"><span class=\"zoo-link-btn\"><a class=\"button button-zoo-info\" href=\"https:\/\/tierpark-bern.ch\/fr\/parc-aux-ours\/accessibilite-du-parc-aux-ours\/\">Accessibilit\u00e9 du Parc aux ours <i class=\"fa fa-long-arrow-right\"><\/i><\/a>\u00a0<\/span><\/div>\n<\/div>\n<\/div>\n<\/div>\n<p>[\/vc_column_text][\/vc_column][\/vc_row]<\/p>\n<\/div>","protected":false},"excerpt":{"rendered":"<p>Nous veillons \u00e0 offrir la plus grande libert\u00e9 de mouvement possible \u00e0 tous nos h\u00f4tes, donc aussi aux familles avec poussettes ou aux personnes en fauteuil r<\/p>\n","protected":false},"author":1,"featured_media":24931,"parent":38558,"menu_order":0,"comment_status":"closed","ping_status":"closed","template":"","meta":{"_acf_changed":false,"footnotes":""},"class_list":["post-46052","page","type-page","status-publish","has-post-thumbnail","hentry"],"acf":[],"yoast_head":"<title>Accessibilit\u00e9 du parc zoologique | Tierpark Bern<\/title>\n<meta name=\"description\" content=\"Nous veillons \u00e0 offrir la plus grande libert\u00e9 de mouvement possible \u00e0 tous nos h\u00f4tes, donc aussi aux familles avec poussettes ou aux personnes en fauteuil roulant.\" \/>\n<meta name=\"robots\" content=\"index, follow, max-snippet:-1, max-image-preview:large, max-video-preview:-1\" \/>\n<link rel=\"canonical\" href=\"https:\/\/tierpark-bern.ch\/fr\/visite-au-zoo\/accessibilite-du-parc-zoologique\/\" \/>\n<meta property=\"og:locale\" content=\"fr_FR\" \/>\n<meta property=\"og:type\" content=\"article\" \/>\n<meta property=\"og:title\" content=\"Accessibilit\u00e9 du parc zoologique | Tierpark Bern\" \/>\n<meta property=\"og:description\" content=\"Nous veillons \u00e0 offrir la plus grande libert\u00e9 de mouvement possible \u00e0 tous nos h\u00f4tes, donc aussi aux familles avec poussettes ou aux personnes en fauteuil roulant.\" \/>\n<meta property=\"og:url\" content=\"https:\/\/tierpark-bern.ch\/fr\/visite-au-zoo\/accessibilite-du-parc-zoologique\/\" \/>\n<meta property=\"og:site_name\" content=\"Tierpark Bern\" \/>\n<meta property=\"article:publisher\" content=\"https:\/\/www.facebook.com\/tierparkbern\/\" \/>\n<meta property=\"article:modified_time\" content=\"2023-11-21T10:47:47+00:00\" \/>\n<meta property=\"og:image\" content=\"https:\/\/tierpark-bern.ch\/web\/app\/uploads\/2020\/07\/reptilien-tierpark-bern-20.jpg\" \/>\n\t<meta property=\"og:image:width\" content=\"1500\" \/>\n\t<meta property=\"og:image:height\" content=\"998\" \/>\n\t<meta property=\"og:image:type\" content=\"image\/jpeg\" \/>\n<script type=\"application\/ld+json\" class=\"yoast-schema-graph\">{\"@context\":\"https:\/\/schema.org\",\"@graph\":[{\"@type\":\"WebPage\",\"@id\":\"https:\/\/tierpark-bern.ch\/fr\/visite-au-zoo\/accessibilite-du-parc-zoologique\/\",\"url\":\"https:\/\/tierpark-bern.ch\/fr\/visite-au-zoo\/accessibilite-du-parc-zoologique\/\",\"name\":\"Accessibilit\u00e9 du parc zoologique | Tierpark Bern\",\"isPartOf\":{\"@id\":\"https:\/\/tierpark-bern.ch\/fr\/#website\"},\"primaryImageOfPage\":{\"@id\":\"https:\/\/tierpark-bern.ch\/fr\/visite-au-zoo\/accessibilite-du-parc-zoologique\/#primaryimage\"},\"image\":{\"@id\":\"https:\/\/tierpark-bern.ch\/fr\/visite-au-zoo\/accessibilite-du-parc-zoologique\/#primaryimage\"},\"thumbnailUrl\":\"https:\/\/tierpark-bern.ch\/web\/app\/uploads\/2020\/07\/reptilien-tierpark-bern-20.jpg\",\"datePublished\":\"2020-09-09T04:54:02+00:00\",\"dateModified\":\"2023-11-21T10:47:47+00:00\",\"description\":\"Nous veillons \u00e0 offrir la plus grande libert\u00e9 de mouvement possible \u00e0 tous nos h\u00f4tes, donc aussi aux familles avec poussettes ou aux personnes en fauteuil roulant.\",\"breadcrumb\":{\"@id\":\"https:\/\/tierpark-bern.ch\/fr\/visite-au-zoo\/accessibilite-du-parc-zoologique\/#breadcrumb\"},\"inLanguage\":\"fr-FR\",\"potentialAction\":[{\"@type\":\"ReadAction\",\"target\":[\"https:\/\/tierpark-bern.ch\/fr\/visite-au-zoo\/accessibilite-du-parc-zoologique\/\"]}]},{\"@type\":\"ImageObject\",\"inLanguage\":\"fr-FR\",\"@id\":\"https:\/\/tierpark-bern.ch\/fr\/visite-au-zoo\/accessibilite-du-parc-zoologique\/#primaryimage\",\"url\":\"https:\/\/tierpark-bern.ch\/web\/app\/uploads\/2020\/07\/reptilien-tierpark-bern-20.jpg\",\"contentUrl\":\"https:\/\/tierpark-bern.ch\/web\/app\/uploads\/2020\/07\/reptilien-tierpark-bern-20.jpg\",\"width\":1500,\"height\":998},{\"@type\":\"BreadcrumbList\",\"@id\":\"https:\/\/tierpark-bern.ch\/fr\/visite-au-zoo\/accessibilite-du-parc-zoologique\/#breadcrumb\",\"itemListElement\":[{\"@type\":\"ListItem\",\"position\":1,\"name\":\"Home\",\"item\":\"https:\/\/tierpark-bern.ch\/fr\/home\/\"},{\"@type\":\"ListItem\",\"position\":2,\"name\":\"Visite au zoo\",\"item\":\"https:\/\/tierpark-bern.ch\/fr\/visite-au-zoo\/\"},{\"@type\":\"ListItem\",\"position\":3,\"name\":\"Accessibilit\u00e9 du parc zoologique\"}]},{\"@type\":\"WebSite\",\"@id\":\"https:\/\/tierpark-bern.ch\/fr\/#website\",\"url\":\"https:\/\/tierpark-bern.ch\/fr\/\",\"name\":\"Tierpark Bern\",\"description\":\"\",\"publisher\":{\"@id\":\"https:\/\/tierpark-bern.ch\/fr\/#organization\"},\"potentialAction\":[{\"@type\":\"SearchAction\",\"target\":{\"@type\":\"EntryPoint\",\"urlTemplate\":\"https:\/\/tierpark-bern.ch\/fr\/?s={search_term_string}\"},\"query-input\":{\"@type\":\"PropertyValueSpecification\",\"valueRequired\":true,\"valueName\":\"search_term_string\"}}],\"inLanguage\":\"fr-FR\"},{\"@type\":\"Organization\",\"@id\":\"https:\/\/tierpark-bern.ch\/fr\/#organization\",\"name\":\"Tierpark Bern | D\u00e4hlh\u00f6lzli + B\u00e4renPark\",\"alternateName\":\"Tierpark Bern\",\"url\":\"https:\/\/tierpark-bern.ch\/fr\/\",\"logo\":{\"@type\":\"ImageObject\",\"inLanguage\":\"fr-FR\",\"@id\":\"https:\/\/tierpark-bern.ch\/fr\/#\/schema\/logo\/image\/\",\"url\":\"https:\/\/tierpark-bern.ch\/web\/app\/uploads\/2024\/04\/tierpark-bern-696x696-1.jpg\",\"contentUrl\":\"https:\/\/tierpark-bern.ch\/web\/app\/uploads\/2024\/04\/tierpark-bern-696x696-1.jpg\",\"width\":696,\"height\":696,\"caption\":\"Tierpark Bern | D\u00e4hlh\u00f6lzli + B\u00e4renPark\"},\"image\":{\"@id\":\"https:\/\/tierpark-bern.ch\/fr\/#\/schema\/logo\/image\/\"},\"sameAs\":[\"https:\/\/www.facebook.com\/tierparkbern\/\",\"https:\/\/x.com\/tierparkbern\",\"https:\/\/www.instagram.com\/tierparkbern\/\"]}]}<\/script>","yoast_head_json":{"title":"Accessibilit\u00e9 du parc zoologique | Tierpark Bern","description":"Nous veillons \u00e0 offrir la plus grande libert\u00e9 de mouvement possible \u00e0 tous nos h\u00f4tes, donc aussi aux familles avec poussettes ou aux personnes en fauteuil roulant.","robots":{"index":"index","follow":"follow","max-snippet":"max-snippet:-1","max-image-preview":"max-image-preview:large","max-video-preview":"max-video-preview:-1"},"canonical":"https:\/\/tierpark-bern.ch\/fr\/visite-au-zoo\/accessibilite-du-parc-zoologique\/","og_locale":"fr_FR","og_type":"article","og_title":"Accessibilit\u00e9 du parc zoologique | Tierpark Bern","og_description":"Nous veillons \u00e0 offrir la plus grande libert\u00e9 de mouvement possible \u00e0 tous nos h\u00f4tes, donc aussi aux familles avec poussettes ou aux personnes en fauteuil roulant.","og_url":"https:\/\/tierpark-bern.ch\/fr\/visite-au-zoo\/accessibilite-du-parc-zoologique\/","og_site_name":"Tierpark Bern","article_publisher":"https:\/\/www.facebook.com\/tierparkbern\/","article_modified_time":"2023-11-21T10:47:47+00:00","og_image":[{"width":1500,"height":998,"url":"https:\/\/tierpark-bern.ch\/web\/app\/uploads\/2020\/07\/reptilien-tierpark-bern-20.jpg","type":"image\/jpeg"}],"schema":{"@context":"https:\/\/schema.org","@graph":[{"@type":"WebPage","@id":"https:\/\/tierpark-bern.ch\/fr\/visite-au-zoo\/accessibilite-du-parc-zoologique\/","url":"https:\/\/tierpark-bern.ch\/fr\/visite-au-zoo\/accessibilite-du-parc-zoologique\/","name":"Accessibilit\u00e9 du parc zoologique | Tierpark Bern","isPartOf":{"@id":"https:\/\/tierpark-bern.ch\/fr\/#website"},"primaryImageOfPage":{"@id":"https:\/\/tierpark-bern.ch\/fr\/visite-au-zoo\/accessibilite-du-parc-zoologique\/#primaryimage"},"image":{"@id":"https:\/\/tierpark-bern.ch\/fr\/visite-au-zoo\/accessibilite-du-parc-zoologique\/#primaryimage"},"thumbnailUrl":"https:\/\/tierpark-bern.ch\/web\/app\/uploads\/2020\/07\/reptilien-tierpark-bern-20.jpg","datePublished":"2020-09-09T04:54:02+00:00","dateModified":"2023-11-21T10:47:47+00:00","description":"Nous veillons \u00e0 offrir la plus grande libert\u00e9 de mouvement possible \u00e0 tous nos h\u00f4tes, donc aussi aux familles avec poussettes ou aux personnes en fauteuil roulant.","breadcrumb":{"@id":"https:\/\/tierpark-bern.ch\/fr\/visite-au-zoo\/accessibilite-du-parc-zoologique\/#breadcrumb"},"inLanguage":"fr-FR","potentialAction":[{"@type":"ReadAction","target":["https:\/\/tierpark-bern.ch\/fr\/visite-au-zoo\/accessibilite-du-parc-zoologique\/"]}]},{"@type":"ImageObject","inLanguage":"fr-FR","@id":"https:\/\/tierpark-bern.ch\/fr\/visite-au-zoo\/accessibilite-du-parc-zoologique\/#primaryimage","url":"https:\/\/tierpark-bern.ch\/web\/app\/uploads\/2020\/07\/reptilien-tierpark-bern-20.jpg","contentUrl":"https:\/\/tierpark-bern.ch\/web\/app\/uploads\/2020\/07\/reptilien-tierpark-bern-20.jpg","width":1500,"height":998},{"@type":"BreadcrumbList","@id":"https:\/\/tierpark-bern.ch\/fr\/visite-au-zoo\/accessibilite-du-parc-zoologique\/#breadcrumb","itemListElement":[{"@type":"ListItem","position":1,"name":"Home","item":"https:\/\/tierpark-bern.ch\/fr\/home\/"},{"@type":"ListItem","position":2,"name":"Visite au zoo","item":"https:\/\/tierpark-bern.ch\/fr\/visite-au-zoo\/"},{"@type":"ListItem","position":3,"name":"Accessibilit\u00e9 du parc zoologique"}]},{"@type":"WebSite","@id":"https:\/\/tierpark-bern.ch\/fr\/#website","url":"https:\/\/tierpark-bern.ch\/fr\/","name":"Tierpark Bern","description":"","publisher":{"@id":"https:\/\/tierpark-bern.ch\/fr\/#organization"},"potentialAction":[{"@type":"SearchAction","target":{"@type":"EntryPoint","urlTemplate":"https:\/\/tierpark-bern.ch\/fr\/?s={search_term_string}"},"query-input":{"@type":"PropertyValueSpecification","valueRequired":true,"valueName":"search_term_string"}}],"inLanguage":"fr-FR"},{"@type":"Organization","@id":"https:\/\/tierpark-bern.ch\/fr\/#organization","name":"Tierpark Bern | D\u00e4hlh\u00f6lzli + B\u00e4renPark","alternateName":"Tierpark Bern","url":"https:\/\/tierpark-bern.ch\/fr\/","logo":{"@type":"ImageObject","inLanguage":"fr-FR","@id":"https:\/\/tierpark-bern.ch\/fr\/#\/schema\/logo\/image\/","url":"https:\/\/tierpark-bern.ch\/web\/app\/uploads\/2024\/04\/tierpark-bern-696x696-1.jpg","contentUrl":"https:\/\/tierpark-bern.ch\/web\/app\/uploads\/2024\/04\/tierpark-bern-696x696-1.jpg","width":696,"height":696,"caption":"Tierpark Bern | D\u00e4hlh\u00f6lzli + B\u00e4renPark"},"image":{"@id":"https:\/\/tierpark-bern.ch\/fr\/#\/schema\/logo\/image\/"},"sameAs":["https:\/\/www.facebook.com\/tierparkbern\/","https:\/\/x.com\/tierparkbern","https:\/\/www.instagram.com\/tierparkbern\/"]}]}},"_links":{"self":[{"href":"https:\/\/tierpark-bern.ch\/fr\/wp-json\/wp\/v2\/pages\/46052","targetHints":{"allow":["GET"]}}],"collection":[{"href":"https:\/\/tierpark-bern.ch\/fr\/wp-json\/wp\/v2\/pages"}],"about":[{"href":"https:\/\/tierpark-bern.ch\/fr\/wp-json\/wp\/v2\/types\/page"}],"author":[{"embeddable":true,"href":"https:\/\/tierpark-bern.ch\/fr\/wp-json\/wp\/v2\/users\/1"}],"replies":[{"embeddable":true,"href":"https:\/\/tierpark-bern.ch\/fr\/wp-json\/wp\/v2\/comments?post=46052"}],"version-history":[{"count":0,"href":"https:\/\/tierpark-bern.ch\/fr\/wp-json\/wp\/v2\/pages\/46052\/revisions"}],"up":[{"embeddable":true,"href":"https:\/\/tierpark-bern.ch\/fr\/wp-json\/wp\/v2\/pages\/38558"}],"wp:featuredmedia":[{"embeddable":true,"href":"https:\/\/tierpark-bern.ch\/fr\/wp-json\/wp\/v2\/media\/24931"}],"wp:attachment":[{"href":"https:\/\/tierpark-bern.ch\/fr\/wp-json\/wp\/v2\/media?parent=46052"}],"curies":[{"name":"wp","href":"https:\/\/api.w.org\/{rel}","templated":true}]}}