{"id":46323,"date":"2021-09-03T00:29:23","date_gmt":"2021-09-02T22:29:23","guid":{"rendered":"https:\/\/tierpark-bern.ch\/protection-de-la-nature-et-animaux\/enclos\/wolf-baerenwald\/"},"modified":"2022-12-30T08:34:12","modified_gmt":"2022-12-30T07:34:12","slug":"foret-des-loups-et-des-ours","status":"publish","type":"page","link":"https:\/\/tierpark-bern.ch\/fr\/protection-de-la-nature-et-animaux\/enclos\/foret-des-loups-et-des-ours\/","title":{"rendered":"For\u00eat des loups et des ours"},"content":{"rendered":"<div class=\"wpb-content-wrapper\"><p>[vc_row][vc_column][vc_column_text]<\/p>\n<h1>For\u00eat des loups et des ours<\/h1>\n<p>En mars 2012, la for\u00eat aux ours est devenue la nouvelle patrie de nos deux ours bruns de l\u2019Oussouri. L\u2019enclos a pour atouts sa taille et sa riche structuration, mais aussi la possibilit\u00e9 pour les loups de l\u2019enclos voisin d\u2019y acc\u00e9der par un passage \u00e0 l\u2019\u00e9preuve des ours.<\/p>\n<p>Au parc zoologique, les deux esp\u00e8ces de grands pr\u00e9dateurs se c\u00f4toient au quotidien comme dans la nature. L\u2019\u00e9levage en commun d\u2019esp\u00e8ces diff\u00e9rentes est enrichissant du point de vue comportemental. \u00c0 condition bien s\u00fbr que les besoins de chacun soient pris en compte et que l\u2019esp\u00e8ce r\u00e9put\u00e9e la plus faible puisse se mettre \u00e0 l\u2019abri. En 2019, le parc zoologique a r\u00e9ussi pour la premi\u00e8re fois \u00e0 r\u00e9unir les ours et Amarouk et Juliette, le couple de loups dominants d\u2019alors, qui a \u00e9lev\u00e9 sa port\u00e9e les mois suivants dans cet enclos commun. Depuis 2021, nous avons un nouveau couple de loups dominants qui, apr\u00e8s l\u2019hibernation des ours, ont partag\u00e9 avec succ\u00e8s le m\u00eame enclos d\u00e8s avril 2022. Nos visiteuses et visiteurs appr\u00e9cient le spectacle vari\u00e9 de cette cohabitation insolite, et les ours comme les loups leurs rencontres au quotidien.<\/p>\n<p>Apr\u00e8s la temp\u00eate Burglind, il a fallu enti\u00e8rement reboiser, r\u00e9nover et am\u00e9liorer les enclos des loups et des ours.<\/p>\n<p>Au centre de visiteurs de la Maison des ours, le public jouit d\u2019un point de vue unique sur le bassin o\u00f9 nagent les ours et sur tout leur enclos. \u00c0 l\u2019int\u00e9rieur de ce spectaculaire \u00e9difice en pierre naturelle et en bois massif, les adultes et les enfants trouveront quantit\u00e9 d\u2019informations utiles concernant les ours \u2013 et l\u2019\u00eatre humain![\/vc_column_text][vc_message message_box_color=&#8221;chino&#8221; icon_fontawesome=&#8221;fas fa-trophy&#8221;]Le b\u00e2timent a remport\u00e9 en 2012 <a href=\"https:\/\/prixlignum.ch\/0\/279\/projektarchiv\/projektarchiv-prixlignum\/717\/baerenwaldhaus-tierpark-daehlhoelzli\/\" target=\"_blank\" rel=\"noopener\">la m\u00e9daille d\u2019or du Prix Lignum. <\/a>[\/vc_message][\/vc_column][\/vc_row][vc_row][vc_column width=&#8221;1\/2&#8243;][vc_single_image image=&#8221;22468&#8243; img_size=&#8221;570&#215;379&#8243; add_custom_caption_class=&#8221;yes&#8221;][vc_column_text]Les deux ours bruns de l\u2019Oussouri vivent dans la for\u00eat du zoo du D\u00e4hlh\u00f6lzli.[\/vc_column_text][\/vc_column][vc_column width=&#8221;1\/2&#8243;][vc_single_image image=&#8221;22482&#8243; img_size=&#8221;570&#215;379&#8243; add_caption=&#8221;yes&#8221;][\/vc_column][\/vc_row][vc_row][vc_column width=&#8221;1\/2&#8243;][vc_single_image image=&#8221;23116&#8243; img_size=&#8221;570&#215;379&#8243; add_caption=&#8221;yes&#8221;][\/vc_column][vc_column width=&#8221;1\/2&#8243;][vc_single_image image=&#8221;23737&#8243; img_size=&#8221;570&#215;379&#8243; add_caption=&#8221;yes&#8221;][\/vc_column][\/vc_row][vc_row][vc_column width=&#8221;1\/2&#8243;][vc_column_text]<\/p>\n<div class=\"tbl-species-list-container\">\n<h2>Animaux \u00e0 voir dans l\u2019enclos<\/h2>\n<table class=\"tbl-all-species-list\">\n<tbody>\n<tr>\n<td><a href=\"https:\/\/tierpark-bern.ch\/fr\/tierlexikon\/europaeischer-wolf\/\"><strong>Loup<\/strong><\/a><\/td>\n<\/tr>\n<tr>\n<td><a href=\"https:\/\/tierpark-bern.ch\/fr\/tierlexikon\/ussurischer-braunbaer\/\"><strong>Ours brun de l\u2019Oussouri<\/strong><\/a><\/td>\n<\/tr>\n<tr>\n<td><a href=\"https:\/\/tierpark-bern.ch\/fr\/tierlexikon\/bachforelle\/\"><strong>Truite de rivi\u00e8re<\/strong><\/a><\/td>\n<\/tr>\n<\/tbody>\n<\/table>\n<\/div>\n<p>[\/vc_column_text][\/vc_column][\/vc_row]<\/p>\n<\/div>","protected":false},"excerpt":{"rendered":"<p>En mars 2012, la for\u00eat aux ours est devenue la nouvelle patrie de nos deux ours bruns de l\u2019Oussouri. <\/p>\n","protected":false},"author":1,"featured_media":23728,"parent":46318,"menu_order":0,"comment_status":"closed","ping_status":"closed","template":"","meta":{"_acf_changed":false,"footnotes":""},"class_list":["post-46323","page","type-page","status-publish","has-post-thumbnail","hentry"],"acf":[],"yoast_head":"<title>For\u00eat des loups et des ours | Tierpark Bern<\/title>\n<meta name=\"description\" content=\"En mars 2012, la for\u00eat aux ours est devenue la nouvelle patrie de nos deux ours bruns de l\u2019Oussouri.\" \/>\n<meta name=\"robots\" content=\"index, follow, max-snippet:-1, max-image-preview:large, max-video-preview:-1\" \/>\n<link rel=\"canonical\" href=\"https:\/\/tierpark-bern.ch\/fr\/protection-de-la-nature-et-animaux\/enclos\/foret-des-loups-et-des-ours\/\" \/>\n<meta property=\"og:locale\" content=\"fr_FR\" \/>\n<meta property=\"og:type\" content=\"article\" \/>\n<meta property=\"og:title\" content=\"For\u00eat des loups et des ours | Tierpark Bern\" \/>\n<meta property=\"og:description\" content=\"En mars 2012, la for\u00eat aux ours est devenue la nouvelle patrie de nos deux ours bruns de l\u2019Oussouri.\" \/>\n<meta property=\"og:url\" content=\"https:\/\/tierpark-bern.ch\/fr\/protection-de-la-nature-et-animaux\/enclos\/foret-des-loups-et-des-ours\/\" \/>\n<meta property=\"og:site_name\" content=\"Tierpark Bern\" \/>\n<meta property=\"article:publisher\" content=\"https:\/\/www.facebook.com\/tierparkbern\/\" \/>\n<meta property=\"article:modified_time\" content=\"2022-12-30T07:34:12+00:00\" \/>\n<meta property=\"og:image\" content=\"https:\/\/tierpark-bern.ch\/web\/app\/uploads\/2020\/07\/woelfin-tierpark-bern-2-2021.jpg\" \/>\n\t<meta property=\"og:image:width\" content=\"1500\" \/>\n\t<meta property=\"og:image:height\" content=\"998\" \/>\n\t<meta property=\"og:image:type\" content=\"image\/jpeg\" \/>\n<script type=\"application\/ld+json\" class=\"yoast-schema-graph\">{\"@context\":\"https:\/\/schema.org\",\"@graph\":[{\"@type\":\"WebPage\",\"@id\":\"https:\/\/tierpark-bern.ch\/fr\/protection-de-la-nature-et-animaux\/enclos\/foret-des-loups-et-des-ours\/\",\"url\":\"https:\/\/tierpark-bern.ch\/fr\/protection-de-la-nature-et-animaux\/enclos\/foret-des-loups-et-des-ours\/\",\"name\":\"For\u00eat des loups et des ours | Tierpark Bern\",\"isPartOf\":{\"@id\":\"https:\/\/tierpark-bern.ch\/fr\/#website\"},\"primaryImageOfPage\":{\"@id\":\"https:\/\/tierpark-bern.ch\/fr\/protection-de-la-nature-et-animaux\/enclos\/foret-des-loups-et-des-ours\/#primaryimage\"},\"image\":{\"@id\":\"https:\/\/tierpark-bern.ch\/fr\/protection-de-la-nature-et-animaux\/enclos\/foret-des-loups-et-des-ours\/#primaryimage\"},\"thumbnailUrl\":\"https:\/\/tierpark-bern.ch\/web\/app\/uploads\/2020\/07\/woelfin-tierpark-bern-2-2021.jpg\",\"datePublished\":\"2021-09-02T22:29:23+00:00\",\"dateModified\":\"2022-12-30T07:34:12+00:00\",\"description\":\"En mars 2012, la for\u00eat aux ours est devenue la nouvelle patrie de nos deux ours bruns de l\u2019Oussouri.\",\"breadcrumb\":{\"@id\":\"https:\/\/tierpark-bern.ch\/fr\/protection-de-la-nature-et-animaux\/enclos\/foret-des-loups-et-des-ours\/#breadcrumb\"},\"inLanguage\":\"fr-FR\",\"potentialAction\":[{\"@type\":\"ReadAction\",\"target\":[\"https:\/\/tierpark-bern.ch\/fr\/protection-de-la-nature-et-animaux\/enclos\/foret-des-loups-et-des-ours\/\"]}]},{\"@type\":\"ImageObject\",\"inLanguage\":\"fr-FR\",\"@id\":\"https:\/\/tierpark-bern.ch\/fr\/protection-de-la-nature-et-animaux\/enclos\/foret-des-loups-et-des-ours\/#primaryimage\",\"url\":\"https:\/\/tierpark-bern.ch\/web\/app\/uploads\/2020\/07\/woelfin-tierpark-bern-2-2021.jpg\",\"contentUrl\":\"https:\/\/tierpark-bern.ch\/web\/app\/uploads\/2020\/07\/woelfin-tierpark-bern-2-2021.jpg\",\"width\":1500,\"height\":998,\"caption\":\"Jungen W\u00f6lfin aus dem franz\u00f6sischen St. Croix\"},{\"@type\":\"BreadcrumbList\",\"@id\":\"https:\/\/tierpark-bern.ch\/fr\/protection-de-la-nature-et-animaux\/enclos\/foret-des-loups-et-des-ours\/#breadcrumb\",\"itemListElement\":[{\"@type\":\"ListItem\",\"position\":1,\"name\":\"Home\",\"item\":\"https:\/\/tierpark-bern.ch\/fr\/home\/\"},{\"@type\":\"ListItem\",\"position\":2,\"name\":\"Protection de la nature et animaux\",\"item\":\"https:\/\/tierpark-bern.ch\/fr\/protection-de-la-nature-et-animaux\/\"},{\"@type\":\"ListItem\",\"position\":3,\"name\":\"Enclos\",\"item\":\"https:\/\/tierpark-bern.ch\/fr\/protection-de-la-nature-et-animaux\/enclos\/\"},{\"@type\":\"ListItem\",\"position\":4,\"name\":\"For\u00eat des loups et des ours\"}]},{\"@type\":\"WebSite\",\"@id\":\"https:\/\/tierpark-bern.ch\/fr\/#website\",\"url\":\"https:\/\/tierpark-bern.ch\/fr\/\",\"name\":\"Tierpark Bern\",\"description\":\"\",\"publisher\":{\"@id\":\"https:\/\/tierpark-bern.ch\/fr\/#organization\"},\"potentialAction\":[{\"@type\":\"SearchAction\",\"target\":{\"@type\":\"EntryPoint\",\"urlTemplate\":\"https:\/\/tierpark-bern.ch\/fr\/?s={search_term_string}\"},\"query-input\":{\"@type\":\"PropertyValueSpecification\",\"valueRequired\":true,\"valueName\":\"search_term_string\"}}],\"inLanguage\":\"fr-FR\"},{\"@type\":\"Organization\",\"@id\":\"https:\/\/tierpark-bern.ch\/fr\/#organization\",\"name\":\"Tierpark Bern | D\u00e4hlh\u00f6lzli + B\u00e4renPark\",\"alternateName\":\"Tierpark Bern\",\"url\":\"https:\/\/tierpark-bern.ch\/fr\/\",\"logo\":{\"@type\":\"ImageObject\",\"inLanguage\":\"fr-FR\",\"@id\":\"https:\/\/tierpark-bern.ch\/fr\/#\/schema\/logo\/image\/\",\"url\":\"https:\/\/tierpark-bern.ch\/web\/app\/uploads\/2024\/04\/tierpark-bern-696x696-1.jpg\",\"contentUrl\":\"https:\/\/tierpark-bern.ch\/web\/app\/uploads\/2024\/04\/tierpark-bern-696x696-1.jpg\",\"width\":696,\"height\":696,\"caption\":\"Tierpark Bern | D\u00e4hlh\u00f6lzli + B\u00e4renPark\"},\"image\":{\"@id\":\"https:\/\/tierpark-bern.ch\/fr\/#\/schema\/logo\/image\/\"},\"sameAs\":[\"https:\/\/www.facebook.com\/tierparkbern\/\",\"https:\/\/x.com\/tierparkbern\",\"https:\/\/www.instagram.com\/tierparkbern\/\"]}]}<\/script>","yoast_head_json":{"title":"For\u00eat des loups et des ours | Tierpark Bern","description":"En mars 2012, la for\u00eat aux ours est devenue la nouvelle patrie de nos deux ours bruns de l\u2019Oussouri.","robots":{"index":"index","follow":"follow","max-snippet":"max-snippet:-1","max-image-preview":"max-image-preview:large","max-video-preview":"max-video-preview:-1"},"canonical":"https:\/\/tierpark-bern.ch\/fr\/protection-de-la-nature-et-animaux\/enclos\/foret-des-loups-et-des-ours\/","og_locale":"fr_FR","og_type":"article","og_title":"For\u00eat des loups et des ours | Tierpark Bern","og_description":"En mars 2012, la for\u00eat aux ours est devenue la nouvelle patrie de nos deux ours bruns de l\u2019Oussouri.","og_url":"https:\/\/tierpark-bern.ch\/fr\/protection-de-la-nature-et-animaux\/enclos\/foret-des-loups-et-des-ours\/","og_site_name":"Tierpark Bern","article_publisher":"https:\/\/www.facebook.com\/tierparkbern\/","article_modified_time":"2022-12-30T07:34:12+00:00","og_image":[{"width":1500,"height":998,"url":"https:\/\/tierpark-bern.ch\/web\/app\/uploads\/2020\/07\/woelfin-tierpark-bern-2-2021.jpg","type":"image\/jpeg"}],"schema":{"@context":"https:\/\/schema.org","@graph":[{"@type":"WebPage","@id":"https:\/\/tierpark-bern.ch\/fr\/protection-de-la-nature-et-animaux\/enclos\/foret-des-loups-et-des-ours\/","url":"https:\/\/tierpark-bern.ch\/fr\/protection-de-la-nature-et-animaux\/enclos\/foret-des-loups-et-des-ours\/","name":"For\u00eat des loups et des ours | Tierpark Bern","isPartOf":{"@id":"https:\/\/tierpark-bern.ch\/fr\/#website"},"primaryImageOfPage":{"@id":"https:\/\/tierpark-bern.ch\/fr\/protection-de-la-nature-et-animaux\/enclos\/foret-des-loups-et-des-ours\/#primaryimage"},"image":{"@id":"https:\/\/tierpark-bern.ch\/fr\/protection-de-la-nature-et-animaux\/enclos\/foret-des-loups-et-des-ours\/#primaryimage"},"thumbnailUrl":"https:\/\/tierpark-bern.ch\/web\/app\/uploads\/2020\/07\/woelfin-tierpark-bern-2-2021.jpg","datePublished":"2021-09-02T22:29:23+00:00","dateModified":"2022-12-30T07:34:12+00:00","description":"En mars 2012, la for\u00eat aux ours est devenue la nouvelle patrie de nos deux ours bruns de l\u2019Oussouri.","breadcrumb":{"@id":"https:\/\/tierpark-bern.ch\/fr\/protection-de-la-nature-et-animaux\/enclos\/foret-des-loups-et-des-ours\/#breadcrumb"},"inLanguage":"fr-FR","potentialAction":[{"@type":"ReadAction","target":["https:\/\/tierpark-bern.ch\/fr\/protection-de-la-nature-et-animaux\/enclos\/foret-des-loups-et-des-ours\/"]}]},{"@type":"ImageObject","inLanguage":"fr-FR","@id":"https:\/\/tierpark-bern.ch\/fr\/protection-de-la-nature-et-animaux\/enclos\/foret-des-loups-et-des-ours\/#primaryimage","url":"https:\/\/tierpark-bern.ch\/web\/app\/uploads\/2020\/07\/woelfin-tierpark-bern-2-2021.jpg","contentUrl":"https:\/\/tierpark-bern.ch\/web\/app\/uploads\/2020\/07\/woelfin-tierpark-bern-2-2021.jpg","width":1500,"height":998,"caption":"Jungen W\u00f6lfin aus dem franz\u00f6sischen St. Croix"},{"@type":"BreadcrumbList","@id":"https:\/\/tierpark-bern.ch\/fr\/protection-de-la-nature-et-animaux\/enclos\/foret-des-loups-et-des-ours\/#breadcrumb","itemListElement":[{"@type":"ListItem","position":1,"name":"Home","item":"https:\/\/tierpark-bern.ch\/fr\/home\/"},{"@type":"ListItem","position":2,"name":"Protection de la nature et animaux","item":"https:\/\/tierpark-bern.ch\/fr\/protection-de-la-nature-et-animaux\/"},{"@type":"ListItem","position":3,"name":"Enclos","item":"https:\/\/tierpark-bern.ch\/fr\/protection-de-la-nature-et-animaux\/enclos\/"},{"@type":"ListItem","position":4,"name":"For\u00eat des loups et des ours"}]},{"@type":"WebSite","@id":"https:\/\/tierpark-bern.ch\/fr\/#website","url":"https:\/\/tierpark-bern.ch\/fr\/","name":"Tierpark Bern","description":"","publisher":{"@id":"https:\/\/tierpark-bern.ch\/fr\/#organization"},"potentialAction":[{"@type":"SearchAction","target":{"@type":"EntryPoint","urlTemplate":"https:\/\/tierpark-bern.ch\/fr\/?s={search_term_string}"},"query-input":{"@type":"PropertyValueSpecification","valueRequired":true,"valueName":"search_term_string"}}],"inLanguage":"fr-FR"},{"@type":"Organization","@id":"https:\/\/tierpark-bern.ch\/fr\/#organization","name":"Tierpark Bern | D\u00e4hlh\u00f6lzli + B\u00e4renPark","alternateName":"Tierpark Bern","url":"https:\/\/tierpark-bern.ch\/fr\/","logo":{"@type":"ImageObject","inLanguage":"fr-FR","@id":"https:\/\/tierpark-bern.ch\/fr\/#\/schema\/logo\/image\/","url":"https:\/\/tierpark-bern.ch\/web\/app\/uploads\/2024\/04\/tierpark-bern-696x696-1.jpg","contentUrl":"https:\/\/tierpark-bern.ch\/web\/app\/uploads\/2024\/04\/tierpark-bern-696x696-1.jpg","width":696,"height":696,"caption":"Tierpark Bern | D\u00e4hlh\u00f6lzli + B\u00e4renPark"},"image":{"@id":"https:\/\/tierpark-bern.ch\/fr\/#\/schema\/logo\/image\/"},"sameAs":["https:\/\/www.facebook.com\/tierparkbern\/","https:\/\/x.com\/tierparkbern","https:\/\/www.instagram.com\/tierparkbern\/"]}]}},"_links":{"self":[{"href":"https:\/\/tierpark-bern.ch\/fr\/wp-json\/wp\/v2\/pages\/46323","targetHints":{"allow":["GET"]}}],"collection":[{"href":"https:\/\/tierpark-bern.ch\/fr\/wp-json\/wp\/v2\/pages"}],"about":[{"href":"https:\/\/tierpark-bern.ch\/fr\/wp-json\/wp\/v2\/types\/page"}],"author":[{"embeddable":true,"href":"https:\/\/tierpark-bern.ch\/fr\/wp-json\/wp\/v2\/users\/1"}],"replies":[{"embeddable":true,"href":"https:\/\/tierpark-bern.ch\/fr\/wp-json\/wp\/v2\/comments?post=46323"}],"version-history":[{"count":0,"href":"https:\/\/tierpark-bern.ch\/fr\/wp-json\/wp\/v2\/pages\/46323\/revisions"}],"up":[{"embeddable":true,"href":"https:\/\/tierpark-bern.ch\/fr\/wp-json\/wp\/v2\/pages\/46318"}],"wp:featuredmedia":[{"embeddable":true,"href":"https:\/\/tierpark-bern.ch\/fr\/wp-json\/wp\/v2\/media\/23728"}],"wp:attachment":[{"href":"https:\/\/tierpark-bern.ch\/fr\/wp-json\/wp\/v2\/media?parent=46323"}],"curies":[{"name":"wp","href":"https:\/\/api.w.org\/{rel}","templated":true}]}}