{"id":46332,"date":"2020-08-18T07:31:23","date_gmt":"2020-08-18T05:31:23","guid":{"rendered":"https:\/\/tierpark-bern.ch\/protection-de-la-nature-et-animaux\/jungtiere\/"},"modified":"2022-10-23T22:16:55","modified_gmt":"2022-10-23T20:16:55","slug":"naissances","status":"publish","type":"page","link":"https:\/\/tierpark-bern.ch\/fr\/protection-de-la-nature-et-animaux\/naissances\/","title":{"rendered":"Naissances"},"content":{"rendered":"<div class=\"wpb-content-wrapper\"><p>[vc_row][vc_column][vc_column_text]<\/p>\n<h1>Naissances<\/h1>\n<p>Quand et dans quels enclos le parc zoologique de Berne a-t-il enregistr\u00e9 ses derni\u00e8res naissances? Vous pourrez actuellement d\u00e9couvrir et observer les jeunes suivants.[\/vc_column_text][vc_column_text]<section class=\"section no-padding-top no-padding-bottom\">\n                        <div class=\"wild-news jungtiere-news\">\n                            <div class=\"row-list col-container\"> <div class=\"list-item\">\n                         <div class=\"wild-news-section\" data-href=\"https:\/\/tierpark-bern.ch\/fr\/news\/rosa-nachwuchs-im-tierpark-bern\/\">\n                             <p><img decoding=\"async\" class=\"wild-news__img\" src=\" https:\/\/tierpark-bern.ch\/web\/app\/uploads\/2024\/06\/flamingo-jungtier-tierpark-bern-2024-2-630x419.jpg\" alt=\"Rosa Nachwuchs im Tierpark Bern\"><\/p>\n                             <div class=\"card card-info \">\n                                  <div class=\"card-body\">\n                                      <div class=\"d-flex flex-column h-100\">\n                                          <p class=\"card-title mb-3\">Rosa Nachwuchs im Tierpark Bern<\/p>\n                                          <p class=\"mb-0\">Das erste K\u00fcken bei den Flamingos ist geschl\u00fcpft! Flamingos bauen ihre kegelf\u00f6rmigen Bruth\u00fcgel aus Schlamm am Gew\u00e4sser-Ufer.<\/p>\n                                      <\/div>\n                                  <\/div>\n                                  <div class=\"card-footer\"><a class=\"button button-wild-news \" aria-label=\"En savoir plus sur Rosa Nachwuchs im Tierpark Bern\" href=\"https:\/\/tierpark-bern.ch\/fr\/news\/rosa-nachwuchs-im-tierpark-bern\/\">En savoir plus <i class=\"vc_btn3-icon fa fa-arrow-right\"><\/i> <\/a><\/div>\n                                  <\/div>\n                             <\/div>\n                         <\/div><div class=\"list-item\">\n                         <div class=\"wild-news-section\" data-href=\"https:\/\/tierpark-bern.ch\/fr\/news\/nachwuchs-bei-den-wisenten\/\">\n                             <p><img decoding=\"async\" class=\"wild-news__img\" src=\" https:\/\/tierpark-bern.ch\/web\/app\/uploads\/2024\/06\/Wisent_Jungtier_2024_Foto_Slezak-7918-min-630x419.jpg\" alt=\"Ein junges Wisentkalb liegt auf dem Boden und wird liebevoll von einem ausgewachsenen Wisent mit der Zunge geleckt. Das Kalb hat weiches, braunes Fell und ruht im Schatten eines Baumes. Der erwachsene Wisent steht neben dem Kalb und scheint f\u00fcrsorglich zu sein. Die Umgebung ist nat\u00fcrlich mit Gras und Erde.\"><\/p>\n                             <div class=\"card card-info \">\n                                  <div class=\"card-body\">\n                                      <div class=\"d-flex flex-column h-100\">\n                                          <p class=\"card-title mb-3\">Nachwuchs bei den Wisenten!<\/p>\n                                          <p class=\"mb-0\">Am 4. Juni 2024 wurde das erste Wisentkalb im D\u00e4hlh\u00f6lzliwald geboren und die Mutter k\u00fcmmert sich liebevoll um ihr neugeborenes Kalb<\/p>\n                                      <\/div>\n                                  <\/div>\n                                  <div class=\"card-footer\"><a class=\"button button-wild-news \" aria-label=\"En savoir plus sur Nachwuchs bei den Wisenten!\" href=\"https:\/\/tierpark-bern.ch\/fr\/news\/nachwuchs-bei-den-wisenten\/\">En savoir plus <i class=\"vc_btn3-icon fa fa-arrow-right\"><\/i> <\/a><\/div>\n                                  <\/div>\n                             <\/div>\n                         <\/div><div class=\"list-item\">\n                         <div class=\"wild-news-section\" data-href=\"https:\/\/tierpark-bern.ch\/fr\/news\/neuigkeiten-aus-der-elchwelt\/\">\n                             <p><img decoding=\"async\" class=\"wild-news__img\" src=\" https:\/\/tierpark-bern.ch\/web\/app\/uploads\/2024\/06\/Elch_Jungtiere_2024_Foto_Slezak-7517-min-630x419.jpg\" alt=\"Ein junges Elchkalb steht im Vordergrund und schaut neugierig in die Kamera. Es hat ein braunes, flauschiges Fell und grosse, aufgerichtete Ohren. \"><\/p>\n                             <div class=\"card card-info \">\n                                  <div class=\"card-body\">\n                                      <div class=\"d-flex flex-column h-100\">\n                                          <p class=\"card-title mb-3\">Neuigkeiten aus der Elchwelt!<\/p>\n                                          <p class=\"mb-0\">Nach einer Tragzeit von circa 8 Monaten wurden am 12. Mai 2024 im Tierpark Bern Elchk\u00e4lber geboren<\/p>\n                                      <\/div>\n                                  <\/div>\n                                  <div class=\"card-footer\"><a class=\"button button-wild-news \" aria-label=\"En savoir plus sur Neuigkeiten aus der Elchwelt!\" href=\"https:\/\/tierpark-bern.ch\/fr\/news\/neuigkeiten-aus-der-elchwelt\/\">En savoir plus <i class=\"vc_btn3-icon fa fa-arrow-right\"><\/i> <\/a><\/div>\n                                  <\/div>\n                             <\/div>\n                         <\/div><div class=\"list-item\">\n                         <div class=\"wild-news-section\" data-href=\"https:\/\/tierpark-bern.ch\/fr\/news\/wolfswelpen-im-tierpark\/\">\n                             <p><img decoding=\"async\" class=\"wild-news__img\" src=\" https:\/\/tierpark-bern.ch\/web\/app\/uploads\/2024\/06\/Wolfswelpe_2024_Foto_Tierpark_Bern_P1090026-min-630x419.jpg\" alt=\"Ein Wolfswelpe liegt im Gras und schaut neugierig in die Kamera. \"><\/p>\n                             <div class=\"card card-info \">\n                                  <div class=\"card-body\">\n                                      <div class=\"d-flex flex-column h-100\">\n                                          <p class=\"card-title mb-3\">Wolfswelpen im Tierpark<\/p>\n                                          <p class=\"mb-0\">Die W\u00f6lfin im Tierpark Bern hat am 26. April 2024 zwei Jungtiere geboren<\/p>\n                                      <\/div>\n                                  <\/div>\n                                  <div class=\"card-footer\"><a class=\"button button-wild-news \" aria-label=\"En savoir plus sur Wolfswelpen im Tierpark\" href=\"https:\/\/tierpark-bern.ch\/fr\/news\/wolfswelpen-im-tierpark\/\">En savoir plus <i class=\"vc_btn3-icon fa fa-arrow-right\"><\/i> <\/a><\/div>\n                                  <\/div>\n                             <\/div>\n                         <\/div><div class=\"list-item\">\n                         <div class=\"wild-news-section\" data-href=\"https:\/\/tierpark-bern.ch\/fr\/news\/die-ziesel-wieseln\/\">\n                             <p><img decoding=\"async\" class=\"wild-news__img\" src=\" https:\/\/tierpark-bern.ch\/web\/app\/uploads\/2024\/06\/Ziesel_Jungtiere_2024_Foto_Slezak-7866-min-630x419.jpg\" alt=\"Mehrere junge Ziesel sitzen im Gras und schauen neugierig umher. Ein Ziesel im Hintergrund steht aufrecht auf seinen Hinterbeinen und blickt aufmerksam in die Umgebung. Die anderen Ziesel sind teilweise unscharf im Vordergrund zu sehen.\"><\/p>\n                             <div class=\"card card-info \">\n                                  <div class=\"card-body\">\n                                      <div class=\"d-flex flex-column h-100\">\n                                          <p class=\"card-title mb-3\">Die Ziesel wieseln!<\/p>\n                                          <p class=\"mb-0\">Seit Ende Mai k\u00f6nnen Besucher im D\u00e4hlh\u00f6lzli-Zoo die ersten diesj\u00e4hrigen Ziesel-Jungtiere sehen!<\/p>\n                                      <\/div>\n                                  <\/div>\n                                  <div class=\"card-footer\"><a class=\"button button-wild-news \" aria-label=\"En savoir plus sur Die Ziesel wieseln!\" href=\"https:\/\/tierpark-bern.ch\/fr\/news\/die-ziesel-wieseln\/\">En savoir plus <i class=\"vc_btn3-icon fa fa-arrow-right\"><\/i> <\/a><\/div>\n                                  <\/div>\n                             <\/div>\n                         <\/div><div class=\"list-item\">\n                         <div class=\"wild-news-section\" data-href=\"https:\/\/tierpark-bern.ch\/fr\/news\/nachwuchs-bei-den-auerhuehnern\/\">\n                             <p><img decoding=\"async\" class=\"wild-news__img\" src=\" https:\/\/tierpark-bern.ch\/web\/app\/uploads\/2023\/12\/Auerhuhn-NZ-2022_Foto-Doris-Slezak-3986-630x419.jpg\" alt=\"Nahaufnahme von einem Auerhuhn Jungtier\"><\/p>\n                             <div class=\"card card-info \">\n                                  <div class=\"card-body\">\n                                      <div class=\"d-flex flex-column h-100\">\n                                          <p class=\"card-title mb-3\">Nachwuchs bei den Auerh\u00fchnern<\/p>\n                                          <p class=\"mb-0\">Kaum sind die Auerh\u00fchner-K\u00fcken geschl\u00fcpft, steht bereits der erste Ausflug an!<\/p>\n                                      <\/div>\n                                  <\/div>\n                                  <div class=\"card-footer\"><a class=\"button button-wild-news \" aria-label=\"En savoir plus sur Nachwuchs bei den Auerh\u00fchnern\" href=\"https:\/\/tierpark-bern.ch\/fr\/news\/nachwuchs-bei-den-auerhuehnern\/\">En savoir plus <i class=\"vc_btn3-icon fa fa-arrow-right\"><\/i> <\/a><\/div>\n                                  <\/div>\n                             <\/div>\n                         <\/div><div class=\"list-item\">\n                         <div class=\"wild-news-section\" data-href=\"https:\/\/tierpark-bern.ch\/fr\/news\/nachwuchs-bei-den-bezoarziegen\/\">\n                             <p><img decoding=\"async\" class=\"wild-news__img\" src=\" https:\/\/tierpark-bern.ch\/web\/app\/uploads\/2023\/05\/kreta_bezoarziegen_jungtiere_T4A3058-min-630x419.jpg\" alt=\"Nahaufnahme von einer Kreta Bezoarziege\"><\/p>\n                             <div class=\"card card-info \">\n                                  <div class=\"card-body\">\n                                      <div class=\"d-flex flex-column h-100\">\n                                          <p class=\"card-title mb-3\">Nachwuchs bei den Bezoarziegen<\/p>\n                                          <p class=\"mb-0\">Am 4. Mai 2024 hat ein erstes Bezoar-\u201dGeissli\u201d das Licht der Welt erblickt.<\/p>\n                                      <\/div>\n                                  <\/div>\n                                  <div class=\"card-footer\"><a class=\"button button-wild-news \" aria-label=\"En savoir plus sur Nachwuchs bei den Bezoarziegen\" href=\"https:\/\/tierpark-bern.ch\/fr\/news\/nachwuchs-bei-den-bezoarziegen\/\">En savoir plus <i class=\"vc_btn3-icon fa fa-arrow-right\"><\/i> <\/a><\/div>\n                                  <\/div>\n                             <\/div>\n                         <\/div><\/div>\n                    <\/div><div class=\"col-12 top-50\">\n                                    <div id=\"jungtiereloadMore\" class=\"load-more-news\">\n                                     <p class=\"button button-background--tierpark\">Autres naissances<\/p>\n                                    <\/div>\n                                  <\/div><\/section>[\/vc_column_text][\/vc_column][\/vc_row][vc_row][vc_column][vc_column_text]<\/p>\n<h2>Liste des naissances (en allemand seulement)<\/h2>\n<p>[\/vc_column_text][vc_column_text]<div class=\"row\">\n                    <div class=\"col-12 bottom-50\">\n                       <div class=\"tbl-jungtiere-list-container\">\n                            <table class=\"tbl-all-jungtiere-list\">\n                            <thead>\n                                <tr>\n                                  <th><strong>Mois<\/strong><\/th>\n                                  <th><strong>Esp\u00e8ces animales<\/strong><\/th>\n                                <\/tr>\n                            <\/thead>\n                            <tbody><tr>\n                               <td><strong>Januar<\/strong><\/td>\n                               <td><strong><\/strong><\/td>\n                              <\/tr><tr>\n                               <td><strong>Februar<\/strong><\/td>\n                               <td><strong>Wildschweine, Zwergziege, Russk\u00f6pfchen<\/strong><\/td>\n                              <\/tr><tr>\n                               <td><strong>M\u00e4rz<\/strong><\/td>\n                               <td><strong><\/strong><\/td>\n                              <\/tr><tr>\n                               <td><strong>April<\/strong><\/td>\n                               <td><strong><\/strong><\/td>\n                              <\/tr><tr>\n                               <td><strong>Mai<\/strong><\/td>\n                               <td><strong><\/strong><\/td>\n                              <\/tr><tr>\n                               <td><strong>Juni<\/strong><\/td>\n                               <td><strong><\/strong><\/td>\n                              <\/tr><tr>\n                               <td><strong>Juli<\/strong><\/td>\n                               <td><strong><\/strong><\/td>\n                              <\/tr><tr>\n                               <td><strong>August<\/strong><\/td>\n                               <td><strong><\/strong><\/td>\n                              <\/tr><tr>\n                               <td><strong>September<\/strong><\/td>\n                               <td><strong><\/strong><\/td>\n                              <\/tr><tr>\n                               <td><strong>Oktober<\/strong><\/td>\n                               <td><strong><\/strong><\/td>\n                              <\/tr><tr>\n                               <td><strong>November<\/strong><\/td>\n                               <td><strong><\/strong><\/td>\n                              <\/tr><tr>\n                               <td><strong>Dezember<\/strong><\/td>\n                               <td><strong><\/strong><\/td>\n                              <\/tr><\/tbody>\n                        <\/table>\n                      <\/div>\n               <\/div>[\/vc_column_text][\/vc_column][\/vc_row]<\/p>\n<\/div>","protected":false},"excerpt":{"rendered":"<p>Quand et dans quels enclos le parc zoologique de Berne a-t-il enregistr\u00e9 ses derni\u00e8res naissances? Vous pourrez actuellement d\u00e9couvrir et observer les jeune<\/p>\n","protected":false},"author":1,"featured_media":22886,"parent":46121,"menu_order":0,"comment_status":"closed","ping_status":"closed","template":"","meta":{"_acf_changed":false,"footnotes":""},"class_list":["post-46332","page","type-page","status-publish","has-post-thumbnail","hentry"],"acf":[],"yoast_head":"<title>Naissances | Tierpark Bern<\/title>\n<meta name=\"description\" content=\"Quand et dans quels enclos le parc zoologique de Berne a-t-il enregistr\u00e9 ses derni\u00e8res naissances? Vous pourrez actuellement d\u00e9couvrir et observer les jeunes suivants.\" \/>\n<meta name=\"robots\" content=\"index, follow, max-snippet:-1, max-image-preview:large, max-video-preview:-1\" \/>\n<link rel=\"canonical\" href=\"https:\/\/tierpark-bern.ch\/fr\/protection-de-la-nature-et-animaux\/naissances\/\" \/>\n<meta property=\"og:locale\" content=\"fr_FR\" \/>\n<meta property=\"og:type\" content=\"article\" \/>\n<meta property=\"og:title\" content=\"Naissances | Tierpark Bern\" \/>\n<meta property=\"og:description\" content=\"Quand et dans quels enclos le parc zoologique de Berne a-t-il enregistr\u00e9 ses derni\u00e8res naissances? Vous pourrez actuellement d\u00e9couvrir et observer les jeunes suivants.\" \/>\n<meta property=\"og:url\" content=\"https:\/\/tierpark-bern.ch\/fr\/protection-de-la-nature-et-animaux\/naissances\/\" \/>\n<meta property=\"og:site_name\" content=\"Tierpark Bern\" \/>\n<meta property=\"article:publisher\" content=\"https:\/\/www.facebook.com\/tierparkbern\/\" \/>\n<meta property=\"article:modified_time\" content=\"2022-10-23T20:16:55+00:00\" \/>\n<meta property=\"og:image\" content=\"https:\/\/tierpark-bern.ch\/web\/app\/uploads\/2022\/02\/moschus-tierpark-bern-70.jpg\" \/>\n\t<meta property=\"og:image:width\" content=\"1500\" \/>\n\t<meta property=\"og:image:height\" content=\"998\" \/>\n\t<meta property=\"og:image:type\" content=\"image\/jpeg\" \/>\n<script type=\"application\/ld+json\" class=\"yoast-schema-graph\">{\"@context\":\"https:\/\/schema.org\",\"@graph\":[{\"@type\":\"WebPage\",\"@id\":\"https:\/\/tierpark-bern.ch\/fr\/protection-de-la-nature-et-animaux\/naissances\/\",\"url\":\"https:\/\/tierpark-bern.ch\/fr\/protection-de-la-nature-et-animaux\/naissances\/\",\"name\":\"Naissances | Tierpark Bern\",\"isPartOf\":{\"@id\":\"https:\/\/tierpark-bern.ch\/fr\/#website\"},\"primaryImageOfPage\":{\"@id\":\"https:\/\/tierpark-bern.ch\/fr\/protection-de-la-nature-et-animaux\/naissances\/#primaryimage\"},\"image\":{\"@id\":\"https:\/\/tierpark-bern.ch\/fr\/protection-de-la-nature-et-animaux\/naissances\/#primaryimage\"},\"thumbnailUrl\":\"https:\/\/tierpark-bern.ch\/web\/app\/uploads\/2022\/02\/moschus-tierpark-bern-70.jpg\",\"datePublished\":\"2020-08-18T05:31:23+00:00\",\"dateModified\":\"2022-10-23T20:16:55+00:00\",\"description\":\"Quand et dans quels enclos le parc zoologique de Berne a-t-il enregistr\u00e9 ses derni\u00e8res naissances? Vous pourrez actuellement d\u00e9couvrir et observer les jeunes suivants.\",\"breadcrumb\":{\"@id\":\"https:\/\/tierpark-bern.ch\/fr\/protection-de-la-nature-et-animaux\/naissances\/#breadcrumb\"},\"inLanguage\":\"fr-FR\",\"potentialAction\":[{\"@type\":\"ReadAction\",\"target\":[\"https:\/\/tierpark-bern.ch\/fr\/protection-de-la-nature-et-animaux\/naissances\/\"]}]},{\"@type\":\"ImageObject\",\"inLanguage\":\"fr-FR\",\"@id\":\"https:\/\/tierpark-bern.ch\/fr\/protection-de-la-nature-et-animaux\/naissances\/#primaryimage\",\"url\":\"https:\/\/tierpark-bern.ch\/web\/app\/uploads\/2022\/02\/moschus-tierpark-bern-70.jpg\",\"contentUrl\":\"https:\/\/tierpark-bern.ch\/web\/app\/uploads\/2022\/02\/moschus-tierpark-bern-70.jpg\",\"width\":1500,\"height\":998,\"caption\":\"Nahaufnahme von einem Moschusochsen\"},{\"@type\":\"BreadcrumbList\",\"@id\":\"https:\/\/tierpark-bern.ch\/fr\/protection-de-la-nature-et-animaux\/naissances\/#breadcrumb\",\"itemListElement\":[{\"@type\":\"ListItem\",\"position\":1,\"name\":\"Home\",\"item\":\"https:\/\/tierpark-bern.ch\/fr\/home\/\"},{\"@type\":\"ListItem\",\"position\":2,\"name\":\"Protection de la nature et animaux\",\"item\":\"https:\/\/tierpark-bern.ch\/fr\/protection-de-la-nature-et-animaux\/\"},{\"@type\":\"ListItem\",\"position\":3,\"name\":\"Naissances\"}]},{\"@type\":\"WebSite\",\"@id\":\"https:\/\/tierpark-bern.ch\/fr\/#website\",\"url\":\"https:\/\/tierpark-bern.ch\/fr\/\",\"name\":\"Tierpark Bern\",\"description\":\"\",\"publisher\":{\"@id\":\"https:\/\/tierpark-bern.ch\/fr\/#organization\"},\"potentialAction\":[{\"@type\":\"SearchAction\",\"target\":{\"@type\":\"EntryPoint\",\"urlTemplate\":\"https:\/\/tierpark-bern.ch\/fr\/?s={search_term_string}\"},\"query-input\":{\"@type\":\"PropertyValueSpecification\",\"valueRequired\":true,\"valueName\":\"search_term_string\"}}],\"inLanguage\":\"fr-FR\"},{\"@type\":\"Organization\",\"@id\":\"https:\/\/tierpark-bern.ch\/fr\/#organization\",\"name\":\"Tierpark Bern | D\u00e4hlh\u00f6lzli + B\u00e4renPark\",\"alternateName\":\"Tierpark Bern\",\"url\":\"https:\/\/tierpark-bern.ch\/fr\/\",\"logo\":{\"@type\":\"ImageObject\",\"inLanguage\":\"fr-FR\",\"@id\":\"https:\/\/tierpark-bern.ch\/fr\/#\/schema\/logo\/image\/\",\"url\":\"https:\/\/tierpark-bern.ch\/web\/app\/uploads\/2024\/04\/tierpark-bern-696x696-1.jpg\",\"contentUrl\":\"https:\/\/tierpark-bern.ch\/web\/app\/uploads\/2024\/04\/tierpark-bern-696x696-1.jpg\",\"width\":696,\"height\":696,\"caption\":\"Tierpark Bern | D\u00e4hlh\u00f6lzli + B\u00e4renPark\"},\"image\":{\"@id\":\"https:\/\/tierpark-bern.ch\/fr\/#\/schema\/logo\/image\/\"},\"sameAs\":[\"https:\/\/www.facebook.com\/tierparkbern\/\",\"https:\/\/x.com\/tierparkbern\",\"https:\/\/www.instagram.com\/tierparkbern\/\"]}]}<\/script>","yoast_head_json":{"title":"Naissances | Tierpark Bern","description":"Quand et dans quels enclos le parc zoologique de Berne a-t-il enregistr\u00e9 ses derni\u00e8res naissances? Vous pourrez actuellement d\u00e9couvrir et observer les jeunes suivants.","robots":{"index":"index","follow":"follow","max-snippet":"max-snippet:-1","max-image-preview":"max-image-preview:large","max-video-preview":"max-video-preview:-1"},"canonical":"https:\/\/tierpark-bern.ch\/fr\/protection-de-la-nature-et-animaux\/naissances\/","og_locale":"fr_FR","og_type":"article","og_title":"Naissances | Tierpark Bern","og_description":"Quand et dans quels enclos le parc zoologique de Berne a-t-il enregistr\u00e9 ses derni\u00e8res naissances? Vous pourrez actuellement d\u00e9couvrir et observer les jeunes suivants.","og_url":"https:\/\/tierpark-bern.ch\/fr\/protection-de-la-nature-et-animaux\/naissances\/","og_site_name":"Tierpark Bern","article_publisher":"https:\/\/www.facebook.com\/tierparkbern\/","article_modified_time":"2022-10-23T20:16:55+00:00","og_image":[{"width":1500,"height":998,"url":"https:\/\/tierpark-bern.ch\/web\/app\/uploads\/2022\/02\/moschus-tierpark-bern-70.jpg","type":"image\/jpeg"}],"schema":{"@context":"https:\/\/schema.org","@graph":[{"@type":"WebPage","@id":"https:\/\/tierpark-bern.ch\/fr\/protection-de-la-nature-et-animaux\/naissances\/","url":"https:\/\/tierpark-bern.ch\/fr\/protection-de-la-nature-et-animaux\/naissances\/","name":"Naissances | Tierpark Bern","isPartOf":{"@id":"https:\/\/tierpark-bern.ch\/fr\/#website"},"primaryImageOfPage":{"@id":"https:\/\/tierpark-bern.ch\/fr\/protection-de-la-nature-et-animaux\/naissances\/#primaryimage"},"image":{"@id":"https:\/\/tierpark-bern.ch\/fr\/protection-de-la-nature-et-animaux\/naissances\/#primaryimage"},"thumbnailUrl":"https:\/\/tierpark-bern.ch\/web\/app\/uploads\/2022\/02\/moschus-tierpark-bern-70.jpg","datePublished":"2020-08-18T05:31:23+00:00","dateModified":"2022-10-23T20:16:55+00:00","description":"Quand et dans quels enclos le parc zoologique de Berne a-t-il enregistr\u00e9 ses derni\u00e8res naissances? Vous pourrez actuellement d\u00e9couvrir et observer les jeunes suivants.","breadcrumb":{"@id":"https:\/\/tierpark-bern.ch\/fr\/protection-de-la-nature-et-animaux\/naissances\/#breadcrumb"},"inLanguage":"fr-FR","potentialAction":[{"@type":"ReadAction","target":["https:\/\/tierpark-bern.ch\/fr\/protection-de-la-nature-et-animaux\/naissances\/"]}]},{"@type":"ImageObject","inLanguage":"fr-FR","@id":"https:\/\/tierpark-bern.ch\/fr\/protection-de-la-nature-et-animaux\/naissances\/#primaryimage","url":"https:\/\/tierpark-bern.ch\/web\/app\/uploads\/2022\/02\/moschus-tierpark-bern-70.jpg","contentUrl":"https:\/\/tierpark-bern.ch\/web\/app\/uploads\/2022\/02\/moschus-tierpark-bern-70.jpg","width":1500,"height":998,"caption":"Nahaufnahme von einem Moschusochsen"},{"@type":"BreadcrumbList","@id":"https:\/\/tierpark-bern.ch\/fr\/protection-de-la-nature-et-animaux\/naissances\/#breadcrumb","itemListElement":[{"@type":"ListItem","position":1,"name":"Home","item":"https:\/\/tierpark-bern.ch\/fr\/home\/"},{"@type":"ListItem","position":2,"name":"Protection de la nature et animaux","item":"https:\/\/tierpark-bern.ch\/fr\/protection-de-la-nature-et-animaux\/"},{"@type":"ListItem","position":3,"name":"Naissances"}]},{"@type":"WebSite","@id":"https:\/\/tierpark-bern.ch\/fr\/#website","url":"https:\/\/tierpark-bern.ch\/fr\/","name":"Tierpark Bern","description":"","publisher":{"@id":"https:\/\/tierpark-bern.ch\/fr\/#organization"},"potentialAction":[{"@type":"SearchAction","target":{"@type":"EntryPoint","urlTemplate":"https:\/\/tierpark-bern.ch\/fr\/?s={search_term_string}"},"query-input":{"@type":"PropertyValueSpecification","valueRequired":true,"valueName":"search_term_string"}}],"inLanguage":"fr-FR"},{"@type":"Organization","@id":"https:\/\/tierpark-bern.ch\/fr\/#organization","name":"Tierpark Bern | D\u00e4hlh\u00f6lzli + B\u00e4renPark","alternateName":"Tierpark Bern","url":"https:\/\/tierpark-bern.ch\/fr\/","logo":{"@type":"ImageObject","inLanguage":"fr-FR","@id":"https:\/\/tierpark-bern.ch\/fr\/#\/schema\/logo\/image\/","url":"https:\/\/tierpark-bern.ch\/web\/app\/uploads\/2024\/04\/tierpark-bern-696x696-1.jpg","contentUrl":"https:\/\/tierpark-bern.ch\/web\/app\/uploads\/2024\/04\/tierpark-bern-696x696-1.jpg","width":696,"height":696,"caption":"Tierpark Bern | D\u00e4hlh\u00f6lzli + B\u00e4renPark"},"image":{"@id":"https:\/\/tierpark-bern.ch\/fr\/#\/schema\/logo\/image\/"},"sameAs":["https:\/\/www.facebook.com\/tierparkbern\/","https:\/\/x.com\/tierparkbern","https:\/\/www.instagram.com\/tierparkbern\/"]}]}},"_links":{"self":[{"href":"https:\/\/tierpark-bern.ch\/fr\/wp-json\/wp\/v2\/pages\/46332","targetHints":{"allow":["GET"]}}],"collection":[{"href":"https:\/\/tierpark-bern.ch\/fr\/wp-json\/wp\/v2\/pages"}],"about":[{"href":"https:\/\/tierpark-bern.ch\/fr\/wp-json\/wp\/v2\/types\/page"}],"author":[{"embeddable":true,"href":"https:\/\/tierpark-bern.ch\/fr\/wp-json\/wp\/v2\/users\/1"}],"replies":[{"embeddable":true,"href":"https:\/\/tierpark-bern.ch\/fr\/wp-json\/wp\/v2\/comments?post=46332"}],"version-history":[{"count":0,"href":"https:\/\/tierpark-bern.ch\/fr\/wp-json\/wp\/v2\/pages\/46332\/revisions"}],"up":[{"embeddable":true,"href":"https:\/\/tierpark-bern.ch\/fr\/wp-json\/wp\/v2\/pages\/46121"}],"wp:featuredmedia":[{"embeddable":true,"href":"https:\/\/tierpark-bern.ch\/fr\/wp-json\/wp\/v2\/media\/22886"}],"wp:attachment":[{"href":"https:\/\/tierpark-bern.ch\/fr\/wp-json\/wp\/v2\/media?parent=46332"}],"curies":[{"name":"wp","href":"https:\/\/api.w.org\/{rel}","templated":true}]}}