{"id":46349,"date":"2021-09-03T00:03:38","date_gmt":"2021-09-02T22:03:38","guid":{"rendered":"https:\/\/tierpark-bern.ch\/zwergseidenaeffchen-anlage\/"},"modified":"2022-11-21T12:26:02","modified_gmt":"2022-11-21T11:26:02","slug":"enclos-des-ouistitis-pygmees","status":"publish","type":"page","link":"https:\/\/tierpark-bern.ch\/fr\/protection-de-la-nature-et-animaux\/enclos\/vivarium\/enclos-des-ouistitis-pygmees\/","title":{"rendered":"Enclos des ouistitis pygm\u00e9es"},"content":{"rendered":"<div class=\"wpb-content-wrapper\"><p>[vc_row][vc_column][vc_column_text]<\/p>\n<h1>Enclos des ouistitis pygm\u00e9es<\/h1>\n<p>L\u2019enclos des ouistitis pygm\u00e9es donne un aper\u00e7u du cadre de vie de la plus petite esp\u00e8ce de singe au monde. Il comprend des arbres tropicaux \u2013 dont l\u2019olive noire cens\u00e9e poss\u00e9der des vertus aphrodisiaques \u2013, des plantes grimpantes, des brom\u00e9liac\u00e9es et diverses cachettes de nourriture. Les ouistitis pygm\u00e9es trouvent dans les arbres des nids pour passer la nuit, au-dessus d\u2019un ruisseau se jetant dans la lagune o\u00f9 vivent des tortues \u00e0 long cou. Un paysage rocheux artificiel imitant une falaise \u00e9rod\u00e9e sert d\u2019arri\u00e8re-plan.[\/vc_column_text][\/vc_column][\/vc_row][vc_row][vc_column width=&#8221;1\/2&#8243;][vc_single_image image=&#8221;23615&#8243; add_caption=&#8221;yes&#8221; add_custom_caption_class=&#8221;yes&#8221;][vc_column_text]Les ouistitis pygm\u00e9es p\u00e8sent de 100 \u00e0 140 grammes et mesurent au maximum 23 cm de long (queue comprise!).[\/vc_column_text][\/vc_column][vc_column width=&#8221;1\/2&#8243;][vc_single_image image=&#8221;31719&#8243; add_caption=&#8221;yes&#8221; add_custom_caption_class=&#8221;yes&#8221;][vc_column_text]Des tortues \u00e0 long cou d\u2019Australie s\u2019\u00e9battent dans la lagune.[\/vc_column_text][\/vc_column][\/vc_row][vc_row][vc_column width=&#8221;1\/2&#8243;][vc_column_text]<\/p>\n<div class=\"tbl-species-list-container\">\n<h2>Animaux \u00e0 voir dans l\u2019enclos<\/h2>\n<table class=\"tbl-all-species-list\">\n<tbody>\n<tr>\n<td><a href=\"https:\/\/tierpark-bern.ch\/fr\/tierlexikon\/zwergseidenaeffchen\/\"><strong>Ouistiti nain<\/strong><\/a><\/td>\n<\/tr>\n<tr>\n<td><a href=\"https:\/\/tierpark-bern.ch\/fr\/tierlexikon\/australische-schlangenhals-schildkroete\/\"><strong>Tortue \u00e0 long cou d\u2019Australie<\/strong><\/a><\/td>\n<\/tr>\n<\/tbody>\n<\/table>\n<\/div>\n<p>[\/vc_column_text][\/vc_column][\/vc_row]<\/p>\n<\/div>","protected":false},"excerpt":{"rendered":"<p>Les ouistitis pygm\u00e9es p\u00e8sent de 100 \u00e0 140 grammes et mesurent au maximum 23 cm de long (queue comprise!).<\/p>\n","protected":false},"author":1,"featured_media":0,"parent":46427,"menu_order":0,"comment_status":"closed","ping_status":"closed","template":"","meta":{"_acf_changed":false,"footnotes":""},"class_list":["post-46349","page","type-page","status-publish","hentry"],"acf":[],"yoast_head":"<title>Enclos des ouistitis pygm\u00e9es | Tierpark Bern<\/title>\n<meta name=\"description\" content=\"Les ouistitis pygm\u00e9es p\u00e8sent de 100 \u00e0 140 grammes et mesurent au maximum 23 cm de long (queue comprise!).\" \/>\n<meta name=\"robots\" content=\"index, follow, max-snippet:-1, max-image-preview:large, max-video-preview:-1\" \/>\n<link rel=\"canonical\" href=\"https:\/\/tierpark-bern.ch\/fr\/protection-de-la-nature-et-animaux\/enclos\/vivarium\/enclos-des-ouistitis-pygmees\/\" \/>\n<meta property=\"og:locale\" content=\"fr_FR\" \/>\n<meta property=\"og:type\" content=\"article\" \/>\n<meta property=\"og:title\" content=\"Enclos des ouistitis pygm\u00e9es | Tierpark Bern\" \/>\n<meta property=\"og:description\" content=\"Les ouistitis pygm\u00e9es p\u00e8sent de 100 \u00e0 140 grammes et mesurent au maximum 23 cm de long (queue comprise!).\" \/>\n<meta property=\"og:url\" content=\"https:\/\/tierpark-bern.ch\/fr\/protection-de-la-nature-et-animaux\/enclos\/vivarium\/enclos-des-ouistitis-pygmees\/\" \/>\n<meta property=\"og:site_name\" content=\"Tierpark Bern\" \/>\n<meta property=\"article:publisher\" content=\"https:\/\/www.facebook.com\/tierparkbern\/\" \/>\n<meta property=\"article:modified_time\" content=\"2022-11-21T11:26:02+00:00\" \/>\n<script type=\"application\/ld+json\" class=\"yoast-schema-graph\">{\"@context\":\"https:\/\/schema.org\",\"@graph\":[{\"@type\":\"WebPage\",\"@id\":\"https:\/\/tierpark-bern.ch\/fr\/protection-de-la-nature-et-animaux\/enclos\/vivarium\/enclos-des-ouistitis-pygmees\/\",\"url\":\"https:\/\/tierpark-bern.ch\/fr\/protection-de-la-nature-et-animaux\/enclos\/vivarium\/enclos-des-ouistitis-pygmees\/\",\"name\":\"Enclos des ouistitis pygm\u00e9es | Tierpark Bern\",\"isPartOf\":{\"@id\":\"https:\/\/tierpark-bern.ch\/fr\/#website\"},\"datePublished\":\"2021-09-02T22:03:38+00:00\",\"dateModified\":\"2022-11-21T11:26:02+00:00\",\"description\":\"Les ouistitis pygm\u00e9es p\u00e8sent de 100 \u00e0 140 grammes et mesurent au maximum 23 cm de long (queue comprise!).\",\"breadcrumb\":{\"@id\":\"https:\/\/tierpark-bern.ch\/fr\/protection-de-la-nature-et-animaux\/enclos\/vivarium\/enclos-des-ouistitis-pygmees\/#breadcrumb\"},\"inLanguage\":\"fr-FR\",\"potentialAction\":[{\"@type\":\"ReadAction\",\"target\":[\"https:\/\/tierpark-bern.ch\/fr\/protection-de-la-nature-et-animaux\/enclos\/vivarium\/enclos-des-ouistitis-pygmees\/\"]}]},{\"@type\":\"BreadcrumbList\",\"@id\":\"https:\/\/tierpark-bern.ch\/fr\/protection-de-la-nature-et-animaux\/enclos\/vivarium\/enclos-des-ouistitis-pygmees\/#breadcrumb\",\"itemListElement\":[{\"@type\":\"ListItem\",\"position\":1,\"name\":\"Home\",\"item\":\"https:\/\/tierpark-bern.ch\/fr\/home\/\"},{\"@type\":\"ListItem\",\"position\":2,\"name\":\"Protection de la nature et animaux\",\"item\":\"https:\/\/tierpark-bern.ch\/fr\/protection-de-la-nature-et-animaux\/\"},{\"@type\":\"ListItem\",\"position\":3,\"name\":\"Enclos\",\"item\":\"https:\/\/tierpark-bern.ch\/fr\/protection-de-la-nature-et-animaux\/enclos\/\"},{\"@type\":\"ListItem\",\"position\":4,\"name\":\"Vivarium\",\"item\":\"https:\/\/tierpark-bern.ch\/fr\/protection-de-la-nature-et-animaux\/enclos\/vivarium\/\"},{\"@type\":\"ListItem\",\"position\":5,\"name\":\"Enclos des ouistitis pygm\u00e9es\"}]},{\"@type\":\"WebSite\",\"@id\":\"https:\/\/tierpark-bern.ch\/fr\/#website\",\"url\":\"https:\/\/tierpark-bern.ch\/fr\/\",\"name\":\"Tierpark Bern\",\"description\":\"\",\"publisher\":{\"@id\":\"https:\/\/tierpark-bern.ch\/fr\/#organization\"},\"potentialAction\":[{\"@type\":\"SearchAction\",\"target\":{\"@type\":\"EntryPoint\",\"urlTemplate\":\"https:\/\/tierpark-bern.ch\/fr\/?s={search_term_string}\"},\"query-input\":{\"@type\":\"PropertyValueSpecification\",\"valueRequired\":true,\"valueName\":\"search_term_string\"}}],\"inLanguage\":\"fr-FR\"},{\"@type\":\"Organization\",\"@id\":\"https:\/\/tierpark-bern.ch\/fr\/#organization\",\"name\":\"Tierpark Bern | D\u00e4hlh\u00f6lzli + B\u00e4renPark\",\"alternateName\":\"Tierpark Bern\",\"url\":\"https:\/\/tierpark-bern.ch\/fr\/\",\"logo\":{\"@type\":\"ImageObject\",\"inLanguage\":\"fr-FR\",\"@id\":\"https:\/\/tierpark-bern.ch\/fr\/#\/schema\/logo\/image\/\",\"url\":\"https:\/\/tierpark-bern.ch\/web\/app\/uploads\/2024\/04\/tierpark-bern-696x696-1.jpg\",\"contentUrl\":\"https:\/\/tierpark-bern.ch\/web\/app\/uploads\/2024\/04\/tierpark-bern-696x696-1.jpg\",\"width\":696,\"height\":696,\"caption\":\"Tierpark Bern | D\u00e4hlh\u00f6lzli + B\u00e4renPark\"},\"image\":{\"@id\":\"https:\/\/tierpark-bern.ch\/fr\/#\/schema\/logo\/image\/\"},\"sameAs\":[\"https:\/\/www.facebook.com\/tierparkbern\/\",\"https:\/\/x.com\/tierparkbern\",\"https:\/\/www.instagram.com\/tierparkbern\/\"]}]}<\/script>","yoast_head_json":{"title":"Enclos des ouistitis pygm\u00e9es | Tierpark Bern","description":"Les ouistitis pygm\u00e9es p\u00e8sent de 100 \u00e0 140 grammes et mesurent au maximum 23 cm de long (queue comprise!).","robots":{"index":"index","follow":"follow","max-snippet":"max-snippet:-1","max-image-preview":"max-image-preview:large","max-video-preview":"max-video-preview:-1"},"canonical":"https:\/\/tierpark-bern.ch\/fr\/protection-de-la-nature-et-animaux\/enclos\/vivarium\/enclos-des-ouistitis-pygmees\/","og_locale":"fr_FR","og_type":"article","og_title":"Enclos des ouistitis pygm\u00e9es | Tierpark Bern","og_description":"Les ouistitis pygm\u00e9es p\u00e8sent de 100 \u00e0 140 grammes et mesurent au maximum 23 cm de long (queue comprise!).","og_url":"https:\/\/tierpark-bern.ch\/fr\/protection-de-la-nature-et-animaux\/enclos\/vivarium\/enclos-des-ouistitis-pygmees\/","og_site_name":"Tierpark Bern","article_publisher":"https:\/\/www.facebook.com\/tierparkbern\/","article_modified_time":"2022-11-21T11:26:02+00:00","schema":{"@context":"https:\/\/schema.org","@graph":[{"@type":"WebPage","@id":"https:\/\/tierpark-bern.ch\/fr\/protection-de-la-nature-et-animaux\/enclos\/vivarium\/enclos-des-ouistitis-pygmees\/","url":"https:\/\/tierpark-bern.ch\/fr\/protection-de-la-nature-et-animaux\/enclos\/vivarium\/enclos-des-ouistitis-pygmees\/","name":"Enclos des ouistitis pygm\u00e9es | Tierpark Bern","isPartOf":{"@id":"https:\/\/tierpark-bern.ch\/fr\/#website"},"datePublished":"2021-09-02T22:03:38+00:00","dateModified":"2022-11-21T11:26:02+00:00","description":"Les ouistitis pygm\u00e9es p\u00e8sent de 100 \u00e0 140 grammes et mesurent au maximum 23 cm de long (queue comprise!).","breadcrumb":{"@id":"https:\/\/tierpark-bern.ch\/fr\/protection-de-la-nature-et-animaux\/enclos\/vivarium\/enclos-des-ouistitis-pygmees\/#breadcrumb"},"inLanguage":"fr-FR","potentialAction":[{"@type":"ReadAction","target":["https:\/\/tierpark-bern.ch\/fr\/protection-de-la-nature-et-animaux\/enclos\/vivarium\/enclos-des-ouistitis-pygmees\/"]}]},{"@type":"BreadcrumbList","@id":"https:\/\/tierpark-bern.ch\/fr\/protection-de-la-nature-et-animaux\/enclos\/vivarium\/enclos-des-ouistitis-pygmees\/#breadcrumb","itemListElement":[{"@type":"ListItem","position":1,"name":"Home","item":"https:\/\/tierpark-bern.ch\/fr\/home\/"},{"@type":"ListItem","position":2,"name":"Protection de la nature et animaux","item":"https:\/\/tierpark-bern.ch\/fr\/protection-de-la-nature-et-animaux\/"},{"@type":"ListItem","position":3,"name":"Enclos","item":"https:\/\/tierpark-bern.ch\/fr\/protection-de-la-nature-et-animaux\/enclos\/"},{"@type":"ListItem","position":4,"name":"Vivarium","item":"https:\/\/tierpark-bern.ch\/fr\/protection-de-la-nature-et-animaux\/enclos\/vivarium\/"},{"@type":"ListItem","position":5,"name":"Enclos des ouistitis pygm\u00e9es"}]},{"@type":"WebSite","@id":"https:\/\/tierpark-bern.ch\/fr\/#website","url":"https:\/\/tierpark-bern.ch\/fr\/","name":"Tierpark Bern","description":"","publisher":{"@id":"https:\/\/tierpark-bern.ch\/fr\/#organization"},"potentialAction":[{"@type":"SearchAction","target":{"@type":"EntryPoint","urlTemplate":"https:\/\/tierpark-bern.ch\/fr\/?s={search_term_string}"},"query-input":{"@type":"PropertyValueSpecification","valueRequired":true,"valueName":"search_term_string"}}],"inLanguage":"fr-FR"},{"@type":"Organization","@id":"https:\/\/tierpark-bern.ch\/fr\/#organization","name":"Tierpark Bern | D\u00e4hlh\u00f6lzli + B\u00e4renPark","alternateName":"Tierpark Bern","url":"https:\/\/tierpark-bern.ch\/fr\/","logo":{"@type":"ImageObject","inLanguage":"fr-FR","@id":"https:\/\/tierpark-bern.ch\/fr\/#\/schema\/logo\/image\/","url":"https:\/\/tierpark-bern.ch\/web\/app\/uploads\/2024\/04\/tierpark-bern-696x696-1.jpg","contentUrl":"https:\/\/tierpark-bern.ch\/web\/app\/uploads\/2024\/04\/tierpark-bern-696x696-1.jpg","width":696,"height":696,"caption":"Tierpark Bern | D\u00e4hlh\u00f6lzli + B\u00e4renPark"},"image":{"@id":"https:\/\/tierpark-bern.ch\/fr\/#\/schema\/logo\/image\/"},"sameAs":["https:\/\/www.facebook.com\/tierparkbern\/","https:\/\/x.com\/tierparkbern","https:\/\/www.instagram.com\/tierparkbern\/"]}]}},"_links":{"self":[{"href":"https:\/\/tierpark-bern.ch\/fr\/wp-json\/wp\/v2\/pages\/46349","targetHints":{"allow":["GET"]}}],"collection":[{"href":"https:\/\/tierpark-bern.ch\/fr\/wp-json\/wp\/v2\/pages"}],"about":[{"href":"https:\/\/tierpark-bern.ch\/fr\/wp-json\/wp\/v2\/types\/page"}],"author":[{"embeddable":true,"href":"https:\/\/tierpark-bern.ch\/fr\/wp-json\/wp\/v2\/users\/1"}],"replies":[{"embeddable":true,"href":"https:\/\/tierpark-bern.ch\/fr\/wp-json\/wp\/v2\/comments?post=46349"}],"version-history":[{"count":0,"href":"https:\/\/tierpark-bern.ch\/fr\/wp-json\/wp\/v2\/pages\/46349\/revisions"}],"up":[{"embeddable":true,"href":"https:\/\/tierpark-bern.ch\/fr\/wp-json\/wp\/v2\/pages\/46427"}],"wp:attachment":[{"href":"https:\/\/tierpark-bern.ch\/fr\/wp-json\/wp\/v2\/media?parent=46349"}],"curies":[{"name":"wp","href":"https:\/\/api.w.org\/{rel}","templated":true}]}}