{"id":46458,"date":"2021-12-20T22:49:27","date_gmt":"2021-12-20T21:49:27","guid":{"rendered":"https:\/\/tierpark-bern.ch\/protection-de-la-nature-et-animaux\/stadttauben\/"},"modified":"2024-02-20T15:49:00","modified_gmt":"2024-02-20T14:49:00","slug":"pigeons-en-ville-de-berne","status":"publish","type":"page","link":"https:\/\/tierpark-bern.ch\/fr\/protection-de-la-nature-et-animaux\/pigeons-en-ville-de-berne\/","title":{"rendered":"Pigeons en ville de Berne"},"content":{"rendered":"<div class=\"wpb-content-wrapper\"><p>[vc_row][vc_column][vc_column_text]<\/p>\n<h1>Pigeons en ville de Berne<\/h1>\n<p>La ville de Berne vise \u00e0 maintenir une population de pigeons petite mais saine.[\/vc_column_text][vc_column_text]<\/p>\n<h2>Histoire (en allemand seulement)<\/h2>\n<p>In den 1980- und 1990-er Jahren erlebte die Stadt Bern eine Taubenplage, \u00fcber 10&#8217;000 Tauben bev\u00f6lkerten den Siedlungsraum der Stadt Bern. In der Folge wurde ein Taubenmanagement etabliert, das sich positiv ausgewirkt hat: der Taubenbestand umfasst heute noch rund 1500 V\u00f6gel. Der Taubenvater, der sich mit Unterst\u00fctzung der Berner Flurpolizei \u00fcber 20 Jahre um die Stadttauben gek\u00fcmmert hatte, hat seine Arbeit im Fr\u00fchjahr 2011 altershalber aufgegeben.<\/p>\n<h2>Nouveau concept en faveur des pigeons<\/h2>\n<p>Les contr\u00f4les sont maintenus. En d\u00e9cembre 2010, le Conseil municipal de la Ville de Berne a d\u00e9cid\u00e9 de transf\u00e9rer le contr\u00f4le des pigeons \u00e0 la Direction de la s\u00e9curit\u00e9, de l\u2019environnement et de l\u2019\u00e9nergie, et donc au D\u00e4hlh\u00f6lzli. Un nouveau concept r\u00e8gle les aspects des soins et de la gestion des pigeons, en signalant les adresses \u00e0 contacter en cas de besoin.[\/vc_column_text][vc_column_text]<a class=\"button button--primary button--tierpark\" href=\"https:\/\/tierpark-bern.ch\/web\/app\/uploads\/2020\/08\/Taubenkonzept_November_2016.pdf\" target=\"_blank\" rel=\"noopener\">Plan d\u2019action concernant les pigeons de la Ville de Berne de novembre 2016 (PDF, 205 KB, en allemand seulement)<\/a>[\/vc_column_text][\/vc_column][\/vc_row][vc_row][vc_column width=&#8221;1\/2&#8243;][vc_single_image image=&#8221;17467&#8243; img_size=&#8221;570&#215;410&#8243; el_class=&#8221;article-image&#8221;][\/vc_column][vc_column width=&#8221;1\/2&#8243;][vc_single_image image=&#8221;17470&#8243; img_size=&#8221;570&#215;410&#8243; el_class=&#8221;article-image&#8221;][\/vc_column][\/vc_row][vc_row css=&#8221;.vc_custom_1640095637313{padding-top: 15px !important;}&#8221;][vc_column][vc_column_text]<\/p>\n<h2><strong>Pigeon en vol (en allemand seulement)<\/strong><\/h2>\n<p>[\/vc_column_text][\/vc_column][\/vc_row][vc_row][vc_column][vc_tta_accordion shape=&#8221;square&#8221; gap=&#8221;15&#8243; c_position=&#8221;right&#8221; active_section=&#8221;-1&#8243; collapsible_all=&#8221;true&#8221; el_class=&#8221;tauben-biologie-accordion&#8221;][vc_tta_section title=&#8221;Herkunft&#8221; tab_id=&#8221;1638892451312-9d8efd25-152d&#8221; el_class=&#8221;tauben-biologie&#8221;][vc_column_text]Die Stadttaube stammt von der Felsentaube (Columba livia) ab. Die Felsentaube wurde vom Menschen eingefangen, zur Haustaube weitergez\u00fcchtet und als solche ausgewildert. W\u00e4hrend die Felsentaube in abnehmenden Best\u00e4nden vom Aussterben bedroht ist, wurde die Stadttaube vielerorts zum Problem.<\/p>\n<p>Was f\u00fcr die Felsentauben die Felsklippen des Mittelmeerraumes waren, sind f\u00fcr die Stadttauben die Geb\u00e4ude der heutigen St\u00e4dte auf der ganzen Welt. Hier finden sie alles was sie zum Leben brauchen: Nahrung und gesch\u00fctzte Nistgelegenheiten.[\/vc_column_text][\/vc_tta_section][vc_tta_section title=&#8221;Ern\u00e4hrung&#8221; tab_id=&#8221;1637624979076-2d623d33-7808&#8243;][vc_column_text]Das Nahrungsspekturm der Felsentaube reicht von S\u00e4mereien und Knospen \u00fcber Beeren bis zu Insekten und W\u00fcrmern und ist damit so breit, dass die Stadttauben sehr flexibel mit dem Nahrungsangebot der St\u00e4dte umgehen und sich problemlos von den menschlichen Abf\u00e4llen bzw. vom oft angebotenen Futter ern\u00e4hren k\u00f6nnen.<br \/>\n[\/vc_column_text][\/vc_tta_section][vc_tta_section title=&#8221;Fortpflanzung&#8221; tab_id=&#8221;1637624947574-08e4907a-f6aa&#8221;][vc_column_text]Tauben sind im Alter von 6 Monaten fortpflanzungsf\u00e4hig. Meist lebt ein Taubenpaar in lebenslanger Monogamie. Das M\u00e4nnchen lockt sein Weibchen zum Nistplatz auf Felsvorspr\u00fcngen, Felsspalten und H\u00f6hlen, (bzw. Simsen, Zwischenr\u00e4ume und Inneres von Geb\u00e4uden). Die Partner bauen das Nest gemeinsam.<\/p>\n<p>Ein Gelege besteht meist aus zwei Eiern, sie werden von beiden Partnern 18 Tage lang bebr\u00fctet. Nestlinge werden gehudert und von beiden Eltern mit Kropfmilch gef\u00fcttert. Mit 25 Tagen verlassen sie ihr Nest, mit 30 Tagen sind die Jungen flugf\u00e4hig und wenig sp\u00e4ter selbst\u00e4ndig. Ein Paar kann pro Jahr mehrere Bruten aufziehen.[\/vc_column_text][\/vc_tta_section][vc_tta_section title=&#8221;Lebenserwartung&#8221; tab_id=&#8221;1637624947567-3de73722-86bd&#8221;][vc_column_text]Felsentauben leben 10 \u2013 15 Jahre, Stadttauben 2 \u2013 3 Jahre.<br \/>\n[\/vc_column_text][\/vc_tta_section][vc_tta_section title=&#8221;Probleme mit Stadttauben&#8221; tab_id=&#8221;1638892587397-a2eef0bb-3edf&#8221;][vc_column_text]Gr\u00f6ssere Ansammlungen von Tauben an Orten, wo sie unerw\u00fcnscht gef\u00fcttert werden. Dadurch kann es zu L\u00e4rmbel\u00e4stigung, Verschmutzung durch Taubenkot oder unkontrollierte Vermehrung kommen.<\/p>\n<p>[\/vc_column_text][\/vc_tta_section][vc_tta_section title=&#8221;Eind\u00e4mmung der Best\u00e4nde von Stadttauben&#8221; tab_id=&#8221;1638892674659-58136314-3e1d&#8221;][vc_column_text]Die Massnahmen reichen in vielen St\u00e4dten von F\u00fctterungsverboten, mechanischen Abwehrmitteln wie Netzen, Nadeln oder Dr\u00e4hten als Lande-Hindernis, \u00fcber das Abschiessen, bis zur aktiven Bejagung durch Falkner. In Bern werden die m\u00e4nnlichen Tauben sterilisiert und in den Taubenschl\u00e4gen tauscht man die befruchteten Eier gegen Kunsteiern aus.[\/vc_column_text][\/vc_tta_section][\/vc_tta_accordion][vc_empty_space][\/vc_column][\/vc_row][vc_row][vc_column width=&#8221;1\/2&#8243;][vc_single_image image=&#8221;17474&#8243; img_size=&#8221;570&#215;410&#8243; el_class=&#8221;article-image&#8221;][\/vc_column][vc_column width=&#8221;1\/2&#8243;][vc_single_image image=&#8221;17477&#8243; img_size=&#8221;570&#215;410&#8243; el_class=&#8221;article-image&#8221;][\/vc_column][\/vc_row][vc_row][vc_column][vc_empty_space][vc_column_text]<div class=\"faq-section top-20\">\n                <div class=\"row\">\n                    <div class=\"col-12\"><div class=\"accordion accordion--bordered\">\n                                  <div class=\"accordion__title-block\" role=\"button\">\n                                      <span class=\"accordion__title\">Mesures de d\u00e9fense adapt\u00e9es aux animaux<\/span>\n                                      <span class=\"accordion__close\"><\/span>\n                                  <\/div>\n                                  <div class=\"accordion__text-block\">\n                                       <p><p>La fiche d\u2019information sur les solutions d\u2019\u00e9loignement des pigeons respectueuses du bien-\u00eatre animal peut \u00eatre t\u00e9l\u00e9charg\u00e9e ici: <\/p>\n<p><a class=\"button button--tierpark\" title=\"Mesures de d\u00e9fense adapt\u00e9es aux animaux\" href=\"https:\/\/tierpark-bern.ch\/web\/app\/uploads\/2021\/08\/Informationsblatt_zu_tiergerechten_Abwehrmassnahmen.pdf\" target=\"_blank\" rel=\"noopener noreferrer\"> Informationsblatt zu tiergerechten Abwehrmassnahmen (pdf, 82 kb, en allemand seulement) )<\/a><\/p>\n<\/p>\n                                  <\/div>\n                              <\/div><\/div>\n                <\/div>\n            <\/div>[\/vc_column_text][\/vc_column][\/vc_row][vc_row][vc_column][vc_column_text]<section class=\"section no-padding-bottom page-suggestion-container\">\n            <div class=\"container\">\n                <div class=\"row bottom-50\">\n                    <div class=\"col-12\">\n                        <div class=\"heading heading--primary heading--center\">\n                            <h2 class=\"heading__title no-margin-bottom\"><span>Autres Th\u00e8mes<\/span><\/h2>\n                        <\/div>\n                    <\/div>\n                <\/div>\n                <div class=\"row\"><div class=\"col-md-6 col-xl-4 \">\n                        <div class=\"service-content\" tabindex=\"0\" role=\"link\" onclick=\"suggestionLinkfunction(this);\" data-href=\"https:\/\/tierpark-bern.ch\/fr\/protection-de-la-nature-et-animaux\/encyclopedie-des-animaux\/\">\n                            <img decoding=\"async\" src=\"https:\/\/tierpark-bern.ch\/web\/app\/uploads\/2020\/07\/sumpfschildkroete-auswilderung-tierpark-bern-2-386x230.jpg\" alt=\"\"\/>\n                                <div class=\"service-desc\">\n                                    <div class=\"vcenter\">\n                                        <div class=\"titel\">Tierlexikon<\/div>\n                                    <\/div>\n                                <\/div>\n                        <\/div>\n                    <\/div><div class=\"col-md-6 col-xl-4 \">\n                        <div class=\"service-content\" tabindex=\"0\" role=\"link\" onclick=\"suggestionLinkfunction(this);\" data-href=\"https:\/\/tierpark-bern.ch\/fr\/protection-de-la-nature-et-animaux\/protection-des-especes\/\">\n                            <img decoding=\"async\" src=\"https:\/\/tierpark-bern.ch\/web\/app\/uploads\/2022\/02\/steinkauz-386x230.jpg\" alt=\"\"\/>\n                                <div class=\"service-desc\">\n                                    <div class=\"vcenter\">\n                                        <div class=\"titel\">Protection des esp\u00e8ces<\/div>\n                                    <\/div>\n                                <\/div>\n                        <\/div>\n                    <\/div><div class=\"col-md-6 col-xl-4 \">\n                        <div class=\"service-content\" tabindex=\"0\" role=\"link\" onclick=\"suggestionLinkfunction(this);\" data-href=\"https:\/\/tierpark-bern.ch\/fr\/protection-de-la-nature-et-animaux\/protection-de-la-nature\/\">\n                            <img decoding=\"async\" src=\"https:\/\/tierpark-bern.ch\/web\/app\/uploads\/2021\/08\/frosche_kroten_molche_bergmolche_peter_schlup_004_website-386x230.jpg\" alt=\"\"\/>\n                                <div class=\"service-desc\">\n                                    <div class=\"vcenter\">\n                                        <div class=\"titel\">Protection de la nature<\/div>\n                                    <\/div>\n                                <\/div>\n                        <\/div>\n                    <\/div><\/div>\n            <\/div>\n        <\/section>[\/vc_column_text][\/vc_column][\/vc_row]<\/p>\n<\/div>","protected":false},"excerpt":{"rendered":"<p>L\u2019enclos des phoques communs a \u00e9t\u00e9 creus\u00e9 en 2003 et compte avec plus de 2000 m\u00e8tres cubes d\u2019eau parmi les plus grands d\u2019Europe. <\/p>\n","protected":false},"author":1,"featured_media":24735,"parent":46121,"menu_order":0,"comment_status":"closed","ping_status":"closed","template":"","meta":{"_acf_changed":false,"footnotes":""},"class_list":["post-46458","page","type-page","status-publish","has-post-thumbnail","hentry"],"acf":[],"yoast_head":"<title>Pigeons en ville de Berne | Tierpark Bern<\/title>\n<meta name=\"description\" content=\"L\u2019enclos des phoques communs a \u00e9t\u00e9 creus\u00e9 en 2003 et compte avec plus de 2000 m\u00e8tres cubes d\u2019eau parmi les plus grands d\u2019Europe.\" \/>\n<meta name=\"robots\" content=\"index, follow, max-snippet:-1, max-image-preview:large, max-video-preview:-1\" \/>\n<link rel=\"canonical\" href=\"https:\/\/tierpark-bern.ch\/fr\/protection-de-la-nature-et-animaux\/pigeons-en-ville-de-berne\/\" \/>\n<meta property=\"og:locale\" content=\"fr_FR\" \/>\n<meta property=\"og:type\" content=\"article\" \/>\n<meta property=\"og:title\" content=\"Pigeons en ville de Berne | Tierpark Bern\" \/>\n<meta property=\"og:description\" content=\"L\u2019enclos des phoques communs a \u00e9t\u00e9 creus\u00e9 en 2003 et compte avec plus de 2000 m\u00e8tres cubes d\u2019eau parmi les plus grands d\u2019Europe.\" \/>\n<meta property=\"og:url\" content=\"https:\/\/tierpark-bern.ch\/fr\/protection-de-la-nature-et-animaux\/pigeons-en-ville-de-berne\/\" \/>\n<meta property=\"og:site_name\" content=\"Tierpark Bern\" \/>\n<meta property=\"article:publisher\" content=\"https:\/\/www.facebook.com\/tierparkbern\/\" \/>\n<meta property=\"article:modified_time\" content=\"2024-02-20T14:49:00+00:00\" \/>\n<meta property=\"og:image\" content=\"https:\/\/tierpark-bern.ch\/web\/app\/uploads\/2022\/03\/Columba-livia-2.jpg\" \/>\n\t<meta property=\"og:image:width\" content=\"1500\" \/>\n\t<meta property=\"og:image:height\" content=\"998\" \/>\n\t<meta property=\"og:image:type\" content=\"image\/jpeg\" \/>\n<script type=\"application\/ld+json\" class=\"yoast-schema-graph\">{\"@context\":\"https:\/\/schema.org\",\"@graph\":[{\"@type\":\"WebPage\",\"@id\":\"https:\/\/tierpark-bern.ch\/fr\/protection-de-la-nature-et-animaux\/pigeons-en-ville-de-berne\/\",\"url\":\"https:\/\/tierpark-bern.ch\/fr\/protection-de-la-nature-et-animaux\/pigeons-en-ville-de-berne\/\",\"name\":\"Pigeons en ville de Berne | Tierpark Bern\",\"isPartOf\":{\"@id\":\"https:\/\/tierpark-bern.ch\/fr\/#website\"},\"primaryImageOfPage\":{\"@id\":\"https:\/\/tierpark-bern.ch\/fr\/protection-de-la-nature-et-animaux\/pigeons-en-ville-de-berne\/#primaryimage\"},\"image\":{\"@id\":\"https:\/\/tierpark-bern.ch\/fr\/protection-de-la-nature-et-animaux\/pigeons-en-ville-de-berne\/#primaryimage\"},\"thumbnailUrl\":\"https:\/\/tierpark-bern.ch\/web\/app\/uploads\/2022\/03\/Columba-livia-2.jpg\",\"datePublished\":\"2021-12-20T21:49:27+00:00\",\"dateModified\":\"2024-02-20T14:49:00+00:00\",\"description\":\"L\u2019enclos des phoques communs a \u00e9t\u00e9 creus\u00e9 en 2003 et compte avec plus de 2000 m\u00e8tres cubes d\u2019eau parmi les plus grands d\u2019Europe.\",\"breadcrumb\":{\"@id\":\"https:\/\/tierpark-bern.ch\/fr\/protection-de-la-nature-et-animaux\/pigeons-en-ville-de-berne\/#breadcrumb\"},\"inLanguage\":\"fr-FR\",\"potentialAction\":[{\"@type\":\"ReadAction\",\"target\":[\"https:\/\/tierpark-bern.ch\/fr\/protection-de-la-nature-et-animaux\/pigeons-en-ville-de-berne\/\"]}]},{\"@type\":\"ImageObject\",\"inLanguage\":\"fr-FR\",\"@id\":\"https:\/\/tierpark-bern.ch\/fr\/protection-de-la-nature-et-animaux\/pigeons-en-ville-de-berne\/#primaryimage\",\"url\":\"https:\/\/tierpark-bern.ch\/web\/app\/uploads\/2022\/03\/Columba-livia-2.jpg\",\"contentUrl\":\"https:\/\/tierpark-bern.ch\/web\/app\/uploads\/2022\/03\/Columba-livia-2.jpg\",\"width\":1500,\"height\":998},{\"@type\":\"BreadcrumbList\",\"@id\":\"https:\/\/tierpark-bern.ch\/fr\/protection-de-la-nature-et-animaux\/pigeons-en-ville-de-berne\/#breadcrumb\",\"itemListElement\":[{\"@type\":\"ListItem\",\"position\":1,\"name\":\"Home\",\"item\":\"https:\/\/tierpark-bern.ch\/fr\/home\/\"},{\"@type\":\"ListItem\",\"position\":2,\"name\":\"Protection de la nature et animaux\",\"item\":\"https:\/\/tierpark-bern.ch\/fr\/protection-de-la-nature-et-animaux\/\"},{\"@type\":\"ListItem\",\"position\":3,\"name\":\"Pigeons en ville de Berne\"}]},{\"@type\":\"WebSite\",\"@id\":\"https:\/\/tierpark-bern.ch\/fr\/#website\",\"url\":\"https:\/\/tierpark-bern.ch\/fr\/\",\"name\":\"Tierpark Bern\",\"description\":\"\",\"publisher\":{\"@id\":\"https:\/\/tierpark-bern.ch\/fr\/#organization\"},\"potentialAction\":[{\"@type\":\"SearchAction\",\"target\":{\"@type\":\"EntryPoint\",\"urlTemplate\":\"https:\/\/tierpark-bern.ch\/fr\/?s={search_term_string}\"},\"query-input\":{\"@type\":\"PropertyValueSpecification\",\"valueRequired\":true,\"valueName\":\"search_term_string\"}}],\"inLanguage\":\"fr-FR\"},{\"@type\":\"Organization\",\"@id\":\"https:\/\/tierpark-bern.ch\/fr\/#organization\",\"name\":\"Tierpark Bern | D\u00e4hlh\u00f6lzli + B\u00e4renPark\",\"alternateName\":\"Tierpark Bern\",\"url\":\"https:\/\/tierpark-bern.ch\/fr\/\",\"logo\":{\"@type\":\"ImageObject\",\"inLanguage\":\"fr-FR\",\"@id\":\"https:\/\/tierpark-bern.ch\/fr\/#\/schema\/logo\/image\/\",\"url\":\"https:\/\/tierpark-bern.ch\/web\/app\/uploads\/2024\/04\/tierpark-bern-696x696-1.jpg\",\"contentUrl\":\"https:\/\/tierpark-bern.ch\/web\/app\/uploads\/2024\/04\/tierpark-bern-696x696-1.jpg\",\"width\":696,\"height\":696,\"caption\":\"Tierpark Bern | D\u00e4hlh\u00f6lzli + B\u00e4renPark\"},\"image\":{\"@id\":\"https:\/\/tierpark-bern.ch\/fr\/#\/schema\/logo\/image\/\"},\"sameAs\":[\"https:\/\/www.facebook.com\/tierparkbern\/\",\"https:\/\/x.com\/tierparkbern\",\"https:\/\/www.instagram.com\/tierparkbern\/\"]}]}<\/script>","yoast_head_json":{"title":"Pigeons en ville de Berne | Tierpark Bern","description":"L\u2019enclos des phoques communs a \u00e9t\u00e9 creus\u00e9 en 2003 et compte avec plus de 2000 m\u00e8tres cubes d\u2019eau parmi les plus grands d\u2019Europe.","robots":{"index":"index","follow":"follow","max-snippet":"max-snippet:-1","max-image-preview":"max-image-preview:large","max-video-preview":"max-video-preview:-1"},"canonical":"https:\/\/tierpark-bern.ch\/fr\/protection-de-la-nature-et-animaux\/pigeons-en-ville-de-berne\/","og_locale":"fr_FR","og_type":"article","og_title":"Pigeons en ville de Berne | Tierpark Bern","og_description":"L\u2019enclos des phoques communs a \u00e9t\u00e9 creus\u00e9 en 2003 et compte avec plus de 2000 m\u00e8tres cubes d\u2019eau parmi les plus grands d\u2019Europe.","og_url":"https:\/\/tierpark-bern.ch\/fr\/protection-de-la-nature-et-animaux\/pigeons-en-ville-de-berne\/","og_site_name":"Tierpark Bern","article_publisher":"https:\/\/www.facebook.com\/tierparkbern\/","article_modified_time":"2024-02-20T14:49:00+00:00","og_image":[{"width":1500,"height":998,"url":"https:\/\/tierpark-bern.ch\/web\/app\/uploads\/2022\/03\/Columba-livia-2.jpg","type":"image\/jpeg"}],"schema":{"@context":"https:\/\/schema.org","@graph":[{"@type":"WebPage","@id":"https:\/\/tierpark-bern.ch\/fr\/protection-de-la-nature-et-animaux\/pigeons-en-ville-de-berne\/","url":"https:\/\/tierpark-bern.ch\/fr\/protection-de-la-nature-et-animaux\/pigeons-en-ville-de-berne\/","name":"Pigeons en ville de Berne | Tierpark Bern","isPartOf":{"@id":"https:\/\/tierpark-bern.ch\/fr\/#website"},"primaryImageOfPage":{"@id":"https:\/\/tierpark-bern.ch\/fr\/protection-de-la-nature-et-animaux\/pigeons-en-ville-de-berne\/#primaryimage"},"image":{"@id":"https:\/\/tierpark-bern.ch\/fr\/protection-de-la-nature-et-animaux\/pigeons-en-ville-de-berne\/#primaryimage"},"thumbnailUrl":"https:\/\/tierpark-bern.ch\/web\/app\/uploads\/2022\/03\/Columba-livia-2.jpg","datePublished":"2021-12-20T21:49:27+00:00","dateModified":"2024-02-20T14:49:00+00:00","description":"L\u2019enclos des phoques communs a \u00e9t\u00e9 creus\u00e9 en 2003 et compte avec plus de 2000 m\u00e8tres cubes d\u2019eau parmi les plus grands d\u2019Europe.","breadcrumb":{"@id":"https:\/\/tierpark-bern.ch\/fr\/protection-de-la-nature-et-animaux\/pigeons-en-ville-de-berne\/#breadcrumb"},"inLanguage":"fr-FR","potentialAction":[{"@type":"ReadAction","target":["https:\/\/tierpark-bern.ch\/fr\/protection-de-la-nature-et-animaux\/pigeons-en-ville-de-berne\/"]}]},{"@type":"ImageObject","inLanguage":"fr-FR","@id":"https:\/\/tierpark-bern.ch\/fr\/protection-de-la-nature-et-animaux\/pigeons-en-ville-de-berne\/#primaryimage","url":"https:\/\/tierpark-bern.ch\/web\/app\/uploads\/2022\/03\/Columba-livia-2.jpg","contentUrl":"https:\/\/tierpark-bern.ch\/web\/app\/uploads\/2022\/03\/Columba-livia-2.jpg","width":1500,"height":998},{"@type":"BreadcrumbList","@id":"https:\/\/tierpark-bern.ch\/fr\/protection-de-la-nature-et-animaux\/pigeons-en-ville-de-berne\/#breadcrumb","itemListElement":[{"@type":"ListItem","position":1,"name":"Home","item":"https:\/\/tierpark-bern.ch\/fr\/home\/"},{"@type":"ListItem","position":2,"name":"Protection de la nature et animaux","item":"https:\/\/tierpark-bern.ch\/fr\/protection-de-la-nature-et-animaux\/"},{"@type":"ListItem","position":3,"name":"Pigeons en ville de Berne"}]},{"@type":"WebSite","@id":"https:\/\/tierpark-bern.ch\/fr\/#website","url":"https:\/\/tierpark-bern.ch\/fr\/","name":"Tierpark Bern","description":"","publisher":{"@id":"https:\/\/tierpark-bern.ch\/fr\/#organization"},"potentialAction":[{"@type":"SearchAction","target":{"@type":"EntryPoint","urlTemplate":"https:\/\/tierpark-bern.ch\/fr\/?s={search_term_string}"},"query-input":{"@type":"PropertyValueSpecification","valueRequired":true,"valueName":"search_term_string"}}],"inLanguage":"fr-FR"},{"@type":"Organization","@id":"https:\/\/tierpark-bern.ch\/fr\/#organization","name":"Tierpark Bern | D\u00e4hlh\u00f6lzli + B\u00e4renPark","alternateName":"Tierpark Bern","url":"https:\/\/tierpark-bern.ch\/fr\/","logo":{"@type":"ImageObject","inLanguage":"fr-FR","@id":"https:\/\/tierpark-bern.ch\/fr\/#\/schema\/logo\/image\/","url":"https:\/\/tierpark-bern.ch\/web\/app\/uploads\/2024\/04\/tierpark-bern-696x696-1.jpg","contentUrl":"https:\/\/tierpark-bern.ch\/web\/app\/uploads\/2024\/04\/tierpark-bern-696x696-1.jpg","width":696,"height":696,"caption":"Tierpark Bern | D\u00e4hlh\u00f6lzli + B\u00e4renPark"},"image":{"@id":"https:\/\/tierpark-bern.ch\/fr\/#\/schema\/logo\/image\/"},"sameAs":["https:\/\/www.facebook.com\/tierparkbern\/","https:\/\/x.com\/tierparkbern","https:\/\/www.instagram.com\/tierparkbern\/"]}]}},"_links":{"self":[{"href":"https:\/\/tierpark-bern.ch\/fr\/wp-json\/wp\/v2\/pages\/46458","targetHints":{"allow":["GET"]}}],"collection":[{"href":"https:\/\/tierpark-bern.ch\/fr\/wp-json\/wp\/v2\/pages"}],"about":[{"href":"https:\/\/tierpark-bern.ch\/fr\/wp-json\/wp\/v2\/types\/page"}],"author":[{"embeddable":true,"href":"https:\/\/tierpark-bern.ch\/fr\/wp-json\/wp\/v2\/users\/1"}],"replies":[{"embeddable":true,"href":"https:\/\/tierpark-bern.ch\/fr\/wp-json\/wp\/v2\/comments?post=46458"}],"version-history":[{"count":0,"href":"https:\/\/tierpark-bern.ch\/fr\/wp-json\/wp\/v2\/pages\/46458\/revisions"}],"up":[{"embeddable":true,"href":"https:\/\/tierpark-bern.ch\/fr\/wp-json\/wp\/v2\/pages\/46121"}],"wp:featuredmedia":[{"embeddable":true,"href":"https:\/\/tierpark-bern.ch\/fr\/wp-json\/wp\/v2\/media\/24735"}],"wp:attachment":[{"href":"https:\/\/tierpark-bern.ch\/fr\/wp-json\/wp\/v2\/media?parent=46458"}],"curies":[{"name":"wp","href":"https:\/\/api.w.org\/{rel}","templated":true}]}}