{"id":46468,"date":"2021-08-13T08:10:54","date_gmt":"2021-08-13T06:10:54","guid":{"rendered":"https:\/\/tierpark-bern.ch\/protection-de-la-nature-et-animaux\/enclos\/aarealpen\/"},"modified":"2023-02-12T01:04:14","modified_gmt":"2023-02-12T00:04:14","slug":"jardin-alpin-du-bord-de-laar-aarealpen","status":"publish","type":"page","link":"https:\/\/tierpark-bern.ch\/fr\/protection-de-la-nature-et-animaux\/enclos\/jardin-alpin-du-bord-de-laar-aarealpen\/","title":{"rendered":"Jardin alpin du bord de l\u2019Aar (AareAlpen)"},"content":{"rendered":"<div class=\"wpb-content-wrapper\"><p>[vc_row][vc_column][vc_column_text]<\/p>\n<h1>Jardin alpin du bord de l\u2019Aar (AareAlpen)<\/h1>\n<p>Le nouveau jardin alpin du bord de l\u2019Aar reproduit une portion de l\u2019habitat alpestre des chamois et des bouquetins. La for\u00eat alpine r\u00e9serv\u00e9e aux chamois se mue en paroi rocheuse inspir\u00e9e de la r\u00e9gion du Creux du Van, qui abrite les bouquetins. Sur les deux pitons du jardin, les jeunes bouquetins s\u2019entra\u00eenent \u00e0 faire leurs premiers pas de grimpeurs.<\/p>\n<p>Des marmottes vivent \u00e9galement dans la grande voli\u00e8re.[\/vc_column_text][\/vc_column][\/vc_row][vc_row][vc_column width=&#8221;1\/2&#8243;][vc_single_image image=&#8221;24738&#8243; add_caption=&#8221;yes&#8221;][\/vc_column][vc_column width=&#8221;1\/2&#8243;][vc_single_image image=&#8221;19452&#8243; add_custom_caption_class=&#8221;yes&#8221;][\/vc_column][\/vc_row][vc_row][vc_column][vc_column_text]<\/p>\n<h2>Le bouquetin &#8211; histoire d\u2019un succ\u00e8s suisse<\/h2>\n<p>Que serait la Suisse sans ses bouquetins? Ce n\u2019est pas pour rien que ces fiers animaux sont consid\u00e9r\u00e9s comme les \u00abrois des Alpes\u00bb. Il fut pourtant un temps o\u00f9 leur survie \u00e9tait loin d\u2019\u00eatre assur\u00e9e. La triste histoire de l\u2019extermination et la belle aventure du sauvetage du bouquetin, qui peut \u00eatre consid\u00e9r\u00e9e comme le plus grand succ\u00e8s en mati\u00e8re de r\u00e9introduction d\u2019une esp\u00e8ce animale en Suisse, sont clairement illustr\u00e9es tout au long du sentier des braconniers traversant le jardin alpin.<\/p>\n<p>Suivez les traces de Giuseppe B\u00e9rard le long du sentier des braconniers et profitez de la vue imprenable sur les bouquetins, les chamois et les marmottes, ainsi que sur les eaux turquoise de l\u2019Aar.[\/vc_column_text][\/vc_column][\/vc_row][vc_row][vc_column width=&#8221;1\/2&#8243;][vc_single_image image=&#8221;24750&#8243; add_caption=&#8221;yes&#8221;][\/vc_column][vc_column width=&#8221;1\/2&#8243;][vc_single_image image=&#8221;21688&#8243; add_caption=&#8221;yes&#8221;][\/vc_column][\/vc_row][vc_row el_id=&#8221;Wildererpfad&#8221;][vc_column][vc_column_text]<\/p>\n<h2>Sentier des braconniers traversant le jardin alpin du bord de l\u2019Aar<\/h2>\n<p>Un aper\u00e7u inattendu des lieux, d\u2019\u00e9tonnantes anecdotes et des symboles de l\u2019extermination du bouquetin (ingr\u00e9dients de la pharmacop\u00e9e traditionnelle, pi\u00e8ge \u00e0 bouquetin) attendent le visiteur qui, \u00e9quip\u00e9 d\u2019un passeport \u00e0 tamponner, d\u2019un peu de condition physique et d\u2019une bonne dose de curiosit\u00e9, attaque le sentier pentu qui traverse le jardin.<\/p>\n<p>Aux quatre bornes d\u2019affichage ainsi qu\u2019aux quatre bornes audio dont le jardin est \u00e9quip\u00e9, un braconnier rus\u00e9 raconte l\u2019histoire riche en rebondissements du bouquetin des Alpes. Pour r\u00e9pondre correctement \u00e0 huit questions, vous y ferez plus ample connaissance avec le bouquetin et avec l\u2019\u00e9quipement n\u00e9cessaire \u00e0 un braconnier de jadis. Une fois muni des tampons corrects, le passeport vous permettra de joindre par t\u00e9l\u00e9phone Giuseppe, qui se r\u00e9jouit s\u00fbrement de vous entendre!<br \/>\n[\/vc_column_text][\/vc_column][\/vc_row][vc_row][vc_column][vc_column_text]<a class=\"button button--tierpark\" href=\"https:\/\/tierpark-bern.ch\/fr\/protection-de-la-nature-et-animaux\/enclos\/jardin-alpin-du-bord-de-laar-aarealpen\/sponsors\/\">Aux sponsors de l&#8217;AareAlps<\/a>[\/vc_column_text][\/vc_column][\/vc_row][vc_row][vc_column width=&#8221;1\/2&#8243;][vc_column_text]<\/p>\n<div class=\"tbl-species-list-container\">\n<h2>Animaux \u00e0 voir dans l\u2019enclos<\/h2>\n<table class=\"tbl-all-species-list\">\n<tbody>\n<tr>\n<td><a href=\"https:\/\/tierpark-bern.ch\/fr\/tierlexikon\/alpensteinbock\/\"><strong>Bouquetin<\/strong><\/a><\/td>\n<\/tr>\n<tr>\n<td><a href=\"https:\/\/tierpark-bern.ch\/fr\/tierlexikon\/alpengaemse\/\"><strong>Chamois<\/strong><\/a><\/td>\n<\/tr>\n<tr>\n<td><a href=\"https:\/\/tierpark-bern.ch\/fr\/tierlexikon\/alpenmurmeltier\/\"><strong>Marmotte<\/strong><\/a><\/td>\n<\/tr>\n<\/tbody>\n<\/table>\n<\/div>\n<p>[\/vc_column_text][\/vc_column][\/vc_row]<\/p>\n<\/div>","protected":false},"excerpt":{"rendered":"<p>Le nouveau jardin alpin du bord de l\u2019Aar reproduit une portion de l\u2019habitat alpestre des chamois et des bouquetins. <\/p>\n","protected":false},"author":1,"featured_media":20293,"parent":46318,"menu_order":0,"comment_status":"closed","ping_status":"closed","template":"","meta":{"_acf_changed":false,"footnotes":""},"class_list":["post-46468","page","type-page","status-publish","has-post-thumbnail","hentry"],"acf":[],"yoast_head":"<title>Jardin alpin du bord de l\u2019Aar (AareAlpen) | Tierpark Bern<\/title>\n<meta name=\"description\" content=\"Le nouveau jardin alpin du bord de l\u2019Aar reproduit une portion de l\u2019habitat alpestre des chamois et des bouquetins.\" \/>\n<meta name=\"robots\" content=\"index, follow, max-snippet:-1, max-image-preview:large, max-video-preview:-1\" \/>\n<link rel=\"canonical\" href=\"https:\/\/tierpark-bern.ch\/fr\/protection-de-la-nature-et-animaux\/enclos\/jardin-alpin-du-bord-de-laar-aarealpen\/\" \/>\n<meta property=\"og:locale\" content=\"fr_FR\" \/>\n<meta property=\"og:type\" content=\"article\" \/>\n<meta property=\"og:title\" content=\"Jardin alpin du bord de l\u2019Aar (AareAlpen) | Tierpark Bern\" \/>\n<meta property=\"og:description\" content=\"Le nouveau jardin alpin du bord de l\u2019Aar reproduit une portion de l\u2019habitat alpestre des chamois et des bouquetins.\" \/>\n<meta property=\"og:url\" content=\"https:\/\/tierpark-bern.ch\/fr\/protection-de-la-nature-et-animaux\/enclos\/jardin-alpin-du-bord-de-laar-aarealpen\/\" \/>\n<meta property=\"og:site_name\" content=\"Tierpark Bern\" \/>\n<meta property=\"article:publisher\" content=\"https:\/\/www.facebook.com\/tierparkbern\/\" \/>\n<meta property=\"article:modified_time\" content=\"2023-02-12T00:04:14+00:00\" \/>\n<meta property=\"og:image\" content=\"https:\/\/tierpark-bern.ch\/web\/app\/uploads\/2020\/07\/tierpark-bern-daehlhoelzli-zoo-323.jpg\" \/>\n\t<meta property=\"og:image:width\" content=\"2258\" \/>\n\t<meta property=\"og:image:height\" content=\"1270\" \/>\n\t<meta property=\"og:image:type\" content=\"image\/jpeg\" \/>\n<script type=\"application\/ld+json\" class=\"yoast-schema-graph\">{\"@context\":\"https:\/\/schema.org\",\"@graph\":[{\"@type\":\"WebPage\",\"@id\":\"https:\/\/tierpark-bern.ch\/fr\/protection-de-la-nature-et-animaux\/enclos\/jardin-alpin-du-bord-de-laar-aarealpen\/\",\"url\":\"https:\/\/tierpark-bern.ch\/fr\/protection-de-la-nature-et-animaux\/enclos\/jardin-alpin-du-bord-de-laar-aarealpen\/\",\"name\":\"Jardin alpin du bord de l\u2019Aar (AareAlpen) | Tierpark Bern\",\"isPartOf\":{\"@id\":\"https:\/\/tierpark-bern.ch\/fr\/#website\"},\"primaryImageOfPage\":{\"@id\":\"https:\/\/tierpark-bern.ch\/fr\/protection-de-la-nature-et-animaux\/enclos\/jardin-alpin-du-bord-de-laar-aarealpen\/#primaryimage\"},\"image\":{\"@id\":\"https:\/\/tierpark-bern.ch\/fr\/protection-de-la-nature-et-animaux\/enclos\/jardin-alpin-du-bord-de-laar-aarealpen\/#primaryimage\"},\"thumbnailUrl\":\"https:\/\/tierpark-bern.ch\/web\/app\/uploads\/2020\/07\/tierpark-bern-daehlhoelzli-zoo-323.jpg\",\"datePublished\":\"2021-08-13T06:10:54+00:00\",\"dateModified\":\"2023-02-12T00:04:14+00:00\",\"description\":\"Le nouveau jardin alpin du bord de l\u2019Aar reproduit une portion de l\u2019habitat alpestre des chamois et des bouquetins.\",\"breadcrumb\":{\"@id\":\"https:\/\/tierpark-bern.ch\/fr\/protection-de-la-nature-et-animaux\/enclos\/jardin-alpin-du-bord-de-laar-aarealpen\/#breadcrumb\"},\"inLanguage\":\"fr-FR\",\"potentialAction\":[{\"@type\":\"ReadAction\",\"target\":[\"https:\/\/tierpark-bern.ch\/fr\/protection-de-la-nature-et-animaux\/enclos\/jardin-alpin-du-bord-de-laar-aarealpen\/\"]}]},{\"@type\":\"ImageObject\",\"inLanguage\":\"fr-FR\",\"@id\":\"https:\/\/tierpark-bern.ch\/fr\/protection-de-la-nature-et-animaux\/enclos\/jardin-alpin-du-bord-de-laar-aarealpen\/#primaryimage\",\"url\":\"https:\/\/tierpark-bern.ch\/web\/app\/uploads\/2020\/07\/tierpark-bern-daehlhoelzli-zoo-323.jpg\",\"contentUrl\":\"https:\/\/tierpark-bern.ch\/web\/app\/uploads\/2020\/07\/tierpark-bern-daehlhoelzli-zoo-323.jpg\",\"width\":2258,\"height\":1270,\"caption\":\"Alpenprinzessin in den AareAlpen\"},{\"@type\":\"BreadcrumbList\",\"@id\":\"https:\/\/tierpark-bern.ch\/fr\/protection-de-la-nature-et-animaux\/enclos\/jardin-alpin-du-bord-de-laar-aarealpen\/#breadcrumb\",\"itemListElement\":[{\"@type\":\"ListItem\",\"position\":1,\"name\":\"Home\",\"item\":\"https:\/\/tierpark-bern.ch\/fr\/home\/\"},{\"@type\":\"ListItem\",\"position\":2,\"name\":\"Protection de la nature et animaux\",\"item\":\"https:\/\/tierpark-bern.ch\/fr\/protection-de-la-nature-et-animaux\/\"},{\"@type\":\"ListItem\",\"position\":3,\"name\":\"Enclos\",\"item\":\"https:\/\/tierpark-bern.ch\/fr\/protection-de-la-nature-et-animaux\/enclos\/\"},{\"@type\":\"ListItem\",\"position\":4,\"name\":\"Jardin alpin du bord de l\u2019Aar (AareAlpen)\"}]},{\"@type\":\"WebSite\",\"@id\":\"https:\/\/tierpark-bern.ch\/fr\/#website\",\"url\":\"https:\/\/tierpark-bern.ch\/fr\/\",\"name\":\"Tierpark Bern\",\"description\":\"\",\"publisher\":{\"@id\":\"https:\/\/tierpark-bern.ch\/fr\/#organization\"},\"potentialAction\":[{\"@type\":\"SearchAction\",\"target\":{\"@type\":\"EntryPoint\",\"urlTemplate\":\"https:\/\/tierpark-bern.ch\/fr\/?s={search_term_string}\"},\"query-input\":{\"@type\":\"PropertyValueSpecification\",\"valueRequired\":true,\"valueName\":\"search_term_string\"}}],\"inLanguage\":\"fr-FR\"},{\"@type\":\"Organization\",\"@id\":\"https:\/\/tierpark-bern.ch\/fr\/#organization\",\"name\":\"Tierpark Bern | D\u00e4hlh\u00f6lzli + B\u00e4renPark\",\"alternateName\":\"Tierpark Bern\",\"url\":\"https:\/\/tierpark-bern.ch\/fr\/\",\"logo\":{\"@type\":\"ImageObject\",\"inLanguage\":\"fr-FR\",\"@id\":\"https:\/\/tierpark-bern.ch\/fr\/#\/schema\/logo\/image\/\",\"url\":\"https:\/\/tierpark-bern.ch\/web\/app\/uploads\/2024\/04\/tierpark-bern-696x696-1.jpg\",\"contentUrl\":\"https:\/\/tierpark-bern.ch\/web\/app\/uploads\/2024\/04\/tierpark-bern-696x696-1.jpg\",\"width\":696,\"height\":696,\"caption\":\"Tierpark Bern | D\u00e4hlh\u00f6lzli + B\u00e4renPark\"},\"image\":{\"@id\":\"https:\/\/tierpark-bern.ch\/fr\/#\/schema\/logo\/image\/\"},\"sameAs\":[\"https:\/\/www.facebook.com\/tierparkbern\/\",\"https:\/\/x.com\/tierparkbern\",\"https:\/\/www.instagram.com\/tierparkbern\/\"]}]}<\/script>","yoast_head_json":{"title":"Jardin alpin du bord de l\u2019Aar (AareAlpen) | Tierpark Bern","description":"Le nouveau jardin alpin du bord de l\u2019Aar reproduit une portion de l\u2019habitat alpestre des chamois et des bouquetins.","robots":{"index":"index","follow":"follow","max-snippet":"max-snippet:-1","max-image-preview":"max-image-preview:large","max-video-preview":"max-video-preview:-1"},"canonical":"https:\/\/tierpark-bern.ch\/fr\/protection-de-la-nature-et-animaux\/enclos\/jardin-alpin-du-bord-de-laar-aarealpen\/","og_locale":"fr_FR","og_type":"article","og_title":"Jardin alpin du bord de l\u2019Aar (AareAlpen) | Tierpark Bern","og_description":"Le nouveau jardin alpin du bord de l\u2019Aar reproduit une portion de l\u2019habitat alpestre des chamois et des bouquetins.","og_url":"https:\/\/tierpark-bern.ch\/fr\/protection-de-la-nature-et-animaux\/enclos\/jardin-alpin-du-bord-de-laar-aarealpen\/","og_site_name":"Tierpark Bern","article_publisher":"https:\/\/www.facebook.com\/tierparkbern\/","article_modified_time":"2023-02-12T00:04:14+00:00","og_image":[{"width":2258,"height":1270,"url":"https:\/\/tierpark-bern.ch\/web\/app\/uploads\/2020\/07\/tierpark-bern-daehlhoelzli-zoo-323.jpg","type":"image\/jpeg"}],"schema":{"@context":"https:\/\/schema.org","@graph":[{"@type":"WebPage","@id":"https:\/\/tierpark-bern.ch\/fr\/protection-de-la-nature-et-animaux\/enclos\/jardin-alpin-du-bord-de-laar-aarealpen\/","url":"https:\/\/tierpark-bern.ch\/fr\/protection-de-la-nature-et-animaux\/enclos\/jardin-alpin-du-bord-de-laar-aarealpen\/","name":"Jardin alpin du bord de l\u2019Aar (AareAlpen) | Tierpark Bern","isPartOf":{"@id":"https:\/\/tierpark-bern.ch\/fr\/#website"},"primaryImageOfPage":{"@id":"https:\/\/tierpark-bern.ch\/fr\/protection-de-la-nature-et-animaux\/enclos\/jardin-alpin-du-bord-de-laar-aarealpen\/#primaryimage"},"image":{"@id":"https:\/\/tierpark-bern.ch\/fr\/protection-de-la-nature-et-animaux\/enclos\/jardin-alpin-du-bord-de-laar-aarealpen\/#primaryimage"},"thumbnailUrl":"https:\/\/tierpark-bern.ch\/web\/app\/uploads\/2020\/07\/tierpark-bern-daehlhoelzli-zoo-323.jpg","datePublished":"2021-08-13T06:10:54+00:00","dateModified":"2023-02-12T00:04:14+00:00","description":"Le nouveau jardin alpin du bord de l\u2019Aar reproduit une portion de l\u2019habitat alpestre des chamois et des bouquetins.","breadcrumb":{"@id":"https:\/\/tierpark-bern.ch\/fr\/protection-de-la-nature-et-animaux\/enclos\/jardin-alpin-du-bord-de-laar-aarealpen\/#breadcrumb"},"inLanguage":"fr-FR","potentialAction":[{"@type":"ReadAction","target":["https:\/\/tierpark-bern.ch\/fr\/protection-de-la-nature-et-animaux\/enclos\/jardin-alpin-du-bord-de-laar-aarealpen\/"]}]},{"@type":"ImageObject","inLanguage":"fr-FR","@id":"https:\/\/tierpark-bern.ch\/fr\/protection-de-la-nature-et-animaux\/enclos\/jardin-alpin-du-bord-de-laar-aarealpen\/#primaryimage","url":"https:\/\/tierpark-bern.ch\/web\/app\/uploads\/2020\/07\/tierpark-bern-daehlhoelzli-zoo-323.jpg","contentUrl":"https:\/\/tierpark-bern.ch\/web\/app\/uploads\/2020\/07\/tierpark-bern-daehlhoelzli-zoo-323.jpg","width":2258,"height":1270,"caption":"Alpenprinzessin in den AareAlpen"},{"@type":"BreadcrumbList","@id":"https:\/\/tierpark-bern.ch\/fr\/protection-de-la-nature-et-animaux\/enclos\/jardin-alpin-du-bord-de-laar-aarealpen\/#breadcrumb","itemListElement":[{"@type":"ListItem","position":1,"name":"Home","item":"https:\/\/tierpark-bern.ch\/fr\/home\/"},{"@type":"ListItem","position":2,"name":"Protection de la nature et animaux","item":"https:\/\/tierpark-bern.ch\/fr\/protection-de-la-nature-et-animaux\/"},{"@type":"ListItem","position":3,"name":"Enclos","item":"https:\/\/tierpark-bern.ch\/fr\/protection-de-la-nature-et-animaux\/enclos\/"},{"@type":"ListItem","position":4,"name":"Jardin alpin du bord de l\u2019Aar (AareAlpen)"}]},{"@type":"WebSite","@id":"https:\/\/tierpark-bern.ch\/fr\/#website","url":"https:\/\/tierpark-bern.ch\/fr\/","name":"Tierpark Bern","description":"","publisher":{"@id":"https:\/\/tierpark-bern.ch\/fr\/#organization"},"potentialAction":[{"@type":"SearchAction","target":{"@type":"EntryPoint","urlTemplate":"https:\/\/tierpark-bern.ch\/fr\/?s={search_term_string}"},"query-input":{"@type":"PropertyValueSpecification","valueRequired":true,"valueName":"search_term_string"}}],"inLanguage":"fr-FR"},{"@type":"Organization","@id":"https:\/\/tierpark-bern.ch\/fr\/#organization","name":"Tierpark Bern | D\u00e4hlh\u00f6lzli + B\u00e4renPark","alternateName":"Tierpark Bern","url":"https:\/\/tierpark-bern.ch\/fr\/","logo":{"@type":"ImageObject","inLanguage":"fr-FR","@id":"https:\/\/tierpark-bern.ch\/fr\/#\/schema\/logo\/image\/","url":"https:\/\/tierpark-bern.ch\/web\/app\/uploads\/2024\/04\/tierpark-bern-696x696-1.jpg","contentUrl":"https:\/\/tierpark-bern.ch\/web\/app\/uploads\/2024\/04\/tierpark-bern-696x696-1.jpg","width":696,"height":696,"caption":"Tierpark Bern | D\u00e4hlh\u00f6lzli + B\u00e4renPark"},"image":{"@id":"https:\/\/tierpark-bern.ch\/fr\/#\/schema\/logo\/image\/"},"sameAs":["https:\/\/www.facebook.com\/tierparkbern\/","https:\/\/x.com\/tierparkbern","https:\/\/www.instagram.com\/tierparkbern\/"]}]}},"_links":{"self":[{"href":"https:\/\/tierpark-bern.ch\/fr\/wp-json\/wp\/v2\/pages\/46468","targetHints":{"allow":["GET"]}}],"collection":[{"href":"https:\/\/tierpark-bern.ch\/fr\/wp-json\/wp\/v2\/pages"}],"about":[{"href":"https:\/\/tierpark-bern.ch\/fr\/wp-json\/wp\/v2\/types\/page"}],"author":[{"embeddable":true,"href":"https:\/\/tierpark-bern.ch\/fr\/wp-json\/wp\/v2\/users\/1"}],"replies":[{"embeddable":true,"href":"https:\/\/tierpark-bern.ch\/fr\/wp-json\/wp\/v2\/comments?post=46468"}],"version-history":[{"count":0,"href":"https:\/\/tierpark-bern.ch\/fr\/wp-json\/wp\/v2\/pages\/46468\/revisions"}],"up":[{"embeddable":true,"href":"https:\/\/tierpark-bern.ch\/fr\/wp-json\/wp\/v2\/pages\/46318"}],"wp:featuredmedia":[{"embeddable":true,"href":"https:\/\/tierpark-bern.ch\/fr\/wp-json\/wp\/v2\/media\/20293"}],"wp:attachment":[{"href":"https:\/\/tierpark-bern.ch\/fr\/wp-json\/wp\/v2\/media?parent=46468"}],"curies":[{"name":"wp","href":"https:\/\/api.w.org\/{rel}","templated":true}]}}