{"id":46577,"date":"2020-08-08T12:32:06","date_gmt":"2020-08-08T10:32:06","guid":{"rendered":"https:\/\/tierpark-bern.ch\/baerenpark\/"},"modified":"2026-03-16T13:13:14","modified_gmt":"2026-03-16T12:13:14","slug":"parc-aux-ours","status":"publish","type":"page","link":"https:\/\/tierpark-bern.ch\/fr\/parc-aux-ours\/","title":{"rendered":"Parc aux ours"},"content":{"rendered":"<div class=\"wpb-content-wrapper\"><p>[vc_row][vc_column][vc_column_text css=&#8221;&#8221;]<\/p>\n<h1>Parc aux ours<\/h1>\n<p>Les ours bernois se sentent chez eux dans le Parc aux ours, en plein c\u0153ur de la ville. Ils disposent, sur les pentes bordant l\u2019Aar, d\u2019un cadre exceptionnel qui donne sur la vieille ville de Berne, class\u00e9e au Patrimoine mondial de l\u2019UNESCO. Le terrain d\u2019environ 5000 m\u00e8tres carr\u00e9s s\u2019\u00e9tend de l\u2019ancienne fosse aux ours jusqu\u2019aux rives de l\u2019Aar et peut \u00eatre parcouru sans encombre. En effet, le \u00abB\u00e4reB\u00e4hnli\u00bb offre une liaison rapide et praticable en fauteuil roulant entre les rives de l\u2019Aar et la partie sup\u00e9rieure du parc. Il est gratuit et procure la sensation unique de planer \u00e0 travers le Parc, \u00e0 proximit\u00e9 imm\u00e9diate des plantigrades!<\/p>\n<h2 data-prosemirror-content-type=\"node\" data-prosemirror-node-name=\"paragraph\" data-prosemirror-node-block=\"true\" data-pm-slice=\"1 1 []\"><strong data-prosemirror-content-type=\"mark\" data-prosemirror-mark-name=\"strong\">Les ours sentent la brise du printemps<\/strong><\/h2>\n<p data-prosemirror-content-type=\"node\" data-prosemirror-node-name=\"paragraph\" data-prosemirror-node-block=\"true\">Avec l\u2019allongement des jours l&#8217;hibernation dans le parc des ours touche \u00e0 sa fin. Bj\u00f6rk, Finn et Ursina se montrent presque tous les jours hors de leurs tani\u00e8res.<\/p>\n<p data-prosemirror-content-type=\"node\" data-prosemirror-node-name=\"paragraph\" data-prosemirror-node-block=\"true\">Ils explorent leurs enclos, mangent de l&#8217;herbe, se reniflent intens\u00e9ment ou jouent ensemble. Pour le moment, ils n&#8217;ont gu\u00e8re faim, ils vivent encore sur les r\u00e9serves de l&#8217;automne pass\u00e9.<\/p>\n<p>[\/vc_column_text][\/vc_column][\/vc_row][vc_row css=&#8221;.vc_custom_1633095162534{margin-right: 0px !important;margin-left: 0px !important;padding-top: 35px !important;padding-right: 30px !important;padding-bottom: 35px !important;padding-left: 30px !important;background-color: #e5efee !important;}&#8221; el_class=&#8221;baerenpark-main-section&#8221;][vc_column css=&#8221;.vc_custom_1633523136983{padding-top: 0px !important;}&#8221; el_class=&#8221;zoo-wrapper&#8221;][vc_row_inner equal_height=&#8221;yes&#8221; gap=&#8221;30&#8243;][vc_column_inner width=&#8221;1\/3&#8243; css=&#8221;.vc_custom_1629893838254{padding-top: 0px !important;padding-right: 0px !important;padding-bottom: 0px !important;padding-left: 0px !important;background-color: #41572b !important;}&#8221;][vc_single_image image=&#8221;22315&#8243; img_size=&#8221;540 x 320&#8243; alignment=&#8221;center&#8221; onclick=&#8221;custom_link&#8221; link=&#8221;https:\/\/tierpark-bern.ch\/fr\/parc-aux-ours\/heures-douverture\/&#8221;][vc_column_text css=&#8221;.vc_custom_1660771247527{padding-right: 30px !important;padding-left: 30px !important;}&#8221;]<\/p>\n<div class=\"zoo-news-section\">\n<h2>Heures d\u2019ouverture<\/h2>\n<ul class=\"list-group list-group-flush mb-3\">\n<li class=\"list-group-item\">LE PARC AUX OURS EST OUVERT 365 JOURS PAR AN, 24 HEURES SUR 24.<\/li>\n<\/ul>\n<p class=\"mb-0\">Heures de pr\u00e9sence des gardiens d\u2019animaux: tous les jours de 08.00 \u00e0 17.00 heures.<\/p>\n<\/div>\n<p>[\/vc_column_text][vc_btn title=&#8221;Heures d\u2019ouverture&#8221; style=&#8221;flat&#8221; shape=&#8221;square&#8221; color=&#8221;white&#8221; size=&#8221;lg&#8221; i_align=&#8221;right&#8221; i_icon_fontawesome=&#8221;fas fa-arrow-right&#8221; css=&#8221;.vc_custom_1660771691176{padding-right: 30px !important;padding-left: 30px !important;}&#8221; add_icon=&#8221;true&#8221; link=&#8221;url:https%3A%2F%2Ftierpark-bern.ch%2Ffr%2Fparc-aux-ours%2Fheures-douverture%2F&#8221; el_class=&#8221;btn-zoo-barenpark&#8221;][\/vc_column_inner][vc_column_inner width=&#8221;1\/3&#8243; css=&#8221;.vc_custom_1629893850947{padding-top: 0px !important;padding-right: 0px !important;padding-bottom: 0px !important;padding-left: 0px !important;background-color: #41572b !important;}&#8221;][vc_single_image image=&#8221;22324&#8243; img_size=&#8221;540 x 320&#8243; alignment=&#8221;center&#8221; onclick=&#8221;custom_link&#8221; link=&#8221;https:\/\/tierpark-bern.ch\/fr\/parc-aux-ours\/acces\/&#8221;][vc_column_text css=&#8221;.vc_custom_1661112025682{padding-right: 30px !important;padding-left: 30px !important;}&#8221;]<\/p>\n<div class=\"zoo-news-section\">\n<h2>Acc\u00e8s au Parc aux ours<\/h2>\n<p>Transports publics: Au d\u00e9part de la gare de Berne, prendre le bus n\u00b0 12 en direction du \u00abZentrum Paul Klee\u00bb jusqu\u2019\u00e0 l\u2019arr\u00eat \u00abB\u00e4renpark\u00bb<\/p>\n<p>Adresse: Grosser Muristalden 4, 3006 Berne<\/p>\n<\/div>\n<p>[\/vc_column_text][vc_btn title=&#8221;Itin\u00e9raire&#8221; style=&#8221;flat&#8221; shape=&#8221;square&#8221; color=&#8221;white&#8221; size=&#8221;lg&#8221; i_align=&#8221;right&#8221; i_icon_fontawesome=&#8221;fas fa-arrow-right&#8221; css=&#8221;.vc_custom_1660771699224{padding-right: 30px !important;padding-left: 30px !important;}&#8221; add_icon=&#8221;true&#8221; link=&#8221;url:https%3A%2F%2Ftierpark-bern.ch%2Ffr%2Fparc-aux-ours%2Facces%2F&#8221; el_class=&#8221;btn-zoo-barenpark&#8221;][\/vc_column_inner][vc_column_inner width=&#8221;1\/3&#8243; css=&#8221;.vc_custom_1629982924775{padding-top: 0px !important;padding-right: 0px !important;padding-bottom: 0px !important;padding-left: 0px !important;background-color: #41572b !important;}&#8221;][vc_single_image image=&#8221;22343&#8243; img_size=&#8221;540 x 320&#8243; alignment=&#8221;center&#8221; onclick=&#8221;custom_link&#8221; link=&#8221;https:\/\/tierpark-bern.ch\/fr\/experiences-du-zoo\/&#8221;][vc_column_text css=&#8221;.vc_custom_1660771275076{padding-right: 30px !important;padding-left: 30px !important;}&#8221;]<\/p>\n<div class=\"zoo-news-section\">\n<h2>Exp\u00e9riences<\/h2>\n<p>Faites de votre visite au parc zoologique ou au Parc aux ours une exp\u00e9rience m\u00e9morable! Une large gamme d\u2019activit\u00e9s permet aux grands comme aux petits de trouver leur bonheur.<\/p>\n<\/div>\n<p>[\/vc_column_text][vc_btn title=&#8221;Exp\u00e9riences&#8221; style=&#8221;flat&#8221; shape=&#8221;square&#8221; color=&#8221;white&#8221; size=&#8221;lg&#8221; i_align=&#8221;right&#8221; i_icon_fontawesome=&#8221;fas fa-arrow-right&#8221; css=&#8221;.vc_custom_1660771706847{padding-right: 30px !important;padding-left: 30px !important;}&#8221; add_icon=&#8221;true&#8221; link=&#8221;url:https%3A%2F%2Ftierpark-bern.ch%2Ffr%2Fexperiences-du-zoo%2F&#8221; el_class=&#8221;btn-zoo-barenpark&#8221;][\/vc_column_inner][\/vc_row_inner][vc_row_inner equal_height=&#8221;yes&#8221; gap=&#8221;30&#8243;][vc_column_inner width=&#8221;1\/3&#8243; css=&#8221;.vc_custom_1629893838254{padding-top: 0px !important;padding-right: 0px !important;padding-bottom: 0px !important;padding-left: 0px !important;background-color: #41572b !important;}&#8221;][vc_single_image image=&#8221;22222&#8243; img_size=&#8221;540 x 320&#8243; alignment=&#8221;center&#8221; onclick=&#8221;custom_link&#8221; link=&#8221;https:\/\/tierpark-bern.ch\/veranstaltungskalender\/&#8221;][vc_column_text css=&#8221;.vc_custom_1661286969199{padding-right: 30px !important;padding-left: 30px !important;}&#8221;]<\/p>\n<div class=\"zoo-news-section\">\n<h2>Manifestations<\/h2>\n<p>Il se passe toujours quelque chose dans le parc animalier. Nous vous informons ici des manifestations publiques \u00e0 venir (en allemand seulement).<\/p>\n<\/div>\n<p>[\/vc_column_text][vc_btn title=&#8221;Manifestations&#8221; style=&#8221;flat&#8221; shape=&#8221;square&#8221; color=&#8221;white&#8221; size=&#8221;lg&#8221; i_align=&#8221;right&#8221; i_icon_fontawesome=&#8221;fas fa-arrow-right&#8221; css=&#8221;.vc_custom_1660771761137{padding-right: 30px !important;padding-left: 30px !important;}&#8221; add_icon=&#8221;true&#8221; link=&#8221;url:https%3A%2F%2Ftierpark-bern.ch%2Fveranstaltungskalender%2F&#8221; el_class=&#8221;btn-zoo-barenpark&#8221;][\/vc_column_inner][vc_column_inner width=&#8221;1\/3&#8243; css=&#8221;.vc_custom_1629893850947{padding-top: 0px !important;padding-right: 0px !important;padding-bottom: 0px !important;padding-left: 0px !important;background-color: #41572b !important;}&#8221;][vc_single_image image=&#8221;45170&#8243; img_size=&#8221;540 x 320&#8243; alignment=&#8221;center&#8221; onclick=&#8221;custom_link&#8221; link=&#8221;https:\/\/tierpark-bern.ch\/fr\/faq\/#baerenpark&#8221;][vc_column_text css=&#8221;.vc_custom_1660771776738{padding-right: 30px !important;padding-left: 30px !important;}&#8221;]<\/p>\n<div class=\"zoo-news-section\">\n<h2>FAQ<\/h2>\n<p>Vous trouverez ici des questions et des r\u00e9ponses concernant votre visite au Parc aux ours de Berne. Forgez-vous votre propre opinion!<\/p>\n<\/div>\n<p>[\/vc_column_text][vc_btn title=&#8221;Questions et r\u00e9ponses&#8221; style=&#8221;flat&#8221; shape=&#8221;square&#8221; color=&#8221;white&#8221; size=&#8221;lg&#8221; i_align=&#8221;right&#8221; i_icon_fontawesome=&#8221;fas fa-arrow-right&#8221; css=&#8221;.vc_custom_1661238913621{padding-right: 30px !important;padding-left: 30px !important;}&#8221; add_icon=&#8221;true&#8221; link=&#8221;url:https%3A%2F%2Ftierpark-bern.ch%2Ffr%2Ffaq%2F%23baerenpark&#8221; el_class=&#8221;btn-zoo-barenpark&#8221;][\/vc_column_inner][vc_column_inner width=&#8221;1\/3&#8243; css=&#8221;.vc_custom_1629982924775{padding-top: 0px !important;padding-right: 0px !important;padding-bottom: 0px !important;padding-left: 0px !important;background-color: #41572b !important;}&#8221;][vc_single_image image=&#8221;22082&#8243; img_size=&#8221;540 x 320&#8243; alignment=&#8221;center&#8221; onclick=&#8221;custom_link&#8221; link=&#8221;https:\/\/tierpark-bern.ch\/fr\/parc-aux-ours\/accessibilite-du-parc-aux-ours\/&#8221;][vc_column_text css=&#8221;.vc_custom_1660771798440{padding-right: 30px !important;padding-left: 30px !important;}&#8221;]<\/p>\n<div class=\"zoo-news-section\">\n<h2>Accessibilit\u00e9<\/h2>\n<p>Le \u00abB\u00e4reB\u00e4hnli\u00bb assure, \u00e0 proximit\u00e9 imm\u00e9diate du Parc aux ours, un acc\u00e8s facilit\u00e9 \u00e0 l\u2019Aar. Il relie la plate-forme panoramique sup\u00e9rieure \u00e0 la promenade inf\u00e9rieure longeant la rive de l\u2019Aar.<\/p>\n<\/div>\n<p>[\/vc_column_text][vc_btn title=&#8221;Accessibilit\u00e9&#8221; style=&#8221;flat&#8221; shape=&#8221;square&#8221; color=&#8221;white&#8221; size=&#8221;lg&#8221; i_align=&#8221;right&#8221; i_icon_fontawesome=&#8221;fas fa-arrow-right&#8221; css=&#8221;.vc_custom_1660771820293{padding-right: 30px !important;padding-left: 30px !important;}&#8221; add_icon=&#8221;true&#8221; link=&#8221;url:https%3A%2F%2Ftierpark-bern.ch%2Ffr%2Fparc-aux-ours%2Faccessibilite-du-parc-aux-ours%2F&#8221; el_class=&#8221;btn-zoo-barenpark&#8221;][\/vc_column_inner][\/vc_row_inner][vc_row_inner equal_height=&#8221;yes&#8221; gap=&#8221;30&#8243;][vc_column_inner width=&#8221;1\/3&#8243; css=&#8221;.vc_custom_1629893838254{padding-top: 0px !important;padding-right: 0px !important;padding-bottom: 0px !important;padding-left: 0px !important;background-color: #41572b !important;}&#8221;][vc_single_image image=&#8221;22373&#8243; img_size=&#8221;540 x 320&#8243; alignment=&#8221;center&#8221; onclick=&#8221;custom_link&#8221; link=&#8221;https:\/\/tierpark-bern.ch\/fr\/parc-aux-ours\/berne-et-les-ours\/&#8221;][vc_column_text css=&#8221;.vc_custom_1660771902242{padding-right: 30px !important;padding-left: 30px !important;}&#8221;]<\/p>\n<div class=\"zoo-news-section\">\n<h2>Berne et les ours<\/h2>\n<p>Depuis sa fondation, la ville de Berne est \u00e9troitement li\u00e9e \u00e0 l\u2019ours. Aujourd\u2019hui encore, l\u2019ours est pr\u00e9sent sur les drapeaux, les fontaines et les b\u00e2timents.<\/p>\n<\/div>\n<p>[\/vc_column_text][vc_btn title=&#8221;Le rapport traditionnel \u00e0 l\u2019ours&#8221; style=&#8221;flat&#8221; shape=&#8221;square&#8221; color=&#8221;white&#8221; size=&#8221;lg&#8221; i_align=&#8221;right&#8221; i_icon_fontawesome=&#8221;fas fa-arrow-right&#8221; css=&#8221;.vc_custom_1660771935256{padding-right: 30px !important;padding-left: 30px !important;}&#8221; add_icon=&#8221;true&#8221; link=&#8221;url:https%3A%2F%2Ftierpark-bern.ch%2Ffr%2Fparc-aux-ours%2Fberne-et-les-ours%2F&#8221; el_class=&#8221;btn-zoo-barenpark&#8221;][\/vc_column_inner][vc_column_inner width=&#8221;1\/3&#8243; css=&#8221;.vc_custom_1629893850947{padding-top: 0px !important;padding-right: 0px !important;padding-bottom: 0px !important;padding-left: 0px !important;background-color: #41572b !important;}&#8221;][vc_single_image image=&#8221;22201&#8243; img_size=&#8221;540 x 320&#8243; alignment=&#8221;center&#8221; onclick=&#8221;custom_link&#8221; link=&#8221;https:\/\/tierpark-bern.ch\/fr\/parc-aux-ours\/les-habitants-du-parc-aux-ours\/&#8221;][vc_column_text css=&#8221;.vc_custom_1660771967393{padding-right: 30px !important;padding-left: 30px !important;}&#8221;]<\/p>\n<div class=\"zoo-news-section\">\n<h2>Nos ours<\/h2>\n<p>Apprenez ici des choses int\u00e9ressantes sur la biologie du plus grand pr\u00e9dateur d\u2019Europe et faites plus ample connaissance avec les habitants du Parc aux ours.<\/p>\n<\/div>\n<p>[\/vc_column_text][vc_btn title=&#8221;Nos ours&#8221; style=&#8221;flat&#8221; shape=&#8221;square&#8221; color=&#8221;white&#8221; size=&#8221;lg&#8221; i_align=&#8221;right&#8221; i_icon_fontawesome=&#8221;fas fa-arrow-right&#8221; css=&#8221;.vc_custom_1660771992173{padding-right: 30px !important;padding-left: 30px !important;}&#8221; add_icon=&#8221;true&#8221; link=&#8221;url:https%3A%2F%2Ftierpark-bern.ch%2Ffr%2Fparc-aux-ours%2Fles-habitants-du-parc-aux-ours%2F&#8221; el_class=&#8221;btn-zoo-barenpark&#8221;][\/vc_column_inner][vc_column_inner width=&#8221;1\/3&#8243; css=&#8221;.vc_custom_1629982924775{padding-top: 0px !important;padding-right: 0px !important;padding-bottom: 0px !important;padding-left: 0px !important;background-color: #41572b !important;}&#8221;][vc_single_image image=&#8221;76471&#8243; img_size=&#8221;540 x 320&#8243; alignment=&#8221;center&#8221; onclick=&#8221;custom_link&#8221; link=&#8221;https:\/\/tierpark-bern.ch\/fr\/parc-aux-ours\/restauration\/&#8221;][vc_column_text css=&#8221;.vc_custom_1660772009748{padding-right: 30px !important;padding-left: 30px !important;}&#8221;]<\/p>\n<div class=\"zoo-news-section\">\n<h2>Restauration<\/h2>\n<p>Quiconque se prom\u00e8ne dans le Parc aux ours dispose de nombreuses possibilit\u00e9s de s\u2019adonner aux plaisirs de la table. Plusieurs restaurants se trouvent \u00e0 proximit\u00e9 imm\u00e9diate du Parc aux ours.<\/p>\n<\/div>\n<p>[\/vc_column_text][vc_btn title=&#8221;Restauration&#8221; style=&#8221;flat&#8221; shape=&#8221;square&#8221; color=&#8221;white&#8221; size=&#8221;lg&#8221; i_align=&#8221;right&#8221; i_icon_fontawesome=&#8221;fas fa-arrow-right&#8221; css=&#8221;.vc_custom_1660772041908{padding-right: 30px !important;padding-left: 30px !important;}&#8221; add_icon=&#8221;true&#8221; link=&#8221;url:https%3A%2F%2Ftierpark-bern.ch%2Ffr%2Fparc-aux-ours%2Frestauration%2F&#8221; el_class=&#8221;btn-zoo-barenpark&#8221;][\/vc_column_inner][\/vc_row_inner][\/vc_column][\/vc_row][vc_row][vc_column][vc_column_text css=&#8221;.vc_custom_1660772084089{margin-bottom: 0px !important;padding-top: 35px !important;}&#8221;]<\/p>\n<p style=\"text-align: center;\"><a class=\"button button--tierpark\" href=\"https:\/\/tierpark-bern.ch\/fr\/visite-au-zoo\/\">Le zoo du D\u00e4hlh\u00f6lzli<\/a><\/p>\n<p>[\/vc_column_text][\/vc_column][\/vc_row]<\/p>\n<\/div>","protected":false},"excerpt":{"rendered":"<p>Les ours bernois se sentent chez eux dans le Parc aux ours, en plein c\u0153ur de la ville.<\/p>\n","protected":false},"author":10,"featured_media":45170,"parent":0,"menu_order":0,"comment_status":"closed","ping_status":"closed","template":"","meta":{"_acf_changed":false,"footnotes":""},"class_list":["post-46577","page","type-page","status-publish","has-post-thumbnail","hentry"],"acf":[],"yoast_head":"<title>Parc aux ours | Tierpark Bern<\/title>\n<meta name=\"description\" content=\"Les ours bernois se sentent chez eux dans le Parc aux ours, en plein c\u0153ur de la ville.\" \/>\n<meta name=\"robots\" content=\"index, follow, max-snippet:-1, max-image-preview:large, max-video-preview:-1\" \/>\n<link rel=\"canonical\" href=\"https:\/\/tierpark-bern.ch\/fr\/parc-aux-ours\/\" \/>\n<meta property=\"og:locale\" content=\"fr_FR\" \/>\n<meta property=\"og:type\" content=\"article\" \/>\n<meta property=\"og:title\" content=\"Parc aux ours | Tierpark Bern\" \/>\n<meta property=\"og:description\" content=\"Les ours bernois se sentent chez eux dans le Parc aux ours, en plein c\u0153ur de la ville.\" \/>\n<meta property=\"og:url\" content=\"https:\/\/tierpark-bern.ch\/fr\/parc-aux-ours\/\" \/>\n<meta property=\"og:site_name\" content=\"Tierpark Bern\" \/>\n<meta property=\"article:publisher\" content=\"https:\/\/www.facebook.com\/tierparkbern\/\" \/>\n<meta property=\"article:modified_time\" content=\"2026-03-16T12:13:14+00:00\" \/>\n<meta property=\"og:image\" content=\"https:\/\/tierpark-bern.ch\/web\/app\/uploads\/2020\/07\/bjoerk-baerenpark-56-bern-schweiz.jpg\" \/>\n\t<meta property=\"og:image:width\" content=\"1500\" \/>\n\t<meta property=\"og:image:height\" content=\"998\" \/>\n\t<meta property=\"og:image:type\" content=\"image\/jpeg\" \/>\n<script type=\"application\/ld+json\" class=\"yoast-schema-graph\">{\"@context\":\"https:\/\/schema.org\",\"@graph\":[{\"@type\":\"WebPage\",\"@id\":\"https:\/\/tierpark-bern.ch\/fr\/parc-aux-ours\/\",\"url\":\"https:\/\/tierpark-bern.ch\/fr\/parc-aux-ours\/\",\"name\":\"Parc aux ours | Tierpark Bern\",\"isPartOf\":{\"@id\":\"https:\/\/tierpark-bern.ch\/fr\/#website\"},\"primaryImageOfPage\":{\"@id\":\"https:\/\/tierpark-bern.ch\/fr\/parc-aux-ours\/#primaryimage\"},\"image\":{\"@id\":\"https:\/\/tierpark-bern.ch\/fr\/parc-aux-ours\/#primaryimage\"},\"thumbnailUrl\":\"https:\/\/tierpark-bern.ch\/web\/app\/uploads\/2020\/07\/bjoerk-baerenpark-56-bern-schweiz.jpg\",\"datePublished\":\"2020-08-08T10:32:06+00:00\",\"dateModified\":\"2026-03-16T12:13:14+00:00\",\"description\":\"Les ours bernois se sentent chez eux dans le Parc aux ours, en plein c\u0153ur de la ville.\",\"breadcrumb\":{\"@id\":\"https:\/\/tierpark-bern.ch\/fr\/parc-aux-ours\/#breadcrumb\"},\"inLanguage\":\"fr-FR\",\"potentialAction\":[{\"@type\":\"ReadAction\",\"target\":[\"https:\/\/tierpark-bern.ch\/fr\/parc-aux-ours\/\"]}]},{\"@type\":\"ImageObject\",\"inLanguage\":\"fr-FR\",\"@id\":\"https:\/\/tierpark-bern.ch\/fr\/parc-aux-ours\/#primaryimage\",\"url\":\"https:\/\/tierpark-bern.ch\/web\/app\/uploads\/2020\/07\/bjoerk-baerenpark-56-bern-schweiz.jpg\",\"contentUrl\":\"https:\/\/tierpark-bern.ch\/web\/app\/uploads\/2020\/07\/bjoerk-baerenpark-56-bern-schweiz.jpg\",\"width\":1500,\"height\":998,\"caption\":\"\u00abBj\u00f6rk\u00bb auf Ulme (Mai 2013)\"},{\"@type\":\"BreadcrumbList\",\"@id\":\"https:\/\/tierpark-bern.ch\/fr\/parc-aux-ours\/#breadcrumb\",\"itemListElement\":[{\"@type\":\"ListItem\",\"position\":1,\"name\":\"Home\",\"item\":\"https:\/\/tierpark-bern.ch\/fr\/home\/\"},{\"@type\":\"ListItem\",\"position\":2,\"name\":\"Parc aux ours\"}]},{\"@type\":\"WebSite\",\"@id\":\"https:\/\/tierpark-bern.ch\/fr\/#website\",\"url\":\"https:\/\/tierpark-bern.ch\/fr\/\",\"name\":\"Tierpark Bern\",\"description\":\"\",\"publisher\":{\"@id\":\"https:\/\/tierpark-bern.ch\/fr\/#organization\"},\"potentialAction\":[{\"@type\":\"SearchAction\",\"target\":{\"@type\":\"EntryPoint\",\"urlTemplate\":\"https:\/\/tierpark-bern.ch\/fr\/?s={search_term_string}\"},\"query-input\":{\"@type\":\"PropertyValueSpecification\",\"valueRequired\":true,\"valueName\":\"search_term_string\"}}],\"inLanguage\":\"fr-FR\"},{\"@type\":\"Organization\",\"@id\":\"https:\/\/tierpark-bern.ch\/fr\/#organization\",\"name\":\"Tierpark Bern | D\u00e4hlh\u00f6lzli + B\u00e4renPark\",\"alternateName\":\"Tierpark Bern\",\"url\":\"https:\/\/tierpark-bern.ch\/fr\/\",\"logo\":{\"@type\":\"ImageObject\",\"inLanguage\":\"fr-FR\",\"@id\":\"https:\/\/tierpark-bern.ch\/fr\/#\/schema\/logo\/image\/\",\"url\":\"https:\/\/tierpark-bern.ch\/web\/app\/uploads\/2024\/04\/tierpark-bern-696x696-1.jpg\",\"contentUrl\":\"https:\/\/tierpark-bern.ch\/web\/app\/uploads\/2024\/04\/tierpark-bern-696x696-1.jpg\",\"width\":696,\"height\":696,\"caption\":\"Tierpark Bern | D\u00e4hlh\u00f6lzli + B\u00e4renPark\"},\"image\":{\"@id\":\"https:\/\/tierpark-bern.ch\/fr\/#\/schema\/logo\/image\/\"},\"sameAs\":[\"https:\/\/www.facebook.com\/tierparkbern\/\",\"https:\/\/x.com\/tierparkbern\",\"https:\/\/www.instagram.com\/tierparkbern\/\"]}]}<\/script>","yoast_head_json":{"title":"Parc aux ours | Tierpark Bern","description":"Les ours bernois se sentent chez eux dans le Parc aux ours, en plein c\u0153ur de la ville.","robots":{"index":"index","follow":"follow","max-snippet":"max-snippet:-1","max-image-preview":"max-image-preview:large","max-video-preview":"max-video-preview:-1"},"canonical":"https:\/\/tierpark-bern.ch\/fr\/parc-aux-ours\/","og_locale":"fr_FR","og_type":"article","og_title":"Parc aux ours | Tierpark Bern","og_description":"Les ours bernois se sentent chez eux dans le Parc aux ours, en plein c\u0153ur de la ville.","og_url":"https:\/\/tierpark-bern.ch\/fr\/parc-aux-ours\/","og_site_name":"Tierpark Bern","article_publisher":"https:\/\/www.facebook.com\/tierparkbern\/","article_modified_time":"2026-03-16T12:13:14+00:00","og_image":[{"width":1500,"height":998,"url":"https:\/\/tierpark-bern.ch\/web\/app\/uploads\/2020\/07\/bjoerk-baerenpark-56-bern-schweiz.jpg","type":"image\/jpeg"}],"schema":{"@context":"https:\/\/schema.org","@graph":[{"@type":"WebPage","@id":"https:\/\/tierpark-bern.ch\/fr\/parc-aux-ours\/","url":"https:\/\/tierpark-bern.ch\/fr\/parc-aux-ours\/","name":"Parc aux ours | Tierpark Bern","isPartOf":{"@id":"https:\/\/tierpark-bern.ch\/fr\/#website"},"primaryImageOfPage":{"@id":"https:\/\/tierpark-bern.ch\/fr\/parc-aux-ours\/#primaryimage"},"image":{"@id":"https:\/\/tierpark-bern.ch\/fr\/parc-aux-ours\/#primaryimage"},"thumbnailUrl":"https:\/\/tierpark-bern.ch\/web\/app\/uploads\/2020\/07\/bjoerk-baerenpark-56-bern-schweiz.jpg","datePublished":"2020-08-08T10:32:06+00:00","dateModified":"2026-03-16T12:13:14+00:00","description":"Les ours bernois se sentent chez eux dans le Parc aux ours, en plein c\u0153ur de la ville.","breadcrumb":{"@id":"https:\/\/tierpark-bern.ch\/fr\/parc-aux-ours\/#breadcrumb"},"inLanguage":"fr-FR","potentialAction":[{"@type":"ReadAction","target":["https:\/\/tierpark-bern.ch\/fr\/parc-aux-ours\/"]}]},{"@type":"ImageObject","inLanguage":"fr-FR","@id":"https:\/\/tierpark-bern.ch\/fr\/parc-aux-ours\/#primaryimage","url":"https:\/\/tierpark-bern.ch\/web\/app\/uploads\/2020\/07\/bjoerk-baerenpark-56-bern-schweiz.jpg","contentUrl":"https:\/\/tierpark-bern.ch\/web\/app\/uploads\/2020\/07\/bjoerk-baerenpark-56-bern-schweiz.jpg","width":1500,"height":998,"caption":"\u00abBj\u00f6rk\u00bb auf Ulme (Mai 2013)"},{"@type":"BreadcrumbList","@id":"https:\/\/tierpark-bern.ch\/fr\/parc-aux-ours\/#breadcrumb","itemListElement":[{"@type":"ListItem","position":1,"name":"Home","item":"https:\/\/tierpark-bern.ch\/fr\/home\/"},{"@type":"ListItem","position":2,"name":"Parc aux ours"}]},{"@type":"WebSite","@id":"https:\/\/tierpark-bern.ch\/fr\/#website","url":"https:\/\/tierpark-bern.ch\/fr\/","name":"Tierpark Bern","description":"","publisher":{"@id":"https:\/\/tierpark-bern.ch\/fr\/#organization"},"potentialAction":[{"@type":"SearchAction","target":{"@type":"EntryPoint","urlTemplate":"https:\/\/tierpark-bern.ch\/fr\/?s={search_term_string}"},"query-input":{"@type":"PropertyValueSpecification","valueRequired":true,"valueName":"search_term_string"}}],"inLanguage":"fr-FR"},{"@type":"Organization","@id":"https:\/\/tierpark-bern.ch\/fr\/#organization","name":"Tierpark Bern | D\u00e4hlh\u00f6lzli + B\u00e4renPark","alternateName":"Tierpark Bern","url":"https:\/\/tierpark-bern.ch\/fr\/","logo":{"@type":"ImageObject","inLanguage":"fr-FR","@id":"https:\/\/tierpark-bern.ch\/fr\/#\/schema\/logo\/image\/","url":"https:\/\/tierpark-bern.ch\/web\/app\/uploads\/2024\/04\/tierpark-bern-696x696-1.jpg","contentUrl":"https:\/\/tierpark-bern.ch\/web\/app\/uploads\/2024\/04\/tierpark-bern-696x696-1.jpg","width":696,"height":696,"caption":"Tierpark Bern | D\u00e4hlh\u00f6lzli + B\u00e4renPark"},"image":{"@id":"https:\/\/tierpark-bern.ch\/fr\/#\/schema\/logo\/image\/"},"sameAs":["https:\/\/www.facebook.com\/tierparkbern\/","https:\/\/x.com\/tierparkbern","https:\/\/www.instagram.com\/tierparkbern\/"]}]}},"_links":{"self":[{"href":"https:\/\/tierpark-bern.ch\/fr\/wp-json\/wp\/v2\/pages\/46577","targetHints":{"allow":["GET"]}}],"collection":[{"href":"https:\/\/tierpark-bern.ch\/fr\/wp-json\/wp\/v2\/pages"}],"about":[{"href":"https:\/\/tierpark-bern.ch\/fr\/wp-json\/wp\/v2\/types\/page"}],"author":[{"embeddable":true,"href":"https:\/\/tierpark-bern.ch\/fr\/wp-json\/wp\/v2\/users\/10"}],"replies":[{"embeddable":true,"href":"https:\/\/tierpark-bern.ch\/fr\/wp-json\/wp\/v2\/comments?post=46577"}],"version-history":[{"count":1,"href":"https:\/\/tierpark-bern.ch\/fr\/wp-json\/wp\/v2\/pages\/46577\/revisions"}],"predecessor-version":[{"id":82958,"href":"https:\/\/tierpark-bern.ch\/fr\/wp-json\/wp\/v2\/pages\/46577\/revisions\/82958"}],"wp:featuredmedia":[{"embeddable":true,"href":"https:\/\/tierpark-bern.ch\/fr\/wp-json\/wp\/v2\/media\/45170"}],"wp:attachment":[{"href":"https:\/\/tierpark-bern.ch\/fr\/wp-json\/wp\/v2\/media?parent=46577"}],"curies":[{"name":"wp","href":"https:\/\/api.w.org\/{rel}","templated":true}]}}