{"id":49404,"date":"2022-11-25T15:24:36","date_gmt":"2022-11-25T14:24:36","guid":{"rendered":"https:\/\/tierpark-bern.ch\/?page_id=49404"},"modified":"2023-12-22T23:29:35","modified_gmt":"2023-12-22T22:29:35","slug":"eulen-bistro","status":"publish","type":"page","link":"https:\/\/tierpark-bern.ch\/fr\/visite-au-zoo\/restauration\/eulen-bistro\/","title":{"rendered":"Eulen Bistro"},"content":{"rendered":"<div class=\"wpb-content-wrapper\"><p>[vc_row][vc_column][vc_column_text]<\/p>\n<h1>Eulen Bistro<\/h1>\n<p>[\/vc_column_text][\/vc_column][\/vc_row][vc_row][vc_column width=&#8221;1\/4&#8243;][vc_empty_space][vc_single_image image=&#8221;49410&#8243; img_size=&#8221;medium&#8221;][vc_empty_space][\/vc_column][vc_column width=&#8221;3\/4&#8243;][vc_column_text]<\/p>\n<h2>Bienvenue au Eulen Bistro<\/h2>\n<p>Le plaisir des papilles, la durabilit\u00e9 et l\u2019ancrage r\u00e9gional ne sont pas de vains mots au Parc zoologique. Les produits utilis\u00e9s viennent, dans la mesure du possible, de la ville ou du canton de Berne, quand l\u2019\u00e9quipe cr\u00e9ative de Mund\u2019Art ne les confectionne pas elle-m\u00eame. Des mets v\u00e9g\u00e9tariens ou v\u00e9gans font naturellement partie de l\u2019offre. Les h\u00f4tes du Parc zoologique peuvent d\u00e9guster des mets ou boire un verre sur la terrasse ensoleill\u00e9e r\u00e9cemment construite, qui domine tout le D\u00e4hlh\u00f6lzli.[\/vc_column_text][\/vc_column][\/vc_row][vc_row][vc_column][vc_column_text]<\/p>\n<h2>Heures d&#8217;ouverture<\/h2>\n<div class=\"tbl-open-dahlholzli-container top-20 bottom-20\">\n    <table class=\"tbl-all-species-list\">\n        <tbody>\n        <tr>\n            <td>Lundi<\/td><td>10 h 00 \u2013 17 h 30<\/td><\/tr>\n        <tr>\n            <td>Mardi<\/td><td>10 h 00 \u2013 17 h 30<\/td><\/tr>\n        <tr>\n            <td>Mercredi<\/td><td>10 h 00 \u2013 17 h 30<\/td><\/tr>\n        <tr>\n            <td>Jeudi<\/td><td>10 h 00 \u2013 17 h 30<\/td><\/tr>\n        <tr>\n            <td>Vendredi<\/td><td>10 h 00 \u2013 17 h 30<\/td><\/tr>\n        <tr>\n            <td>Samedi<\/td><td>10 h 00 \u2013 17 h 30<\/td><\/tr>\n        <tr>\n            <td>Dimanche<\/td><td>10 h 00 \u2013 17 h 30<\/td><\/tr>\n        <\/tbody>\n    <\/table>\n<\/div>[\/vc_column_text][vc_empty_space height=&#8221;12px&#8221;][\/vc_column][\/vc_row][vc_row][vc_column][vc_column_text]<\/p>\n<h2>Mund\u2019Art \u2013 la \u00e9quipe de l\u2019Eulen Bistro se pr\u00e9sente<\/h2>\n<p>\u00abMund\u2019Art se s\u00e9dentarise. Dans nos jeunes et folles ann\u00e9es, nous avons assur\u00e9 le volet culinaire de mariages au sommet des Alpes, de courses \u00e9questres au bord des plus beaux lacs, d\u2019anniversaires au fond des bois ou de jubil\u00e9s d\u2019entreprises dans les plus grandes villes de Suisse. Nous n\u2019h\u00e9sitions pas \u00e0 parcourir des centaines de m\u00e8tres sur un terrain accident\u00e9 pour le service, ou \u00e0 cuisiner en plein air. Nous avons exauc\u00e9 les v\u0153ux les plus insolites, pr\u00e9voyant en cas de besoin des d\u00e9corations exub\u00e9rantes. Nous avons cr\u00e9\u00e9 avec des mixologues les plus succulents cocktails, et transform\u00e9 des hangars industriels en restaurants de luxe. Nous nous sommes certes assagis, mais en gardant notre enthousiasme. Nous misons r\u00e9solument sur les produits frais et locaux, privil\u00e9giant le \u00abfait maison\u00bb, et avons h\u00e2te de vous accueillir dans notre nouveau port d\u2019attache. Entre les loups et les renards polaires. Car Mund\u2019Art s\u2019est s\u00e9dentaris\u00e9.\u00bb[\/vc_column_text][\/vc_column][\/vc_row][vc_row][vc_column width=&#8221;1\/2&#8243;][vc_single_image image=&#8221;59870&#8243; img_size=&#8221;570&#215;379&#8243; add_caption=&#8221;yes&#8221;][\/vc_column][vc_column width=&#8221;1\/2&#8243;][vc_single_image image=&#8221;55154&#8243; img_size=&#8221;570&#215;379&#8243; green_bar=&#8221;yes&#8221; el_class=&#8221;article-image&#8221;][\/vc_column][\/vc_row][vc_row][vc_column][vc_column_text]<\/p>\n<h2>R\u00e9servation en bloc de votre \u00e9v\u00e9nement au Parc zoologique<\/h2>\n<p>Que diriez-vous d\u2019un ap\u00e9ritif pour gloutons (\u00abVielfrass\u00bb) ou pour petites faims (\u00abZwergmaus\u00bb) sur la terrasse des chouettes, d\u2019un buffet \u00abPiranha\u00bb au vivarium ou d\u2019un menu trois services \u00abL\u00e9opard\u00bb \u00e0 la cabane des ours? Un syst\u00e8me modulaire permet \u00e0 nos h\u00f4tes d\u2019organiser leur \u00e9v\u00e9nement dans le cadre ad\u00e9quat au parc zoologique ou au Parc aux ours, \u00e0 partir d\u2019une riche offre culinaire. Afin de se mettre dans l\u2019ambiance, le groupe participera d\u2019abord \u00e0 une visite guid\u00e9e d\u00e9paysante et fascinante \u2013 pour laquelle divers temps forts sont \u00e9galement propos\u00e9s au choix.[\/vc_column_text][vc_column_text]<\/p>\n<div class=\"zoo-link-info\">\n<div class=\"container\">\n<div class=\"row\">\n<div class=\"col-md-8 col-sm-12\">\n<div class=\"zoo-link-text-container\"><span class=\"zoo-link-text\">Vous aimeriez f\u00eater un \u00e9v\u00e9nement dans une atmosph\u00e8re unique, en compagnie d\u2019animaux sauvages? (en allemand seulement)<\/span><\/div>\n<\/div>\n<div class=\"col-md-4 col-sm-12 zoo-link-btn-container\"><span class=\"zoo-link-btn\"><a class=\"button button-zoo-info\" href=\"https:\/\/tierpark-bern.ch\/fr\/experiences\/votre-evenement\/\" rel=\"noopener\">Planifier \u00e0 pr\u00e9sent votre \u00e9v\u00e9nement <i class=\"fa fa-long-arrow-right\"><\/i><\/a><\/span><\/div>\n<\/div>\n<\/div>\n<\/div>\n<p>[\/vc_column_text][\/vc_column][\/vc_row][vc_row][vc_column width=&#8221;1\/2&#8243;][vc_single_image image=&#8221;47982&#8243; img_size=&#8221;570&#215;379&#8243; equal_height_img_class=&#8221;yes&#8221; el_class=&#8221;article-image&#8221;][\/vc_column][vc_column width=&#8221;1\/2&#8243;][vc_single_image image=&#8221;26268&#8243; img_size=&#8221;570&#215;379&#8243; equal_height_img_class=&#8221;yes&#8221; green_bar=&#8221;yes&#8221;][\/vc_column][\/vc_row][vc_row][vc_column][vc_empty_space][\/vc_column][\/vc_row][vc_row][vc_column][vc_column_text]<section class=\"section no-padding-bottom page-suggestion-container\">\n            <div class=\"container\">\n                <div class=\"row bottom-50\">\n                    <div class=\"col-12\">\n                        <div class=\"heading heading--primary heading--center\">\n                            <h2 class=\"heading__title no-margin-bottom\"><span>Autres Th\u00e8mes<\/span><\/h2>\n                        <\/div>\n                    <\/div>\n                <\/div>\n                <div class=\"row\"><div class=\"col-md-6 col-xl-4 \">\n                        <div class=\"service-content\" tabindex=\"0\" role=\"link\" onclick=\"suggestionLinkfunction(this);\" data-href=\"https:\/\/tierpark-bern.ch\/fr\/visite-au-zoo\/restauration\/restaurant-du-zoo-du-daehlhoelzli\/\">\n                            <img decoding=\"async\" src=\"https:\/\/tierpark-bern.ch\/web\/app\/uploads\/2020\/08\/Gastronomie-Tierpark-Bern.jpg\" alt=\"\"\/>\n                                <div class=\"service-desc\">\n                                    <div class=\"vcenter\">\n                                        <div class=\"titel\">Restaurant du zoo du D\u00e4hlh\u00f6lzli<\/div>\n                                    <\/div>\n                                <\/div>\n                        <\/div>\n                    <\/div><div class=\"col-md-6 col-xl-4 \">\n                        <div class=\"service-content\" tabindex=\"0\" role=\"link\" onclick=\"suggestionLinkfunction(this);\" data-href=\"https:\/\/tierpark-bern.ch\/fr\/experiences\/votre-evenement\/daehlhoelzli\/\">\n                            <img decoding=\"async\" src=\"https:\/\/tierpark-bern.ch\/web\/app\/uploads\/2021\/10\/anlass-im-Tierpark-Bern-1-2-386x230.jpg\" alt=\"\"\/>\n                                <div class=\"service-desc\">\n                                    <div class=\"vcenter\">\n                                        <div class=\"titel\">Ihr Anlass im D\u00e4hlh\u00f6lzli<\/div>\n                                    <\/div>\n                                <\/div>\n                        <\/div>\n                    <\/div><div class=\"col-md-6 col-xl-4 \">\n                        <div class=\"service-content\" tabindex=\"0\" role=\"link\" onclick=\"suggestionLinkfunction(this);\" data-href=\"https:\/\/tierpark-bern.ch\/fr\/visite-au-zoo\/restauration\/coin-grillades\/\">\n                            <img decoding=\"async\" src=\"https:\/\/tierpark-bern.ch\/web\/app\/uploads\/2022\/02\/grillplatz-tierpark-bern-122-2-386x230.jpg\" alt=\"\"\/>\n                                <div class=\"service-desc\">\n                                    <div class=\"vcenter\">\n                                        <div class=\"titel\">Coin grillades<\/div>\n                                    <\/div>\n                                <\/div>\n                        <\/div>\n                    <\/div><\/div>\n            <\/div>\n        <\/section>[\/vc_column_text][\/vc_column][\/vc_row]<\/p>\n<\/div>","protected":false},"excerpt":{"rendered":"<p>Le plaisir des papilles, la durabilit\u00e9 et l\u2019ancrage r\u00e9gional ne sont pas de vains mots au Parc zoologique.<\/p>\n","protected":false},"author":1,"featured_media":49720,"parent":46117,"menu_order":0,"comment_status":"closed","ping_status":"closed","template":"","meta":{"_acf_changed":false,"footnotes":""},"class_list":["post-49404","page","type-page","status-publish","has-post-thumbnail","hentry"],"acf":[],"yoast_head":"<title>Eulen Bistro | Tierpark Bern<\/title>\n<meta name=\"description\" content=\"Le plaisir des papilles, la durabilit\u00e9 et l\u2019ancrage r\u00e9gional ne sont pas de vains mots au Parc zoologique.\" \/>\n<meta name=\"robots\" content=\"index, follow, max-snippet:-1, max-image-preview:large, max-video-preview:-1\" \/>\n<link rel=\"canonical\" href=\"https:\/\/tierpark-bern.ch\/fr\/visite-au-zoo\/restauration\/eulen-bistro\/\" \/>\n<meta property=\"og:locale\" content=\"fr_FR\" \/>\n<meta property=\"og:type\" content=\"article\" \/>\n<meta property=\"og:title\" content=\"Eulen Bistro | Tierpark Bern\" \/>\n<meta property=\"og:description\" content=\"Le plaisir des papilles, la durabilit\u00e9 et l\u2019ancrage r\u00e9gional ne sont pas de vains mots au Parc zoologique.\" \/>\n<meta property=\"og:url\" content=\"https:\/\/tierpark-bern.ch\/fr\/visite-au-zoo\/restauration\/eulen-bistro\/\" \/>\n<meta property=\"og:site_name\" content=\"Tierpark Bern\" \/>\n<meta property=\"article:publisher\" content=\"https:\/\/www.facebook.com\/tierparkbern\/\" \/>\n<meta property=\"article:modified_time\" content=\"2023-12-22T22:29:35+00:00\" \/>\n<meta property=\"og:image\" content=\"https:\/\/tierpark-bern.ch\/web\/app\/uploads\/2020\/07\/2023_03_10_Tiere-im-Maerchen_PRM_3426.jpg\" \/>\n\t<meta property=\"og:image:width\" content=\"3000\" \/>\n\t<meta property=\"og:image:height\" content=\"2003\" \/>\n\t<meta property=\"og:image:type\" content=\"image\/jpeg\" \/>\n<script type=\"application\/ld+json\" class=\"yoast-schema-graph\">{\"@context\":\"https:\/\/schema.org\",\"@graph\":[{\"@type\":\"WebPage\",\"@id\":\"https:\/\/tierpark-bern.ch\/fr\/visite-au-zoo\/restauration\/eulen-bistro\/\",\"url\":\"https:\/\/tierpark-bern.ch\/fr\/visite-au-zoo\/restauration\/eulen-bistro\/\",\"name\":\"Eulen Bistro | Tierpark Bern\",\"isPartOf\":{\"@id\":\"https:\/\/tierpark-bern.ch\/fr\/#website\"},\"primaryImageOfPage\":{\"@id\":\"https:\/\/tierpark-bern.ch\/fr\/visite-au-zoo\/restauration\/eulen-bistro\/#primaryimage\"},\"image\":{\"@id\":\"https:\/\/tierpark-bern.ch\/fr\/visite-au-zoo\/restauration\/eulen-bistro\/#primaryimage\"},\"thumbnailUrl\":\"https:\/\/tierpark-bern.ch\/web\/app\/uploads\/2020\/07\/2023_03_10_Tiere-im-Maerchen_PRM_3426.jpg\",\"datePublished\":\"2022-11-25T14:24:36+00:00\",\"dateModified\":\"2023-12-22T22:29:35+00:00\",\"description\":\"Le plaisir des papilles, la durabilit\u00e9 et l\u2019ancrage r\u00e9gional ne sont pas de vains mots au Parc zoologique.\",\"breadcrumb\":{\"@id\":\"https:\/\/tierpark-bern.ch\/fr\/visite-au-zoo\/restauration\/eulen-bistro\/#breadcrumb\"},\"inLanguage\":\"fr-FR\",\"potentialAction\":[{\"@type\":\"ReadAction\",\"target\":[\"https:\/\/tierpark-bern.ch\/fr\/visite-au-zoo\/restauration\/eulen-bistro\/\"]}]},{\"@type\":\"ImageObject\",\"inLanguage\":\"fr-FR\",\"@id\":\"https:\/\/tierpark-bern.ch\/fr\/visite-au-zoo\/restauration\/eulen-bistro\/#primaryimage\",\"url\":\"https:\/\/tierpark-bern.ch\/web\/app\/uploads\/2020\/07\/2023_03_10_Tiere-im-Maerchen_PRM_3426.jpg\",\"contentUrl\":\"https:\/\/tierpark-bern.ch\/web\/app\/uploads\/2020\/07\/2023_03_10_Tiere-im-Maerchen_PRM_3426.jpg\",\"width\":3000,\"height\":2003,\"caption\":\"Uhu f\u00fcr Tiere im M\u00e4rchen\"},{\"@type\":\"BreadcrumbList\",\"@id\":\"https:\/\/tierpark-bern.ch\/fr\/visite-au-zoo\/restauration\/eulen-bistro\/#breadcrumb\",\"itemListElement\":[{\"@type\":\"ListItem\",\"position\":1,\"name\":\"Home\",\"item\":\"https:\/\/tierpark-bern.ch\/fr\/home\/\"},{\"@type\":\"ListItem\",\"position\":2,\"name\":\"Visite au zoo\",\"item\":\"https:\/\/tierpark-bern.ch\/fr\/visite-au-zoo\/\"},{\"@type\":\"ListItem\",\"position\":3,\"name\":\"Restauration\",\"item\":\"https:\/\/tierpark-bern.ch\/fr\/visite-au-zoo\/restauration\/\"},{\"@type\":\"ListItem\",\"position\":4,\"name\":\"Eulen Bistro\"}]},{\"@type\":\"WebSite\",\"@id\":\"https:\/\/tierpark-bern.ch\/fr\/#website\",\"url\":\"https:\/\/tierpark-bern.ch\/fr\/\",\"name\":\"Tierpark Bern\",\"description\":\"\",\"publisher\":{\"@id\":\"https:\/\/tierpark-bern.ch\/fr\/#organization\"},\"potentialAction\":[{\"@type\":\"SearchAction\",\"target\":{\"@type\":\"EntryPoint\",\"urlTemplate\":\"https:\/\/tierpark-bern.ch\/fr\/?s={search_term_string}\"},\"query-input\":{\"@type\":\"PropertyValueSpecification\",\"valueRequired\":true,\"valueName\":\"search_term_string\"}}],\"inLanguage\":\"fr-FR\"},{\"@type\":\"Organization\",\"@id\":\"https:\/\/tierpark-bern.ch\/fr\/#organization\",\"name\":\"Tierpark Bern | D\u00e4hlh\u00f6lzli + B\u00e4renPark\",\"alternateName\":\"Tierpark Bern\",\"url\":\"https:\/\/tierpark-bern.ch\/fr\/\",\"logo\":{\"@type\":\"ImageObject\",\"inLanguage\":\"fr-FR\",\"@id\":\"https:\/\/tierpark-bern.ch\/fr\/#\/schema\/logo\/image\/\",\"url\":\"https:\/\/tierpark-bern.ch\/web\/app\/uploads\/2024\/04\/tierpark-bern-696x696-1.jpg\",\"contentUrl\":\"https:\/\/tierpark-bern.ch\/web\/app\/uploads\/2024\/04\/tierpark-bern-696x696-1.jpg\",\"width\":696,\"height\":696,\"caption\":\"Tierpark Bern | D\u00e4hlh\u00f6lzli + B\u00e4renPark\"},\"image\":{\"@id\":\"https:\/\/tierpark-bern.ch\/fr\/#\/schema\/logo\/image\/\"},\"sameAs\":[\"https:\/\/www.facebook.com\/tierparkbern\/\",\"https:\/\/x.com\/tierparkbern\",\"https:\/\/www.instagram.com\/tierparkbern\/\"]}]}<\/script>","yoast_head_json":{"title":"Eulen Bistro | Tierpark Bern","description":"Le plaisir des papilles, la durabilit\u00e9 et l\u2019ancrage r\u00e9gional ne sont pas de vains mots au Parc zoologique.","robots":{"index":"index","follow":"follow","max-snippet":"max-snippet:-1","max-image-preview":"max-image-preview:large","max-video-preview":"max-video-preview:-1"},"canonical":"https:\/\/tierpark-bern.ch\/fr\/visite-au-zoo\/restauration\/eulen-bistro\/","og_locale":"fr_FR","og_type":"article","og_title":"Eulen Bistro | Tierpark Bern","og_description":"Le plaisir des papilles, la durabilit\u00e9 et l\u2019ancrage r\u00e9gional ne sont pas de vains mots au Parc zoologique.","og_url":"https:\/\/tierpark-bern.ch\/fr\/visite-au-zoo\/restauration\/eulen-bistro\/","og_site_name":"Tierpark Bern","article_publisher":"https:\/\/www.facebook.com\/tierparkbern\/","article_modified_time":"2023-12-22T22:29:35+00:00","og_image":[{"width":3000,"height":2003,"url":"https:\/\/tierpark-bern.ch\/web\/app\/uploads\/2020\/07\/2023_03_10_Tiere-im-Maerchen_PRM_3426.jpg","type":"image\/jpeg"}],"schema":{"@context":"https:\/\/schema.org","@graph":[{"@type":"WebPage","@id":"https:\/\/tierpark-bern.ch\/fr\/visite-au-zoo\/restauration\/eulen-bistro\/","url":"https:\/\/tierpark-bern.ch\/fr\/visite-au-zoo\/restauration\/eulen-bistro\/","name":"Eulen Bistro | Tierpark Bern","isPartOf":{"@id":"https:\/\/tierpark-bern.ch\/fr\/#website"},"primaryImageOfPage":{"@id":"https:\/\/tierpark-bern.ch\/fr\/visite-au-zoo\/restauration\/eulen-bistro\/#primaryimage"},"image":{"@id":"https:\/\/tierpark-bern.ch\/fr\/visite-au-zoo\/restauration\/eulen-bistro\/#primaryimage"},"thumbnailUrl":"https:\/\/tierpark-bern.ch\/web\/app\/uploads\/2020\/07\/2023_03_10_Tiere-im-Maerchen_PRM_3426.jpg","datePublished":"2022-11-25T14:24:36+00:00","dateModified":"2023-12-22T22:29:35+00:00","description":"Le plaisir des papilles, la durabilit\u00e9 et l\u2019ancrage r\u00e9gional ne sont pas de vains mots au Parc zoologique.","breadcrumb":{"@id":"https:\/\/tierpark-bern.ch\/fr\/visite-au-zoo\/restauration\/eulen-bistro\/#breadcrumb"},"inLanguage":"fr-FR","potentialAction":[{"@type":"ReadAction","target":["https:\/\/tierpark-bern.ch\/fr\/visite-au-zoo\/restauration\/eulen-bistro\/"]}]},{"@type":"ImageObject","inLanguage":"fr-FR","@id":"https:\/\/tierpark-bern.ch\/fr\/visite-au-zoo\/restauration\/eulen-bistro\/#primaryimage","url":"https:\/\/tierpark-bern.ch\/web\/app\/uploads\/2020\/07\/2023_03_10_Tiere-im-Maerchen_PRM_3426.jpg","contentUrl":"https:\/\/tierpark-bern.ch\/web\/app\/uploads\/2020\/07\/2023_03_10_Tiere-im-Maerchen_PRM_3426.jpg","width":3000,"height":2003,"caption":"Uhu f\u00fcr Tiere im M\u00e4rchen"},{"@type":"BreadcrumbList","@id":"https:\/\/tierpark-bern.ch\/fr\/visite-au-zoo\/restauration\/eulen-bistro\/#breadcrumb","itemListElement":[{"@type":"ListItem","position":1,"name":"Home","item":"https:\/\/tierpark-bern.ch\/fr\/home\/"},{"@type":"ListItem","position":2,"name":"Visite au zoo","item":"https:\/\/tierpark-bern.ch\/fr\/visite-au-zoo\/"},{"@type":"ListItem","position":3,"name":"Restauration","item":"https:\/\/tierpark-bern.ch\/fr\/visite-au-zoo\/restauration\/"},{"@type":"ListItem","position":4,"name":"Eulen Bistro"}]},{"@type":"WebSite","@id":"https:\/\/tierpark-bern.ch\/fr\/#website","url":"https:\/\/tierpark-bern.ch\/fr\/","name":"Tierpark Bern","description":"","publisher":{"@id":"https:\/\/tierpark-bern.ch\/fr\/#organization"},"potentialAction":[{"@type":"SearchAction","target":{"@type":"EntryPoint","urlTemplate":"https:\/\/tierpark-bern.ch\/fr\/?s={search_term_string}"},"query-input":{"@type":"PropertyValueSpecification","valueRequired":true,"valueName":"search_term_string"}}],"inLanguage":"fr-FR"},{"@type":"Organization","@id":"https:\/\/tierpark-bern.ch\/fr\/#organization","name":"Tierpark Bern | D\u00e4hlh\u00f6lzli + B\u00e4renPark","alternateName":"Tierpark Bern","url":"https:\/\/tierpark-bern.ch\/fr\/","logo":{"@type":"ImageObject","inLanguage":"fr-FR","@id":"https:\/\/tierpark-bern.ch\/fr\/#\/schema\/logo\/image\/","url":"https:\/\/tierpark-bern.ch\/web\/app\/uploads\/2024\/04\/tierpark-bern-696x696-1.jpg","contentUrl":"https:\/\/tierpark-bern.ch\/web\/app\/uploads\/2024\/04\/tierpark-bern-696x696-1.jpg","width":696,"height":696,"caption":"Tierpark Bern | D\u00e4hlh\u00f6lzli + B\u00e4renPark"},"image":{"@id":"https:\/\/tierpark-bern.ch\/fr\/#\/schema\/logo\/image\/"},"sameAs":["https:\/\/www.facebook.com\/tierparkbern\/","https:\/\/x.com\/tierparkbern","https:\/\/www.instagram.com\/tierparkbern\/"]}]}},"_links":{"self":[{"href":"https:\/\/tierpark-bern.ch\/fr\/wp-json\/wp\/v2\/pages\/49404","targetHints":{"allow":["GET"]}}],"collection":[{"href":"https:\/\/tierpark-bern.ch\/fr\/wp-json\/wp\/v2\/pages"}],"about":[{"href":"https:\/\/tierpark-bern.ch\/fr\/wp-json\/wp\/v2\/types\/page"}],"author":[{"embeddable":true,"href":"https:\/\/tierpark-bern.ch\/fr\/wp-json\/wp\/v2\/users\/1"}],"replies":[{"embeddable":true,"href":"https:\/\/tierpark-bern.ch\/fr\/wp-json\/wp\/v2\/comments?post=49404"}],"version-history":[{"count":0,"href":"https:\/\/tierpark-bern.ch\/fr\/wp-json\/wp\/v2\/pages\/49404\/revisions"}],"up":[{"embeddable":true,"href":"https:\/\/tierpark-bern.ch\/fr\/wp-json\/wp\/v2\/pages\/46117"}],"wp:featuredmedia":[{"embeddable":true,"href":"https:\/\/tierpark-bern.ch\/fr\/wp-json\/wp\/v2\/media\/49720"}],"wp:attachment":[{"href":"https:\/\/tierpark-bern.ch\/fr\/wp-json\/wp\/v2\/media?parent=49404"}],"curies":[{"name":"wp","href":"https:\/\/api.w.org\/{rel}","templated":true}]}}