{"id":55145,"date":"2025-04-14T09:00:59","date_gmt":"2025-04-14T07:00:59","guid":{"rendered":"https:\/\/tierpark-bern.ch\/soutenir\/parrainages-danimaux\/anmeldung-zum-patentag\/"},"modified":"2025-04-14T12:28:14","modified_gmt":"2025-04-14T10:28:14","slug":"anmeldung-zum-patentag","status":"publish","type":"page","link":"https:\/\/tierpark-bern.ch\/fr\/soutenir\/parrainages-danimaux\/anmeldung-zum-patentag\/","title":{"rendered":"Anmeldung zum Patentag"},"content":{"rendered":"<div class=\"wpb-content-wrapper\"><p>[vc_row][vc_column][vc_column_text]<\/p>\n<h1>Anmeldung zum Patentag<\/h1>\n<p>Verwenden Sie diese Anmeldung bitte nur, wenn Sie Patin oder Pate eines Tieres des Tierparks sind und eine schriftliche Einladung zum <a href=\"https:\/\/tierpark-bern.ch\/en\/event\/patentag\/\">Patentag<\/a> erhalten haben. Ihre Patenschafts-Nummer finden Sie auf der Einladung, ebenso die angebotenen Rundg\u00e4nge.[\/vc_column_text][\/vc_column][\/vc_row][vc_row][vc_column]\n<div class=\"wpcf7 no-js\" id=\"wpcf7-f12711-o1\" lang=\"de-DE\" dir=\"ltr\" data-wpcf7-id=\"12711\">\n<div class=\"screen-reader-response\"><p role=\"status\" aria-live=\"polite\" aria-atomic=\"true\"><\/p> <ul><\/ul><\/div>\n<form action=\"\/fr\/wp-json\/wp\/v2\/pages\/55145#wpcf7-f12711-o1\" method=\"post\" class=\"wpcf7-form init\" aria-label=\"Contact form\" novalidate=\"novalidate\" data-status=\"init\">\n<fieldset class=\"hidden-fields-container\"><input type=\"hidden\" name=\"_wpcf7\" value=\"12711\" \/><input type=\"hidden\" name=\"_wpcf7_version\" value=\"6.1.5\" \/><input type=\"hidden\" name=\"_wpcf7_locale\" value=\"de_DE\" \/><input type=\"hidden\" name=\"_wpcf7_unit_tag\" value=\"wpcf7-f12711-o1\" \/><input type=\"hidden\" name=\"_wpcf7_container_post\" value=\"0\" \/><input type=\"hidden\" name=\"_wpcf7_posted_data_hash\" value=\"\" \/><input type=\"hidden\" name=\"_wpcf7cf_hidden_group_fields\" value=\"[]\" \/><input type=\"hidden\" name=\"_wpcf7cf_hidden_groups\" value=\"[]\" \/><input type=\"hidden\" name=\"_wpcf7cf_visible_groups\" value=\"[]\" \/><input type=\"hidden\" name=\"_wpcf7cf_repeaters\" value=\"[]\" \/><input type=\"hidden\" name=\"_wpcf7cf_steps\" value=\"{}\" \/><input type=\"hidden\" name=\"_wpcf7cf_options\" value=\"{&quot;form_id&quot;:12711,&quot;conditions&quot;:[],&quot;settings&quot;:{&quot;animation&quot;:&quot;yes&quot;,&quot;animation_intime&quot;:200,&quot;animation_outtime&quot;:200,&quot;conditions_ui&quot;:&quot;normal&quot;,&quot;notice_dismissed&quot;:false,&quot;notice_dismissed_update-cf7-6.0.4&quot;:true}}\" \/>\n<\/fieldset>\n<div class=\"formblock\">\n\t<fieldset>\n\t\t<legend><strong>Personalien der Patin, des Paten<\/strong>\n\t\t<\/legend>\n\t\t<div class=\"row\">\n\t\t\t<div class=\"col-sm-12 col-md-6\">\n\t\t\t\t<p><label for=\"anrede\">Anrede<\/label><br \/>\n<span class=\"wpcf7-form-control-wrap\" data-name=\"anrede\"><select class=\"wpcf7-form-control wpcf7-select\" id=\"anrede\" aria-invalid=\"false\" name=\"anrede\"><option value=\"Herrn\">Herrn<\/option><option value=\"Frau\">Frau<\/option><\/select><\/span>\n\t\t\t\t<\/p>\n\t\t\t<\/div>\n\t\t\t<div class=\"col-sm-12 col-md-6\">\n\t\t\t\t<p><label for=\"nachname\">Name<span class=\"required\">*<\/span><\/label><br \/>\n<span class=\"wpcf7-form-control-wrap\" data-name=\"nachname\"><input size=\"40\" maxlength=\"400\" class=\"wpcf7-form-control wpcf7-text wpcf7-validates-as-required\" id=\"nachname\" aria-required=\"true\" aria-invalid=\"false\" value=\"\" type=\"text\" name=\"nachname\" \/><\/span>\n\t\t\t\t<\/p>\n\t\t\t<\/div>\n\t\t\t<div class=\"col-sm-12 col-md-6\">\n\t\t\t\t<p><label for=\"vorname\">Vorname<span class=\"required\">*<\/span><\/label><br \/>\n<span class=\"wpcf7-form-control-wrap\" data-name=\"vorname\"><input size=\"40\" maxlength=\"400\" class=\"wpcf7-form-control wpcf7-text wpcf7-validates-as-required\" id=\"vorname\" aria-required=\"true\" aria-invalid=\"false\" value=\"\" type=\"text\" name=\"vorname\" \/><\/span>\n\t\t\t\t<\/p>\n\t\t\t<\/div>\n\t\t\t<div class=\"col-sm-12 col-md-6\">\n\t\t\t\t<p><label for=\"adresse\">Adresse<span class=\"required\">*<\/span><\/label><br \/>\n<span class=\"wpcf7-form-control-wrap\" data-name=\"adresse\"><input size=\"40\" maxlength=\"400\" class=\"wpcf7-form-control wpcf7-text wpcf7-validates-as-required\" id=\"adresse\" aria-required=\"true\" aria-invalid=\"false\" value=\"\" type=\"text\" name=\"adresse\" \/><\/span>\n\t\t\t\t<\/p>\n\t\t\t<\/div>\n\t\t\t<div class=\"col-sm-12 col-md-6\">\n\t\t\t\t<p><label for=\"plz\">PLZ \/ Ort<span class=\"required\">*<\/span><\/label><br \/>\n<span class=\"wpcf7-form-control-wrap\" data-name=\"plz\"><input size=\"40\" maxlength=\"400\" class=\"wpcf7-form-control wpcf7-text wpcf7-validates-as-required\" id=\"plz\" aria-required=\"true\" aria-invalid=\"false\" value=\"\" type=\"text\" name=\"plz\" \/><\/span>\n\t\t\t\t<\/p>\n\t\t\t<\/div>\n\t\t\t<div class=\"col-sm-12 col-md-6\">\n\t\t\t\t<p><label for=\"email\">E-Mail<span class=\"required\">*<\/span><\/label><br \/>\n<span class=\"wpcf7-form-control-wrap\" data-name=\"email\"><input size=\"40\" maxlength=\"400\" class=\"wpcf7-form-control wpcf7-email wpcf7-validates-as-required wpcf7-text wpcf7-validates-as-email\" id=\"email\" aria-required=\"true\" aria-invalid=\"false\" value=\"\" type=\"email\" name=\"email\" \/><\/span>\n\t\t\t\t<\/p>\n\t\t\t<\/div>\n\t\t\t<div class=\"col-sm-12 col-md-6\">\n\t\t\t\t<p><label for=\"patentier\">Patentier<span class=\"required\">*<\/span><\/label><br \/>\n<span class=\"wpcf7-form-control-wrap\" data-name=\"patentier\"><input size=\"40\" maxlength=\"400\" class=\"wpcf7-form-control wpcf7-text wpcf7-validates-as-required\" id=\"patentier\" aria-required=\"true\" aria-invalid=\"false\" value=\"\" type=\"text\" name=\"patentier\" \/><\/span>\n\t\t\t\t<\/p>\n\t\t\t<\/div>\n\t\t\t<div class=\"col-sm-12 col-md-6\">\n\t\t\t\t<p><label for=\"patenschafts-nr\">Patenschafts-Nr.<span class=\"required\">*<\/span> <span class=\"tooltips\" tooltip=\"Sie finden die Nummer Ihrer Patenschaft unter dem Briefkopf der Einladung zum Patentag.\" tooltip-position=\"bottom\"><em class=\"fa fa-info-circle\" aria-hidden=\"true\" data-toggle=\"tooltip\" ><\/em><\/span><\/label><br \/>\n<span class=\"wpcf7-form-control-wrap\" data-name=\"patenschafts-nr\"><input class=\"wpcf7-form-control wpcf7-number wpcf7-validates-as-required wpcf7-validates-as-number\" id=\"patenschafts-nr\" aria-required=\"true\" aria-invalid=\"false\" value=\"\" type=\"number\" name=\"patenschafts-nr\" \/><\/span>\n\t\t\t\t<\/p>\n\t\t\t<\/div>\n\t\t<\/div>\n\t<\/fieldset>\n<\/div>\n<div class=\"formblock\">\n\t<fieldset>\n\t\t<legend><strong>Angaben zum gew\u00fcnschten Rundgang<\/strong>\n\t\t<\/legend>\n\t\t<p><label for=\"zeitpunkt\">Zeitpunkt<\/label><br \/>\n<span class=\"wpcf7-form-control-wrap\" data-name=\"zeitpunkt\"><select class=\"wpcf7-form-control wpcf7-select\" id=\"zeitpunkt\" aria-invalid=\"false\" name=\"zeitpunkt\"><option value=\"15.00 Uhr\">15.00 Uhr<\/option><option value=\"16.30 Uhr\">16.30 Uhr<\/option><option value=\"18.00 Uhr\">18.00 Uhr<\/option><\/select><\/span>\n\t\t<\/p>\n\t\t<p><label for=\"fuehrung\">Name der gew\u00fcnschten F\u00fchrung<\/label><br \/>\n<span class=\"wpcf7-form-control-wrap\" data-name=\"fuehrung\"><select class=\"wpcf7-form-control wpcf7-select\" id=\"fuehrung\" aria-invalid=\"false\" name=\"fuehrung\"><option value=\"1. Aarealpen\">1. Aarealpen<\/option><option value=\"2. Aareufer\">2. Aareufer<\/option><option value=\"3. Kinderzoo\">3. Kinderzoo<\/option><option value=\"4. Huftiere Wald\">4. Huftiere Wald<\/option><option value=\"5. V\u00f6gel\">5. V\u00f6gel<\/option><option value=\"6. Vivarium\">6. Vivarium<\/option><option value=\"7. Schlangen\">7. Schlangen<\/option><option value=\"8. Aquarien\">8. Aquarien<\/option><option value=\"9. Reptilien\">9. Reptilien<\/option><option value=\"10. Marine Tiere\">10. Marine Tiere<\/option><option value=\"11. Huftiere Nordisch\">11. Huftiere Nordisch<\/option><option value=\"12. Wildkatzen\">12. Wildkatzen<\/option><option value=\"13. Raubtiere\">13. Raubtiere<\/option><option value=\"16. Artenschutz\">16. Artenschutz<\/option><\/select><\/span>\n\t\t<\/p>\n\t\t<p><label for=\"rundgang\">Anzahl Personen am Rundgang (max. 2)<\/label><br \/>\n<span class=\"wpcf7-form-control-wrap\" data-name=\"rundgang\"><select class=\"wpcf7-form-control wpcf7-select\" id=\"rundgang\" aria-invalid=\"false\" name=\"rundgang\"><option value=\"1\">1<\/option><option value=\"2\">2<\/option><\/select><\/span>\n\t\t<\/p>\n\t\t<p><label for=\"imbiss\">Anzahl Personen beim Imbiss (max. 2)<\/label><br \/>\n<span class=\"wpcf7-form-control-wrap\" data-name=\"imbiss\"><select class=\"wpcf7-form-control wpcf7-select\" id=\"imbiss\" aria-invalid=\"false\" name=\"imbiss\"><option value=\"0\">0<\/option><option value=\"1\" selected=\"selected\">1<\/option><option value=\"2\">2<\/option><\/select><\/span>\n\t\t<\/p>\n\t<\/fieldset>\n<\/div>\n<div class=\"wpcf7-turnstile cf-turnstile\" data-sitekey=\"0x4AAAAAAALIW4ni69mt6aLp\" data-response-field-name=\"_wpcf7_turnstile_response\"><\/div>\n<p><input class=\"wpcf7-form-control wpcf7-submit has-spinner button\" type=\"submit\" value=\"Absenden\" \/>\n<\/p><div class=\"wpcf7-response-output\" aria-hidden=\"true\"><\/div>\n<\/form>\n<\/div>\n[\/vc_column][\/vc_row]<\/p>\n<\/div>","protected":false},"excerpt":{"rendered":"<p>Anmeldung zum Patentag<\/p>\n","protected":false},"author":1,"featured_media":54131,"parent":46149,"menu_order":0,"comment_status":"closed","ping_status":"closed","template":"","meta":{"_acf_changed":false,"footnotes":""},"class_list":["post-55145","page","type-page","status-publish","has-post-thumbnail","hentry"],"acf":[],"yoast_head":"<title>Anmeldung zum Patentag | Tierpark Bern<\/title>\n<meta name=\"description\" content=\"Anmeldung zum Patentag\" \/>\n<meta name=\"robots\" content=\"index, follow, max-snippet:-1, max-image-preview:large, max-video-preview:-1\" \/>\n<link rel=\"canonical\" href=\"https:\/\/tierpark-bern.ch\/fr\/soutenir\/parrainages-danimaux\/anmeldung-zum-patentag\/\" \/>\n<meta property=\"og:locale\" content=\"fr_FR\" \/>\n<meta property=\"og:type\" content=\"article\" \/>\n<meta property=\"og:title\" content=\"Anmeldung zum Patentag | Tierpark Bern\" \/>\n<meta property=\"og:description\" content=\"Anmeldung zum Patentag\" \/>\n<meta property=\"og:url\" content=\"https:\/\/tierpark-bern.ch\/fr\/soutenir\/parrainages-danimaux\/anmeldung-zum-patentag\/\" \/>\n<meta property=\"og:site_name\" content=\"Tierpark Bern\" \/>\n<meta property=\"article:publisher\" content=\"https:\/\/www.facebook.com\/tierparkbern\/\" \/>\n<meta property=\"article:modified_time\" content=\"2025-04-14T10:28:14+00:00\" \/>\n<meta property=\"og:image\" content=\"https:\/\/tierpark-bern.ch\/web\/app\/uploads\/2023\/03\/fischotter-Tierpark-Bern-2.jpg\" \/>\n\t<meta property=\"og:image:width\" content=\"1200\" \/>\n\t<meta property=\"og:image:height\" content=\"787\" \/>\n\t<meta property=\"og:image:type\" content=\"image\/jpeg\" \/>\n<script type=\"application\/ld+json\" class=\"yoast-schema-graph\">{\"@context\":\"https:\/\/schema.org\",\"@graph\":[{\"@type\":\"WebPage\",\"@id\":\"https:\/\/tierpark-bern.ch\/fr\/soutenir\/parrainages-danimaux\/anmeldung-zum-patentag\/\",\"url\":\"https:\/\/tierpark-bern.ch\/fr\/soutenir\/parrainages-danimaux\/anmeldung-zum-patentag\/\",\"name\":\"Anmeldung zum Patentag | Tierpark Bern\",\"isPartOf\":{\"@id\":\"https:\/\/tierpark-bern.ch\/fr\/#website\"},\"primaryImageOfPage\":{\"@id\":\"https:\/\/tierpark-bern.ch\/fr\/soutenir\/parrainages-danimaux\/anmeldung-zum-patentag\/#primaryimage\"},\"image\":{\"@id\":\"https:\/\/tierpark-bern.ch\/fr\/soutenir\/parrainages-danimaux\/anmeldung-zum-patentag\/#primaryimage\"},\"thumbnailUrl\":\"https:\/\/tierpark-bern.ch\/web\/app\/uploads\/2023\/03\/fischotter-Tierpark-Bern-2.jpg\",\"datePublished\":\"2025-04-14T07:00:59+00:00\",\"dateModified\":\"2025-04-14T10:28:14+00:00\",\"description\":\"Anmeldung zum Patentag\",\"breadcrumb\":{\"@id\":\"https:\/\/tierpark-bern.ch\/fr\/soutenir\/parrainages-danimaux\/anmeldung-zum-patentag\/#breadcrumb\"},\"inLanguage\":\"fr-FR\",\"potentialAction\":[{\"@type\":\"ReadAction\",\"target\":[\"https:\/\/tierpark-bern.ch\/fr\/soutenir\/parrainages-danimaux\/anmeldung-zum-patentag\/\"]}]},{\"@type\":\"ImageObject\",\"inLanguage\":\"fr-FR\",\"@id\":\"https:\/\/tierpark-bern.ch\/fr\/soutenir\/parrainages-danimaux\/anmeldung-zum-patentag\/#primaryimage\",\"url\":\"https:\/\/tierpark-bern.ch\/web\/app\/uploads\/2023\/03\/fischotter-Tierpark-Bern-2.jpg\",\"contentUrl\":\"https:\/\/tierpark-bern.ch\/web\/app\/uploads\/2023\/03\/fischotter-Tierpark-Bern-2.jpg\",\"width\":1200,\"height\":787,\"caption\":\"Ein Fischotter schaut in die Kamera\"},{\"@type\":\"BreadcrumbList\",\"@id\":\"https:\/\/tierpark-bern.ch\/fr\/soutenir\/parrainages-danimaux\/anmeldung-zum-patentag\/#breadcrumb\",\"itemListElement\":[{\"@type\":\"ListItem\",\"position\":1,\"name\":\"Home\",\"item\":\"https:\/\/tierpark-bern.ch\/fr\/home\/\"},{\"@type\":\"ListItem\",\"position\":2,\"name\":\"Soutenir\",\"item\":\"https:\/\/tierpark-bern.ch\/fr\/soutenir\/\"},{\"@type\":\"ListItem\",\"position\":3,\"name\":\"Parrainages d\u2019animaux\",\"item\":\"https:\/\/tierpark-bern.ch\/fr\/soutenir\/parrainages-danimaux\/\"},{\"@type\":\"ListItem\",\"position\":4,\"name\":\"Anmeldung zum Patentag\"}]},{\"@type\":\"WebSite\",\"@id\":\"https:\/\/tierpark-bern.ch\/fr\/#website\",\"url\":\"https:\/\/tierpark-bern.ch\/fr\/\",\"name\":\"Tierpark Bern\",\"description\":\"\",\"publisher\":{\"@id\":\"https:\/\/tierpark-bern.ch\/fr\/#organization\"},\"potentialAction\":[{\"@type\":\"SearchAction\",\"target\":{\"@type\":\"EntryPoint\",\"urlTemplate\":\"https:\/\/tierpark-bern.ch\/fr\/?s={search_term_string}\"},\"query-input\":{\"@type\":\"PropertyValueSpecification\",\"valueRequired\":true,\"valueName\":\"search_term_string\"}}],\"inLanguage\":\"fr-FR\"},{\"@type\":\"Organization\",\"@id\":\"https:\/\/tierpark-bern.ch\/fr\/#organization\",\"name\":\"Tierpark Bern | D\u00e4hlh\u00f6lzli + B\u00e4renPark\",\"alternateName\":\"Tierpark Bern\",\"url\":\"https:\/\/tierpark-bern.ch\/fr\/\",\"logo\":{\"@type\":\"ImageObject\",\"inLanguage\":\"fr-FR\",\"@id\":\"https:\/\/tierpark-bern.ch\/fr\/#\/schema\/logo\/image\/\",\"url\":\"https:\/\/tierpark-bern.ch\/web\/app\/uploads\/2024\/04\/tierpark-bern-696x696-1.jpg\",\"contentUrl\":\"https:\/\/tierpark-bern.ch\/web\/app\/uploads\/2024\/04\/tierpark-bern-696x696-1.jpg\",\"width\":696,\"height\":696,\"caption\":\"Tierpark Bern | D\u00e4hlh\u00f6lzli + B\u00e4renPark\"},\"image\":{\"@id\":\"https:\/\/tierpark-bern.ch\/fr\/#\/schema\/logo\/image\/\"},\"sameAs\":[\"https:\/\/www.facebook.com\/tierparkbern\/\",\"https:\/\/x.com\/tierparkbern\",\"https:\/\/www.instagram.com\/tierparkbern\/\"]}]}<\/script>","yoast_head_json":{"title":"Anmeldung zum Patentag | Tierpark Bern","description":"Anmeldung zum Patentag","robots":{"index":"index","follow":"follow","max-snippet":"max-snippet:-1","max-image-preview":"max-image-preview:large","max-video-preview":"max-video-preview:-1"},"canonical":"https:\/\/tierpark-bern.ch\/fr\/soutenir\/parrainages-danimaux\/anmeldung-zum-patentag\/","og_locale":"fr_FR","og_type":"article","og_title":"Anmeldung zum Patentag | Tierpark Bern","og_description":"Anmeldung zum Patentag","og_url":"https:\/\/tierpark-bern.ch\/fr\/soutenir\/parrainages-danimaux\/anmeldung-zum-patentag\/","og_site_name":"Tierpark Bern","article_publisher":"https:\/\/www.facebook.com\/tierparkbern\/","article_modified_time":"2025-04-14T10:28:14+00:00","og_image":[{"width":1200,"height":787,"url":"https:\/\/tierpark-bern.ch\/web\/app\/uploads\/2023\/03\/fischotter-Tierpark-Bern-2.jpg","type":"image\/jpeg"}],"schema":{"@context":"https:\/\/schema.org","@graph":[{"@type":"WebPage","@id":"https:\/\/tierpark-bern.ch\/fr\/soutenir\/parrainages-danimaux\/anmeldung-zum-patentag\/","url":"https:\/\/tierpark-bern.ch\/fr\/soutenir\/parrainages-danimaux\/anmeldung-zum-patentag\/","name":"Anmeldung zum Patentag | Tierpark Bern","isPartOf":{"@id":"https:\/\/tierpark-bern.ch\/fr\/#website"},"primaryImageOfPage":{"@id":"https:\/\/tierpark-bern.ch\/fr\/soutenir\/parrainages-danimaux\/anmeldung-zum-patentag\/#primaryimage"},"image":{"@id":"https:\/\/tierpark-bern.ch\/fr\/soutenir\/parrainages-danimaux\/anmeldung-zum-patentag\/#primaryimage"},"thumbnailUrl":"https:\/\/tierpark-bern.ch\/web\/app\/uploads\/2023\/03\/fischotter-Tierpark-Bern-2.jpg","datePublished":"2025-04-14T07:00:59+00:00","dateModified":"2025-04-14T10:28:14+00:00","description":"Anmeldung zum Patentag","breadcrumb":{"@id":"https:\/\/tierpark-bern.ch\/fr\/soutenir\/parrainages-danimaux\/anmeldung-zum-patentag\/#breadcrumb"},"inLanguage":"fr-FR","potentialAction":[{"@type":"ReadAction","target":["https:\/\/tierpark-bern.ch\/fr\/soutenir\/parrainages-danimaux\/anmeldung-zum-patentag\/"]}]},{"@type":"ImageObject","inLanguage":"fr-FR","@id":"https:\/\/tierpark-bern.ch\/fr\/soutenir\/parrainages-danimaux\/anmeldung-zum-patentag\/#primaryimage","url":"https:\/\/tierpark-bern.ch\/web\/app\/uploads\/2023\/03\/fischotter-Tierpark-Bern-2.jpg","contentUrl":"https:\/\/tierpark-bern.ch\/web\/app\/uploads\/2023\/03\/fischotter-Tierpark-Bern-2.jpg","width":1200,"height":787,"caption":"Ein Fischotter schaut in die Kamera"},{"@type":"BreadcrumbList","@id":"https:\/\/tierpark-bern.ch\/fr\/soutenir\/parrainages-danimaux\/anmeldung-zum-patentag\/#breadcrumb","itemListElement":[{"@type":"ListItem","position":1,"name":"Home","item":"https:\/\/tierpark-bern.ch\/fr\/home\/"},{"@type":"ListItem","position":2,"name":"Soutenir","item":"https:\/\/tierpark-bern.ch\/fr\/soutenir\/"},{"@type":"ListItem","position":3,"name":"Parrainages d\u2019animaux","item":"https:\/\/tierpark-bern.ch\/fr\/soutenir\/parrainages-danimaux\/"},{"@type":"ListItem","position":4,"name":"Anmeldung zum Patentag"}]},{"@type":"WebSite","@id":"https:\/\/tierpark-bern.ch\/fr\/#website","url":"https:\/\/tierpark-bern.ch\/fr\/","name":"Tierpark Bern","description":"","publisher":{"@id":"https:\/\/tierpark-bern.ch\/fr\/#organization"},"potentialAction":[{"@type":"SearchAction","target":{"@type":"EntryPoint","urlTemplate":"https:\/\/tierpark-bern.ch\/fr\/?s={search_term_string}"},"query-input":{"@type":"PropertyValueSpecification","valueRequired":true,"valueName":"search_term_string"}}],"inLanguage":"fr-FR"},{"@type":"Organization","@id":"https:\/\/tierpark-bern.ch\/fr\/#organization","name":"Tierpark Bern | D\u00e4hlh\u00f6lzli + B\u00e4renPark","alternateName":"Tierpark Bern","url":"https:\/\/tierpark-bern.ch\/fr\/","logo":{"@type":"ImageObject","inLanguage":"fr-FR","@id":"https:\/\/tierpark-bern.ch\/fr\/#\/schema\/logo\/image\/","url":"https:\/\/tierpark-bern.ch\/web\/app\/uploads\/2024\/04\/tierpark-bern-696x696-1.jpg","contentUrl":"https:\/\/tierpark-bern.ch\/web\/app\/uploads\/2024\/04\/tierpark-bern-696x696-1.jpg","width":696,"height":696,"caption":"Tierpark Bern | D\u00e4hlh\u00f6lzli + B\u00e4renPark"},"image":{"@id":"https:\/\/tierpark-bern.ch\/fr\/#\/schema\/logo\/image\/"},"sameAs":["https:\/\/www.facebook.com\/tierparkbern\/","https:\/\/x.com\/tierparkbern","https:\/\/www.instagram.com\/tierparkbern\/"]}]}},"_links":{"self":[{"href":"https:\/\/tierpark-bern.ch\/fr\/wp-json\/wp\/v2\/pages\/55145","targetHints":{"allow":["GET"]}}],"collection":[{"href":"https:\/\/tierpark-bern.ch\/fr\/wp-json\/wp\/v2\/pages"}],"about":[{"href":"https:\/\/tierpark-bern.ch\/fr\/wp-json\/wp\/v2\/types\/page"}],"author":[{"embeddable":true,"href":"https:\/\/tierpark-bern.ch\/fr\/wp-json\/wp\/v2\/users\/1"}],"replies":[{"embeddable":true,"href":"https:\/\/tierpark-bern.ch\/fr\/wp-json\/wp\/v2\/comments?post=55145"}],"version-history":[{"count":0,"href":"https:\/\/tierpark-bern.ch\/fr\/wp-json\/wp\/v2\/pages\/55145\/revisions"}],"up":[{"embeddable":true,"href":"https:\/\/tierpark-bern.ch\/fr\/wp-json\/wp\/v2\/pages\/46149"}],"wp:featuredmedia":[{"embeddable":true,"href":"https:\/\/tierpark-bern.ch\/fr\/wp-json\/wp\/v2\/media\/54131"}],"wp:attachment":[{"href":"https:\/\/tierpark-bern.ch\/fr\/wp-json\/wp\/v2\/media?parent=55145"}],"curies":[{"name":"wp","href":"https:\/\/api.w.org\/{rel}","templated":true}]}}