{"id":77964,"date":"2025-04-24T12:14:43","date_gmt":"2025-04-24T10:14:43","guid":{"rendered":"https:\/\/tierpark-bern.ch\/?page_id=77964"},"modified":"2025-05-16T15:34:18","modified_gmt":"2025-05-16T13:34:18","slug":"qr-4","status":"publish","type":"page","link":"https:\/\/tierpark-bern.ch\/fr\/seehund\/qr-4\/","title":{"rendered":"Regarde la mer avec moi"},"content":{"rendered":"<div class=\"wpb-content-wrapper\"><p>[vc_row][vc_column][vc_column_text css=&#8221;&#8221;]<\/p>\n<h1 class=\"p1\">Regarde la mer avec moi<\/h1>\n<p>[\/vc_column_text][vc_single_image image=&#8221;78027&#8243; css=&#8221;&#8221;][\/vc_column][\/vc_row][vc_row][vc_column][vc_column_text css=&#8221;&#8221;]<\/p>\n<p class=\"p1\">Mon enclos s&#8217;inspire d&#8217;un paysage fjord norv\u00e9gien. Dans les fjords, la mer remonte loin \u00e0 l&#8217;int\u00e9rieur des terres.<\/p>\n<p>[\/vc_column_text][\/vc_column][\/vc_row][vc_row][vc_column][vc_column_text css=&#8221;&#8221;]<\/p>\n<h3 class=\"p1\"><b>Le d\u00e9fi: un labyrinthe de terre et d&#8217;eau<\/b><\/h3>\n<p class=\"p1\">Les habitats c\u00f4tiers comme la mer des Wadden, les fjords, les herbiers de posidonie ou les deltas fluviaux sont \u00e0 la crois\u00e9e de l&#8217;eau et de la terre. Ils h\u00e9bergent une grande biodiversit\u00e9 et de nombreux animaux viennent s&#8217;y reproduire. Toutefois, la vie y est difficile: les animaux aquatiques font face \u00e0 des obstacles hors de l&#8217;eau et les cr\u00e9atures terrestres doivent s&#8217;accommoder de l&#8217;humidit\u00e9. Ici, seuls ceux qui savent apprivoiser les deux univers peuvent survivre.<\/p>\n<p>[\/vc_column_text][\/vc_column][\/vc_row][vc_row][vc_column][vc_column_text css=&#8221;&#8221;]<\/p>\n<h3 class=\"p1\"><b>Mon astuce: rejoindre la terre sans m&#8217;\u00e9chouer sur la c\u00f4te<\/b><\/h3>\n<p class=\"p1\">Nous, les phoques, sommes rapides et agiles dans l&#8217;eau, sans pour autant \u00eatre totalement d\u00e9sempar\u00e9s sur terre. Quand nous ne pouvons plus nager, nous rampons. Ainsi, nous pouvons profiter du vaste garde-manger offert par cet entre-deux-mondes. Le long des c\u00f4tes abruptes, nous nous faufilons dans les fjords \u00e9troits o\u00f9 nos ennemis comme les orques ne s&#8217;aventurent que rarement et o\u00f9 nous trouvons toujours un rocher salvateur.<\/p>\n<p>[\/vc_column_text][\/vc_column][\/vc_row][vc_row][vc_column][vc_column_text css=&#8221;&#8221;]<\/p>\n<h3 class=\"p1\"><b>\u00c9coute les sons de la c\u00f4te<\/b><\/h3>\n<p class=\"p1\">Le silence qui r\u00e8gne dans les fjords a \u00e9galement un effet apaisant sur les humains. Assieds-toi sur le banc dans la hutte, laisse ton regard divaguer sur l&#8217;eau et \u00e9coute les douces sonorit\u00e9s de la c\u00f4te du fjord.<\/p>\n<p>[\/vc_column_text][\/vc_column][\/vc_row][vc_row][vc_column][vc_column_text css=&#8221;&#8221;]<\/p>\n<h3 class=\"p1\"><b>Le savais-tu?<\/b><\/h3>\n<p class=\"p1\">Les extr\u00e9mit\u00e9s des plus longs fjords sont aussi \u00e9loign\u00e9es de la pleine mer que le Matterhorn de la mer M\u00e9diterran\u00e9e. Et pourtant, on peut y observer des phoques sauvages.<\/p>\n<p>[\/vc_column_text][\/vc_column][\/vc_row][vc_row][vc_column][vc_column_text css=&#8221;&#8221;]<\/p>\n<h3 class=\"p1\">Le phoque raconte<\/h3>\n<audio class=\"wp-audio-shortcode\" id=\"audio-77964-1\" preload=\"none\" style=\"width: 100%;\" controls=\"controls\"><source type=\"audio\/mpeg\" src=\"https:\/\/tierpark-bern.ch\/web\/app\/uploads\/2025\/05\/FR_Modul-4-\u2013-Fuehl-meine-Heimat_TZ04.mp3?_=1\" \/><a href=\"https:\/\/tierpark-bern.ch\/web\/app\/uploads\/2025\/05\/FR_Modul-4-\u2013-Fuehl-meine-Heimat_TZ04.mp3\">https:\/\/tierpark-bern.ch\/web\/app\/uploads\/2025\/05\/FR_Modul-4-\u2013-Fuehl-meine-Heimat_TZ04.mp3<\/a><\/audio>\n<p>[\/vc_column_text][\/vc_column][\/vc_row]<\/p>\n<\/div>","protected":false},"excerpt":{"rendered":"<p>[vc_row][vc_column][vc_column_text css=&#8221;&#8221;] Regarde la mer avec moi [\/vc_column_text][vc_single_image image=&#8221;78027&#8243; css=&#8221;&#8221;][\/vc_column][\/vc_row][vc_row][vc_column][vc_column_text css=&#8221;&#8221;] Mon enclos s&#8217;inspire d&#8217;un paysage fjord norv\u00e9gien. Dans les fjords, la mer remonte loin \u00e0 l&#8217;int\u00e9rieur des terres. [\/vc_column_text][\/vc_column][\/vc_row][vc_row][vc_column][vc_column_text css=&#8221;&#8221;] Le d\u00e9fi: un labyrinthe de terre et d&#8217;eau Les habitats c\u00f4tiers comme la mer des Wadden, les fjords, les herbiers de posidonie ou les [&hellip;]<\/p>\n","protected":false},"author":1,"featured_media":0,"parent":77885,"menu_order":0,"comment_status":"closed","ping_status":"closed","template":"bienenfresser-sub-page.php","meta":{"_acf_changed":false,"footnotes":""},"class_list":["post-77964","page","type-page","status-publish","hentry"],"acf":[],"yoast_head":"<title>Regarde la mer avec moi | Tierpark Bern<\/title>\n<meta name=\"robots\" content=\"index, follow, max-snippet:-1, max-image-preview:large, max-video-preview:-1\" \/>\n<link rel=\"canonical\" href=\"https:\/\/tierpark-bern.ch\/fr\/seehund\/qr-4\/\" \/>\n<meta property=\"og:locale\" content=\"fr_FR\" \/>\n<meta property=\"og:type\" content=\"article\" \/>\n<meta property=\"og:title\" content=\"Regarde la mer avec moi | Tierpark Bern\" \/>\n<meta property=\"og:description\" content=\"[vc_row][vc_column][vc_column_text css=&#8221;&#8221;] Regarde la mer avec moi [\/vc_column_text][vc_single_image image=&#8221;78027&#8243; css=&#8221;&#8221;][\/vc_column][\/vc_row][vc_row][vc_column][vc_column_text css=&#8221;&#8221;] Mon enclos s&#8217;inspire d&#8217;un paysage fjord norv\u00e9gien. Dans les fjords, la mer remonte loin \u00e0 l&#8217;int\u00e9rieur des terres. [\/vc_column_text][\/vc_column][\/vc_row][vc_row][vc_column][vc_column_text css=&#8221;&#8221;] Le d\u00e9fi: un labyrinthe de terre et d&#8217;eau Les habitats c\u00f4tiers comme la mer des Wadden, les fjords, les herbiers de posidonie ou les [&hellip;]\" \/>\n<meta property=\"og:url\" content=\"https:\/\/tierpark-bern.ch\/fr\/seehund\/qr-4\/\" \/>\n<meta property=\"og:site_name\" content=\"Tierpark Bern\" \/>\n<meta property=\"article:publisher\" content=\"https:\/\/www.facebook.com\/tierparkbern\/\" \/>\n<meta property=\"article:modified_time\" content=\"2025-05-16T13:34:18+00:00\" \/>\n<script type=\"application\/ld+json\" class=\"yoast-schema-graph\">{\"@context\":\"https:\/\/schema.org\",\"@graph\":[{\"@type\":\"WebPage\",\"@id\":\"https:\/\/tierpark-bern.ch\/fr\/seehund\/qr-4\/\",\"url\":\"https:\/\/tierpark-bern.ch\/fr\/seehund\/qr-4\/\",\"name\":\"Regarde la mer avec moi | Tierpark Bern\",\"isPartOf\":{\"@id\":\"https:\/\/tierpark-bern.ch\/fr\/#website\"},\"datePublished\":\"2025-04-24T10:14:43+00:00\",\"dateModified\":\"2025-05-16T13:34:18+00:00\",\"breadcrumb\":{\"@id\":\"https:\/\/tierpark-bern.ch\/fr\/seehund\/qr-4\/#breadcrumb\"},\"inLanguage\":\"fr-FR\",\"potentialAction\":[{\"@type\":\"ReadAction\",\"target\":[\"https:\/\/tierpark-bern.ch\/fr\/seehund\/qr-4\/\"]}]},{\"@type\":\"BreadcrumbList\",\"@id\":\"https:\/\/tierpark-bern.ch\/fr\/seehund\/qr-4\/#breadcrumb\",\"itemListElement\":[{\"@type\":\"ListItem\",\"position\":1,\"name\":\"Home\",\"item\":\"https:\/\/tierpark-bern.ch\/fr\/home\/\"},{\"@type\":\"ListItem\",\"position\":2,\"name\":\"Seehunde-Anlagebeschriftung\",\"item\":\"https:\/\/tierpark-bern.ch\/fr\/seehund\/\"},{\"@type\":\"ListItem\",\"position\":3,\"name\":\"Regarde la mer avec moi\"}]},{\"@type\":\"WebSite\",\"@id\":\"https:\/\/tierpark-bern.ch\/fr\/#website\",\"url\":\"https:\/\/tierpark-bern.ch\/fr\/\",\"name\":\"Tierpark Bern\",\"description\":\"\",\"publisher\":{\"@id\":\"https:\/\/tierpark-bern.ch\/fr\/#organization\"},\"potentialAction\":[{\"@type\":\"SearchAction\",\"target\":{\"@type\":\"EntryPoint\",\"urlTemplate\":\"https:\/\/tierpark-bern.ch\/fr\/?s={search_term_string}\"},\"query-input\":{\"@type\":\"PropertyValueSpecification\",\"valueRequired\":true,\"valueName\":\"search_term_string\"}}],\"inLanguage\":\"fr-FR\"},{\"@type\":\"Organization\",\"@id\":\"https:\/\/tierpark-bern.ch\/fr\/#organization\",\"name\":\"Tierpark Bern | D\u00e4hlh\u00f6lzli + B\u00e4renPark\",\"alternateName\":\"Tierpark Bern\",\"url\":\"https:\/\/tierpark-bern.ch\/fr\/\",\"logo\":{\"@type\":\"ImageObject\",\"inLanguage\":\"fr-FR\",\"@id\":\"https:\/\/tierpark-bern.ch\/fr\/#\/schema\/logo\/image\/\",\"url\":\"https:\/\/tierpark-bern.ch\/web\/app\/uploads\/2024\/04\/tierpark-bern-696x696-1.jpg\",\"contentUrl\":\"https:\/\/tierpark-bern.ch\/web\/app\/uploads\/2024\/04\/tierpark-bern-696x696-1.jpg\",\"width\":696,\"height\":696,\"caption\":\"Tierpark Bern | D\u00e4hlh\u00f6lzli + B\u00e4renPark\"},\"image\":{\"@id\":\"https:\/\/tierpark-bern.ch\/fr\/#\/schema\/logo\/image\/\"},\"sameAs\":[\"https:\/\/www.facebook.com\/tierparkbern\/\",\"https:\/\/x.com\/tierparkbern\",\"https:\/\/www.instagram.com\/tierparkbern\/\"]}]}<\/script>","yoast_head_json":{"title":"Regarde la mer avec moi | Tierpark Bern","robots":{"index":"index","follow":"follow","max-snippet":"max-snippet:-1","max-image-preview":"max-image-preview:large","max-video-preview":"max-video-preview:-1"},"canonical":"https:\/\/tierpark-bern.ch\/fr\/seehund\/qr-4\/","og_locale":"fr_FR","og_type":"article","og_title":"Regarde la mer avec moi | Tierpark Bern","og_description":"[vc_row][vc_column][vc_column_text css=&#8221;&#8221;] Regarde la mer avec moi [\/vc_column_text][vc_single_image image=&#8221;78027&#8243; css=&#8221;&#8221;][\/vc_column][\/vc_row][vc_row][vc_column][vc_column_text css=&#8221;&#8221;] Mon enclos s&#8217;inspire d&#8217;un paysage fjord norv\u00e9gien. Dans les fjords, la mer remonte loin \u00e0 l&#8217;int\u00e9rieur des terres. [\/vc_column_text][\/vc_column][\/vc_row][vc_row][vc_column][vc_column_text css=&#8221;&#8221;] Le d\u00e9fi: un labyrinthe de terre et d&#8217;eau Les habitats c\u00f4tiers comme la mer des Wadden, les fjords, les herbiers de posidonie ou les [&hellip;]","og_url":"https:\/\/tierpark-bern.ch\/fr\/seehund\/qr-4\/","og_site_name":"Tierpark Bern","article_publisher":"https:\/\/www.facebook.com\/tierparkbern\/","article_modified_time":"2025-05-16T13:34:18+00:00","schema":{"@context":"https:\/\/schema.org","@graph":[{"@type":"WebPage","@id":"https:\/\/tierpark-bern.ch\/fr\/seehund\/qr-4\/","url":"https:\/\/tierpark-bern.ch\/fr\/seehund\/qr-4\/","name":"Regarde la mer avec moi | Tierpark Bern","isPartOf":{"@id":"https:\/\/tierpark-bern.ch\/fr\/#website"},"datePublished":"2025-04-24T10:14:43+00:00","dateModified":"2025-05-16T13:34:18+00:00","breadcrumb":{"@id":"https:\/\/tierpark-bern.ch\/fr\/seehund\/qr-4\/#breadcrumb"},"inLanguage":"fr-FR","potentialAction":[{"@type":"ReadAction","target":["https:\/\/tierpark-bern.ch\/fr\/seehund\/qr-4\/"]}]},{"@type":"BreadcrumbList","@id":"https:\/\/tierpark-bern.ch\/fr\/seehund\/qr-4\/#breadcrumb","itemListElement":[{"@type":"ListItem","position":1,"name":"Home","item":"https:\/\/tierpark-bern.ch\/fr\/home\/"},{"@type":"ListItem","position":2,"name":"Seehunde-Anlagebeschriftung","item":"https:\/\/tierpark-bern.ch\/fr\/seehund\/"},{"@type":"ListItem","position":3,"name":"Regarde la mer avec moi"}]},{"@type":"WebSite","@id":"https:\/\/tierpark-bern.ch\/fr\/#website","url":"https:\/\/tierpark-bern.ch\/fr\/","name":"Tierpark Bern","description":"","publisher":{"@id":"https:\/\/tierpark-bern.ch\/fr\/#organization"},"potentialAction":[{"@type":"SearchAction","target":{"@type":"EntryPoint","urlTemplate":"https:\/\/tierpark-bern.ch\/fr\/?s={search_term_string}"},"query-input":{"@type":"PropertyValueSpecification","valueRequired":true,"valueName":"search_term_string"}}],"inLanguage":"fr-FR"},{"@type":"Organization","@id":"https:\/\/tierpark-bern.ch\/fr\/#organization","name":"Tierpark Bern | D\u00e4hlh\u00f6lzli + B\u00e4renPark","alternateName":"Tierpark Bern","url":"https:\/\/tierpark-bern.ch\/fr\/","logo":{"@type":"ImageObject","inLanguage":"fr-FR","@id":"https:\/\/tierpark-bern.ch\/fr\/#\/schema\/logo\/image\/","url":"https:\/\/tierpark-bern.ch\/web\/app\/uploads\/2024\/04\/tierpark-bern-696x696-1.jpg","contentUrl":"https:\/\/tierpark-bern.ch\/web\/app\/uploads\/2024\/04\/tierpark-bern-696x696-1.jpg","width":696,"height":696,"caption":"Tierpark Bern | D\u00e4hlh\u00f6lzli + B\u00e4renPark"},"image":{"@id":"https:\/\/tierpark-bern.ch\/fr\/#\/schema\/logo\/image\/"},"sameAs":["https:\/\/www.facebook.com\/tierparkbern\/","https:\/\/x.com\/tierparkbern","https:\/\/www.instagram.com\/tierparkbern\/"]}]}},"_links":{"self":[{"href":"https:\/\/tierpark-bern.ch\/fr\/wp-json\/wp\/v2\/pages\/77964","targetHints":{"allow":["GET"]}}],"collection":[{"href":"https:\/\/tierpark-bern.ch\/fr\/wp-json\/wp\/v2\/pages"}],"about":[{"href":"https:\/\/tierpark-bern.ch\/fr\/wp-json\/wp\/v2\/types\/page"}],"author":[{"embeddable":true,"href":"https:\/\/tierpark-bern.ch\/fr\/wp-json\/wp\/v2\/users\/1"}],"replies":[{"embeddable":true,"href":"https:\/\/tierpark-bern.ch\/fr\/wp-json\/wp\/v2\/comments?post=77964"}],"version-history":[{"count":0,"href":"https:\/\/tierpark-bern.ch\/fr\/wp-json\/wp\/v2\/pages\/77964\/revisions"}],"up":[{"embeddable":true,"href":"https:\/\/tierpark-bern.ch\/fr\/wp-json\/wp\/v2\/pages\/77885"}],"wp:attachment":[{"href":"https:\/\/tierpark-bern.ch\/fr\/wp-json\/wp\/v2\/media?parent=77964"}],"curies":[{"name":"wp","href":"https:\/\/api.w.org\/{rel}","templated":true}]}}